{"id":1240,"date":"2020-07-12T11:41:41","date_gmt":"2020-07-12T09:41:41","guid":{"rendered":"http:\/\/mmstudies.com\/atb\/?page_id=1240"},"modified":"2023-08-09T15:08:11","modified_gmt":"2023-08-09T13:08:11","slug":"radda","status":"publish","type":"page","link":"http:\/\/mmstudies.com\/atb\/radda\/","title":{"rendered":"R\u00c4DDA M\u00c4N ELLER BARN?"},"content":{"rendered":"\n\n<h1 data-offset-key=\"58iop-0-0\">R\u00c4DDA M\u00c4N ELLER BARN?<\/h1>\n<h1 data-offset-key=\"cqkgh-0-0\">SVT:s Mediedrev 2005 mot kvinnor\u00f6relsens kamp mot m\u00e4ns v\u00e5ld mot kvinnor<\/h1>\n<h3>SVT:s Mediedrev 2020 mot barnr\u00e4ttsk\u00e4mpars kamp mot pappors v\u00e5ld och \/ eller sexuella \u00f6vergrepp mot barn<\/h3>\n<h2 data-offset-key=\"2uhc5-0-0\">\u00a0<\/h2>\n\u00c5r 2004 s\u00e4nde P1 morgon och EKOT en hel serie reportage av <strong>Bo-G\u00f6ran Bodin, Nuri Kino och Margita Bostr\u00f6m<\/strong> om hur illa det ser ut med handl\u00e4ggningen av brott i form av v\u00e5ld och \/ eller sexuella \u00f6vergrepp mot barn i n\u00e4ra relation, och hur f\u00e5 fall som leder till ett n\u00f6jaktigt resultat osv &#8211; dvs precis det l\u00e4ge som r\u00e5der \u00e4ven nu 16 \u00e5r senare. \n\u00a0\nBla gjordes d\u00e5 \u00e4ven en intervju med \u00a0<strong>Monica Dahlstr\u00f6m-Lannes<\/strong> d\u00e4r hon framh\u00e5lls som en av de fr\u00e4msta experterna p\u00e5 omr\u00e5det i vilken hon som alltid f\u00f6rtj\u00e4nstfullt redog\u00f6r f\u00f6r hur det b\u00f6r vara enligt den framg\u00e5ngsrika <strong><a href=\"http:\/\/mmstudies.com\/mammamanualen\/eskilstunamodellen\">Eskilstunamodell<\/a><\/strong> som hon varit initiativtagare till, med snabba ingripanden, v\u00e4l \u00e5tskilda roller men en god samverkan mellan polis &#8211; o \u00e5klagare, socialtj\u00e4nst, BUP och kriminalv\u00e5rd, skola f\u00f6rskola osv,\u00a0till skillnad fr\u00e5n hur det f\u00f6r det mesta ser ut i \u00f6vrigt i landet.\n<p><strong><a href=\"https:\/\/sverigesradio.se\/sida\/artikel.aspx?programid=83&amp;artikel=414426\">P1 Morgon Monica Dahlstr\u00f6m-Lannes om sexuella \u00f6vergrepp<\/a> \u00bb<\/strong><\/p>\n<p>S\u00e5 h\u00f6gst m\u00e4rkligt att Bo-G\u00f6ran Bodin\u00a0nu inf\u00f6r SVT:s luxu\u00f6st p\u00e5kostade satsning ATT R\u00c4DDA ETT BARN, tycks ha gl\u00f6mt allt detta f\u00f6r att ist\u00e4llet framst\u00e4lla barnr\u00e4ttsk\u00e4mpar som Monica Dahlstr\u00f6m-Lannes s\u00e5v\u00e4l som Agneta Brav\u00e9lius i BRY som samh\u00e4llsfarliga uppviglare och\/ eller stolliga &#8221;konspirationsteoretiker&#8221;, samt mamman som en skurk som idkar domstolstrots, n\u00e4r hon inte ser n\u00e5gon annan m\u00f6jlighet \u00e4n att g\u00e5 under jorden f\u00f6r att skydda sitt barn.<\/p>\nAtt socialens och polisens utredningar drar ut p\u00e5 tok f\u00f6r l\u00e5ngt i tiden, s\u00e4llan h\u00e5ller m\u00e5ttet och att f\u00f6runders\u00f6kningar alltsomoftast l\u00e4ggs ner, utan att den misst\u00e4nkta f\u00f6r\u00e4ldern ens f\u00f6rh\u00f6rs, \u00e4r ju fortfarande legio och precis det som ocks\u00e5 h\u00e4nt i Anna &amp; Elias-fallet. Som brukligt \u00e4r har man n\u00e4mligen valt den betydligt mycket enklare men mindre r\u00e4ttss\u00e4kra v\u00e4gen att misst\u00e4nkligg\u00f6ra mamman f\u00f6r att falskanm\u00e4la, orsakat av att hon ska antas lida av en eller annan hittep\u00e5-diagnos utst\u00e4lld av den misst\u00e4nkta pappan sj\u00e4lv, varav <strong>M\u00fcnchausen by proxy<\/strong> och <strong>PA(S)<\/strong> \u00e4r de vanligaste och varf\u00f6r det aldrig kr\u00e4vs minsta bevis.<a href=\"http:\/\/mmstudies.com\/eftervaldet\/robson\"> PA(S) existerar ju f\u00f6r det f\u00f6rsta inte som psykiatrisk diagnos \u00f6ht<\/a>. Eller f\u00f6r att hon \u00e4r allm\u00e4nt manshatisk och h\u00e4mndlysten (svartm\u00e5lar och smutskastar pappan) och bara \u00e4r ute efter att vinna v\u00e5rdnaden. Och \/ eller har ett &#8221;invasivt&#8221; f\u00f6rh\u00e5llningss\u00e4tt till barnet \/ barnen och d\u00e4rf\u00f6r inte vill sl\u00e4ppa till dem till umg\u00e4nge med annan \/ andra \u00e4n sig sj\u00e4lv. En gammal <strong>freudiansk f\u00f6rest\u00e4llning<\/strong>, s\u00e5v\u00e4l som den om barnens tr\u00e4ngande behov av fadern som &#8221;frig\u00f6rande&#8221; och &#8221;gr\u00e4nss\u00e4ttande&#8221; gentemot den &#8221;symbios&#8221; varmed modern f\u00f6rkv\u00e4ver och klemar bort, samt att st\u00e5 f\u00f6r den &#8221;struktur&#8221; i vardagen, som hon \u00e4r alltf\u00f6r mesigt eftergiven och k\u00e4nslostyrd f\u00f6r att m\u00e4kta med.\n\u00a0\nAllt det d\u00e4r g\u00e5r som p\u00e5 r\u00e4ls, fortfarande i dag och ingen f\u00f6r\u00e4ndring syns i sikte ens efter att Barnkonventionen inkorporerats i svensk lag. \n\u00a0\nEtt av de flera reportage som d\u00e5 s\u00e4ndes inneh\u00f6ll en intervju med <strong><a href=\"http:\/\/mmstudies.com\/mammamanualen\/mats-sjosten\/\">&#8221;experten&#8221; Mats Sj\u00f6sten,<\/a><\/strong>vari det framg\u00e5 hur slugt gummibandsaktigt han ger mandat \u00e5t domark\u00e5ren att tolka &#8221;Barnets b\u00e4sta&#8221;, s\u00e5 att det inte betyder n\u00e5nting alls eller precis vad som helst. Ist\u00e4llet ges frikostigt utrymme \u00e5t de tolkningar som <a href=\"http:\/\/mmstudies.com\/eftervaldet\/granskning-ms\/\">hans egna domar flitigt ger prov p\u00e5<\/a> d\u00e5 mammor som anm\u00e4lt pappor f\u00f6r v\u00e5ld och \/ eller sexuella \u00f6vergrepp blir av med v\u00e5rdnaden till just dem och \/ eller d\u00f6mer barn till tv\u00e5ngsboende med pappor som de h\u00e5rdnackat vidh\u00e5ller att de inte ens vill ha umg\u00e4nge med, medan de under en l\u00e4ngre period ska &#8221;avprogrammeras&#8221; fr\u00e5n sina m\u00f6drars &#8221;p\u00e5verkan&#8221;. Som tex i den dom fr\u00e5n 2007, vari en 12-\u00e5rig pojke som i hela sitt liv bott med sin ensamst\u00e5ende mamma och haft det bra hos henne tvingas till heltidsboende l\u00e5ngt fr\u00e5n sin invanda trygga och stimulerande milj\u00f6, med en pappa som han sj\u00e4lv \u00f6vertygande moget och v\u00e4lartikulerat beskriver som totalt ol\u00e4mplig i flera olika avseenden, bla pga att han dricker f\u00f6r mycket och enbart jobbar p\u00e5 att ut\u00f6ka verksamheten p\u00e5 sitt luxu\u00f6sa konferenshotell n\u00e4r han \u00e4r d\u00e4r p\u00e5 umg\u00e4nge. <a href=\"http:\/\/mmstudies.com\/eftervaldet\/ful\"><strong>En dom<\/strong> <strong>som Lena Hellblom-Sj\u00f6gren h\u00f6jer till skyarna <\/strong><\/a>som s\u00e5 f\u00f6red\u00f6mlig att den blivit presumerande f\u00f6r resten av landets tingsr\u00e4tter.\n<p><strong><a href=\"https:\/\/sverigesradio.se\/sida\/artikel.aspx?programid=83&amp;artikel=414426\">P1-morgon: Debatt om v\u00e5rdnadsreformen \u00bb<\/a><\/strong><\/p>\n\u00a0\nVilket allts\u00e5 talar sitt eget tydliga spr\u00e5k f\u00f6r vad det \u00e4r som g\u00e4ller i praktiken till skillnad fr\u00e5n i teorin. Och i allra h\u00f6gsta grad s\u00e5 fortfarande idag. Barnets B\u00e4sta = pappors.\n\u00a0\nI reportaget med Mats Sj\u00f6sten intervjuades \u00e4ven d\u00e5varande ordf\u00f6rande f\u00f6r <strong>ROKS Ireen von Wachenfeldt<\/strong>, just hon som \u00e5ret d\u00e4refter gick till historien som en manshatisk batikh\u00e4xa i <strong>SVT:s &#8221;K\u00f6nskriget&#8221;<\/strong>, ocks\u00e5 en sk &#8221;dokument\u00e4r&#8221; fr\u00e5n SVT Dokument inifr\u00e5n, med samma samvetsl\u00f6st skrupell\u00f6sa produktionsledare som \u00e5rets SVT-ledda h\u00e4xjakt: <strong>&#8221;Att r\u00e4dda ett barn&#8221;,<\/strong> n\u00e4mligen <strong>Johan Br\u00e5nstad.<\/strong> I \u00e5ratal d\u00e4refter h\u00f6rdes henne f\u00f6rflugna ord: <strong>&#8221;M\u00e4n \u00e4r djur&#8221;<\/strong> eka i rymderna. Stackars stackars alla m\u00e4n som var ansatta av en s\u00e5 manshatisk &#8221;feminism&#8221; i detta land, som om den bestod av Ireen von Wachenfeldt sj\u00e4lv och dessa tre ord, framprovocerade i en skjutj\u00e4rnsintervju om Solanas SCUM-manifest och inklippta p\u00e5 mesta m\u00f6jliga f\u00f6rs\u00e5tliga vis, f\u00f6r att g\u00f6ra skada.\nD\u00e5 hade ROKS i sitt samarbete med professor <strong><a href=\"http:\/\/www.bang.se\/konstig-isolerad-och-extrem\/?\">Eva Lundgren och hennes forskning om m\u00e4ns v\u00e5ld mot kvinnor<\/a> <\/strong>n\u00e5tt en viss framskjuten position som d\u00e4refter blev betydligt f\u00f6rsvagad. och d\u00e4rmed \u00e4ven v\u00e5ldsutsatta kvinnors \/ mammors behov av st\u00f6d, v\u00e4gledning av erfarna jourkvinnor och beskydd n\u00e4r de s\u00f6kte hj\u00e4lp.\n\u00a0\n\t<p><strong>Johan Br\u00e5nstad &#8211; produktionsledre f\u00f6r &#8221;K\u00f6nskriget&#8221; 2005, som f\u00e4lldes i Granskningsn\u00e4mnden och &#8221;Att r\u00e4dda ett barn&#8221; 2020<\/strong><\/p>\nS\u00e5 inget tyder p\u00e5 att detta skedde av en slump.\n\u00a0\nOch vad finns d\u00e5 som s\u00e4ger att inte SVT:s nya storsatsning p\u00e5 ett lika inpiskat f\u00f6rljuget spektakel som Bo-G\u00f6ran Bodins \/ Johan Br\u00e5nstads &#8221;Att r\u00e4dda ett barn&#8221; mer handlar om att r\u00e4dda manssamh\u00e4llet \u00e4n de utsatta offren f\u00f6r dess v\u00e5ld?\n\u00a0\nOch nu dessutom inte bara p\u00e5 de vuxna kvinnornas bekostnad utan barnens.\n<p>Engagerade i dessa fr\u00e5gor som kunnat erfara en massiv anstorming av r\u00e4ttsl\u00f6sa mammor komma till tals i sociala medier sedan #meetoo \u00f6ppnade dammluckorna, har ju ocks\u00e5 kunnat notera hur myndigheterna snarare svarat med repression genom att visa musklerna \u00e4n h\u00e5rdare mot &#8221;uppviglarna&#8221; \u00e4n n\u00e5gon vilja till att \u00e4ntligen tolka lagen som den \u00e4r avsedd &#8211; till BARNET B\u00c4STA.<\/p>\n<p>&nbsp;<\/p>\n<p><a href=\"http:\/\/mmstudies.com\/sallberg\/historia\"><strong>Justitiemorden p\u00e5 Carina S\u00e4llberg\u00a0<\/strong><\/a>och <strong>mamman i Anna &amp; Elias-fallen<\/strong> talar d\u00e4rvidlag f\u00f6r sig sj\u00e4lva. Likas\u00e5 \u00e5talen och domarna mot <strong>Cissi Wallin<\/strong> m fl.<\/p>\n\u00a0\nS\u00e5 vem \/ vilka, f\u00f6rutom pappan, \u00e4r det som best\u00e4llt ut h\u00e4xjakten fr\u00e5n SVT &#8211; det \u00e4r fr\u00e5gan. Han m\u00e5ste sj\u00e4lvklart ha haft m\u00e5nga starka krafter i ryggen f\u00f6r att kunna f\u00e5 till st\u00e5nd ett mediedrev som s\u00e5 kapitalt strider mot alla pressetiska grundregler och dessutom mot den som alltid uppges g\u00e4lla annars, n\u00e4mligen att inte publicera reportage om p\u00e5g\u00e5ende m\u00e5l och utel\u00e4mna n\u00e5gondera av parternas identitet. \n\u00a0\nDet mest avsl\u00f6jande f\u00f6r Bo-G\u00f6ran Bodins totala brist p\u00e5 en sakligt objektiv och opartisk h\u00e5llning till materialet han utger sig f\u00f6r att &#8221;wallraffa&#8221; i, \u00e4r att han aldrig ens \u00e4r i n\u00e4rheten av att till\u00e4mpa den regel som \u00e4r prio i allt utredningsf\u00f6rfarande n\u00e4mligen att g\u00f6ra en <strong>alternativ hypotespr\u00f6vning<\/strong>; KAN det kanske t\u00e4nkas att pappan \u00c4R skyldig? Men hur skulle han f\u00f6r det f\u00f6rsta kunna g\u00f6ra det, f\u00f6r hade i s\u00e5 fall pappan fortsatt st\u00e4lla upp?\n\u00a0\nBo-G\u00f6ran Bodin beg\u00e5r d\u00e4rmed exakt samma flagranta kardinalfel som tj\u00e4nstem\u00e4nnen i fallet; n\u00e4mligen att aldrig ifr\u00e5gas\u00e4tta den enda ing\u00e5ende premissen att det \u00e4r mammans psykiska tillkortakommanden som \u00e4r problemet. Dessa som pappan sj\u00e4lv satt diagnosen p\u00e5 och enklast motbevisas genom att mamman aldrig beh\u00e4ftats med ngn psykiatrisk diagnos.\n\u00a0\nAtt pappan aldrig ens blivit f\u00f6rh\u00f6rd av polis och \u00e5klagare, talar minst av allt f\u00f6r att det \u00e4r barnets r\u00e4ttss\u00e4kerhet som ansvariga myndighetsut\u00f6vare m\u00e5nat om. Det besynnerliga \u00e4r ju d\u00e5 varf\u00f6r f\u00f6r Bo-G\u00f6ran Bodin v\u00e4ljer att helt bortse fr\u00e5n detta h\u00f6gst besv\u00e4rande faktum, efter att han 2004 varit en av de journalister som medverkat till reportageserien i vilken Monica Dahlstr\u00f6m-Lannes noga betonar hur viktig det \u00e4r att det sker f\u00f6rh\u00f6r med alla runt barnet och s\u00e4rskilt d\u00e5 den misst\u00e4nkta f\u00f6r\u00e4ldern.\n\u00a0\nLikas\u00e5 att han aldrig l\u00e5ter vare sig henne eller <strong>Jan Bj\u00f6rklund<\/strong> komma till tals fullt ut, f\u00f6r att mer i detalj redog\u00f6ra f\u00f6r alla de \u00f6vriga flagranta brister som pr\u00e4glat utredningsf\u00f6randet \u00e4nda sedan start, d\u00e5 en inhyrd konsult skrupell\u00f6st allierar sig med pappan och dessutom leker polis genom att h\u00e5lla egna obandade &#8221;barnf\u00f6rh\u00f6r&#8221; med pojken p\u00e5 hans f\u00f6rskola och tar sig r\u00e4tten att avbl\u00e5sa polisens utredning med h\u00e4nvisning till pappans diagnos av mamman som &#8221;utrustad med vanf\u00f6rest\u00e4llningar om verkligheten&#8221; &#8211; det som utg\u00f6r det klassiska standardkonceptet i de misst\u00e4nkta f\u00f6r\u00f6varnas strategier. \n\u00a0\nS\u00e5 genomskinligt att inte ens guldspadegr\u00e4vare p\u00e5 SVT Dokument inifr\u00e5n torde g\u00e5 p\u00e5 det.\n\u00a0\nS\u00e5 varf\u00f6r l\u00e5tsas han ha gjort det?\n\u00a0\nVems \/ vilkas \u00e4rende g\u00e5r han?\n\u00a0\nOm det \u00e4r att l\u00e4gga locket p\u00e5 sk <strong>&#8221;konspirationsteorier&#8221;<\/strong> &#8211; torde det dock vara f\u00f6rfelat och snarare st\u00e4rka tron p\u00e5 att de &#8221;m\u00f6rka krafterna&#8221;, vilka de \u00e4n vara m\u00e5nde &#8211; pedofila n\u00e4tverk &#8211; eller bara onda i st\u00f6rsta allm\u00e4nhet, faktiskt existerar.\n<p>&nbsp;<\/p>\n<p><strong><a href=\"https:\/\/sverigesradio.se\/sida\/artikel.aspx?programid=83&amp;artikel=414426&amp;fbclid=IwAR1IYFF6jWyUHq_oXWE4nD75kWJ8FVSI4_W7O5LbMHiK2LS4dyQ9oX4AkQY\">P1 Centralen: Vilket skydd f\u00e5r utsatta barn \u00bb<\/a><\/strong><\/p>\n\t<header>\n<h1><a href=\"https:\/\/sverigesradio.se\/sida\/artikel.aspx?programid=83&amp;artikel=414426&amp;fbclid=IwAR1IYFF6jWyUHq_oXWE4nD75kWJ8FVSI4_W7O5LbMHiK2LS4dyQ9oX4AkQY\">Om de utsatta barnen<\/a><\/h1>\n<\/header>\nDetta var de reportage som Bo-G\u00f6ran Bodin medverkade i 2004 och som var hans falskt f\u00f6regivna avsikt att f\u00f6lja upp, n\u00e4r han tidigt 2019 tog kontakt med Monica Dahlstr\u00f6m-Lannes och Agneta Brav\u00e9lius i BRY, f\u00f6r att ist\u00e4llet osk\u00e4ligen h\u00e4nga ut dem som stolliga &#8221;konspirationsteoretiker&#8221; och samh\u00e4llsfarliga uppviglare.\n<p>Publicerat torsdag 13 maj 2004 kl 10.18<\/p>\n<p><b>Ekot har i en serie inslag granskat hur myndigheter hanterar barn som uts\u00e4tts f\u00f6r olika \u00f6vergrepp. H\u00e4r kan du ta del av Ekots samlade material.<\/b><\/p>\n<p><b>Reportrar Nuri Kino, Bo G\u00f6ran Bodin och Margita Bostr\u00f6m.<\/b><\/p>\n<h2>Lyssna mer<\/h2>\n<ul>\n<li>\n<a href=\"https:\/\/sverigesradio.se\/sida\/artikel.aspx?programid=83&amp;artikel=414426\">P1-morgon: Debatt om v\u00e5rdnadsreformen<\/a>\n<abbr title=\"(8:45 minuter)\">8:45 min<\/abbr>\n<\/li>\n<li>\n<a href=\"https:\/\/sverigesradio.se\/sida\/artikel.aspx?programid=83&amp;artikel=414426\">P1-morgon: Monica Dahlstr\u00f6m Lannes om sexuella \u00f6vergrepp<\/a>\n<abbr title=\"(6:19 minuter)\">6:19 min<\/abbr>\n<\/li>\n<li>\n<a href=\"https:\/\/sverigesradio.se\/sida\/artikel.aspx?programid=83&amp;artikel=414426&amp;fbclid=IwAR1IYFF6jWyUHq_oXWE4nD75kWJ8FVSI4_W7O5LbMHiK2LS4dyQ9oX4AkQY\">P1 Centralen: Vilket skydd f\u00e5r utsatta barn<\/a>\n<\/li>\n<\/ul>\n\t<header>\n<h1>Utredning om barnmisshandel kan dr\u00f6ja<\/h1>\nPublicerat m\u00e5ndag 10 maj 2004 kl 05.08\n<p>En 14-\u00e5rig flicka v\u00e5ldtogs, polisanm\u00e4lan blev liggande i sju m\u00e5nader. En 8-\u00e5rig pojke misshandlas av sin styvpappa, polisanm\u00e4lan blev liggande i ett halv\u00e5r. Det h\u00e4r \u00e4r bara tv\u00e5 exempel ur Ekots granskning av alla nedlagda f\u00f6runders\u00f6kningar under ett \u00e5r om sexuella \u00f6vergrepp p\u00e5 barn och barnmisshandel.<\/p>\n<\/header>\n<p>Ann Olsson \u00e4r chef f\u00f6r polisens familjev\u00e5ldsgrupp i Stockholm city. Hon bl\u00e4ddrar i ett annat \u00e4rende som blev liggande i \u00f6ver tv\u00e5 \u00e5r innan n\u00e5got h\u00e4nde och l\u00e4ser:<\/p>\n<p>&#8221;Socialkontoret vill med sin skrivelse uppr\u00e4tta en anm\u00e4lan ang\u00e5ende misshandel av minder\u00e5rigt barn. Samtal med socialsekreterare 010718: ber\u00e4ttar att hon under hela uppv\u00e4xten blivit misshandlad av sin far. F\u00f6rutom misshandel har fadern hotat henne till livet. Misshandeln har best\u00e5tt i slag mot kroppen i form av knytn\u00e4vsslag och \u00f6rfilar. Hon har blivit kastad till marken, fadern har vid n\u00e5got tillf\u00e4lle hoppat p\u00e5 henne d\u00e5 hon varit liggande.&#8221;<\/p>\n<strong>Utredningen lades ner<br \/>\n<\/strong>Tv\u00e5 \u00e5r och tre m\u00e5nader hann g\u00e5 innan polisen ringde det f\u00f6rsta samtalet. Sedan la polisen snabbt ner utredningen, vilket \u00e4r det vanliga efter en s\u00e5dan h\u00e4r anm\u00e4lan.\n<p>Inte ens tv\u00e5 av tio av anm\u00e4lningar som handlar om barnmisshandel och sexuella \u00f6vergrepp mot barn leder till \u00e5tal, det har m\u00e5nga studier visat, och en anledning \u00e4r enligt polis och \u00e5klagare att det \u00e4r s\u00e5 sv\u00e5rt att hitta bevis.<\/p>\n<strong>Letar inte efter bevis<br \/>\n<\/strong>Ekot har gjort en omfattande granskning av hur myndigheterna hanterar de mest utsatta barnen. Utredningar om misst\u00e4nkta brott mot barn fullf\u00f6ljs s\u00e4llan. V\u00e5r genomg\u00e5ng av bland annat 88 f\u00f6runders\u00f6kningar som lagts ner under f\u00f6rra \u00e5ret visar att polisen i m\u00e5nga fall inte ens letar efter de bevis som kan finnas.\n<p>Polisen f\u00f6rh\u00f6r exempelvis bara h\u00e4lften av de utsatta barnen, trots att m\u00e5nga \u00e4r i tio\u00e5rs\u00e5ldern eller \u00e4ldre. Dessutom finns det i s\u00e5 gott som alla utredningar en utpekad g\u00e4rningsman, men den misst\u00e4nkte f\u00f6rh\u00f6rs bara i var tredje f\u00f6runders\u00f6kning.<\/p>\n<strong>&#8221;Tv\u00e5 \u00e5r \u00e4r oacceptabelt&#8221;<br \/>\n<\/strong>Det kanske allvarligaste \u00e4r \u00e4nd\u00e5 att det tar s\u00e5 l\u00e5ng tid innan utredningarna kommer ig\u00e5ng. F\u00f6r\u00f6varen kan d\u00e4rmed f\u00e5 l\u00e5ng tid p\u00e5 sig att p\u00e5verka barnen.\n<p>&#8211;\u00a0Tv\u00e5 \u00e5r \u00e4r f\u00f6r l\u00e5ngt, det \u00e4r helt oacceptabelt, bedr\u00f6vligt, s\u00e4ger Ann Olsson.<\/p>\n<p><strong>Hur p\u00e5verkar det utredningen?<\/strong><\/p>\n<p>&#8211;\u00a0Som det blev, de vill inte medverka nu tv\u00e5 \u00e5r efter\u00e5t, f\u00f6r d\u00e5 river man ju upp allt igen.<\/p>\n<strong>Inga f\u00f6rh\u00f6r p\u00e5 tv\u00e5 m\u00e5nader<br \/>\n<\/strong>Ekots genomg\u00e5ng visar att i n\u00e4stan h\u00e4lften av de granskade f\u00f6runders\u00f6kningarna h\u00e5lls det inga f\u00f6rh\u00f6r under de tv\u00e5 f\u00f6rsta m\u00e5naderna efter anm\u00e4lan. I m\u00e5nga fall tar det betydligt l\u00e4ngre tid \u00e4n s\u00e5.\n<p>Leif Berglund arbetar p\u00e5 Norrortspolisen i Stockholm. Han ansvarade f\u00f6r en utredning d\u00e4r socialtj\u00e4nsten anm\u00e4lde att en 14-\u00e5rig flicka hade blivit v\u00e5ldtagen. D\u00e4r det tog sju m\u00e5nader innan utredningen kom ig\u00e5ng.<\/p>\n<p>Leif Berglund \u00e4r mycket sj\u00e4lvkritisk.<\/p>\n<p>&#8211;\u00a0Ser man det generellt s\u00e5 \u00e4r vi d\u00e5liga. Det \u00e4r tvekl\u00f6st skamligt d\u00e5ligt.<\/p>\n<strong>Nedlagt trots erk\u00e4nnande<br \/>\n<\/strong>Inte ens ett erk\u00e4nnande betyder att utredningen kommer att fullf\u00f6ljas. En pappa som erk\u00e4nner i ett f\u00f6rh\u00f6r att han brukar misshandla sin son \u00e5talades inte. Kammar\u00e5klagare Stefan Lindblom la ner utredningen eftersom han tyckte att han inte hade tillr\u00e4ckligt med bevis.\n<p>&#8211;\u00a0Jag kan inte med h\u00e4nsyn till den sekretess som g\u00e4ller, och den g\u00e4ller bland annat med h\u00e4nsyn till barnets b\u00e4sta, uttala mig och enskilda \u00e4renden, s\u00e4ger Stefan Lindblom<\/p>\n<strong>Margita Bostr\u00f6m<br \/>\n<\/strong><a href=\"mailto:margita.bostrom@sr.se\">margita.bostrom@sr.se<\/a><br \/>\n<strong>Nuri Kino<br \/>\n<\/strong><a href=\"mailto:n.kino@journalist.com\">n.kino@journalist.com<\/a><br \/>\n<strong>Bo G\u00f6ran Bodin<br \/>\n<\/strong><a href=\"mailto:bo.goran.bodin@sr.se\">bo.goran.bodin@sr.se<\/a>\n\t<h1>Den v\u00e4nlige gr\u00e4varen visar sitt r\u00e4tta ansikte<\/h1>\nUnder resten av \u00e5ret 2019 \u00a0\u00e4gnade Bo-G\u00f6ran <strong>Bodin Monica Dahlstr\u00f6m-Lannes, Agneta Brav\u00e9lius i BRY, Jan Bj\u00f6rklund och psykoterapeuten Hans Cagnell<\/strong> m\u00e5nga l\u00e5nga och st\u00e4ndigt \u00e5terkommande intervjuer i egenskap av \u00a0<strong>&#8221;Den v\u00e4nliga gr\u00e4varen&#8221;<\/strong>\u00a0med ett till synes inst\u00e4mmande och bekr\u00e4ftande bem\u00f6tande i allt.\n\tInte \u00a0f\u00f6rr\u00e4n i april 2020 visade han sitt r\u00e4tta <strong>empati- skuld- och samvetsbefriade ansikte,<\/strong> i en sista intervju med Agneta Brav\u00e9lius upptr\u00e4dde mer som en jesuitisk inkvisitor, f\u00f6r att avlocka h\u00e4xan hennes bek\u00e4nnelser att ha bolat med djefvulen, tro p\u00e5 onda krafter och att st\u00e4lla henne till r\u00e4tta f\u00f6r brott hon aldrig beg\u00e5tt.\n<p>Och n\u00e4r det d\u00e5 g\u00e5tt upp f\u00f6r Monica Dahlstr\u00f6m-Lannes att de blivit grundlurade ville och kunde hon inte st\u00e4lla upp p\u00e5 intervju, bl.a pga av h\u00e4lsosk\u00e4l. Men Bodin respekterade inte ett nej utan ringde upp p\u00e5 ok\u00e4nt nummer. Monica kunde inte prata och lade p\u00e5.<\/p>\n<p>D\u00e5 hade hon \u00e4nd\u00e5 svarat p\u00e5 hans mail-fr\u00e5gor bl. a. om hennes p\u00e5st\u00e5dda inblandning i det sista l\u00e4karbes\u00f6ket som Anna vidtog.<\/p>\nDet tar Bo-G\u00f6ran Bodin sedan som int\u00e4kt f\u00f6r att f\u00f6rebr\u00e5 henne att inte vilja klara upp saken och insinuera att hon inte skulle ha rent mj\u00f6l i p\u00e5sen. Trots att det inte f\u00f6religger minsta fakta till grund f\u00f6r hans insinuationer.\n\t<p>Och <strong>Jan Bj\u00f6rklund<\/strong> uppger att han efter att han i sin tur blev uppringd den 8 maj och f\u00f6r en tidvis absurd intervju som \u00e4gde rum den 11 maj 2020,\u00a0inte l\u00e4ngre g\u00f6r sig n\u00e5gra illusioner om vad som varit Bo-G\u00f6rans upps\u00e5t.<\/p>\n<p>-Jag hade intrycket att jag framf\u00f6r mig hade ett ombud f\u00f6r motparten, som genomf\u00f6rde f\u00f6rh\u00f6r. Skillnaden mot ett normalt f\u00f6rh\u00f6r var att han anv\u00e4nde sig av oriktiga uppgifter f\u00f6r att f\u00f6rs\u00f6ka sl\u00e5 in kilar mellan inblandade.<\/p>\nL\u00e4gger man sedan ihop det antal minuter som kom med av de m\u00e5nga och l\u00e5nga intervjuerna kan de nog sl\u00e5s ihop till c:a h\u00f6gst fem minuter per person, om ens det, d\u00e5 de flesta av de korta uttalanden som tagits med dessutom upprepas om och om igen.\n\u00a0\nEn tre timmar l\u00e5g &#8221;dokument\u00e4rserie&#8221; som allts\u00e5 best\u00e5r av h\u00f6gst 10-20 minuters intervjuer. De enda som f\u00e5r l\u00e4ngre tid p\u00e5 sig \u00e4n s\u00e5 \u00e4r sanningsoraklet Birgitta Holmberg i ATSUB och i viss m\u00e5n \u00e4ven Mari Schaub och s\u00e5 f\u00f6rst\u00e5s pappan sj\u00e4lv.\n\t<h2>SVT \/ Bo-G\u00f6ran Bodin respekterar inte de medverkandes beg\u00e4ran att dra sig ur projektet de blivit inlurade i under falska f\u00f6respeglingar<\/h2>\n<p>Mamman blev ocks\u00e5 indragen i bedr\u00e4geriet och intervjuad, varvid hon kom att l\u00e4mna k\u00e4nsliga uppgifter som Bo-G\u00f6ran Bodin anv\u00e4nt p\u00e5 ett f\u00f6r henne sj\u00e4lv \/ sonen och andra destruktivt s\u00e4tt. <\/p>\n<p>N\u00e4r sedan hon och\u00a0Monica Dahlstr\u00f6m-Lannes och Agneta Brav\u00e9lius\u00a0i slutet av v\u00e5ren 2020 blev medvetna om att de hade blivit lurade att delta i projektet under falska f\u00f6respeglingar \u00a0beg\u00e4rde hon att intervjuerna med henne skulle slopas, vilket beviljades.<\/p>\n<p>D\u00e4remot avslogs Monica Dahlstr\u00f6m-Lannes och Agneta Brav\u00e9lius\u00b4 beg\u00e4ran om inhibering av intervjuerna med dem, med motiveringen\u00a0<strong>att de verkat i offentligheten och att Agneta Brav\u00e9lius skulle ha &#8221;p\u00e5verkat lagstiftningen&#8221;. <\/strong>(Se vidare h\u00e4r nedan!)<\/p>\n<p>Problemet var att de alla hade satt s\u00e5 stor tillit till BGB att ingen av dem t\u00e4nkte p\u00e5 att uppr\u00e4tta ett kontrakt. Ingen av dem gavs heller m\u00f6jligheten att kontrollera och godk\u00e4nna det som sedan s\u00e4ndes i den slutliga produktionen.<\/p>\n<p><strong>Ingen av oss har heller f\u00e5tt svar p\u00e5 fr\u00e5gan n\u00e4r var och hur Agneta Brav\u00e9lius skulle ha &#8221;p\u00e5verkat lagstiftningen&#8221;.<\/strong><\/p>\n\t<h2>SVT \/ Dokument inifr\u00e5n v\u00e4grar svara p\u00e5 motfr\u00e5gor till deras uppenbara l\u00f6gner<\/h2>\n\n<p>Detta utg\u00f6r min kommunikation med SVT \/ Dokument inifr\u00e5n \u00f6ver Messenger p\u00e5 Facebook:<\/p>\n<p>Den inleds med att jag st\u00e4ller fr\u00e5gan:<\/p>\n<p>Vad heter chefredakt\u00f6ren f\u00f6r Dokument Inifr\u00e5n och hur kan man n\u00e5 henne \/ honom?<\/p>\n<p>&nbsp;<\/p>\n<p>Hej Gunilla,<\/p>\n<p>Tack f\u00f6r ditt meddelande.<\/p>\n<p>Har du en fr\u00e5ga om Dokument inifr\u00e5n? Skriv den g\u00e4rna h\u00e4r s\u00e5 kan vi s\u00e4kert svara p\u00e5 den.<\/p>\n<p>H\u00e4lsningar,<\/p>\n<p>Philip<\/p>\n<p>&nbsp;<\/p>\n<p>Hej Philip!<\/p>\n<p>Jag har s\u00e5 m\u00e5nga fr\u00e5gor att jag inte vet var jag ska b\u00f6rja. Hade aldrig trott att skattefinansierad public service kunde skjunka s\u00e5 h\u00e4r l\u00e5gt. Bo-G\u00f6ran Bodins tendenti\u00f6st ihopklippta dokus\u00e5pa \u00e4r ju inget annat \u00e4n en partsinlaga f\u00f6r pappan, med patetiskt vinklad dramaturgi i syfte att framst\u00e4lla hans hatobjekt BRY i f\u00f6rl\u00f6jligande och misst\u00e4nklig dager. Bo-G\u00f6ran Bodin l\u00e5ter h\u00e4vda att BRY \/ Agneta Brav\u00e9lius skulle ha \u00a0<strong>&#8221;p\u00e5verkat lagstiftningen&#8221;<\/strong> och jag skulle g\u00e4rna vilja veta n\u00e4r var hur\u00a0 det skulle ha skett och p\u00e5 vad s\u00e4tt det i s\u00e5 fall skulle ha varit problematiskt och i vilken del han han t\u00e4nker redovisa fakta om detta.<\/p>\n<p>Jag undrar ocks\u00e5 om SVT \u00e4r klar \u00f6ver att det snarare \u00e4r regel \u00e4n undantag att mammor som anm\u00e4ler sexuella \u00f6vergrepp blir av med v\u00e5rdnaden till sina barns f\u00f6r\u00f6vare och att denna produktion \u00e4r ett slag i ansiktet p\u00e5 dem.<\/p>\n<p>N\u00e4r t\u00e4nker ni belysa problemet med att vi har en r\u00e4ttstill\u00e4mpning i fr\u00e5ga om v\u00e5rdnadsm\u00e5l som inte f\u00f6ljer lagen och tvingar barn till umg\u00e4nge med eller boende \/ v\u00e5rdnad hos pappor som de \u00e4r livr\u00e4dda f\u00f6r och som skadar dem f\u00f6r livet?<\/p>\n<p>Jag har under de tre \u00e5rs tid som jag p\u00e5 id\u00e9ell obetald basis varit verksam som st\u00f6dperson och granskare blivit kontaktad av ett stort antal mammor, som lever i ett helvete st\u00f6rre \u00e4n vad som \u00e4r fattbart och som skulle beh\u00f6va f\u00e5 sin verklighet belyst och de barn som de tvingas se sakta brytas\u00a0ner \u00e5r efter \u00e5r. Vi har h\u00e4ngt p\u00e5 l\u00e5set till UG under hela denna tid men de har inte visat ngt intresse och s\u00e5 kommer ist\u00e4llet det H\u00c4R!!!<\/p>\n<p>S\u00e5 n\u00e4r t\u00e4nker ni g\u00f6ra en dokument\u00e4rserie som kan belysa alla de mammor och barn som r\u00e5kat ut f\u00f6r exakt detsamma som mamman i Anna &#8211; och Eliasfallet?\u00a0 <\/p>\n<p>Mvh!<\/p>\n<p>Gunilla Madeg\u00e5rd<\/p>\n<p>&nbsp;<\/p>\n<p>Hej igen,<\/p>\n<p>Jag arbetar som digital redakt\u00f6r f\u00f6r bland annat dokument\u00e4rer h\u00e4r p\u00e5 SVT.<\/p>\n<p>Det h\u00e4r \u00e4mnet engagerar och det \u00e4r helt f\u00f6rst\u00e5eligt. Det \u00e4r n\u00e5got privat och n\u00e5got som tillh\u00f6r privatlivet. Varf\u00f6r vi just har valt att skildra detta fall \u00e4r just f\u00f6r att det har v\u00e4ckt ett stort engagemang, inte minst i sociala medier.<\/p>\n<p>H\u00e4r nedan kommer en l\u00e4ngre text fr\u00e5n redaktionen om just Att r\u00e4dda ett barn.<\/p>\n<p>H\u00e4lsningar,<\/p>\n<p>Philip<\/p>\n\n<h2>Sen vidarebefordrar han detta meddelande som saknar underskrift och inte svarar p\u00e5 mina fr\u00e5gor:<\/h2>\n<p>Vi p\u00e5 SVT brukar s\u00e4llan ber\u00e4tta om v\u00e5rdnadstvister. Det inte s\u00e5 konstigt eftersom v\u00e5rdnadstvister s\u00e5 tydligt tillh\u00f6r privatlivet. Men v\u00e5rdnadstvisten i &#8221;Att r\u00e4dda ett barn&#8221; \u00e4r inget vanligt fall eftersom den genom barnr\u00e4ttsorganisationen BRY:s uppm\u00e4rksamhet har n\u00e5tt 100 000-tals m\u00e4nniskor p\u00e5 Facebook och andra sociala medier.\u00a0<\/p>\n<p>Mamman har deltagit i flera publiceringar i alternativa medier och givit BRY tillg\u00e5ng till privata inspelningar som publicerats p\u00e5 Youtube. Fallet har engagerat, uppr\u00f6rt och lett till krav p\u00e5 myndighetsingripanden och lag\u00e4ndringar.<\/p>\n<p>N\u00e4r vi kom in i h\u00e4ndelseutvecklingen fanns tv\u00e5 helt motstridiga bilder av verkligheten.\u00a0<\/p>\n<p>Organisationen BRY beskrev ett konspirationsliknande haveri d\u00e4r polis, socialtj\u00e4nst, skola och r\u00e4ttsv\u00e4sende medvetet hade bortsett fr\u00e5n allvarliga anklagelser mot pappan. Pappan beskrev en grovt missvisande kampanj som hade lett till en flod av hat, hot och lidande f\u00f6r honom sj\u00e4lv och sonen.<\/p>\n<p>Vi best\u00e4mde oss f\u00f6r att f\u00f6lja b\u00e5de organisationen och pappan medan vi f\u00f6rs\u00f6kte ta reda p\u00e5 vad som h\u00e4nt. Vi tog del av och gick igenom en stor m\u00e4ngd dokument, utredningar och domar. Det visade sig att mamman hade riktat anklagelser mot pappan i flera \u00e5r och att olika myndigheter genomf\u00f6rt ett tiotal utredningar som genomg\u00e5ende kom fram till att det inte fanns n\u00e5gon grund f\u00f6r anklagelserna.<\/p>\n<p>Vi kunde konstatera att BRY gav en helt felaktig bild av fallet. Pappan utm\u00e5lades som ett monster. Myndigheterna beskrevs som ointresserade av barnet. Det blev starten till n\u00e4sta steg i v\u00e5r granskning. Vi best\u00e4mde oss f\u00f6r att g\u00e5 till botten med organisationens arbetsmetoder och visa hur l\u00e5ngt de var beredda att g\u00e5 f\u00f6r att p\u00e5verka samh\u00e4llsdebatten.<\/p>\n<p>&nbsp;<\/p>\n<p>Ok, tack f\u00f6r svar!<\/p>\n<p>Men det d\u00e4r \u00e4r ju bara till intet f\u00f6rpliktigande svammel som inte ens har n\u00e5gon r\u00e9ell faktabakgrund och inte alls n\u00e5got svar p\u00e5 mina fr\u00e5gor; n\u00e4mligen vilken agenda som Agn\u00e9ta Bry p\u00e5st\u00e5s ha av Bo G\u00f6ran Bodin samt hur hon ska ha p\u00e5verkat lagstiftningen. Om han har n\u00e5gon sakligt grund f\u00f6r dessa p\u00e5st\u00e5enden ska det v\u00e4l inte vara s\u00e5 sv\u00e5rt att kl\u00e4mma fram den.<\/p>\n<p>Mvh!<\/p>\n<p>Gunilla Madeg\u00e5rd<\/p>\n<p>&nbsp;<\/p>\n\t<h1 data-offset-key=\"7139o-0-0\">L\u00e5nglivad vetenskapsfientlig tradition av h\u00e4xbr\u00e4nning p\u00e5 SVT Dokument inifr\u00e5n<\/h1>\nDet \u00e4r n\u00e5got som inte \u00e4r riktigt psykiskt sunt med grabbg\u00e4nget p\u00e5 SVT:s redaktion Dokument inifr\u00e5n och deras kvinnliga medberoende Evin Rubar, som 2005 stod bakom dokument\u00e4ren &#8221;K\u00f6nskriget&#8221;, den som f\u00e4lldes i granskningsn\u00e4mnden och bidrog till att massakrera en viktig och framg\u00e5ngsrik forskningsansats genom att h\u00e4nga ut professor Eva Lundgren och ROKS som en sekt tossiga tanter (se nedanst\u00e5ende l\u00e4nk).\n\u00a0\nI Dan Josefssons dokument\u00e4r &#8221;Kvinnan bakom Thomas Quick&#8221; fr\u00e5n 2013 \u00e4r det sedan S\u00e4ters r\u00e4ttspsykiatriska klinik som ska h\u00e4ngas ut som en &#8221;sekt&#8221; och angripas p\u00e5 falska grunder f\u00f6r att inte ha koll p\u00e5 detta med borttr\u00e4ngda minnen\n\u00a0\nD\u00e4refter \u00e5terkommer Evin Rubar med dokument\u00e4ren <a href=\"https:\/\/www.dagensmedicin.se\/blogg\/mats-reimer\/2015\/11\/16\/tv-tips-dokument-inifran-om-ideologisk-splittring-inom-bup\/\">&#8221;Vem kan hj\u00e4lpa mitt barn&#8221;<\/a> 2016, i vilken hon ger sig ut och kvackar i ett omr\u00e5de hon inte beh\u00e4rskar f\u00f6r att framst\u00e4lla ett flertal kvinnliga psykoterapeuter och Ericastiftelsen, som bl.a. bedriver seri\u00f6s forskning kring barn och trauma i misst\u00e4nklig dager. \n\u00a0\nOch nu har allts\u00e5 samma redaktion gett upphov till \u00e4nnu en lika f\u00f6rfalskad verklighets\u00e5tergivning genom att f\u00f6rtala, f\u00f6rl\u00f6jliga och demonisera id\u00e9ellt verksamma barn- och kvinnor\u00e4ttsaktivister som arbetar med att bevaka fr\u00e5gorna kring barns r\u00e4ttss\u00e4kerhet. med &#8221;dokument\u00e4ren &#8221;Att r\u00e4dda ett barn&#8221;. Ocks\u00e5 de ska framst\u00e4llas som tossiga sektmedlemmar.\n\u00a0\nHur kan forskare, psykoterapeuter och id\u00e9ellt verksamma aktivister som k\u00e4mpar f\u00f6r utsatta kvinnors och barns r\u00e4ttigheter vara s\u00e5 hotfulla att de m\u00e5ste h\u00e4ngas ut, f\u00f6rh\u00e5nas, f\u00f6rl\u00f6jligas och f\u00f6rnedras som tossiga sektmedlemmar p\u00e5 detta vanhedrande vis?\n\u00a0\nCitat ur artikeln som l\u00e4nkas till h\u00e4r nedan:\n\u00a0\nKajsa Ekis Ekmans intervju med professor Eva Lundgren:\n&#8221;Och s\u00e5 kom tv-programmet K\u00f6nskriget, var det 2003?\n\u00a0\n\u2212 2005. Maj. Datumet st\u00e5r inskrivet i min kropp.\n\u00a0\nEva tar sig mot halsen , som om det fanns en tatuering d\u00e4r.\n\u00a0\n\u2212 Det f\u00f6r\u00e4ndrade mitt liv. Jag hade f\u00e5tt ett samtal av producenten Evin Rubar som ber\u00e4ttade att hon ville g\u00f6ra ett program om Roks historia, och det var s\u00e5 viktigt att det blev positivt s\u00e5 kunde jag vara med? Och jag var naiv, s\u00e5 jag tackade ja, men under intervjun som varade fyra timmar b\u00f6rjade jag k\u00e4nna att det var n\u00e5got konstigt. Hon inledde med att fr\u00e5ga om v\u00e5ld, om normalisering, men s\u00e5 gled det \u00f6ver till ritualer och annat som jag forskat om som religionsvetare femton \u00e5r tidigare.\n\u00a0\nN\u00e4r programmet sedan s\u00e4ndes var det ett generalangrepp p\u00e5 tre av kvinnor\u00f6relsens centrala ben: kvinnojoursr\u00f6relsen, forskningen och de statliga insatserna mot v\u00e5ld och m\u00e4nniskohandel. Klipp fr\u00e5n ett Svar Direkt-program med Siewert \u00d6holm fr\u00e5n 1992 d\u00e4r Eva Lundgren diskuterar temat satanism med satanistsympatis\u00f6rer &#8211; vilket var inne i b\u00f6rjan p\u00e5 nittiotalet &#8211; varvas med klipp fr\u00e5n Rubars intervju fr\u00e5n 2005 d\u00e4r hon fr\u00e5gar om rituella \u00f6vergrepp. Tittaren f\u00e5r uppfattningen att Lundgren menar att det finns hundratals satanister som drar ut foster ur gravida kvinnor f\u00f6r att offra dem rituellt.\n\u00a0\n\u2212 Jag fick aldrig fr\u00e5gan om satanister! Hon fr\u00e5gade hur m\u00e5nga jag hade talat med om rituella \u00f6vergrepp vilket \u00e4r n\u00e5got annat, och jag svarar ett par hundra. Men det ser ut som att jag s\u00e4ger att hundra satanist\u00adgrupper drar ut barn ur deras m\u00f6drar.&#8221;\n<p>L\u00e4s mer h\u00e4r i Kajsa Ekis Ekmans intervju med professor Eva Lundgren i Kvinnotryck, med rubriken:<\/p>\n<h2><a href=\"https:\/\/www.kvinnotryck.se\/det-mest-forbjudna\/?fbclid=IwAR2qQbE5fWtRmTC4eKbPFy2JnZaN5pj6DYns16beyKQoIWJwFJyGR4N6Y0E\">Det mest f\u00f6rbjudna\u00a0\u00bb<\/a><\/h2>\n\u00a0\n\t<h1>Men sanningen kommer f\u00f6rr eller senare i kapp\u00a0<\/h1>\n<p>Eva Lundgrens forskningsrapport &#8221;Slagen dam&#8221; som SVT\u00a0 \/ Dokument inifr\u00e5n \/ Evin Rubar prompt skulle sl\u00e4pa i smutsen fick sin uppr\u00e4ttelse av tre <a href=\"https:\/\/ekonomistas.se\/2013\/08\/15\/slarviga-slag-mot-slagen-dam\/\">oberoende granskare som ger den ett\u00a0 mycket gott betyg.<\/a><\/p>\n<p>Och <strong>K\u00f6nskriget<\/strong> blev f\u00e4lld i Granskningsn\u00e4mnden.<\/p>\n<p>Men skadorna av h\u00e4xb\u00e5let best\u00e5r:<\/p>\n<h2><a href=\"https:\/\/www.dn.se\/debatt\/jag-var-frestad-att-blunda-for-ritualer-med-foster-och-djur\/?fbclid=IwAR3UziNw4tE3NlfJff2pd2ACBVFFdSpUtnnVfz9hUY3VfnGDxm2qH5INahs\">DN Debatt. &#8221;Jag var frestad att blunda f\u00f6r ritualer med foster och djur&#8221; 2005-06-12<\/a><\/h2>\n<h2><a href=\"http:\/\/www.bang.se\/konstig-isolerad-och-extrem\/?fbclid=IwAR1KlTVeGqHwjZa_MT1Vobq4h4DYEf7tHBOeeqiJRI7b5kxcAHtVq2Laex4\">Konstig, isolerad och extrem,\u00a0Text av Jenny Westerstrand | Bang 3-4\/2012\u00a0<\/a><\/h2>\n<p>Och sedan Borgstr\u00f6m efterl\u00e4mnat ett &#8221;testamente&#8221; vari han kunnat l\u00e4gga fram sanningen om Thomas Quick vet vi att alltihop som R\u00e5stam \/ Dan Josefsson klippt och klistrat ihop byggt p\u00e5 bluff och b\u00e5g.<\/p>\n<p>Allt detta o\u00e4ndliga st\u00e5hej om Thomas Quick och smutskastningen av <strong>psykoanalytikern Margit Norell<\/strong>, som d\u00e5 pga sin h\u00f6ga \u00e5lder var ute ur leken f\u00f6r l\u00e4nge sen och det vetenskapsfientliga f\u00f6rl\u00f6jligandet av det fenomen inom psykologin \/ psykiatrin som tidigare rubricerades som &#8221;borttr\u00e4ngda minnen&#8221; men i dag har mer differentierade definitioner som tex &#8221;dissociation&#8221; och &#8221;split mind &#8221; mm hade SVT kunnat bespara detta land.<\/p>\n<p>Bloggaren NoBoyToy kommenterade Dan Josefssons dokument\u00e4r (som \u00e4ven den Johan Br\u00e5nstad varit inblandad i liksom i de \u00f6vriga n\u00e4mnda ovan) med detta 2014<\/p>\n<p><em>&#8221;Dan Josefsson som f\u00f6r n\u00e4rvarande skriker h\u00f6gst i debatten \u00e4r galet onyanserad. Han g\u00f6r en dokument\u00e4r som han kallar &#8217;Kvinnan bakom Thomas Quick&#8217; och d\u00e5 syftar han p\u00e5 en avliden dam som inte l\u00e4ngre kan f\u00f6rsvara sig, vid tidpunkten f\u00f6r Quicks erk\u00e4nnanden ca 80-90 \u00e5r gammal, Margit Norell, som ska ha varit HANDLEDARE f\u00f6r Quicks alla terapeuter under 10 \u00e5rs tid men som inte sj\u00e4lv har jobbat med honom, knappt ens tr\u00e4ffat honom vad jag f\u00f6rst\u00e5r. Jobbade tanten ens heltid p\u00e5 S\u00e4ter vid den \u00e5ldern?<\/em><\/p>\n<p><em>Den h\u00e4r \u00e4ldre damen, utm\u00e5lar Dan Josefsson i sin dokument\u00e4r, som om hon skulle ha haft env\u00e4ldig kontroll\/makt \u00f6ver alla terapeuter p\u00e5 S\u00e4ter som jobbade med Quick under de ca 10 \u00e5r som han erk\u00e4nde sina brott?<\/em><\/p>\n<p><em>Inte nog med det &#8211; hon skall allts\u00e5 ocks\u00e5 ha haft fullst\u00e4ndig makt \u00f6ver hela brottsutredningen, samtliga inblandade polism\u00e4n och \u00e5klagare samt \u00e4ven alla 5 olika domstolars n\u00e4mndem\u00e4n?<\/em><\/p>\n<p><em>Personer som den h\u00e4r \u00e4ldre damen, allts\u00e5 skall ha haft env\u00e4ldig makt \u00f6ver:<\/em><\/p>\n<p><em>1. \u00d6ver\u00e5klagare Christer van der Kwast.<\/em><\/p>\n<p><em>2. Psykologiprofessor Sven \u00c5 Christiansson. (vittnar i r\u00e4tteg\u00e5ng)<\/em><\/p>\n<p><em>3. F\u00f6rh\u00f6rsledare Seppo Penttinen.<\/em><\/p>\n<p><em>4. R\u00e4ttl\u00e4kare Anders Eriksson som vittar om obduktionen av offren.<\/em><\/p>\n<p><em>5. Psykolog Birgitta St\u00e5hle.<\/em><\/p>\n<p><em>6. Advokat Claes Borgstr\u00f6m.<\/em><\/p>\n<p><em>Allts\u00e5?? Jag skulle v\u00e5ga p\u00e5st\u00e5 att Dan Josefsson \u00e4gnar sig \u00e5t grovt f\u00f6rtal av den avlidne Margit Norell. Dan Josefsson m\u00e5ste ha en rej\u00e4l skruv l\u00f6s.&#8221;<\/em><\/p>\n<p>Hur kommer det sig att SVT \/ Dokument inifr\u00e5n har ett s\u00e5 fanatiskt behov av att ge sig ut\u00a0 och kvacka p\u00e5 omr\u00e5det\u00a0 omr\u00e5det psykologi \/ v\u00e5ld \/ sexuella \u00f6vergrepp som de inte beh\u00e4rskar \u00f6ht, f\u00f6r att ist\u00e4llet alliera sig med psykopater som tex Thomas Quick?<\/p>\n<p>&nbsp;<\/p>\n\t<h2><a href=\"https:\/\/www.svd.se\/borgstrom-quick-fallen-var-ingen-rattsskandal\">Citat Borgstr\u00f6m ur artikeln: Quick-fallet var ingen r\u00e4ttsskandal i DN, publicerad 2020-05-28<\/a><\/h2>\n<p>&#8221;Bergwall har dock l\u00f6st mig fr\u00e5n min tystnadsplikt. Det gjorde han \u00e5r 2008 i ett telefonsamtal mellan oss tv\u00e5, omkring en timme f\u00f6re den intervju Hannes R\u00e5stam genomf\u00f6rde med mig f\u00f6r SVT.<\/p>\n<p>Jag \u00e4r \u00e4nd\u00e5 skyldig att \u00f6verv\u00e4ga om jag skadar honom genom att uttala mig. F\u00f6rutom kravet p\u00e5 lojalitet mot den enskilde klienten Bergwall \u00e4r det ocks\u00e5 n\u00f6dv\u00e4ndigt att ta h\u00e4nsyn till hur &#8221;det allm\u00e4nna klientkollektivet&#8221; kan komma att p\u00e5verkas av att en advokat beskriver sin klients agerande i ett r\u00e4ttsligt \u00e4rende.<\/p>\n<p>Bergwall har, efter att han \u00e5tertagit sina erk\u00e4nnanden, beljugit och f\u00f6rtalat mig och lyckats dupera i stort sett alla i medierna och \u00f6vriga mer eller mindre etablerade professionella kommentatorer om vad som faktiskt f\u00f6rekommit under de aktuella \u00e5ren. Det har f\u00e5tt till f\u00f6ljd att &#8221;r\u00e4ttsskandalen&#8221; tycks ha f\u00e5tt f\u00e4ste hos allm\u00e4nheten med allt vad det inneb\u00e4r f\u00f6r f\u00f6rtroendet f\u00f6r r\u00e4ttsv\u00e4sendet.<\/p>\n<p>Mot bakgrund av vad som redovisats ovan f\u00e5r lojaliteten vika f\u00f6r allm\u00e4nintresset.<\/p>\n<p>F\u00f6runders\u00f6kningen \u00e4r tvekl\u00f6st den mest omfattande som har f\u00f6rekommit i ett m\u00e5l d\u00e4r den tilltalade erk\u00e4nt de \u00e5talade g\u00e4rningarna. Det h\u00f6lls sammanlagt omkring 100 f\u00f6rh\u00f6r med Bergwall, inkluderande de tv\u00e5 m\u00e5l d\u00e4r han hade andra f\u00f6rsvarare \u00e4n mig. B\u00e5de svensk och norsk polis arbetade med utredningarna.<\/p>\n<p>Hans erk\u00e4nnanden har ifr\u00e5gasatts eftersom han varit vag i sina uppgifter, \u00e4ndrat sina uppgifter och ibland l\u00e4mnat uppgifter som vid kontroll visat sig vara felaktiga. Emellertid \u00e4r det s\u00e5 att han i alla m\u00e5len har l\u00e4mnat specifika uppgifter om omst\u00e4ndigheter som endast g\u00e4rningsmannen kan ha k\u00e4nt till.<\/p>\n<p>Som f\u00f6rsvarare har jag varit n\u00e4rvarande och kunnat kontrollera att ingen otillb\u00f6rlig p\u00e5verkan p\u00e5 Bergwall f\u00f6rekommit.&#8221;<\/p>\n\t<p>&nbsp;<\/p>\n<p><a href=\"http:\/\/mmstudies.com\/atb\/vem-ar-jag\/\">ABOUT<\/a><\/p>\n<p>&nbsp;<\/p>\n<p><strong>ANALYS AV SVT:s DOKUMENT\u00c4RSERIE:\u00a0<\/strong><\/p>\n<p><strong>ATT R\u00c4DDA ETT BARN<\/strong><\/p>\n<p>&nbsp;<\/p>\n<h3><a href=\"http:\/\/mmstudies.com\/atb\/radda\">R\u00c4DDA M\u00c4N ELLER BARN?<\/a><\/h3>\n<p>Redog\u00f6relse f\u00f6r det bedr\u00e4gliga uppl\u00e4gget kring tillkomsten av &#8221;dokument\u00e4rserien&#8221;: ATT R\u00c4DDA ETT BARN och den ideologiskt kunskapsfientliga agenda den ing\u00e5r i, som SVT Dokument inifr\u00e5n anslutit sig till i sina tidigare produktioner sen &#8221;K\u00f6nskriget&#8221; s\u00e4ndes 2005<\/p>\n<p>&nbsp;<\/p>\n<p><a href=\"http:\/\/mmstudies.com\/atb\/karta\">KARTA OCH KOMPASS TILL DRAMATURGIN<\/a><\/p>\n<p>&nbsp;<\/p>\n<h3><a href=\"https:\/\/www.svtplay.se\/video\/26863673\/dokument-inifran-att-radda-ett-barn\/dokument-inifran-att-radda-ett-barn-sasong-1-morka-krafter?start=auto\">DEL 1: M\u00d6RKA KRAFTER<\/a><\/h3>\n<p>&nbsp;<\/p>\n<p>PROLOG:<\/p>\n<p><a href=\"http:\/\/mmstudies.com\/atb\/prolog\">1:1 FAKTA ELLER FICTION<\/a><\/p>\n<p>&nbsp;<\/p>\n<p><a href=\"http:\/\/mmstudies.com\/atb\/agneta\">1:2 ROLLFIGUR NR 1: UPPVIGLARE MOT LAG OCH ORDNING<\/a><\/p>\n<p>&nbsp;<\/p>\n<p><a href=\"http:\/\/mmstudies.com\/atb\/lannes\">1:3 ROLLFIGUR nr 2 OCH 3 &#8211; UPPVIGLARENS ADJUTANTER OCH &#8221;CIVILISATIONENS&#8221; FIENDER<\/a><\/p>\n<p>&nbsp;<\/p>\n<p><a href=\"http:\/\/mmstudies.com\/atb\/sanning\">1:4 ROLLFIGURERNA 4 OCH 5: &#8221;CIVILISATIONENS&#8221; UTPOST MOT FIENDEN &#8211; DEN GODA F\u00c9N \/ SIBYLLAN OCH MODER SVEA\u00a0<\/a><\/p>\n<p>&nbsp;<\/p>\n<p>1:5 <a href=\"http:\/\/mmstudies.com\/atb\/filmade\/\">FILMADE DOKUMENT IST\u00c4LLET F\u00d6R GRANSKADE<\/a><\/p>\n<p>&nbsp;<\/p>\n<p><a href=\"http:\/\/mmstudies.com\/atb\/fejk\">1:6 FAKTA ELLER FEJK OM BARNETS VITTNESM\u00c5L?<\/a><\/p>\n<p>&nbsp;<\/p>\n<p><a href=\"http:\/\/mmstudies.com\/atb\/diagnos\">PAPPAN S\u00c4TTER DIAGNOS P\u00c5 MAMMAN OCH S\u00d6KER EFTER EN GR\u00c4VANDE JOURNALIST<\/a><\/p>\n<p>&nbsp;<\/p>\n<p>EPILOG:<\/p>\n<p><a href=\"http:\/\/mmstudies.com\/atb\/korruption\">1:7 &#8221;KONSPIRATIONSTEORIER&#8221; &#8211; ELLER V\u00c4LGRUNDADE MISSTANKAR OM KORRUPTION?<\/a><\/p>\n<p>&nbsp;<\/p>\n<p>&nbsp;<\/p>\n<h3><a href=\"https:\/\/www.svtplay.se\/video\/26929241\/dokument-inifran-att-radda-ett-barn\/dokument-inifran-att-radda-ett-barn-sasong-1-en-ny-maktig-motstandare?start=auto\">Del 2: EN NY M\u00c4KTIG MOTST\u00c5NDARE \u00bb<\/a><\/h3>\n<p>&nbsp;<\/p>\n<p><a href=\"http:\/\/mmstudies.com\/atb\/spar\/\">2:1 VILSELEDANDE SP\u00c5R I WALLRAFFANDET<\/a><\/p>\n<p>&nbsp;<\/p>\n<p><a href=\"http:\/\/mmstudies.com\/atb\/vem\/\">2:2\u00a0ROLLFIGUR nr 6: DEN VILSELEDDA BARMH\u00c4RTIGA SAMARITEN<\/a><\/p>\n<p>&nbsp;<\/p>\n<p><a href=\"http:\/\/mmstudies.com\/atb\/solberg\/\">2:3 ROLLFIGUR nr 7: \u00a0DEN SKUMMA INFILTRAT\u00d6REN OCH UPPVIGLAREN MOT LAG OCH ORDNING &#8211; MAMMANS OMBUD \u00a0<\/a><\/p>\n<p>&nbsp;<\/p>\n<p><a href=\"http:\/\/mmstudies.com\/atb\/fen\/\">2:4 MODER SVEA OCH DEN GODA F\u00c9N VALLAR DE VILSEG\u00c5NGNA TILLBAKA I F\u00c5LLAN IGEN<\/a><\/p>\n<p>&nbsp;<\/p>\n<h3><a href=\"https:\/\/www.svtplay.se\/video\/27017013\/dokument-inifran-att-radda-ett-barn\/dokument-inifran-att-radda-ett-barn-sasong-1-natverkets-makt?start=auto\">Del 3: ETT M\u00c4KTIGT N\u00c4TVERK<\/a><\/h3>\n<p>&nbsp;<\/p>\n<p><a href=\"http:\/\/mmstudies.com\/atb\/saga\/\">3:1 SAGANS SANNING\u00a0<\/a><\/p>\n<p>&nbsp;<\/p>\n<p><a href=\"http:\/\/mmstudies.com\/atb\/riddare\/\">3:2 LJUSETS RIDDARE &#8221;AVSL\u00d6JADE&#8221; SOM M\u00d6RKRETS<\/a><\/p>\n<p>&nbsp;<\/p>\n<p><a href=\"http:\/\/mmstudies.com\/atb\/troll\">3:3 DAGS F\u00d6R OFFENTLIG AVR\u00c4TTNING AV BRY-H\u00c4XANS ADJUTANT &#8211; DEN HORNF\u00d6RSEDDA BRY-TROLLGUBBEN\u00a0<\/a>\u00bb<\/p>\n<p>&nbsp;<\/p>\n<p><a href=\"http:\/\/mmstudies.com\/atb\/lista\">LISTA MED FAKTAFEL<\/a><\/p>\n\n<p>REFERENSER TILL FAKTA OCH SAKKUNSKAP SOM MYNDIGHETERNA OCH SVT \/ BO-G\u00d6RAN BODIN NEGLIGERAR<\/p>\n<p>&nbsp;<\/p>\n<p><a href=\"http:\/\/mmstudies.com\/atb\/fakta1\">FAKTA I FALLET ANNA &amp; ELIAS nr 1 \u00bb<\/a><\/p>\n<p>&nbsp;<\/p>\n<p><a href=\"http:\/\/mmstudies.com\/atb\/fakta2\">FAKTA I FALLET ANNA &amp; ELIAS nr 2 \u00bb<\/a><\/p>\n<p>&nbsp;<\/p>\n<p><a href=\"http:\/\/mmstudies.com\/atb\/amator\">EXPERTER SOM DISKVALIFICERAS AV AMAT\u00d6RER \u00bb<\/a><\/p>\n<p>&nbsp;<\/p>\n<p><a href=\"http:\/\/mmstudies.com\/atb\/metodik\/\">STOR OKUNSKAP OM GRUNDL\u00c4GGANDE UTREDNINGSMETODIK<\/a> \u00bb<\/p>\n<p>&nbsp;<\/p>\n<p><a href=\"http:\/\/mmstudies.com\/atb\/barn\/\">STOR OKUNSKAP OM BARNF\u00d6RH\u00d6R \u00bb<\/a><\/p>\n<p>&nbsp;<\/p>\n<p><a href=\"http:\/\/mmstudies.com\/atb\/erinran\">MAMMANS ADVOKAT ANNA EDELHJELM I OHELIG ALLIANS MED ATSUB \u00bb<\/a><\/p>\n<p>&nbsp;<\/p>\n<p><a href=\"http:\/\/mmstudies.com\/atb\/jo\/\">KOLLEKTIV JO-ANM\u00c4LAN TILL\u00a0CHEFS-JO ELISABETH RYNNING \u00bb<\/a><\/p>\n<p>&nbsp;<\/p>\n<p><a href=\"http:\/\/mmstudies.com\/atb\/diagnos\">PAPPAN S\u00c4TTER DIAGNOS P\u00c5 MAMMAN OCH S\u00d6KER EFTER EN GR\u00c4VANDE JOURNALIST\u00bb<\/a><\/p>\n<p>&nbsp;<\/p>\n\t<p>&nbsp;<\/p>\n<p><a href=\"http:\/\/mmstudies.com\/atb\/vem-ar-jag\/\">ABOUT<\/a><\/p>\n<p>&nbsp;<\/p>\n<p><strong>ANALYS AV SVT:s DOKUMENT\u00c4RSERIE:\u00a0<\/strong><\/p>\n<p><strong>ATT R\u00c4DDA ETT BARN<\/strong><\/p>\n<p>&nbsp;<\/p>\n<h3><a href=\"http:\/\/mmstudies.com\/atb\/radda\">R\u00c4DDA M\u00c4N ELLER BARN?<\/a><\/h3>\n<p>Redog\u00f6relse f\u00f6r det bedr\u00e4gliga uppl\u00e4gget kring tillkomsten av &#8221;dokument\u00e4rserien&#8221;: ATT R\u00c4DDA ETT BARN och den ideologiskt kunskapsfientliga agenda den ing\u00e5r i, som SVT Dokument inifr\u00e5n anslutit sig till i sina tidigare produktioner sen &#8221;K\u00f6nskriget&#8221; s\u00e4ndes 2005<\/p>\n<p>&nbsp;<\/p>\n<p><a href=\"http:\/\/mmstudies.com\/atb\/karta\">KARTA OCH KOMPASS TILL DRAMATURGIN<\/a><\/p>\n<p>&nbsp;<\/p>\n<h3><a href=\"https:\/\/www.svtplay.se\/video\/26863673\/dokument-inifran-att-radda-ett-barn\/dokument-inifran-att-radda-ett-barn-sasong-1-morka-krafter?start=auto\">DEL 1: M\u00d6RKA KRAFTER<\/a><\/h3>\n<p>&nbsp;<\/p>\n<p>PROLOG:<\/p>\n<p><a href=\"http:\/\/mmstudies.com\/atb\/prolog\">1:1 FAKTA ELLER FICTION<\/a><\/p>\n<p>&nbsp;<\/p>\n<p><a href=\"http:\/\/mmstudies.com\/atb\/agneta\">1:2 ROLLFIGUR NR 1: UPPVIGLARE MOT LAG OCH ORDNING<\/a><\/p>\n<p>&nbsp;<\/p>\n<p><a href=\"http:\/\/mmstudies.com\/atb\/lannes\">1:3 ROLLFIGUR nr 2 OCH 3 &#8211; UPPVIGLARENS ADJUTANTER OCH &#8221;CIVILISATIONENS&#8221; FIENDER<\/a><\/p>\n<p>&nbsp;<\/p>\n<p><a href=\"http:\/\/mmstudies.com\/atb\/sanning\">1:4 ROLLFIGURERNA 4 OCH 5: &#8221;CIVILISATIONENS&#8221; UTPOST MOT FIENDEN &#8211; DEN GODA F\u00c9N \/ SIBYLLAN OCH MODER SVEA\u00a0<\/a><\/p>\n<p>&nbsp;<\/p>\n<p>1:5 <a href=\"http:\/\/mmstudies.com\/atb\/filmade\/\">FILMADE DOKUMENT IST\u00c4LLET F\u00d6R GRANSKADE<\/a><\/p>\n<p>&nbsp;<\/p>\n<p><a href=\"http:\/\/mmstudies.com\/atb\/fejk\">1:6 FAKTA ELLER FEJK OM BARNETS VITTNESM\u00c5L?<\/a><\/p>\n<p>&nbsp;<\/p>\n<p><a href=\"http:\/\/mmstudies.com\/atb\/diagnos\">PAPPAN S\u00c4TTER DIAGNOS P\u00c5 MAMMAN OCH S\u00d6KER EFTER EN GR\u00c4VANDE JOURNALIST<\/a><\/p>\n<p>&nbsp;<\/p>\n<p>EPILOG:<\/p>\n<p><a href=\"http:\/\/mmstudies.com\/atb\/korruption\">1:7 &#8221;KONSPIRATIONSTEORIER&#8221; &#8211; ELLER V\u00c4LGRUNDADE MISSTANKAR OM KORRUPTION?<\/a><\/p>\n<p>&nbsp;<\/p>\n<p>&nbsp;<\/p>\n<h3><a href=\"https:\/\/www.svtplay.se\/video\/26929241\/dokument-inifran-att-radda-ett-barn\/dokument-inifran-att-radda-ett-barn-sasong-1-en-ny-maktig-motstandare?start=auto\">Del 2: EN NY M\u00c4KTIG MOTST\u00c5NDARE \u00bb<\/a><\/h3>\n<p>&nbsp;<\/p>\n<p><a href=\"http:\/\/mmstudies.com\/atb\/spar\/\">2:1 VILSELEDANDE SP\u00c5R I WALLRAFFANDET<\/a><\/p>\n<p>&nbsp;<\/p>\n<p><a href=\"http:\/\/mmstudies.com\/atb\/vem\/\">2:2\u00a0ROLLFIGUR nr 6: DEN VILSELEDDA BARMH\u00c4RTIGA SAMARITEN<\/a><\/p>\n<p>&nbsp;<\/p>\n<p><a href=\"http:\/\/mmstudies.com\/atb\/solberg\/\">2:3 ROLLFIGUR nr 7: \u00a0DEN SKUMMA INFILTRAT\u00d6REN OCH UPPVIGLAREN MOT LAG OCH ORDNING &#8211; MAMMANS OMBUD \u00a0<\/a><\/p>\n<p>&nbsp;<\/p>\n<p><a href=\"http:\/\/mmstudies.com\/atb\/fen\/\">2:4 MODER SVEA OCH DEN GODA F\u00c9N VALLAR DE VILSEG\u00c5NGNA TILLBAKA I F\u00c5LLAN IGEN<\/a><\/p>\n<p>&nbsp;<\/p>\n<h3><a href=\"https:\/\/www.svtplay.se\/video\/27017013\/dokument-inifran-att-radda-ett-barn\/dokument-inifran-att-radda-ett-barn-sasong-1-natverkets-makt?start=auto\">Del 3: ETT M\u00c4KTIGT N\u00c4TVERK<\/a><\/h3>\n<p>&nbsp;<\/p>\n<p><a href=\"http:\/\/mmstudies.com\/atb\/saga\/\">3:1 SAGANS SANNING\u00a0<\/a><\/p>\n<p>&nbsp;<\/p>\n<p><a href=\"http:\/\/mmstudies.com\/atb\/riddare\/\">3:2 LJUSETS RIDDARE &#8221;AVSL\u00d6JADE&#8221; SOM M\u00d6RKRETS<\/a><\/p>\n<p>&nbsp;<\/p>\n<p><a href=\"http:\/\/mmstudies.com\/atb\/troll\">3:3 DAGS F\u00d6R OFFENTLIG AVR\u00c4TTNING AV BRY-H\u00c4XANS ADJUTANT &#8211; DEN HORNF\u00d6RSEDDA BRY-TROLLGUBBEN\u00a0<\/a><\/p>\n<p>&nbsp;<\/p>\n<p><a href=\"http:\/\/mmstudies.com\/atb\/lista\">LISTA MED FAKTAFEL<\/a><\/p>\n\n<p>REFERENSER TILL FAKTA OCH SAKKUNSKAP SOM MYNDIGHETERNA OCH SVT \/ BO-G\u00d6RAN BODIN NEGLIGERAR<\/p>\n<p>&nbsp;<\/p>\n<p><a href=\"http:\/\/mmstudies.com\/atb\/fakta1\">FAKTA I FALLET ANNA &amp; ELIAS nr 1 \u00bb<\/a><\/p>\n<p>&nbsp;<\/p>\n<p><a href=\"http:\/\/mmstudies.com\/atb\/fakta2\">FAKTA I FALLET ANNA &amp; ELIAS nr 2 \u00bb<\/a><\/p>\n<p>&nbsp;<\/p>\n<p><a href=\"http:\/\/mmstudies.com\/atb\/amator\">EXPERTER SOM DISKVALIFICERAS AV AMAT\u00d6RER \u00bb<\/a><\/p>\n<p>&nbsp;<\/p>\n<p><a href=\"http:\/\/mmstudies.com\/atb\/metodik\/\">STOR OKUNSKAP OM GRUNDL\u00c4GGANDE UTREDNINGSMETODIK<\/a> \u00bb<\/p>\n<p>&nbsp;<\/p>\n<p><a href=\"http:\/\/mmstudies.com\/atb\/barn\/\">STOR OKUNSKAP OM BARNF\u00d6RH\u00d6R \u00bb<\/a><\/p>\n<p>&nbsp;<\/p>\n<p><a href=\"http:\/\/mmstudies.com\/atb\/erinran\">MAMMANS ADVOKAT ANNA EDELHJELM I OHELIG ALLIANS MED ATSUB \u00bb<\/a><\/p>\n<p>&nbsp;<\/p>\n<p><a href=\"http:\/\/mmstudies.com\/atb\/jo\/\">KOLLEKTIV JO-ANM\u00c4LAN TILL\u00a0CHEFS-JO ELISABETH RYNNING \u00bb<\/a><\/p>\n<p>&nbsp;<\/p>\n<p><a href=\"http:\/\/mmstudies.com\/atb\/diagnos\">PAPPAN S\u00c4TTER DIAGNOS P\u00c5 MAMMAN OCH S\u00d6KER EFTER EN GR\u00c4VANDE JOURNALIST\u00bb<\/a><\/p>\n<p>&nbsp;<\/p>\n\n","protected":false},"excerpt":{"rendered":"<p>R\u00c4DDA M\u00c4N ELLER BARN? SVT:s Mediedrev 2005 mot kvinnor\u00f6relsens kamp mot m\u00e4ns v\u00e5ld mot kvinnor SVT:s Mediedrev 2020 mot barnr\u00e4ttsk\u00e4mpars kamp mot pappors v\u00e5ld och \/ eller sexuella \u00f6vergrepp mot barn \u00a0 \u00c5r 2004 s\u00e4nde P1 morgon och EKOT en hel serie reportage av Bo-G\u00f6ran Bodin, Nuri Kino och Margita Bostr\u00f6m om hur illa det&#8230;<\/p>\n","protected":false},"author":1,"featured_media":0,"parent":0,"menu_order":0,"comment_status":"closed","ping_status":"closed","template":"full-width-page.php","meta":{"footnotes":""},"class_list":["post-1240","page","type-page","status-publish","hentry"],"_links":{"self":[{"href":"http:\/\/mmstudies.com\/atb\/wp-json\/wp\/v2\/pages\/1240","targetHints":{"allow":["GET"]}}],"collection":[{"href":"http:\/\/mmstudies.com\/atb\/wp-json\/wp\/v2\/pages"}],"about":[{"href":"http:\/\/mmstudies.com\/atb\/wp-json\/wp\/v2\/types\/page"}],"author":[{"embeddable":true,"href":"http:\/\/mmstudies.com\/atb\/wp-json\/wp\/v2\/users\/1"}],"replies":[{"embeddable":true,"href":"http:\/\/mmstudies.com\/atb\/wp-json\/wp\/v2\/comments?post=1240"}],"version-history":[{"count":69,"href":"http:\/\/mmstudies.com\/atb\/wp-json\/wp\/v2\/pages\/1240\/revisions"}],"predecessor-version":[{"id":3092,"href":"http:\/\/mmstudies.com\/atb\/wp-json\/wp\/v2\/pages\/1240\/revisions\/3092"}],"wp:attachment":[{"href":"http:\/\/mmstudies.com\/atb\/wp-json\/wp\/v2\/media?parent=1240"}],"curies":[{"name":"wp","href":"https:\/\/api.w.org\/{rel}","templated":true}]}}