{"id":1284,"date":"2020-07-13T12:07:41","date_gmt":"2020-07-13T10:07:41","guid":{"rendered":"http:\/\/mmstudies.com\/atb\/?page_id=1284"},"modified":"2024-11-22T16:29:16","modified_gmt":"2024-11-22T15:29:16","slug":"lista2","status":"publish","type":"page","link":"http:\/\/mmstudies.com\/atb\/lista2\/","title":{"rendered":"LISTA MED SPECIFICERADE FAKTAFEL nr 2"},"content":{"rendered":"\n\n\tLISTA MED FAKTAFEL nr 2<br \/>\n\n\t<p>REFERENSER TILL FAKTA OCH SAKKUNSKAP SOM MYNDIGHETERNA OCH SVT \/ BO-G\u00d6RAN BODIN NEGLIGERAR<\/p>\n<p>&nbsp;<\/p>\n<p><a href=\"http:\/\/mmstudies.com\/atb\/fakta1\">FAKTA I FALLET ANNA &amp; ELIAS nr 1 \u00bb<\/a><\/p>\n<p><a href=\"http:\/\/mmstudies.com\/atb\/fakta2\">FAKTA I FALLET ANNA &amp; ELIAS nr 2 \u00bb<\/a><\/p>\n<p><a href=\"http:\/\/mmstudies.com\/atb\/amator\">EXPERTER SOM DISKVALIFICERAS AV AMAT\u00d6RER \u00bb<\/a><\/p>\n<p><a href=\"http:\/\/mmstudies.com\/atb\/metodik\/\">STOR OKUNSKAP OM GRUNDL\u00c4GGANDE UTREDNINGSMETODIK<\/a>\u00a0<\/p>\n<p><a href=\"http:\/\/mmstudies.com\/atb\/barn\/\">STOR OKUNSKAP OM BARNF\u00d6RH\u00d6R \u00bb<\/a><\/p>\n<p><a href=\"http:\/\/mmstudies.com\/atb\/erinran\">MAMMANS ADVOKAT ANNA EDELHJELM I OHELIG ALLIANS MED ATSUB \u00bb<\/a><\/p>\n\t<h2>F\u00d6RS\u00d6K TILL STRUKTURERING AV BGB:s TANKESOPPA<\/h2>\n<p>F\u00f6r att kunna hantera den enorma m\u00e4ngd faktafel som listas h\u00e4r nedan har jag f\u00e5tt l\u00e4gga hj\u00e4rnvindlingarna i kors f\u00f6r att \u00e5stadkomma denna grundl\u00e4ggande struktur att ha till hands f\u00f6r att sortera in faktafelen i:<\/p>\n<p>&nbsp;<\/p>\n<h3>Premiss 1:GRUNDL\u00c4GGANDE ALDRIG ALTERNATIVT HYPOTESTESTAD PREMISS \u00a0F\u00d6R SOCIALTJ\u00c4NSTENS UTREDNINGAR<\/h3>\n<p><strong>P1 Mamman \u00e4r psykiskt sjuk i form av att hysa vanf\u00f6rest\u00e4llningar om verkligheten \u00a0<\/strong><\/p>\n<p>H\u00e4rledningaer ur premiss 1:<\/p>\n<p><strong>1a<\/strong>\u00a0Den st\u00f6rsta riskfaktorn i sonens liv \u00e4r mammans fortsatta kamp f\u00f6r att han ska f\u00e5 den hj\u00e4lp hon utifr\u00e5n sina vanf\u00f6rest\u00e4llningar anser att han \u00e4r i behov av.\u00a0<\/p>\n<p><strong>1b<\/strong>\u00a0L\u00e4kare som mamman bes\u00f6kt f\u00f6r att f\u00e5 sonens skador dokumenterade \u00e4r utsatta f\u00f6r hennes sjukliga p\u00e5verkansgift varf\u00f6r man inte beh\u00f6ver ta deras dokumentation och orosanm\u00e4lningar p\u00e5 allvar.<\/p>\n<p><strong>1c<\/strong>\u00a0Sonen har aldrig utsatts f\u00f6r pappans brott.<\/p>\n<p>&nbsp;<\/p>\n<h3>Premiss 2: BARNETS OMBUD MARI SCHAUBS ALDRIG ALTERNATIVT HYPOTESTESTADE PREMISS:<\/h3>\n<p><strong>P2 Det \u00e4r v\u00e5rdnadstvisten som \u00e4r orsak till mammans agerande ist\u00e4llet f\u00f6r tv\u00e4rtom den som \u00e4r resultatet av hennes f\u00f6rs\u00f6k att f\u00e5 hj\u00e4lp att skydda sitt barn mot fortsatt utsatthet<\/strong><\/p>\n<p>&nbsp;<\/p>\n<h3>Premiss 3: BGB:s OPROBLEMATISERADE PREMISS GRUNDAD P\u00c5 ARGUMENTATIONSFELET IPSE DIXIT:<\/h3>\n<p><strong>P3 Eftersom myndigheterna \u00e4r auktoriteter kan de inte g\u00f6ra fel.<\/strong><\/p>\n<p>Grundat p\u00e5 denna premiss ansluter sig BBG okritiskt till socialtj\u00e4nstens premiss P1<\/p>\n<p>Slutsatser utifr\u00e5n socialtj\u00e4nstens premiss 1 och pappan premiss 5<\/p>\n<p><strong>3a<\/strong>\u00a0De st\u00f6dpersoner som mamman anlitat \u00e4r ocks\u00e5 utsatta f\u00f6r hennes sjukliga p\u00e5verkansgift varf\u00f6r deras \u00e5sikter, st\u00e5ndpunkter och kritik inte beh\u00f6ver tas ad notam.<\/p>\n<p><strong>3b<\/strong>\u00a0Eftersom mamman \u00e4r d\u00f6md f\u00f6r brott och hon d\u00e4rmed inte enbart\u00a0 med socialtj\u00e4nstens f\u00f6rsorg \u00e4r patologiserad utan genom tingsr\u00e4ttens dito \u00e4ven kriminaliserad \u00e4r hennes st\u00f6dpersoner lagl\u00f6sa medbrottslingar och uppviglare mot lag och ordning och pappan den pr\u00e4ktigt laglydiga och trov\u00e4rdiga av dem b\u00e5da och alla i hans n\u00e4tverk r\u00e4ttskaffens och hederv\u00e4rda medborgare och myndighetsut\u00f6vare.<\/p>\n<p><strong>St\u00f6dl\u00f6gner<\/strong> till premiss 1, 2 och 3 \u00a0som BGB upprepar ett otal g\u00e5nger f\u00f6r att som G\u00f6ebbels g\u00f6ra l\u00f6gn till sanning.<\/p>\n<p>&nbsp;<\/p>\n<p><strong>STL1 Det \u00e4r hos pappan som pojken har sitt\u00a0 \/ sin huvudsakliga hem och skolg\u00e5ng.<\/strong><\/p>\n<p><strong>STL2 Det \u00e4r bevisar att pojken aldrig blivit utsatt f\u00f6r pappans v\u00e5ld och \/ eller sexuella \u00f6vergrepp<\/strong><\/p>\n\t<h3>Premiss 4: OUTTALAD PREMISS SOM BGB L\u00c4GGER TILL GRUND F\u00d6R SINA VILSELEDANDE HALVSANNINGAR OCH FALSKA INSINUATIONER:<\/h3>\n<p><strong>P4 Det \u00e4r l\u00e4kares och \/ eller psykologers \/ psykiatrikers uppgift att sl\u00e5 fast att det \u00e4r pappan som utsatt sonen f\u00f6r sexuella \u00f6vergrepp.<\/strong><\/p>\n\t<h3>Premiss 5: PAPPANS: BED\u00d6MNING AV ANDRA EFTER SIG SJ\u00c4LV<\/h3>\n<p>P5 Eftersom BR st\u00f6der mamman b\u00e4r det p\u00e5 n\u00e5got skumt i bagaget.<\/p>\n<p>Ett b\u00e4ttre och mer \u00e5sk\u00e5dligg\u00f6rande exempel p\u00e5 det som i utredningsmetodik definieras som <strong>bristande validitet<\/strong> i form av\u00a0<strong>sj\u00e4lvbekr\u00e4ftande cirkelresonemang<\/strong> \u00e4n ovanst\u00e5ende logiska cirkelg\u00e5ngar torde vara sv\u00e5rt att uppbringa.<\/p>\n<p>&nbsp;<\/p>\n<h3>Som man ropar i skogen f\u00e5r man svar.<\/h3>\n<p>St\u00e4ller man fr\u00e5gor utefter ogrundade premisser blir svaren desto mer f\u00f6rvirrade, obegripliga eller uteblir helt.<\/p>\n<p>D\u00e4rf\u00f6r tvingas BG oupph\u00f6rligen f\u00f6rs\u00e4kra TV-tittarna om att <strong>&#8221;g\u00e5 till botten med saken&#8221;<\/strong>\u00a0och <strong>&#8221;att s\u00f6ka hj\u00e4lp f\u00f6r att b\u00e4ttre kunna tolka den&#8221;<\/strong> och \u00a0<strong>&#8221;det \u00e4r f\u00f6rst nu \u00a0jag f\u00f6rst\u00e5r att&#8230;&#8221; <\/strong>och\u00a0att snart lyckas gr\u00e4va fram de bevis som ska styrka den med sin f\u00f6rn\u00e4mliga guldspade.<\/p>\n<p>F\u00f6r att maskera att de utlovade bevisen aldrig dyker upp, vilseleder han tittarnas uppm\u00e4rksamhet genom att snabbt <strong>v\u00e4xla sp\u00e5r<\/strong> fr\u00e5n de uppt\u00e4ckter han aldrig g\u00f6r, \u00f6ver till ett annat som medelst <strong>guilt by association<\/strong> \u00e4nd\u00e5 ska kasta ett misst\u00e4nkligt ljus \u00f6ver det f\u00f6rra som inte ledde n\u00e5nstans. Helst genom att v\u00e4nda sig till dem som villigt kastar sina k\u00f6ttstycken till soppan som kokas, n\u00e4mligen de pr\u00e4ktigt laglydiga och r\u00e4ttskaffens medborgare som vet att h\u00e5lla sig till <strong>r\u00e4tt lag, n\u00e4mligen pappans<\/strong>, dvs den barnr\u00e4ttsorganisation som inte vill riskera sina statsbidrag och den advokat som likt \u00f6vriga i hennes skr\u00e5 hellre ser till sin framtida f\u00f6rs\u00f6rjning \u00e4n att riskera den f\u00f6r en vattv\u00e4lling.<\/p>\n<p>Och p\u00e5 s\u00e5 viss byggs successivt en atmosf\u00e4r av allm\u00e4n villervalla och misst\u00e4nkliga f\u00f6rehavanden upp som i sj\u00e4lva verket, p\u00e5 <strong>f\u00f6r\u00f6vares g\u00e4ngse skud\u00f6verskrivande vis<\/strong>, \u00e4r upphovsm\u00e4nnens egna, dvs Bodins \/ pappans i ohelig f\u00f6rening.<\/p>\n<p>&nbsp;<\/p>\n<h3>SOPPAN KOKAS IHOP ATT BLI ALLTMER KRYDDSTARK<\/h3>\n<p><strong>I den f\u00f6rsta delen<\/strong> kastas ett 20-30-tal l\u00f6gner, vilseledande halvsanningar och insinuationer korsvis fram som \u00e4r avsedda att skapa denna <strong>k\u00e4nsla av os\u00e4kerhet<\/strong> och <strong>vilsen f\u00f6rvirring<\/strong> och ett allm\u00e4nt <strong>misst\u00e4nkligg\u00f6rande sken \u00f6ver mamman och hennes st\u00f6dpersoner<\/strong> som mer eller mindre alla buntas ihop till &#8221;BRY&#8221; oavsett.<\/p>\n<p><strong>Men i den andra delen<\/strong> blir det genast tydligare uttalat vad det \u00e4r som ska g\u00e4lla som sanning och l\u00f6gn.<\/p>\n<p><strong>F\u00f6r att i den tredje resultera<\/strong> i att BGB fullkomligt ogenerat och p\u00e5 falsk grunder \u00e4ven brottsbel\u00e4gger den fiende som ska l\u00e4ggas omkull med hans kamerakanon.<\/p>\n\t\n<h2>FAKTAFELSLISTA<\/h2>\n\n<h2>DEL 1:1 \u00a0M\u00d6RKA KRAFTER<\/h2>\n<p>P\u00e5 hemsidan<\/p>\n<p><strong><a href=\"http:\/\/mmstudies.com\/atb\/\">1:1 FAKTA ELLER FIKTION\u00bb<\/a><\/strong><\/p>\n<p>Redan i dessa kortfattade rader i prologen ing\u00e5r flera l\u00f6gner, som \u00e4r uppenbara f\u00f6r var och en med uppm\u00e4rksamheten i beh\u00e5ll eftersom de dels mots\u00e4gs av sig sj\u00e4lva och dels av det Bo-G\u00f6ran Bodin h\u00e4vdar strax d\u00e4rp\u00e5.<\/p>\n<p>&nbsp;<\/p>\n<h3><strong>\u00a0BGB <\/strong>= Bo-G\u00f6ran Bodin<\/h3>\n<p>&nbsp;<\/p>\n<h3><strong>BGB:<\/strong><\/h3>\n<h3>-F\u00f6r mig b\u00f6rjar den h\u00e4r historien n\u00e4r jag fick ett tips.Det handlade om en pappa vars \u00e5tta\u00e5rige son var f\u00f6rsvunnen.\u00a0<strong>L\u00f6gn 1:<\/strong><\/h3>\n<p>Fel! Historien handlar om BRY och mammans \u00f6vriga st\u00f6dpersoner<\/p>\n<h3><strong>BGB:<\/strong><\/h3>\n<h3>-Efter en v\u00e5rdnadstvist d\u00e4r mamman hade f\u00f6rlorat v\u00e5rdnaden hade hon tagit sonen och rymt.<\/h3>\n<p><strong>Min kommentar:<\/strong><\/p>\n<p>Som synes uppger Agneta Brav\u00e9lius en annan orsak till mammans flykt, n\u00e4mligen att:<strong>&#8221;Dom har inte f\u00e5tt skydd ifr\u00e5n samh\u00e4llet.&#8221;<\/strong><\/p>\n<p>Pappan hade d\u00e5 interimistiskt haft enskild v\u00e5rdnad sedan mars 2017 och i maj 2018 tillf\u00f6ll den honom i en dom, varvid mamman fick umg\u00e4nge varannan helg. Men hennes flykt med pojken skedde inte f\u00f6rr\u00e4n den 22 oktober 2018.<\/p>\n<p>Genom att redan fr\u00e5n b\u00f6rjan l<strong>yfta fram och betona att det \u00e4r v\u00e5rdnadstvisten som sp\u00f6kar<\/strong> i bakgrunden visar BGB med all \u00f6nskv\u00e4rd tydlighet att det \u00e4r barnets ombud <strong>Mari Schaubs f\u00f6rvanskade bild<\/strong> (se nedan) av vad som \u00e4r orsak och verkan,<strong> genom att h\u00e4vda att det \u00e4r v\u00e5rdnadstvisten som \u00e4r upphovet till mammans anm\u00e4lningar mot pappan ist\u00e4llet f\u00f6r tv\u00e4rtom,<\/strong>\u00a0som han han best\u00e4mt sig f\u00f6r, vilket d\u00e4refter genomg\u00e5ende spikas fast s\u00e5 ofta f\u00f6r att l\u00f6gnen ska bli sann. Allts\u00e5 st\u00e4mmer inte det han uppger i det f\u00f6ljande att vara ute efter att sj\u00e4lv uppdaga vilket av de b\u00e5da sk &#8221;tipsen&#8221; som borgar f\u00f6r en sann eller falsk bild av verkligheten.<\/p>\n<p>Och redan n\u00e5gra enstaka minuter d\u00e4refter upprepar han och trappar upp \u00a0insinuationerna genom att spika fast att det som \u00e4r problemet \u00e4r att mamman aldrig kunnat acceptera domen.<\/p>\n<p>Redan h\u00e4r tas fasta p\u00e5 v\u00e5rdnadstvisten som orsak till mammans flykt, trots att s\u00e5 inte \u00e4r fallet, men som felaktigt sl\u00e5s fast efter 25 minuter i<a href=\"http:\/\/mmstudies.com\/atb\/sanning\"> Del 1:4 av barnets ombud Mari Schaub<\/a> som l\u00f6gn nr 10)<\/p>\n\n<h3><strong>BGB:<\/strong><\/h3>\n<h3>-Samtidigt fick jag ett annat tips<\/h3>\n<h3><strong>L\u00f6gn 2, som mots\u00e4gs av BGB:s egna ord.<\/strong><\/h3>\n<p>BGB:s p\u00e5st\u00e5ende att han f\u00f6rst<em><strong> efter<\/strong><\/em> att han f\u00e5tt ett tips om pappans bel\u00e4genhet, skulle ha f\u00e5tt ett tips fr\u00e5n ett helt annat h\u00e5ll st\u00e4mmer inte alls. Att det tv\u00e4rtom \u00e4r ett och samma tips som han f\u00e5tt av pappan, och varit anledningen till att han sj\u00e4lv tagit kontakt med de st\u00f6dpersoner runt mamman som pappan knappast sticker under stol med, hur mycket avsky han k\u00e4nner inf\u00f6r, framg\u00e5r entydigt i det fortsatta och bekr\u00e4ftas \u00e4ven d\u00e4rigenom att han i\u00a0efterhand \u00f6ppet erk\u00e4nt att hans kontakt med BRY Agneta Brav\u00e9lius, Monica Dahlstr\u00f6m-Lannes, mamman och Hans Cagnell och \u00f6vriga skett under den falska f\u00f6respeglingar att g\u00f6ra en <a href=\"http:\/\/mmstudies.com\/atb\/radda\">uppf\u00f6ljning av tidigare reportage om brister i socialtj\u00e4nstens handl\u00e4ggning av v\u00e5rdnads\u00e4renden<\/a>, aldrig varit allvarligt menad, utan tv\u00e4rtom utgjort ett exempel p\u00e5 <strong>&#8221;wallraffande journalistik&#8221;<\/strong>.<\/p>\n\n<h3><strong>BGB:<\/strong><\/h3>\n<h3>-Det kom fr\u00e5n generalsekreteraren p\u00e5 en barnr\u00e4ttsorganisation. <\/h3>\n<h3>(L\u00f6gn \u00a02 upprepas d\u00e4rmed en g\u00e5ng till!)<\/h3>\n<h3>Hon beskrev ett fall d\u00e4r socialtj\u00e4nsten misslyckats att skydda ett barn.<\/h3>\n\n<h3><strong>Agneta Bravelius:<\/strong><\/h3>\n<h3>-Mamma och sonen befinner sig p\u00e5 flykt. Dom har inte f\u00e5tt skydd ifr\u00e5n samh\u00e4llet<\/h3>\n\n<h3><strong>BGB:<\/strong><\/h3>\n<h3>-Det tog en stund f\u00f6r mig, sen f\u00f6rstod jag ocks\u00e5. Dom tv\u00e5 tipsen handlade om samma fall.<\/h3>\n<h3><strong>L\u00f6gn 3:<\/strong><\/h3>\n<p>Det finns ingen tvekan om att BGB redan fr\u00e5n b\u00f6rjan hade k\u00e4nnedom om att pappan ber\u00e4ttar en helt annan historia \u00e4n mamman, BRY och hennes \u00f6vriga st\u00f6dpersoner.<\/p>\n<p>D\u00e4refter h\u00e4vdar BGB falskeligen att han f\u00f6rst <em>efter ett tag<\/em> skulle ha uppt\u00e4ckt att de b\u00e5da tipsen ber\u00e4ttar helt olika historier. Att pappan h\u00e4vdar att han \u00e4r oskyldig till de brott mot sonen som mamman s\u00f6kt hj\u00e4lp f\u00f6r, och att Agneta Brav\u00e9lius och \u00f6vriga personer som mamman s\u00f6kt hj\u00e4lp hos, n\u00e4r myndigheterna brustit, finner hennes historia mer trov\u00e4rdig \u00e4n pappans, kan knappast ha undg\u00e5tt honom fr\u00e5n allra f\u00f6rsta stund.<\/p>\n<p>Och grundat p\u00e5 slutsatsen att inte b\u00e5da kan bygga p\u00e5 sanningen utan att n\u00e5gon av dem m\u00e5ste vara falsk, f\u00f6reger BGB nu att han i det kommande har f\u00f6r avsikt att reda ut vilket.<\/p>\n<p><strong>Men l\u00e5ngt innan n\u00e5gon s\u00e5dan utredning kommit till st\u00e5nd \u00e4r det uppenbart att den nitiska gr\u00e4varen redan best\u00e4mt sig p\u00e5 f\u00f6rhand f\u00f6r att upprepa s\u00e5dana l\u00f6gner, halvsanningar, insinuationer och subjektiva st\u00e4llningstaganden som \u00e4r avsedda att st\u00f6dja pappans illa dolda hat gentemot BRY och \u00f6vriga st\u00f6dpersoner runt mamman och <\/strong><a href=\"http:\/\/mmstudies.com\/atb\/korruption\">som helt ocensurerat till\u00e5ts komma till tals i slutet av Del 1.<\/a><\/p>\n<p>Fr\u00e5gan man tvingas st\u00e4lla, blir d\u00e5 hur det faktum att det \u00e4r BGB:s n\u00e4ra samr\u00f6re med pappan, som initierat och dragit upp riktlinjerna f\u00f6r hans gr\u00e4vande, skulle ha fallit ut om \u00a0BGB hade b\u00f6rjat st\u00e4lla sakligt objektiva och opartiskt kritiska fr\u00e5gor som ifr\u00e5gasatte bilden av pappan som oskyldigt utpekad och f\u00f6rf\u00f6ljd. Skulle pappan i s\u00e5 fall ha accepterat det och fortsatt medverka i projektet?<\/p>\n<p>Och hur ser i s\u00e5 fall de j\u00e4viga personkopplingarna ut f\u00f6r BGB:s egen del och hans m\u00f6jlighet till ett sant<strong> objektivt och opartiskt f\u00f6rh\u00e5llningss\u00e4tt till sitt \u00e4mne?<\/strong> Detta som hans spaning sedan spetsar in sig p\u00e5 att, som i en n\u00e5l i en h\u00f6stack, leta efter f\u00f6r att smutskasta dem som redan fr\u00e5n b\u00f6rjan varit avsedda att lynchas i TV-rutan.<\/p>\n<p>&nbsp;<\/p>\n<h3><strong>BGB:<\/strong><\/h3>\n<h3>-N\u00e4r jag tr\u00e4ffar Nello \u00e4r han mitt i sitt livs v\u00e4rsta kris.<\/h3>\n<h3>Vanligtvis bor Nello tillsammans med sin 8-\u00e5riga son, som han har ensam v\u00e5rdnad om.<\/h3>\n<p><strong>Falskt vilseledande desinformation:<\/strong><\/p>\n<p>Sonen har fram till edet minst sagt \u00f6desdigra interimistiska beslut i mars 2017 att \u00f6verflytta boendet till pappan, haft sitt huvudsakliga boende hos sin mamma, som ocks\u00e5 \u00e4r hans trygga anknytningsf\u00f6r\u00e4lder. Pappan hade, from en v\u00e5rdnadsdom 2015 och fram till detta beslut 2017, enbart haft varannahelgsumg\u00e4nge som han dessutom ofta missk\u00f6tte med h\u00e4nvisning till tidsbrist pga sitt jobb.<\/p>\n\n<h3><strong>BGB:<\/strong><\/h3>\n<h3>Men mamman har aldrig accepterat tingsr\u00e4ttens v\u00e5rdnadsdom.<\/h3>\n<p><strong>Falskt vilseledande information, som utg\u00e5r fr\u00e5n l\u00f6gn 10. <\/strong>(Se l\u00e4ngre ner i listan!)<\/p>\n\n<h3><strong>BGB:<\/strong><\/h3>\n<h3>Och f\u00f6r drygt tv\u00e5 m\u00e5nader sen f\u00f6rsvann hon sp\u00e5rl\u00f6st med sonen efter en umg\u00e4ngeshelg.\u00a06:30<\/h3>\n<p>&nbsp;<\/p>\n<p><strong>Min kommentar:<\/strong><\/p>\n<p>Redan h\u00e4r med dessa inledande rader visar Bo-G\u00f6ran Bodin genom sitt ordval med all \u00f6nskv\u00e4rd tydlighet att det \u00e4r den tolkning av vad som \u00e4r orsak och verkan och var barnet har sin mest &#8221;hemvana&#8221; plats som pappans, i ohelig allians med myndigheterna lagt fast som Sanning, som \u00e4ven han okritiskt k\u00f6pt med hull och h\u00e5r. Det \u00e4r ocks\u00e5, som vi ska se i det fortsatta, \u00e4ven den som han ger sken av att ha kommit fram till p\u00e5 egen hand med sina <a href=\"http:\/\/mmstudies.com\/atb\/filmade\">fejkade djupdykningar i dokumentationen.<\/a><\/p>\n<p>&nbsp;<\/p>\n<h3><strong>BGB:<\/strong><\/h3>\n<h3>-Men vad som sen v\u00e4ntade. Det hade jag ingen aning om.\u00a0<strong>L\u00f6gn 4:<\/strong><\/h3>\n<p>I den saga som BGB h\u00e4danefter kommer att ber\u00e4tta \u00e4r allt noga p\u00e5 f\u00f6rhand planerat och konstruerat medelst klipp och klistra, ljud- och bilds\u00e4ttning. H\u00e4r f\u00f6respeglas tittarna att avsl\u00f6jande scoop v\u00e4ntar i det kommande som aldrig infinner sig. Dessutom torde det vara n\u00e4rmast \u00f6vertydligt av det som pappan ger uttryck \u00e5t i slutet p\u00e5 Del 1, n\u00e4mligen att han redan p\u00e5 f\u00f6rhand har satt BGB p\u00e5 sp\u00e5ret efter det som ska &#8221;avsl\u00f6jas&#8221; hos den sk &#8221;BRY-kretsen&#8221; bakom <strong>&#8221;den fina fasaden&#8221;<\/strong>, varf\u00f6r det knappast kan antas ha utgjort n\u00e5got som<strong> BGB aldrig &#8221;haft en aning om&#8221;.<\/strong><\/p>\n\t<p>Att b\u00e5de BGB och pappan tycks ha \u00a0<strong>GUMMIBANDSAKTIGT F\u00d6RH\u00c5LLNINGSS\u00c4TT TILL FAKTA<\/strong> framg\u00e5r redan efter 7 minuter n\u00e4r pappan konstaterar f\u00f6ljande ang\u00e5ende sin oro f\u00f6r var sonen &#8221;Elias&#8221; h\u00e5ller hus:<\/p>\n<p><strong>-Speciellt n\u00e4r jag vet att det inte \u00e4r n\u00e5n bra milj\u00f6 han \u00e4r i.<\/strong><\/p>\n<p><strong>Min kommentar:<\/strong><\/p>\n<p>Det vet pappan inte alls, vilket han omg\u00e5ende tillst\u00e5r p\u00e5 BGB.s motfr\u00e5ga. Men det tycks inte bekymra vare sig honom eller BGB att han p\u00e5st\u00e5r sig veta saker och ting som han inte vet.<\/p>\n<p><strong>BGB:<\/strong><\/p>\n<p><strong>-Och var \u00e4r han?<\/strong><\/p>\n<p><strong>Pappan:<\/strong><\/p>\n<p><strong>-Ja vi vet inte. Vi vet ingenting<\/strong><\/p>\n<p>(7:26)<\/p>\n<p><strong>Pappan:<\/strong><\/p>\n<p><strong>-Han kan vara var som helst.<\/strong><\/p>\n<p><strong>Min kommentar:<\/strong><\/p>\n<p>Den som har l\u00e4st den utredning som legat till grund f\u00f6r h\u00e4ndelsernas g\u00e5ng och redog\u00f6rs f\u00f6r mer utf\u00f6rligt p\u00e5 <a href=\"http:\/\/mmstudies.com\/atb\/fakta1\">hemsidan med fakta om fallet<\/a>, k\u00e4nner dock det draget hos pappan genast igen, att hans ord rutinm\u00e4ssigt st\u00e5r b\u00e5de mot sig sj\u00e4lva och fakta.<\/p>\n\t<h2>_________________________________________________<\/h2>\n\n<h2><a href=\"http:\/\/mmstudies.com\/atb\/agneta\/\">P\u00e5 hemsidan<\/a>:<\/h2>\n<h2><a href=\"http:\/\/mmstudies.com\/atb\/lannes\/\">Del 1:3 \u00a0ROLLFIGUR 2 OCH 3: UPPVIGLARENS ADJUTANTER OCH &#8221;CIVILISATIONENS&#8221; FIENDER \u00bb\u00a0<\/a><\/h2>\n\n<h3><strong>BGB:<\/strong> 8:00<\/h3>\n<h3>-Men nu vet ju jag att det finns en helt annan ber\u00e4ttelse.\u00a0En som f\u00f6rklarar varf\u00f6r Nellos son \u00e4r f\u00f6rsvunnen.<\/h3>\n\n<p><b>Min kommentar:<\/b><\/p>\n<p>Ja det framg\u00e5r med all \u00f6nskv\u00e4rd tydlighet att BGB k\u00e4nt till denna &#8221;andra ber\u00e4ttelse&#8221; redan fr\u00e5n start n\u00e4r han blivit kontaktad av pappan, och att han d\u00e4rtill okritiskt och utan att vinnl\u00e4gga sig om att redovisa fakta till grund f\u00f6r sin uppfattning, har f\u00f6r avsikt att framst\u00e4lla den som falsk.<\/p>\n\n<h3><strong>BGB<\/strong> 14:00<\/h3>\n<h3>-Jag blir alltmer os\u00e4ker. Vad \u00e4r det egentligen som h\u00e4nt? B\u00e5de Nello och BRY kan ju inte ha r\u00e4tt.\u00a0<\/h3>\n<p>&nbsp;<\/p>\n<p><strong>L\u00f6gn av samma typ som 3 och 4\u00a0<\/strong><\/p>\n<p>Av den os\u00e4kerheten syns vare sig s\u00e5 h\u00e4r l\u00e5ngt eller i det fortsatta ett sp\u00e5r. Tv\u00e4rtom f\u00f6ljer BGB troget pappans \/ socialtj\u00e4nstens, polis &#8211; o \u00e5klagares och tingsr\u00e4ttens tolkning som den enda m\u00f6jliga, utan att ens f\u00f6r syns skull g\u00f6ra den alternativa hypotespr\u00f6vning som \u00e4r prio i all form av vedertagen utredningsmetodik.<\/p>\n<p>&nbsp;<\/p>\n<p>OMV\u00c4ND LOGIK \/ KRONOLOGISK ORDNING<\/p>\n<p>Att den ansatsen \u00e4r fix och f\u00e4rdig redan fr\u00e5n b\u00f6rjan, kommer otvetydigt till uttryck genom \u00a0att pappan genomg\u00e5ende framst\u00e4lls som ett offer och att mammans motiv till sin flykt med sonen anges vara sj\u00e4lva <strong>v\u00e5rdnadstvisten<\/strong>, trots att fakta ist\u00e4llet ger vid handen att det \u00e4r en <strong>felaktig tolkning av vad som \u00e4r orsak och verkan<\/strong> eftersom det var hennes anm\u00e4lningar av sonens skador och skr\u00e4mmande vittnesm\u00e5l om vad han blivit utsatt f\u00f6r hos pappan, som gav upphov till v\u00e5rdnadstvisten ist\u00e4llet f\u00f6r tv\u00e4rtom. Mer om detta l\u00e4ngre fram, i intervju med pojkens ombud: advokat Mari\u00a0Schaub: <a href=\"http:\/\/mmstudies.com\/atb\/sanning\/\">Del 1:4 Presentation av Birgitta Holmberg \/ ATSUB och Mari Schaub<\/a><\/p>\n\n\t<h3>__________________________________________________<\/h3>\n\n<h3>P\u00e5 hemsidan:<\/h3>\n<h1><a href=\"http:\/\/mmstudies.com\/atb\/sanning\">ROLLFIGURERNA 4 OCH 5: &#8221;CIVILISATIONENS&#8221; UTPOST MOT FIENDEN &#8211; DEN GODA F\u00c9N \/ SIBYLLAN OCH MODER SVEA\u00a0<\/a><\/h1>\n<h3><strong>BGB <\/strong>20:52<\/h3>\n<h3>-Rent generellt vet vi ju att det inte \u00e4r helt ovanligt med v\u00e5ld och \u00f6vergrepp och att det finns ett m\u00f6rkertal. Men samtidigt vet vi ju att Nello har tilldelats ensam v\u00e5rdnad. S\u00e5 rimligen anser myndigheterna att han \u00e4r den mest l\u00e4mpade f\u00f6r\u00e4ldern.\u00a0<\/h3>\n\n<p>= Argumentation enligt\u00a0<strong>IPSE DIXIT<\/strong><b>; <\/b>Att pappan \u00e4r den mest l\u00e4mpliga v\u00e5rdnadshavaren = sant eftersom myndigheterna anser det.<\/p>\n<p>&nbsp;<\/p>\n<h3><strong>BGB<\/strong>:<\/h3>\n<h3>-Det \u00e4r s\u00e5 mycket jag inte f\u00f6rst\u00e5r i den h\u00e4r historien och jag skulle beh\u00f6va hj\u00e4lp att tolka det jag f\u00e5tt h\u00f6ra. 21:23\u00a0\u00a0<strong>L\u00f6gn 5:<\/strong><\/h3>\n<p>BGB g\u00f6r inga som helst f\u00f6rs\u00f6k att f\u00f6rst\u00e5 historien p\u00e5 annat s\u00e4tt \u00e4n det han f\u00e5tt f\u00f6rklarat f\u00f6r sig av pappan i ohelig allians med myndigheterna, skola och sitt eget vittf\u00f6rgrenade n\u00e4tverk av k\u00e4ndisar \u00e4nda in i TV-huset, Birgitta Holmberg i ATSUB och advokat Mari Schaub, som alla \u00e4r r\u00f6rande \u00f6verens om att deras tolkning \u00e4r den enda r\u00e4tta. men utan att f\u00f6rel\u00e4gga fakta till grund f\u00f6r sin uppfattning \u00a0och \/ eller som i Mari Schaubs fall i direkt strid mot s\u00e5dana fakta som framg\u00e5r av socialtj\u00e4nstens utredningar om vilket som varit den kronologiska ordningen och utgjort orsak och verkan .<\/p>\n<p>&nbsp;<\/p>\n<p>BGB i bild framf\u00f6r sin dator.<\/p>\n<p>&nbsp;<\/p>\n<h3><strong>BGB:<\/strong><\/h3>\n<h3>-P\u00e5 sociala medier ser jag att en annan st\u00f6df\u00f6rening, en av Sveriges \u00e4ldsta och mest v\u00e4lrenommerade ocks\u00e5 varit iblandade i fallet Anna &amp; Elias.Och det \u00e4r n\u00e4r jag kontaktar dem som jag f\u00e5r en ny viktig pusselbit.\u00a0<strong>L\u00f6gn 6\u00a0<\/strong><\/h3>\n<p>Sanningen \u00e4r i sj\u00e4lva verket att den viktiga pusselbit som BGB f\u00e5tt av mamman sj\u00e4lv och \/ eller hennes ombud Jan Bj\u00f6rklund att det varit Brigitta Holmberg i ATSUB som rekommenderat henne den advokat som omn\u00e4mns p\u00e5 hemsidan: <a href=\"http:\/\/mmstudies.com\/atb\/erinran\">MAMMANS ADVOKAT ADVOKAT A. EDELHJELM I OHELIG ALLIANS MED B HOLMBERG \/ ATSUB<\/a> och som kom helt of\u00f6rberedd till den muntliga f\u00f6rhandling till vilken socionomkonsulten Carina Grossman skickat in sin &#8221;utredning&#8221; f\u00f6r sent f\u00f6r att kunna replikeras av mamman och utan att ta sitt ansvar som ombud att d\u00e4rf\u00f6r beg\u00e4ra en senarel\u00e4ggning av f\u00f6rhandlingen .<\/p>\n<p>Ingen tvekan om att BGB bara letar efter de pusselbitar som passar in i det redan lagda Pussel 1= P1, som utg\u00f6r det enda som pappan godtar<\/p>\n<p>Ingen tvekan heller om att han vet att han ska hitta en s\u00e5n just p\u00e5 ATSUB.<\/p>\n<p>Det \u00e4r n\u00e4mligen sv\u00e5rt att tro att han inte redan i inledningen av sitt &#8221;s\u00f6kande&#8221; efter svar p\u00e5 &#8221;det han inte f\u00f6rst\u00e5r&#8221;, hos alla sina informanter skulle ha blivit informerad om hur ordf\u00f6randen i ATSUB rekommenderat mamman den advokat som genom ett antal oacceptabelt oprofessionella underl\u00e5tenhetssynder och felaktiga r\u00e5d spolierade hennes chanser att vinna v\u00e5rdnadstvisten. S\u00e5v\u00e4l som det sedan l\u00e4nge v\u00e4l etablerade samarbete som ordf\u00f6rande i ATSUB Birgitta Holmberg uppr\u00e4ttat med denna mindre samvets\u00f6mma advokat &#8211; h\u00f6gst troligtvis f\u00f6r \u00f6msesidig ekonomisk vinning.<\/p>\n<p>Allts\u00e5 \u00e4r han ocks\u00e5 fullt ut medveten om att det inte \u00e4r ett r\u00e4ttvisande omd\u00f6me att h\u00e4vda att ATSUB skulle vara \u00a0en <strong>&#8221;v\u00e4lrenommerad&#8221;<\/strong> barnr\u00e4ttsorganisation, utan att det i s\u00e5 fall m\u00e5ste anses utg\u00f6ra en sanning med stor modifikation.<\/p>\n<p>Men sj\u00e4lvklart ing\u00e5r \u00e4ven h\u00e4rskartekniken <strong>&#8221;divide et impera&#8221;<\/strong> i det f\u00f6ruts\u00e4gbara uppl\u00e4gget. Bo-G\u00f6ran Bodin har, inte heller han s\u00e5 guldspadegr\u00e4vare han \u00e4r, mer fantasi eller journalistisk heder \u00e4n s\u00e5.<\/p>\n\t<p><b>Barnets ombud Mari Schaub 25:30<\/b><\/p>\n\n<h3><strong>MS:<\/strong><\/h3>\n<h3>-Jag \u00e4r inte beroende av n\u00e5n av parterna i det h\u00e4r m\u00e5let eller av \u00e5klagaren eller n\u00e5t s\u00e5nt d\u00e4r. Jag f\u00f6retr\u00e4der min klient. Slut. Och nu r\u00e5kar den h\u00e4r klienten vara ett barn.<\/h3>\n<p>&nbsp;<\/p>\n<p><strong>Min kommentar:<\/strong><\/p>\n<p>Att Mari Schaubs f\u00f6rs\u00e4kran om sitt &#8221;oberoende&#8221; inte \u00e4r \u00e4r trov\u00e4rdigt kommer fullt till uttryck i det f\u00f6ljande.<\/p>\n<p>&nbsp;<\/p>\n<h3><strong>BGB:<\/strong><\/h3>\n<h3>-F\u00f6r att kunna f\u00f6rst\u00e5 den h\u00e4r historien m\u00e5ste vi g\u00e5 till b\u00f6rjan s\u00e4ger Mari Schaub.\u00a0<strong>L\u00d6GN 7:<\/strong><\/h3>\n<p>Tv\u00e4rtom leder Mari Schaubs &#8221;backade band&#8221; till att vilseleda tittarna att missf\u00f6rst\u00e5 den h\u00e4r historien i grunden. Och det <strong><em>vet<\/em><\/strong> BGB.<\/p>\n<p>&nbsp;<\/p>\n<h3><strong>MS:<\/strong><\/h3>\n<h3>&#8211; Ja om vi backar bandet litet grand s\u00e5 \u00e4r det ju s\u00e5 att tv\u00e5 personer som kommer fr\u00e5n&#8230; som har v\u00e4ldigt olika f\u00f6ruts\u00e4ttningar och kommer litet fr\u00e5n tv\u00e5 olika v\u00e4rldar &#8230; tr\u00e4ffas&#8230; och &#8230; \u00e4\u00e4\u00e4\u00e4h &#8230;\u00e4\u00e4\u00e4\u00f6\u00f6 &#8230; \u00e4r k\u00e4ra&#8230;. \u00e5 den blir ett bAAAn&#8230;..<\/h3>\n<h3>-\u00c5hhhh sen&#8230;. n\u00e4r de h\u00e4r baanet \u00e4 f\u00f6tt&#8230;. d\u00e5 sk\u00e4r de sej&#8230;(hennes tv\u00e5 h\u00e4nder sk\u00e4r ihop) &#8230; p\u00e5 olika s\u00e4tt.\u00a0<strong>L\u00d6GN 8 och 9<\/strong><\/h3>\n<p>Ogrundat f\u00f6rtal av mamman, h\u00f6gst troligtvis grundat i Carina Grossmans &#8221;utredning&#8221;, som utg\u00f6r den saga om mamman som pappan och hans familjemedlemmar dikat i hop.<\/p>\n<p>Det sista kommer v\u00e4ldigt snabbt och definitivt gentemot det f\u00f6rsta, som d\u00e4remot tycks kr\u00e4va betydligt mycket mer tankearbete f\u00f6r att kl\u00e4mma fram.<\/p>\n<p>Inte s\u00e5 konstigt heller, d\u00e5 Mari Schaub aldrig tr\u00e4ffat mamman och s\u00e5ledes inte kan ha n\u00e5n k\u00e4nnedom om hur hennes relation med pappan sett ut, s\u00e5 vitt hon inte delgetts den genom hans f\u00f6rsorg. Men hur objektivt opartisk och frist\u00e5ende enkom som barnets ombud kan hon i s\u00e5 fall g\u00f6ra anspr\u00e5k p\u00e5 att vara, utan att fara med osanning?<\/p>\n<p>Dessutom \u00e4r det en l\u00f6gn att det skulle ha skurit sig mellan pappan och mamman n\u00e4r barnet hade f\u00f6tts eftersom mamman redan hade avlutat relationen med honom under graviditetens 5:e m\u00e5nad och bara en kort tid efter barnet hade kommit till v\u00e4rlden aktivt agerat f\u00f6r att umg\u00e4nge med pappan kommit till st\u00e5nd.<\/p>\n<p>&nbsp;<\/p>\n<h3><strong>MS:<\/strong><\/h3>\n<h3>-Och sen b\u00f6rjar kampen om det h\u00e4r barnet.<\/h3>\n<p>&nbsp;<\/p>\n<p><strong>L\u00f6gn 8\u00a0upprepas h\u00e4r.<\/strong><\/p>\n<p>Dessa ord uttalas ocks\u00e5 kort och koncist med extra stor emfas som dagsens sanning, trots att de strider lika mycket mot hennes egen tes att det \u00e4r sj\u00e4lva v\u00e5rdnadstvisten som \u00e4r upphovet till denna kamp, som det faktum att mamman avslutade relationen med pappan redan n\u00e4r hon var gravid i 5:e m\u00e5naden, men \u00e4nd\u00e5 inte satte sig p\u00e5 tv\u00e4ren mot pappans umg\u00e4nge utan medverkade aktivt till att det s\u00e5 sm\u00e5ningom kom till st\u00e5nd, d\u00e5 hon fann det angel\u00e4get att pojken skulle ha kontakt med sin pappa.<\/p>\n<p>Vari sj\u00e4lva <strong>f\u00f6rklaringsv\u00e4rdet<\/strong> skulle ligga och till vad i Mari Schaubs <strong>&#8221;backade band&#8221;<\/strong>, lyckas dock vare sig hon eller BGB redovisa, utan det blir precis som det mesta sm BGB &#8221;granskar&#8221; h\u00e4ngandes ol\u00f6st kvar i luften, genom att tittarna raskt distraheras med ett nytt sticksp\u00e5r f\u00f6r att l\u00e4nks in deras tankar i helt andra banor.<\/p>\n<p>&nbsp;<\/p>\n<h3><strong>BGB\u00a0<\/strong>27:12<\/h3>\n<h3>-Enligt Marie Schaub \u00e4r k\u00e4rnan i det h\u00e4r fallet en v\u00e5rdnadstvist som sp\u00e5rat ur och d\u00e4r mamman b\u00f6rjat anklaga pappan f\u00f6r allt gr\u00f6vre saker.<\/h3>\n<p>&nbsp;<\/p>\n<p><strong>L\u00f6gn 10:<\/strong><\/p>\n<p>Detta utg\u00f6r en av de huvudl\u00f6gner som rutinm\u00e4ssigt kommer i bruk i fall som detta vari<strong> orsak f\u00f6rv\u00e4xlas med verkan och offer och f\u00f6r\u00f6vare ska byta plats,<\/strong> vilket enkelt iscens\u00e4tts d\u00e4rigenom att det som ursprungligen skulle ha utgjorts av ett \u00a0brottm\u00e5l, g\u00f6rs om till en v\u00e5rdnadstvist, efter som det st\u00e4lls l\u00e4gre krav p\u00e5 bevisning i dem och allts\u00e5 fritar ansvariga fr\u00e5n att beh\u00f6va ta sig an besv\u00e4rliga f\u00f6runders\u00f6kningar d\u00e4r det kr\u00e4vs bevis f\u00f6r att f\u00e4lla f\u00f6r\u00f6vare f\u00f6r brott. Att fr\u00e5nta mammor v\u00e5rdnaden grundat p\u00e5 amat\u00f6rm\u00e4ssiga diagnoser \u00a0om psykisk sjukdom i form av PA(S) och \/ eller M\u00fcnchausen b. p. som de misst\u00e4nkta papporna sj\u00e4lva har utst\u00e4llt, tycks dock s\u00e4llan eller aldrig st\u00f6ta p\u00e5 n\u00e5gra hinder, vilket d\u00e4rf\u00f6r av allt att d\u00f6ma ses som den enklaste v\u00e4gen ut ur dilemmat f\u00f6r ansvariga myndighetsut\u00f6vare att ta i sk &#8221;sv\u00e5ra&#8221; eller &#8221;komplicerade&#8221; v\u00e5rdnadsm\u00e5l \u00a0d\u00e4r parterna \u00f6msesidigt beskyller varandra f\u00f6r bristande f\u00f6r\u00e4ldraf\u00f6rm\u00e5ga och \/ eller brott.<\/p>\n<p>&nbsp;<\/p>\n<h3><strong>MS<\/strong> 27:27:<\/h3>\n<h3>-Jag ser att det h\u00e4r \u00e4r ett typiskt s\u00e5nt \u00e4rende, som har g\u00e5tt extremt l\u00e5ngt. Det var min slutsats alldeles i slutet. Det var INTE mitt ing\u00e5ngsv\u00e4rde.<\/h3>\n<p><strong>F\u00f6ga trov\u00e4rdig utsaga.<\/strong><\/p>\n<p>I det f\u00f6reg\u00e5ende har visats att Bo-G\u00f6ran Bodin ist\u00e4llet f\u00f6r att se efter i de dokument han granskat, hellre h\u00e5ller sig till barnets ombud Mari Schaubs f\u00f6rvanskade bild av vad som \u00e4r orsak och verkan, genom att h\u00e4vda att det \u00e4r v\u00e5rdnadstvisten som \u00e4r upphovet till mammans anm\u00e4lningar mot pappan ist\u00e4llet f\u00f6r tv\u00e4rtom.<\/p>\n<p>En l\u00f6gn som Bo-G\u00f6ran Bodin tagit p\u00e5 s uppgiften att upprepa s\u00e5 m\u00e5nga g\u00e5nger att den blir sann, ist\u00e4llet f\u00f6r att ta mammans \u00a0och hennes st\u00f6dpersoners ber\u00e4ttigade oro \u00f6ver sonens allt s\u00e4mre m\u00e5ende, skador och skr\u00e4mmande vittnesm\u00e5l p\u00e5 allvar, varf\u00f6r denna l\u00f6gn ideligen m\u00e5ste upprepas, s\u00e5 att den likt droppen som urholkar stenen, f\u00f6rvandlas till sanning.<\/p>\n<p>&nbsp;<\/p>\n<h3>Fakta n\u00e4r det g\u00e4ller dessa ting finns att tillg\u00e5 p\u00e5 hemsidan: <a href=\"http:\/\/mmstudies.com\/atb\/fakta1\">Fakta i fallet Anna &amp; Elias nr 1<\/a><a href=\"http:\/\/mmstudies.com\/atb\/fakta1\">\u00a0<\/a><a href=\"http:\/\/mmstudies.com\/atb\/fakta1\">\u00bb<\/a><\/h3>\n\n<h3><strong>BGB:<\/strong><\/h3>\n<h3>-Om du ska formulera din slutsats?<\/h3>\n\n<h3><strong>MS:<\/strong><\/h3>\n<h3>-Suck.<\/h3>\n<h3>Mari Schaub tar en l\u00e5ng konstpaus och g\u00f6r sitt b\u00e4sta f\u00f6r att se eftert\u00e4nksam och gulligt barnv\u00e4nligt omt\u00e4nksam och empatisk ut.<\/h3>\n<h3>-Att min klient ska f\u00e5 vara den han \u00e4r. (Ler)<\/h3>\n<h3>-Och bara f\u00e5 spela fotboll.<\/h3>\n<h3>Och forts\u00e4tter i viskande ton:<\/h3>\n<h3>-Det tror jag skulle vara det b\u00e4sta.\u00a0<\/h3>\n\n<p><strong>Misst\u00e4nkligg\u00f6rande insinuationer utan grund.<\/strong><\/p>\n<p>Det finns ingen faktabaserad grund till slutsatsen att pojken inte skulle ha f\u00e5tt spela fotboll eller f\u00e5 vara den han \u00e4r hos sin mamma.<\/p>\n<p>&nbsp;<\/p>\n<h3><strong>MS:<\/strong><\/h3>\n<h3>-Jag \u00e4r inte orolig f\u00f6r att den h\u00e4r pojken bor hos sin pappa.<\/h3>\n\n<h3><b>Min kommentar:<\/b><\/h3>\n<p>Att Mari Schaub aldrig tycks ha varit i st\u00e5nd att problematisera det faktum att pojken efter att ha blivit h\u00e4mtad fr\u00e5n sin tillvaro med mamman under den tid hon g\u00f6mde sig med honom, med ett flertal poliser och socialsekreterare, f\u00f6r att direkt k\u00f6ras hem till den misst\u00e4nkta pappan, och vad det kan ha f\u00e5tt f\u00f6r konsekvenser f\u00f6r honom att \u00e4nnu en g\u00e5ng v\u00e5ga vittna om det pappan uts\u00e4tter honom f\u00f6r, \u00e4r minst sagt h\u00e4pnadsv\u00e4ckande. Hon har ju absolut inga garantier f\u00f6r att pappan skulle vara den l\u00e4mpliga v\u00e5rdnadshavaren av dem b\u00e5da, d\u00e5 det f\u00f6r det f\u00f6rsta aldrig vidtagits n\u00e5got f\u00f6rh\u00f6r med honom och heller ingen utredning av hans f\u00f6r\u00e4ldraf\u00f6rm\u00e5ga, lika litet som det under den tid som hon haft kontakt med pojken getts honom tillf\u00e4lle att fritt utan pappans kontrollerande \u00f6verinseende l\u00e4tta p\u00e5 sitt hj\u00e4rtas mening.\u00a0<\/p>\n<p>&nbsp;<\/p>\n<h3><strong>BGB:<\/strong><\/h3>\n<h3>-Jag har nu tr\u00e4ffat flera personer med en best\u00e4md uppfattning om Elias-fallet.<\/h3>\n<h3>-Jag inser att jag m\u00e5ste g\u00e5 till botten med vad som h\u00e4nt. (29:30)<\/h3>\n<p>&nbsp;<\/p>\n<p><strong>L\u00f6gn av samma typ som 3 och 4 vari det utlovas nya braskande scoop, som dock aldrig infinner sig. Dessutom visar BGB aldrig prov p\u00e5 att ha en mindre best\u00e4md uppfattning sj\u00e4lv, genom att aldrig ens vidta en alternativ hypotespr\u00f6vning av den enda ing\u00e5ende premissen.<\/strong><\/p>\n<p>&nbsp;<\/p>\n<p>F\u00f6r det ska vi se \u00e4ven denna g\u00e5ng inte kommer att h\u00e4nda. Tv\u00e4rtom kommer BGB enbart att okritiskt f\u00f6lja samma sp\u00e5r som pappan och myndigheterna redan trampat upp.<\/p>\n\t<h2>____________________________________________<\/h2>\n\n<h2>Fr\u00e5n hemsidan:<\/h2>\n<h2><a href=\"http:\/\/mmstudies.com\/atb\/filmade\">DEL 1:5 FILMADE DOKUMENT IST\u00c4LLET F\u00d6R GRANSKADE \u00bb<\/a><\/h2>\n<p>&nbsp;<\/p>\n\n<h3><strong>BGB<\/strong><b>: 29:30<\/b><\/h3>\n<h3>-Jag inser att jag m\u00e5ste g\u00e5 till botten med vad som h\u00e4nt.<\/h3>\n<h3><strong>L\u00f6gn av samma vilseledande karakt\u00e4r som 3 och 4<\/strong><\/h3>\n\n\n<h3><strong>BGB<\/strong> 30:48<\/h3>\n<h3>-Jag hittar n\u00e4rmare 30 s\u00e5na kontakter efter det att v\u00e5rdnadstvisten startade.<\/h3>\n<p>&nbsp;<\/p>\n<p><strong>Vilseledande desinformation, selektivt urval av fakta<\/strong><\/p>\n<p>Ist\u00e4llet f\u00f6r att specificera vad som avses med alla dessa &#8221;30 kontakter&#8221; syns nu ett siduppslag i en p\u00e4rm:<\/p>\n<p>&nbsp;<\/p>\n<h2>Akademiska sjukhuset<\/h2>\n<h2>2016-12-01<\/h2>\n<p>&nbsp;<\/p>\n<p>Men bilden tonar bort s\u00e5 man f\u00e5r inte se mer av vad som st\u00e5r i detta uppslag \u00e4n s\u00e5..<\/p>\n<p>&nbsp;<\/p>\n<p><b>Min kommentar:<\/b><\/p>\n<p><strong>D\u00e5 mamma enbart gjort sex l\u00e4karbes\u00f6k <\/strong>med sonen, ges tittarna h\u00e4r det vilseledande intrycket att de ist\u00e4llet skulle ha utgjorts av 30 till antalet, vilket allts\u00e5 \u00e4r fel. Fr\u00e5gan \u00e5terst\u00e5r d\u00e5 vad det \u00e4r BGB menar med <strong>&#8221;kontakter&#8221;<\/strong>? \u00a0En lika felaktig uppgift \u00e4r dessutom att hon skulle ha tagit alla dessa sk &#8221;kontakter&#8221; efter att v\u00e5rdnadstvisten startade, d\u00e5 ordningsf\u00f6ljden varit den rakt motsatta och det var just mammans och m\u00e5nga andras orosanm\u00e4lningar som gav upphov till att det den 13 juli 2016 \u00a0inleddes utredningar p\u00e5 socialtj\u00e4nsten i Uppsala och sedermera \u00d6stermalm i STHLM.<\/p>\n<p>Exakt vilket datum v\u00e5rdnadstvisten skulle ha &#8221;startat&#8221; utg\u00f6r en definitionsfr\u00e5ga, som BGB skickligt undviker, genom att v\u00e4gra befatta sig med den kritik som riktats mot den externa utredaren Carina Grossman som anlitats i inledningsskedet fr\u00e5n ett bemanningsf\u00f6retaget Dedicare AB, p\u00e5 det s\u00e4tt som tycks vara legio i fr\u00e5ga om fall d\u00e4r pappor anm\u00e4ls f\u00f6r v\u00e5ld och \/ eller sexuella \u00f6vergrepp gentemot sitt \/ sina barn och <b>socialtj\u00e4nsten likt Pontus Pilatus tv\u00e5r sina h\u00e4nder<\/b>, inf\u00f6r att ha avb\u00f6rdat sig den smutsiga byken till n\u00e5gon mindre samvets\u00f6m person.<\/p>\n<p>Carina Grossman har med <b>d\u00f6dsf\u00f6raktande arrogans gentemot kravet p\u00e5 objektivitet och opartiskhet<\/b> i allt f\u00f6ljt pappans linje och bed\u00f6mning av mamman <a href=\"http:\/\/mmstudies.com\/atb\/diagnos\">som utrustad med diverse olika diagnoser<\/a> och \u00e4ven ha uppmanat honom att s\u00f6ka ensam v\u00e5rdnad, vilket s\u00e5 sm\u00e5ningom f\u00f6ranlett den v\u00e5rdnadstvist som f\u00f6rst tv\u00e5 \u00e5r senare i maj 2018 resulterade i att den \u00f6k\u00e4nda r\u00e5dmannen Johan Borgstr\u00f6m tilld\u00f6mde pappan enskild v\u00e5rdnad. N\u00e4r den s\u00e5lunda skulle ha &#8221;startats&#8221; \u00e4r s\u00e5lunda r\u00e4tt flytande, men pappans st\u00e4mning om v\u00e5rdnaden inkom inte f\u00f6rr\u00e4n den 6 dec 2016<\/p>\n<p><a href=\"http:\/\/mmstudies.com\/atb\/diagnos\/\">H\u00e4r i ett Facobookinl\u00e4gg fr\u00e5n 28 okt 2018, vari pappan, 6 dagar efter efter mammans flykt med barnet annonserar efter en gr\u00e4vande journalist,<\/a> finns ett exempel p\u00e5 de fem olika diagnoser som pappan tagit f\u00f6r vana att s\u00e4tta s\u00e5 mamman:<\/p>\n<p><b>Biopol\u00e4r<\/b><\/p>\n<p><b>Hypomani<\/b><\/p>\n<p><b>M\u00fcnchhausen by proxy<\/b><\/p>\n<p><b>PAS<\/b><\/p>\n<p><b>HCP (High Conflict Personality)<\/b><\/p>\n<p>&nbsp;<\/p>\n<h3><strong>BGB:<\/strong><\/h3>\n<h3>-Jag b\u00f6rjar skymta ett m\u00f6nster.<\/h3>\n<p>&nbsp;<\/p>\n<p><strong>\u00c5terigen falskt vilseledande f\u00f6rhoppningar om att tittarna kommer att erbjudas braskande scoop som aldrig infinner sig.<\/strong><\/p>\n<p><b>Min kommentar:<\/b><\/p>\n<p>Det blir h\u00e4danefter alltmer tydligt att &#8221;<strong>det m\u00f6nster&#8221;<\/strong> som BGB h\u00e4r l\u00e5ter p\u00e5skina att han skulle ha gr\u00e4vt fram p\u00e5 egen hand, \u00e4r exakt detsamma som utkristalliserats genom socialtj\u00e4nstens utredningsmetod att med ett rent h\u00e4pnadsv\u00e4ckande oprofessionellt selektivt urval av fakta<strong> bekr\u00e4fta den enda ing\u00e5ende premissen om mammans psykiatriska tillst\u00e5nd<\/strong>, som sedan aldrig uts\u00e4tts f\u00f6r n\u00e5gon alternativ hypotespr\u00f6vning. Detta till trots av att det \u00e4r pappan i ohelig allians med Carina Grossman som st\u00e4llt ut diagnosen och det inte finns n\u00e5gon faktabaserad grund f\u00f6r den i mamman sjukjournaler. Att socialtj\u00e4nsten dessutom inte \u00a0i v\u00e5rdnads\u00e4renden, f\u00f6rutom i LVU-fall, har juridisk r\u00e4tt till tillg\u00e5ng av f\u00f6r\u00e4ldrarnass sjukjournaler, och att Carina Grossman \u00e4ven i detta avseende \u00f6verskridit lagens gr\u00e4nser, l\u00e4mnar BGB okommenterat.<\/p>\n<p>Det \u00e4r dessutom precis det m\u00f6nster som de kritiska dissidenterna \u00e4gnat timmar \u00e5t att f\u00f6rklara f\u00f6r BGB varf\u00f6r och hur det inte st\u00e4mmer med det pussel de lagt, vari alla de bitar tagits med som socialtj\u00e4nsten valt att bortse i fr\u00e5n. S\u00e5 det \u00e4r p\u00e5 intet s\u00e4tt n\u00e5gon nyhet f\u00f6r BGB hur det ser ut, n\u00e4r han \u00e4ven i detta avsnitt framst\u00e4ller sig som om han uppt\u00e4ckt n\u00e5got helt &#8221;nytt&#8221;.<\/p>\n<p>&nbsp;<\/p>\n<h3><strong>BGB:<\/strong><\/h3>\n<h3>-Det tycks inte spela n\u00e5n roll vad l\u00e4karna s\u00e4ger Anna s\u00f6ker v\u00e5rd p\u00e5 nytt.<\/h3>\n<p>&nbsp;<\/p>\n<p><strong>H\u00e4rskartekniken projicering \/ skuld\u00f6verf\u00f6ring: Tv\u00e4rtom \u00e4r det f\u00f6r socialsekreterarna det inte tycks spela n\u00e5gon roll vad l\u00e4karna s\u00e4ger, d\u00e5 de bara bara stoppar undan deras orosanm\u00e4lningar och remisser till BUP och BUM i byr\u00e5l\u00e5dan.<\/strong><\/p>\n<p>&nbsp;<\/p>\n<p>H\u00e4r finns m\u00f6jlighet att kontrollera fakta i fr\u00e5ga om vad det \u00e4r l\u00e4karna gett uttryck \u00e5t i sina utl\u00e5tanden och orosanm\u00e4lningar men som BGB selektivt v\u00e4ljer bort att n\u00e4mna: <a href=\"http:\/\/mmstudies.com\/atb\/amator\">Experter som diskvalificeras av amat\u00f6rer \u00bb<\/a><\/p>\n<p>&nbsp;<\/p>\n<p>&nbsp;<\/p>\n<h3><strong>BGB:<\/strong><\/h3>\n<h3>-Det finns l\u00e4kare som tr\u00e4ffat Anna och Elias som blir genuint oroliga och som inte kan utesluta att Elias har blivit utsatt. Och d\u00e4rf\u00f6r remitterar dom vidare till erfarna specialister. 32:11<\/h3>\n<p>&nbsp;<\/p>\n<p><strong>Selektivt urval av fakta<\/strong><\/p>\n<p>De <strong>&#8221;erfarna specialister&#8221;<\/strong> som BGB h\u00e4r refererar till, utg\u00f6rs av det l\u00e4karlag p\u00e5 Akademiska sjukhuset i Uppsala ledd av skandall\u00e4karen Otterman som omskrivits i pressen som h\u00f6gst otillf\u00f6rlitliga pga deras tendens av avf\u00e4rda beg\u00e5ngna brott mot barn genom att h\u00e4nvisa till <strong>psykiska problem hos m\u00f6drarna &#8211; inte minst i form av M\u00fcnchausen by proxy,<\/strong> som ju \u00e4r densamma (fast outtalat) som mamman i Anna &amp; Elias -fallet utrustats med av pappan i ohelig allians med Carina Grossman.<\/p>\n<p>I slutet av denna sida finns info om den saken:\u00a0<a href=\"http:\/\/mmstudies.com\/atb\/amator\">Experter som diskvalificeras av amat\u00f6rer \u00bb<\/a><\/p>\n<p>&nbsp;<\/p>\n<p>&nbsp;<\/p>\n<h3><strong>BGB:<\/strong><\/h3>\n<h3>-Men inte heller dom hittar n\u00e5gra skador som bekr\u00e4ftar att Elias far illa hos sin pappa. 32:28<\/h3>\n<p>&nbsp;<\/p>\n<p><strong>Selektivt urval av fakta och vilseledande desinformation<\/strong><\/p>\n<p>&nbsp;<\/p>\n<p><b>Min kommentar:<\/b><\/p>\n<p>Detta citat verkar vara taget ur l\u00e4karen Magnus Bodeg\u00e5rds bed\u00f6mning fr\u00e5n det l\u00e4karbes\u00f6k den 1 dec 2016 som var avsett att utg\u00f6ra en uppf\u00f6ljning av hans sjukskrivning av mamman f\u00f6r att kunna vara hemma med sonen fr\u00e5n okt 2016 pga han problem med \u00e4tst\u00f6rningar, mag &#8211; och ryggont och att h\u00e5lla t\u00e4tt. D\u00e5 han vid detta tillf\u00e4lle kunde notera en skada \u00a0p\u00e5 sonens k\u00f6nsorgan,\u00a0skrev han en remiss till Akademiska barnsjukhuset i Uppsala. \u00c4ven vid det sista l\u00e4karbes\u00f6ket hos barnl\u00e4karen Lena B i sept 2018 noterades skador i form av bl\u00e5m\u00e4rken vid skulderbladen. <strong>Att dessa skador skulle ha uppkommit just hos pappan ligger dessutom utanf\u00f6r l\u00e4karnas befogenheter att uttala sig om. Det \u00e4r i st\u00e4llet polis och \u00e5klagares sak att f\u00f6ra i bevis i en korrekt handlagd f\u00f6runders\u00f6kning.<\/strong><\/p>\n\n<h3><strong>BGB:<\/strong><\/h3>\n<h3>-Men jag ser i journalerna att flera l\u00e4kare \u00e4nd\u00e5 g\u00f6r en orosanm\u00e4lan till socialtj\u00e4nsten. Dom g\u00f6r det framf\u00f6r alltf\u00f6r att<strong>\u00a0<\/strong>Annas anklagelser \u00e4r s\u00e5 allvarliga. Enligt lag m\u00e5ste sjukv\u00e5rdspersonal anm\u00e4la s\u00e5na saker vidare, s\u00e5 att socialtj\u00e4nsten kan utreda misstankarna. 33:00<\/h3>\n\n<p><strong>Falskt vilseledande desinformation som l\u00e5ter p\u00e5skina att l\u00e4karna inte skulle var i st\u00e5nd att g\u00f6ra adekvata sj\u00e4lvst\u00e4ndiga bed\u00f6mningar som gett anledning till oro och att dra egna slutsatser utifr\u00e5n dem.<\/strong><\/p>\n<p>&nbsp;<\/p>\n<p><strong>Selektivt urval av foton:<\/strong><\/p>\n<p>Om \u00e4n BGB fortfar att g\u00f6ra det selektiva urvalet av foton p\u00e5 skador som enbart befinner sig p\u00e5 smalbenen eller i dess n\u00e4rhet har han h\u00e4r i \u00e4rlighetens namn i <strong><em>ett fall<\/em><\/strong> lagt fram ett orov\u00e4ckande stort bl\u00e5m\u00e4rke runt pojkens ankel. Men det \u00e4r s\u00e5 dunkelt i f\u00e4rgtonen och f\u00f6rses s\u00e5 snabbt med en utriven lapp att det glider f\u00f6rbi \u00f6gat utan att uppfattas.<\/p>\n<p>&nbsp;<\/p>\n<p><b>Min kommentar:<\/b><\/p>\n<p>Detta utg\u00f6r en sanning med stor modifikation, beroende p\u00e5 vad som kan f\u00f6rv\u00e4ntas av l\u00e4kare att kunna &#8221;bevisa&#8221; grundat enbart p\u00e5 enstaka bl\u00e5m\u00e4rken och \/ eller \u00f6vriga skador som ett flertal l\u00e4kare registrerat sammantaget med pojkens eget vittnesm\u00e5l.<\/p>\n<p>H\u00e4r underl\u00e5ter BGB att ange att anledningen till att avd.l\u00e4karen CE p\u00e5 Akademiska barnsjukhuset i Uppsala, som troligtvis \u00e4r den som f\u00f6rt in dessa anteckningar i journalen \u00e4r att pojken p\u00e5 hans mer ing\u00e5ende fr\u00e5gor om vad han utsatts f\u00f6r, f\u00f6rmedlar det kroppsspr\u00e5kligt med hj\u00e4lp av sin pingvin.<\/p>\n<p>&nbsp;<\/p>\n<h3><strong>BGB:<\/strong><\/h3>\n<h3>-Ju mer jag s\u00e4tter mig in i det h\u00e4r \u00e4rendet, desto st\u00f6rre blir gapet mellan det jag l\u00e4ser och det BRY tidigare ber\u00e4ttat f\u00f6r mig.<\/h3>\n\n<p><strong>L\u00f6gnen att BGB inte skulle ha varit bekant med detta gap redan fr\u00e5n b\u00f6rjan upprepas h\u00e4r igen, enligt samma m\u00f6nster som i l\u00f6gn 3 och 4.<\/strong><\/p>\n\t<p><b>Min kommentar:<\/b><\/p>\n<p>Det gapet \u00e4r som sagt var ingalunda n\u00e5got nytt f\u00f6r BGB, d\u00e5 de tre dissidenter som BGB sammanfattar med BRY redan informerat honom mer \u00e4n grundligt om hur det ser ut.<\/p>\n<p>&nbsp;<\/p>\n<h3><strong>BGB<\/strong>: 34:00<\/h3>\n<h3>-BRY \u00e5terkommer ju ofta till att Elias-fallet inte p\u00e5 allvar \u00e4r utrett.<\/h3>\n\n<p><strong>BGB \u00e5terkommer hela tiden till att det skulle ha vidtagits utredningar som skulle ha p\u00e5visat att sonen inte \u00e4r utsatt f\u00f6r v\u00e5ld och sexuella \u00f6vergrepp, fast \u00a0<\/strong><strong>s\u00e5 helt bevisligen inte alls \u00e4r fallet<\/strong><\/p>\n\n<h3><strong>BGB:\u00a0<\/strong><\/h3>\n<h3>-Men det st\u00e4mmer inte.<\/h3>\n<h3>-2016 startade den f\u00f6rsta socialutredningen. Den kom fram till att det inte finns\u00a0n\u00e5n fakta som visar att Elias blivit utsatt av pappa.\u00a0<strong>L\u00d6GN!!!<\/strong><\/h3>\n<p>&nbsp;<\/p>\n\n<p><b>Min kommentar:<\/b><\/p>\n<p>F\u00f6r det f\u00f6rsta \u00e4r det inte den f\u00f6rsta utredning som gjorts i fallet. Det finns tidigare fr\u00e5n mammans hemkommun (Se h\u00e4runder!)<\/p>\n<p>F\u00f6r det andra utg\u00f6r det vilseledande desinformation att h\u00e4nvisa till socialtj\u00e4nstens utredningar som legitim ers\u00e4ttning f\u00f6r s\u00e5dana f\u00f6runders\u00f6kningar som enligt lag enbart ska f\u00f6retas av polis och \u00e5klagare<\/p>\n<p>&nbsp;<\/p>\n<h3><strong>Citat ur MEDLINGSBOLAGETs rapport:<\/strong><\/h3>\n<h2>REGISTERUTDRAG<\/h2>\n<h2>XXXX kommun<\/h2>\n<h2>Sonen<\/h2>\n<h2><strong>130521 Upplysning enl. FB 6:20<\/strong><\/h2>\n<h2>Om denna utredning l\u00e4mnar Medlingsbolaget \u00a0ingen info.<\/h2>\n<p><strong>Selektivt urval av fakta genom utel\u00e4mnande av info som talar f\u00f6r mamman.<\/strong><\/p>\n<p><em>.<\/em><\/p>\n<p><i><strong>Men mamman replikerar<\/strong> h\u00e4r att Familjer\u00e4tten i xxxx rekommenderade att mamman ska ha fortsatt ensam v\u00e5rdnad pga bristande samarbete, st\u00e4ndiga konflikter och att pappan inte visar f\u00f6rm\u00e5ga att ta sitt f\u00f6r\u00e4ldraansvar. Han s\u00e4tter sitt arbete i f\u00f6rsta hand. Mamman tycker att det \u00e4r viktigt att sonen har regelbunden kontakt med pappan och informerar honom om h\u00e4ndelserna i sonens liv. Hon har bl a skickat inbjudningar till honom att delta i f\u00f6rskolans Lucia och att ta extra tid under sin semester men han har avb\u00f6jt.\/Annelie Westman<\/i><\/p>\n<p>&nbsp;<\/p>\n<h3><strong>150903\u00a0-160210 Utredning enl. Sol 11:1<\/strong><\/h3>\n<h3>Anm\u00e4lan fr\u00e5n v\u00e5rdcentral utifr\u00e5n att mamman upprepat uppgett sv\u00e5righeter g\u00e4llande umg\u00e4nge\u00a0med pappan.\u00a0<\/h3>\n<h3><strong>Utredning avslutas\u00a0utan\u00a0insats.<\/strong><\/h3>\n<p>&nbsp;<\/p>\n<p><i><strong>Mammans replikering:<\/strong> <\/i><\/p>\n<p><i>Efter att mamman hade replikerat p\u00e5 denna utredning genom att p\u00e5visa att den byggde p\u00e5 oriktiga uppgifter och brast i opartiskhet genom att ta parti f\u00f6r pappan, lades den ner. Mamman upplever att det \u00e4r den kritik som hon d\u00e5 framf\u00f6rde som har f\u00f6rorsakat det motst\u00e5nd hon sedan blivit bem\u00f6tt med fr\u00e5n socialtj\u00e4nsten och som resulterat i att de orosanm\u00e4lningar som inkom efter sonens umg\u00e4ngen med pappan p\u00e5 deras gemensamma utlandsresor under semestern negligerades och ist\u00e4llet v\u00e4ndes emot henne sj\u00e4lv.<\/i><\/p>\n<p><i>Sonen hade fr\u00e5n v\u00e5ren 2015 b\u00f6rjat visa stor r\u00e4dsla och \u00e5ngest inf\u00f6r umg\u00e4ngena med pappan och \u00e4ven att kissa och bajsa p\u00e5 sig inf\u00f6r dem. Mamman hade sett f\u00f6r\u00e4ndringen komma redan under h\u00f6sten 2014 och efter f\u00f6rsta utlandsresan med pappa och hans tre \u00e4ldre halvsyskon syskon. \u00c4ven personalen p\u00e5 f\u00f6rskolan hade noterat att han regredierat i utvecklingen. Efter semesterresa med pappa 2015 var sonen starkt traumatiserad, varf\u00f6r mamman gjorde en orosanm\u00e4lan\u00a019\/8-15 \u00a0och dito \u00a0BVC 3\/9 och f\u00f6rskolan 15\/9-15 gjorde orosanm\u00e4lningar grundade p\u00e5 deras observationer. Hon nekar till beskyllningen att det skulle ha varit <\/i><em><strong>hon<\/strong><\/em><i> som uppmanat BFC och f\u00f6rskolan till detta.<\/i><\/p>\n<p>F\u00f6r det andra har utredaren i fr\u00e5ga; Carina Grossman aktivt motverkat alla f\u00f6rs\u00f6k att s\u00e5dana fakta som borde ha utsatts f\u00f6r en korrekt f\u00f6runders\u00f6kning hos polis och \u00e5klagare kommer fram i dagen. Att s\u00e5 inte skett \u00e4r ostridigt enligt det som framg\u00e5r framg\u00e5r ur f\u00f6refintlig dokumentationen. Dvs den dokumentation som BGB uppenbarligen inte har l\u00e4st utan enbart filmat.<\/p>\n<p>F\u00f6r vidare info om socialtj\u00e4nstens utredningar se <a href=\"http:\/\/mmstudies.com\/atb\/fakta1\">Fakta i fallet Anna &amp; Elias nr 1 \u00bb<\/a><\/p>\n<p>&nbsp;<\/p>\n<h3><strong>BGB:<\/strong><\/h3>\n<h3>-D\u00e5 initierade Anna nya orosanm\u00e4lningar.<\/h3>\n<h3><strong>L\u00f6gn och falskt vilseledande desinformation och h\u00e4rskartekniken projicering \/ skuld\u00f6verf\u00f6ring\u00a0<\/strong><\/h3>\n<p><strong>Min kommentar:<\/strong><\/p>\n<p>Att alla anm\u00e4lningar som gjort skulle ha skett p\u00e5 mammans initiativ \u00e4r direkt l\u00f6gnaktigt d\u00e5 ett trettiotal 30 av de 37 som angetts i Medlingsbolagets rapport har l\u00e4mnats in av pappan och hans n\u00e4tverk och det d\u00e4rut\u00f6ver av ett stort antal l\u00e4kare, en psykoterapeut och en IVO-anm\u00e4lan av en psykiater.<\/p>\n<p>D\u00e4rtill \u00f6verskrivs det faktum p\u00e5 mamman skuldkonto, att alla de sk &#8221;utredningar&#8221; som gjorts antingen lagts ner och \/ eller avslutats utan \u00e5tg\u00e4rd och bedrivits p\u00e5 s\u00e5 amat\u00f6rm\u00e4ssigt subjektiv och dessutom i m\u00e5nga fall direkt l\u00f6gnaktig basis och partiskt till pappans f\u00f6rdel, att den sista av dem som delegerades ut p\u00e5 det <strong>\u00f6k\u00e4nda konsultbolaget Medlingsbolaget AB f\u00e5tt underk\u00e4nt p\u00e5 alla punkter i fil dr Josefine Nauckhoffs granskning<\/strong>. D\u00e5 den i allt bara utg\u00f6r en exakt upprepning av den som Carina Grossman vidtog fr\u00e5n juli 2016 till 1 mars 2017, drabbar Nauckhoffs kritik \u00e4ven hennes sk &#8221;utredning&#8221;.<\/p>\n<p><strong>Vad har d\u00e5 mamman f\u00f6r annat v\u00e4l \u00e4n att om och om igen s\u00f6ka hj\u00e4lp p\u00e5 nytt?<\/strong><\/p>\n<p>&nbsp;<\/p>\n<p><b>Min kommentar:<\/b><\/p>\n<p>Vid ett tillf\u00e4lle, den 8 dec 2017, \u00a0n\u00e4r mamman skulle h\u00e4mta sonen i skolan hade noterat att han hade ett bl\u00e5m\u00e4rke vid ena \u00f6gonbrynet, tog hon kontakt med skolpsykologen och skolsystern f\u00f6r att be om hj\u00e4lp, men de avf\u00e4rdade hennes v\u00e4djanden med kalla handen och uppvisade ett demonstrativt ointresse. \u00a0Men hennes v\u00e4ninna Natasha Toloue hade ocks\u00e5 vid detta tillf\u00e4lle noterat samma bl\u00e5m\u00e4rke och ville \u00a0d\u00e5 sj\u00e4lvmant p\u00e5 eget initiativ g\u00f6ra en anm\u00e4lan till socialtj\u00e4nsten, men det var ingen som svarade n\u00e4r hon f\u00f6rs\u00f6kte komma i kontakt med dem per telefon.<\/p>\n\n<h3>BGB:<\/h3>\n<h3>-Det har gjorts <strong>fyra <\/strong>socialutredningar, <strong>fyra<\/strong> polisutredningar ledda av tre olika \u00e5klagare.<\/h3>\n<p>&nbsp;<\/p>\n<p><strong>Falskt vilseledande desinformation:<\/strong><\/p>\n<p>&nbsp;<\/p>\n<p>Utredningar som l\u00e4ggs ner utan \u00e5tg\u00e4rd kan inte anses ha bevisat n\u00e5nting alls, vare sig om mammans psykiatriska tillst\u00e5nd eller sonens utsatthet f\u00f6r v\u00e5ld och \/ eller sexuella \u00f6vergrepp.<\/p>\n<p>&nbsp;<\/p>\n<p>H\u00e4r bl\u00e4ddrar BGB \u00e5ter febrilt i arkivet och \u00a0\u00e4nnu fler uppslag i p\u00e4rmar och lossrivna lappar glider f\u00f6rbi i bild:<\/p>\n\n<h3><strong>&#8221;finns inget som tyder p\u00e5 att Elias&#8221;<\/strong><\/h3>\n<h3><strong>&#8221;blir utsatt f\u00f6r \u00f6vergrepp av sin pappa&#8221;<\/strong><\/h3>\n<h3><strong>&#8221;Elias och pappan har en fin relation&#8221;.<\/strong><\/h3>\n\n<h3><strong>Falskt vilseledande uppgifter utan faktabaserad grund:<\/strong><\/h3>\n\n<h3><b>Min kommentar:<\/b><\/h3>\n<p>Dessa lossrivna citat verkar vara \u00a0tagna ur de &#8221;utredningar&#8221; p\u00e5 \u00a0\u00d6stermalms socialf\u00f6rvaltning som h\u00e5ller samma riktlinje som Carina Grossman angett tonen f\u00f6r med sin f\u00f6rsta dito och f\u00f6ljaktligen saknar all form av bevisv\u00e4rde.<\/p>\n<p>&nbsp;<\/p>\n<h3><strong>BGB:<\/strong><\/h3>\n<h3>-Ett tjugotal utredare har varit iblandade.<\/h3>\n<p>&nbsp;<\/p>\n<p><strong>Selektivt urval av fakta som saknar relevans<\/strong> d\u00e5 ingen av dessa utredare haft kompetens att g\u00f6ra de bed\u00f6mningar som erfordras f\u00f6r att dra en s\u00e5dan slutsats som den f\u00f6ljande som ocks\u00e5 presenteras med ett citat p\u00e5 en utriven lapp och s\u00e5ledes inte heller kan kontrolleras varifr\u00e5n den kommer och hur den bevisats:<\/p>\n<h3>&#8221;saknas anledning att anta att brott f\u00f6rekommit&#8221;<\/h3>\n<p>&nbsp;<\/p>\n<h3><strong>BGB<\/strong>:<\/h3>\n<h3>-Men ingen har sett det BRY p\u00e5st\u00e5r. Det finns ingen expert som slagit fast att Elias blivit utsatt.<\/h3>\n<p><strong>Falskt vilseledande desinformation:<\/strong><\/p>\n\n<h3><strong>BGB:<\/strong> 35:55<\/h3>\n<h3>-F\u00f6rutom Hans Cagnell.<\/h3>\n<h3><strong>Falskt vilseledande desinformation<\/strong><\/h3>\n<p>&nbsp;<\/p>\n<p><b>Min kommentar:\u00a0<\/b><\/p>\n<p>H\u00e4r r\u00f6rs det om i begreppsapparaten intill f\u00f6rblindning. \u00c4r BRY = Hans Cagnell?<\/p>\n<p>D\u00e4rtill underl\u00e5ter BGB att ge sig in p\u00e5 de mer intrikata fr\u00e5gest\u00e4llningarna om vilka <strong>&#8221;experter&#8221;<\/strong>\u00a0han avser som skulle kunna &#8221;sl\u00e5 fast&#8221; n\u00e5got om sexuella \u00f6vergrepp varit f\u00f6r handen eller inte och utefter vilka bevis d\u00e5.<\/p>\n<p>Han flyter d\u00e4rmed opportunistiskt p\u00e5 den medvind i den nutida vetenskapliga klimat, som endast godtar s\u00e5dana fakta som kan kvantifieras med naturvetenskaplig metod och underl\u00e5ter att problematisera det faktum att det mycket s\u00e4llan kan uppbringas tekniska bevis f\u00f6r brott av denna typ, varf\u00f6r man precis som i <strong><a href=\"http:\/\/mmstudies.com\/mammamanualen\/eskilstunamodellen\">Eskilstunamodellen<\/a><\/strong> <strong>ist\u00e4llet har att f\u00f6rlita sig p\u00e5 en hel kedja av bevis <\/strong>eller indicier och \u00a0l\u00e4gga ett pussel med alla de ing\u00e5ende delarna i form av vittnesm\u00e5l, f\u00f6rh\u00f6r av den misst\u00e4nkta f\u00f6r\u00f6varen, barnf\u00f6rh\u00f6r, teknisk bevisning tex i form av att beslagta den misst\u00e4nkta f\u00f6r\u00f6varens dator, dokumentation i form av \u00a0foton, ljudinspelningar och l\u00e4gga ihop den med expertutl\u00e5tanden fr\u00e5n l\u00e4kare psykiater och psykolog. Detta som <a href=\"https:\/\/sverigesradio.se\/sida\/artikel.aspx?programid=83&amp;artikel=414426\">Monica Dahlstr\u00f6m-Lannes s\u00e5 f\u00f6red\u00f6mligt redog\u00f6r f\u00f6r i en intervju i den dokument\u00e4rserie i SR P1 som ju Bo-G\u00f6ran Bodin sj\u00e4lv var med och producerade 2004.<\/a> S\u00e5 h\u00f6gst m\u00e4rkligt att BGB inte tycks ha l\u00e4rt sig ens de mest element\u00e4ra utredningsrelaterade grunderna sen dess, men \u00e4nd\u00e5 h\u00f6r av sig 2019 f\u00f6r att g\u00f6ra en uppf\u00f6ljning av detta \u00e4mne till f\u00f6revarande &#8221;dokument\u00e4r&#8221;!<\/p>\n<p><strong>Inte minst att en korrekt handlagd f\u00f6runders\u00f6kning av polis och \u00e5klagare \u00a0ska ske under tiden som offer och misst\u00e4nkt f\u00f6r\u00f6vare skiljs \u00e5t f\u00f6r att undvika det som kallas &#8221;kollusion&#8221;, vilket dock ingen av de sk &#8221;experterna&#8221; brytt sig om att respektera i &#8221;Elias&#8221; fall.<\/strong><\/p>\n<p>&nbsp;<\/p>\n<h3><strong>BGB<\/strong> bryter in i Cagnells utl\u00e4ggning som tonar bort under tiden: 37:00<\/h3>\n<h3>-Hur kommer det sig att Hans Cagnell till skillnad fr\u00e5n alla andra experter kan sl\u00e5 fast att Elias blivit utsatt.<\/h3>\n<p>&nbsp;<\/p>\n<p><strong>Falskt vilseledande desinformation enligt f\u00f6rklaring nedan.<\/strong><\/p>\n<p>&nbsp;<\/p>\n<h3><strong>BGB:<\/strong><\/h3>\n<h3>-P\u00e5 vilket s\u00e4tt skiljer sig hans metoder. Han har ju tom diagnosticerat Nello som psykopat. 37:20<\/h3>\n\n<p><strong>Falska insinuationer enligt f\u00f6rklaring nedan. Dessutom har BGB vid det h\u00e4r laget f\u00f6r l\u00e4nge sen visat sig vara i total avsaknad av kunskap om utredningsmetodik.<\/strong><\/p>\n<p>&nbsp;<\/p>\n<h3><strong>BGB: 38:00<\/strong><\/h3>\n<h3>-Jag kan inte l\u00e5ta bli att undra hur Hans Cagnell kan st\u00e4lla en diagnos p\u00e5 n\u00e5n han aldrig tr\u00e4ffat. Hur har egentligen hans utredning av Elias g\u00e5tt till?<\/h3>\n<p>&nbsp;<\/p>\n<p><strong>H\u00e4rskartekniken projektion \/ skuld\u00f6verskrivning<\/strong><\/p>\n<p><strong>Man kan inte l\u00e5ta bli att undra \u00f6ver att Bo-G\u00f6ran Bodin aldrig undrar \u00f6ver hur socionomkonsulten Carina Grossmans &#8221;utredningar&#8221; kan vara tillf\u00f6rlitliga n\u00e4r hon \u00a0efter att ha tr\u00e4ffat mamman en g\u00e5ng m\u00e5naden dessf\u00f6rinnan, s\u00e4tter diagnosen &#8221;vanf\u00f6rest\u00e4llningar om verkligheten&#8221; p\u00e5 henne, grundat enbart p\u00e5 pappans f\u00f6rtal av henne som &#8221;psykopat&#8221; mm \u00a0och d\u00e4rtill \u00a0utan att ha minsta kompetens f\u00f6r det.<\/strong><\/p>\n<p>&nbsp;<\/p>\n<h3><strong>BGB:<\/strong><\/h3>\n<h3>-Ber\u00e4tta litet- hur g\u00e5r ett samtalen till d\u00e5, om du \u00e5terskapar en scen.<\/h3>\n<p>&nbsp;<\/p>\n<h3><strong>BGB<\/strong>: 39:00<\/h3>\n<h3>-Hans Cagnell verkar ha sv\u00e5rt att skilja p\u00e5 vad som kommer fr\u00e5n Elias fr\u00e5n det Anna har sagt.<\/h3>\n<p>&nbsp;<\/p>\n<p><strong>Ogrundad slutsats. <\/strong><\/p>\n<p>&nbsp;<\/p>\n<p><b>Och det \u00e4r symtomatiskt\u00a0att BGB \u00f6ht inte n\u00e4mner n\u00e5nting konkret om hur han kom fram till den.<\/b> Det \u00e4r inte ett polisf\u00f6rh\u00f6r som Cagnell bedrivit utan ett pussell\u00e4ggande utefter hermeneutisk \/ systemteoretiskt kvalitativ ansats och f\u00f6r det \u00e4r det \u00e4ven n\u00f6dv\u00e4ndigt att tala med f\u00f6r\u00e4ldrarna till barnen.<\/p>\n\n<h3><strong>BGB:<\/strong><\/h3>\n<h3>-Kan det vara d\u00e4rf\u00f6r som polis och socialtj\u00e4nst varit s\u00e5 minst sagt avvaktande till Hans Cagnells uppgifter. 39:20<\/h3>\n<p>&nbsp;<\/p>\n<p><strong>\u00c5terigen falskt vilseledande desinformation <\/strong>eftersom vare sig polis eller \u00e5klagare har b\u00e4ttre kunskap om vilken sorts metodik psykoterapeuterna anv\u00e4nder i sitt arbete, \u00e4n \u00a0de sj\u00e4lva. Dessutom \u00e4r det v\u00e4l inte metodiken som ifr\u00e5gasatts utan Hans Cagnells objektivitet och opartiskhet pga att han efter att han fullgjort sin uppgift inledde en v\u00e4nskapsarelation med mamman<\/p>\n<p>&nbsp;<\/p>\n<h3><strong>BGB<\/strong>: 39:35<\/h3>\n<h3>-N\u00e4r man l\u00e4ser socialtj\u00e4nstens utredningar handlar dom i allt h\u00f6gre grad om hur Elias p\u00e5verkas av Annas agerande.<\/h3>\n<p>&nbsp;<\/p>\n<p><strong>Information som saknar bevisv\u00e4rde d\u00e5 socialsekreterare saknar lagrum f\u00f6r att g\u00f6ra s\u00e5na bed\u00f6mningar.<\/strong><\/p>\n<p>&nbsp;<\/p>\n<p>Nya lossrivna lappar:<\/p>\n<p><b>&#8221;oro f\u00f6r hur han han har det hos mamma&#8221;<\/b><\/p>\n\n<h3><strong>BGB:<\/strong><\/h3>\n<h3>-Elias har under flera \u00e5rs tid tillsammans med sin mamma tvingats prata med personen som Hans Cagnell. (40:00)<\/h3>\n<p>&nbsp;<\/p>\n<p><strong>L\u00d6GN tillsammans med h\u00e4rskartekniken damn if you do and damn if you don\u00b4t.<\/strong><\/p>\n<p>Dels har &#8221;Elias&#8221; bevisligen aldrig beviljats n\u00e5gon tidigare samtalskontakt av socialtj\u00e4nstren trots att flera l\u00e4kare skrivit remiss till BUP och Carina Grossman vid ett flertal tillf\u00e4llen rekommenderat b\u00e5da f\u00f6r\u00e4ldrarna att ordna med en s\u00e5dan, och dels sj\u00e4lv n\u00e4rvarat vid ett m\u00f6te p\u00e5 Barnskyddsenheten vid Akademiska sjukhuset i Uppsala d\u00e4r det utverkades en remiss om samtalskontakt f\u00f6r &#8221;Elias&#8221; med barnpsykologen F\u00e4ngstr\u00f6m, vilken dock av oredovisad anledning senare i februari 2017 avvisades. Anledningen till att den avvisades st\u00e5r inte angiven i dokumentet, men i detsamma..<\/p>\n<p>&nbsp;<\/p>\n<p>Dels kan man undra p\u00e5 vad s\u00e4tt &#8221;Elias&#8221; skulle ta skada av att ha en trygg och empatisk \u00e4ldre fadersfigur att f\u00e5 l\u00e4tta sitt hj\u00e4rta hos. Men det anges inte heller.<\/p>\n<p>&nbsp;<\/p>\n<p>Ny utriven lapp:<\/p>\n<p>&nbsp;<\/p>\n<p><b>&#8221;Hon tycks inte reflektera \u00f6ver att hennes agerande g\u00e5r ut \u00f6ver Elias v\u00e4lbefinnande&#8221;<\/b><\/p>\n<p>&nbsp;<\/p>\n<p><strong>Ytterligare h\u00e4rskarteknik av skuld\u00f6verskrivande karakt\u00e4r: <\/strong><\/p>\n<p>De som borde reflekterar \u00f6ver &#8221;Elias&#8221; v\u00e4lbefinnande \u00e4r v\u00e4l alla de ansvariga myndighetsut\u00f6vares inklusive Bodins sj\u00e4lv i egenskap av &#8221;gr\u00e4vande&#8221; journalist och \u00f6ver varifr\u00e5n alla de skador kommer som han uts\u00e4tts f\u00f6r och varav mamman har hundratals foton. S\u00e5 vitt mamman inte \u00e4r fullkomligt skvattgalen och \u00e4gnar hela sina dagar \u00e5t att fotoshoppa ihop dessa skador p\u00e5 sonen och att regissera teaterf\u00f6rest\u00e4llningar f\u00f6r och med honom, vari han ska l\u00e4sa upp in\u00f6vade repliker p\u00e5 ohyggliga \u00f6vergrepp \/ alternativt \u00e4r den f\u00f6r\u00f6vare sj\u00e4lv som uts\u00e4tter honom f\u00f6r dessa skador och \u00f6vergrepp och sen tvingar pojken att p\u00e5st\u00e5 att det \u00e4r pappan som g\u00f6r det ist\u00e4llet. N\u00e5gon m\u00e5ste ju uppenbarligen ha tillfogat honom dem.<\/p>\n<p>Problemet \u00e4r bara att det inte f\u00f6religger n\u00e5gonting i mammans sjukjournaler som tyder p\u00e5 det. Och snarare tv\u00e4rtom tyder alla utl\u00e5tanden fr\u00e5n BVC, f\u00f6rskola och socialtj\u00e4nst p\u00e5 att mammans f\u00f6r\u00e4ldraf\u00f6rm\u00e5ga varit god och att sonen inte b\u00f6rjat f\u00e5 reaktioner av allehanda slag f\u00f6rr\u00e4n han tvingades stanna \u00f6ver l\u00e4ngre perioder i pappans omv\u00e5rdnad, antingen vid helgumg\u00e4nge eller l\u00e4ngre semesterresor med honom.<\/p>\n<p>D\u00e4remot f\u00f6religger det starka indicier som kommer fram i Grossmans egen utredning, men hon sj\u00e4lv inte tycks notera, p\u00e5 att pappans f\u00f6r\u00e4ldraf\u00f6rm\u00e5ga brister p\u00e5 ett s\u00e4tt som kan misst\u00e4nkas gr\u00e4nsa till sadism och andra \u00a0personlighetsst\u00f6rningar av klusterB-typ eller tom psykopati.<\/p>\n<p>Och om det vare sig \u00e4r mamman eller pappan som \u00e5samkat sonen de v\u00e4ldokumenterade skadorna m\u00e5ste det ju i s\u00e5 fall vara n\u00e5gon annan.<\/p>\n<p>&nbsp;<\/p>\n<p><b>Min kommentar:<\/b><\/p>\n<p>Om BGB inte hittat b\u00e4ttre faktaunderbyggnad till grund f\u00f6r de l\u00f6sryckta ifr\u00e5gas\u00e4ttande omd\u00f6men om mamman, som han h\u00e4r \u00e5terigen l\u00e4gger ut i form av lossryckta lappar, \u00e4n att pojken &#8221;tvingats prata med personer som Hans Cagnell&#8221; kan enkelt konstateras att det inte bidde mer \u00e4n en tumme av hans &#8221;wallraffande&#8221; den h\u00e4r g\u00e5ngen heller .<\/p>\n<p>F\u00f6r hur ska det kunna t\u00e4nkas skada ett barn att varannan vecka f\u00e5 umg\u00e5s n\u00e5gra timmar med en s\u00e5 empatiskt ink\u00e4nnande, psykologiskt och barnsakkunnigt kompetent person som Hans Cagnell?<\/p>\n<p>N\u00e4r blev det skadligt f\u00f6r barn att umg\u00e5s med vuxna m\u00e4n och kvinnor \u00f6ht?<\/p>\n<p>Och hur m\u00e5nga andra s\u00e5dana personer har mamman i s\u00e5 fall &#8221;tvingat honom att prata med&#8221; ut\u00f6ver de sex olika l\u00e4karbes\u00f6k som hon gjorde med honom under en kortare period i hans liv from h\u00f6sten 2016 och fram tills v\u00e5rdnaden skrev \u00f6ver interimistiskt p\u00e5 pappan den 13 mars 2017 och <strong><a href=\"http:\/\/mmstudies.com\/atb\/barn\/\">d\u00e4refter vid ett tillf\u00e4lle i sept 2018 hos barnl\u00e4karen Lena B?<\/a><\/strong><\/p>\n\t<h3>_______________________________________________________<\/h3>\n\n\n<h3>Del 1:7 M\u00d6RKA KRAFTER<\/h3>\n<h3>fr\u00e5n c:a 51 minuter till slutet<\/h3>\n<h3><a href=\"http:\/\/mmstudies.com\/atb\/konspiration\">&#8221;KONSPIRATIONSTEORIER&#8221; &#8211; ELLER V\u00c4LGRUNDADE MISSTANKAR OM KORRUPTION?<\/a><\/h3>\n<p><strong>BGB<\/strong> 51:35<\/p>\n<p>-Det \u00e4r n\u00e4r jag fr\u00e5gar BRY om v\u00e5rdnadsdomen som jag b\u00f6rjar skymta n\u00e5t nytt.<\/p>\n<p>-En glimt av hur hon egentligen tycks resonera.<\/p>\n<p><strong>Falskt vilseledande insinuation utan faktabaserad grund.<\/strong><\/p>\n<p>&nbsp;<\/p>\n<p><strong>BGB:<\/strong><\/p>\n<p>-BRY tycks allts\u00e5 se ett m\u00e4ktigt pedofiln\u00e4tverk.Och sj\u00e4lva \u00e4r dom en motst\u00e5ndsr\u00f6relse. <strong>L\u00d6GN!!!<\/strong><\/p>\n<p>&nbsp;<\/p>\n<p><strong>Min kommentar:<\/strong><\/p>\n<p>Oj! Det kan om n\u00e5got kallas f\u00f6r en f\u00f6rhastad slutsats.<\/p>\n<p>F\u00f6r n\u00e4r, var, hur har det redovisats ett faktabaserat underlag f\u00f6r vad den grundar sig p\u00e5, mer \u00e4n en kort lossryckt mening ur sitt sammanhang. Och vem vilka i &#8221;BRY&#8221; \u00e4r det i s\u00e5 fall som avses? F\u00f6r ingen i BRY har ju uttryckt n\u00e5gon \u00e5sikt i fr\u00e5gan om pedofiln\u00e4tverkens inblandning i fallet Anna &amp; Elias \u00f6ht och fr\u00e5gan kvarst\u00e5r i vilket sammanhang Agneta Brav\u00e9lius gjort sitt uttalande om existensen av pedofln\u00e4tverk. Att p\u00e5tala att s\u00e5dana faktiskt existerar kan inte ens anses vara kontroversiellt. S\u00e5 vitt man inte \u00e4r ute efter att f\u00f6rneka verkligheten, varf\u00f6r man till slut blir alltmer ben\u00e4gen att st\u00e4lla sig fr\u00e5gan om det faktiskt inte ocks\u00e5 \u00e4r just i det \u00e4rendet som Bo-G\u00f6ran Bodin \u00e4r ute.<\/p>\n<p>Och \u00e4ven i detta avseende blir Bo-G\u00f6ran Bodins inledande fr\u00e5gest\u00e4llning h\u00e4ngandes kvar obesvarad i luften, n\u00e4mligen den om hur han inf\u00f6r detta avsnitt p\u00e5annonserat att han \u00a0i det skulle ha kommit att uppt\u00e4cka hur BRY egentligen tycks resonera.<\/p>\n<p><strong>BGB<\/strong> 51:35<\/p>\n<p>-Det \u00e4r n\u00e4r jag fr\u00e5gar BRY om v\u00e5rdnadsdomen som jag b\u00f6rjar skymta n\u00e5t nytt.<\/p>\n<p>-En glimt av hur hon egentligen tycks resonera.<\/p>\n<p>&nbsp;<\/p>\n<p><strong>Falskt vilseledande desinformation.<\/strong><\/p>\n<p>&nbsp;<\/p>\n<p><strong>Min kommentar:<\/strong><\/p>\n<p>Hitintills har ingenting redovisats av hur BRY, som denna g\u00e5ng, till skillnad fr\u00e5n i \u00f6vrigt, tycks vara identiskt med Agneta Brav\u00e9lius in person, resonerar i fr\u00e5ga om v\u00e5rdnadsdomen. Minst av allt har hon i samband med den uttalat ngt om pedofila n\u00e4tverk och inte heller har BGB angett vad det i s\u00e5 fall skulle ha f\u00f6r f\u00f6rklaringsv\u00e4rde f\u00f6r hur hon egentligen resonerar kring den i \u00f6vrigt. F\u00f6r det f\u00f6r\u00e4ndrar ju ingenting i sak hur man analyserar de processuella turerna i en v\u00e5rdnadstvist, vad man har f\u00f6r teori eller funderingar kring de orsaker som kan t\u00e4nkas ligga bakom att den handlagts p\u00e5 ett f\u00f6ga objektivt och opartiskt men desto mer lagvidrigt s\u00e4tt?<\/p>\n<p>Men s\u00e5na besv\u00e4rande implikationer generar inte BGB \u00a0utan han skrider of\u00f6rskr\u00e4ckt vidare till verket:<\/p>\n<p>F\u00f6r nu har blickf\u00e5nget ist\u00e4llet i vanlig ordning raskt f\u00f6rflyttats \u00f6ver fr\u00e5n det yttre till det inre av r\u00e4ttssalen, d\u00e4r\u00a0Agneta Brav\u00e9lius och n\u00e5gra \u00e4ldre damer sitter p\u00e5 rad och ser allm\u00e4nt ugglelika ut, filmade ur ett skugg-och sp\u00f6kliknande underifr\u00e5n-perspektiv. 54:36<\/p>\n<p>Suggestion fungerar av allt att d\u00f6ma b\u00e4ttre \u00e4n rationellt grundade resonemang f\u00f6r det syfte som BGB \u00e4r ute i och det mytiska sagotemat st\u00e4rks alltmer fram\u00f6ver. \u00c4ldre damer tilldelas rollerna som antingen onda vilseledande h\u00e4xor och uppviglare mot lag och ordning &#8211; eller som pr\u00e4ktiga hj\u00e4lpredor av Moder Sveas standardiserade typ och \/ eller som \u00a0goda f\u00e9er, Sibyllor och sanningsorakel.<\/p>\n<p>&nbsp;<\/p>\n<p><strong>BGB<\/strong>:<\/p>\n<p>-Jag blir alltmer f\u00f6rv\u00e5nad, n\u00e4r jag uppt\u00e4cker i vilka sammanhang BRY f\u00f6rekommer. (55:08)<\/p>\n<p>&nbsp;<\/p>\n<p><strong>Falskt vilseledande insinuation, d\u00e5 det inte f\u00f6religger n\u00e5got som \u00e4r klanderv\u00e4rt eller brottsligt att barnr\u00e4ttsaktivister tar kontakt med politiker f\u00f6r att uppm\u00e4rksamma dem p\u00e5 att myndighetsut\u00f6vningen inte f\u00f6ljer lagar och f\u00f6rordningar i BK, Sol och FB.<\/strong><\/p>\n<p>&nbsp;<\/p>\n<p><strong>Min kommentar:<\/strong><\/p>\n<p>H\u00e4r hade det varit p\u00e5 sin plats att Bo-G\u00f6ran Bodin redogjort f\u00f6r vilka sammanhang det handlar om och varf\u00f6r det skulle vara s\u00e5 anst\u00f6tligt att BRY figurerar i just dem. Men som vanligt n\u00f6jer han sig med att i allt f\u00f6lja pappans regi att rispa upp den\u00a0&#8221;fina fasaden&#8221;.<\/p>\n<p>Dessv\u00e4rre ter sig jakten p\u00e5 det som ska antas st\u00e5 att finna bakom den, alltmer desperat<\/p>\n<p>Men n\u00e5t scoop ska v\u00e4l alltid g\u00e5 att gr\u00e4va fram. F\u00f6r vem \u00e4r helt fl\u00e4ckfri och utan skuld? Och \u00e4ven en s\u00e5 v\u00e4l ansedd organisation som BRY kan v\u00e4l t\u00e4nkas ha gjort sig skyldig till n\u00e5gra mindre v\u00e4l \u00f6vert\u00e4nkta drag eller f\u00f6rflugna ord. De ska v\u00e4l dessutom inte vara helt om\u00f6jliga att avlockas med s\u00e5na mer drastiska medel som BGB tvingades ta till fram\u00e5t v\u00e5rkanten 2020, n\u00e4r den &#8221;v\u00e4nliga gr\u00e4varen&#8221; pl\u00f6tsligt visade sitt r\u00e4tta ansikte som inkvisitor, med uppdraget att avlocka h\u00e4xorna deras hemligheter. Det resultat han hade \u00a0f\u00e5tt fram ditintills tycktes n\u00e4mligen inte ha r\u00e4ckt till f\u00f6r att skandalisera dem enligt i f\u00f6rv\u00e4g uppgjord plan.<\/p>\n<p>&nbsp;<\/p>\n<p>Pappan:\u00a0 55:12<\/p>\n<p>-Dom har p\u00e5 ett proffsigt s\u00e4tt med sina personer, s\u00e4ttet att kl\u00e4 sig och f\u00f6ra sig..<\/p>\n<p>Nu syns Monica bakifr\u00e5n trava fram i en korridor, medan Nello forts\u00e4tter i bakgrunden:<\/p>\n<p>&#8230;och p\u00e5 n\u00e5t s\u00e4tt byggt upp en fasad &#8230;.<\/p>\n<p>Nu syns Monica st\u00e4nga d\u00f6rren till ett konferensrum &#8230;och Nellos r\u00f6st som s\u00e4ger:<\/p>\n<p>Det m\u00e5ste f\u00e5 ett stopp!<\/p>\n<p>&nbsp;<\/p>\n<p><strong>Min kommentar:<\/strong><\/p>\n<p>Jo d\u00e5. Pappan har nu tom f\u00e5tt TV-huset att dansa efter hans pipa. Ingen kan tvivla p\u00e5 det och att hans hett efterl\u00e4ngtade h\u00e4mnd iscensatts med besked.<\/p>\n<p>Sen ett nytt klipp med Agneta Brav\u00e9lius som kliver fram i talarstolen, med sin bok\u00a0 i ena handen och presenterar sig. Hennes r\u00f6st f\u00f6rsvinner och h\u00f6rs bara i bakgrunden och ist\u00e4llet h\u00f6r man pappans:<\/p>\n<p>-BRY &#8211; dom publiceraridogt nya saker och dom skriver om det och dom tycker p\u00e5 den svagaste punkten som \u00e4r barn. <\/p>\n<p>&nbsp;<\/p>\n<p>55:00<\/p>\n<p>Och nu blixtrar det till av en hel serie snapshots fr\u00e5n instagram eller vad det nu kan vara samt en man fr\u00e5n USA som gjort ett program med mamman och hennes ombud, och i bakgrunden h\u00f6rs <strong>Monica Dahlstr\u00f6m-Lannes r\u00f6st:<\/strong><\/p>\n<p>&nbsp;<\/p>\n<p>-Hall\u00e5 Bo G\u00f6ran!<\/p>\n<p>&nbsp;<\/p>\n<p>Och sen h\u00f6rs Agneta Brav\u00e9lius igen:<\/p>\n<p>&nbsp;<\/p>\n<p>-Vi pratar ibland om ifall vi \u00e4r avlyssnade i telefonerna&#8230;<\/p>\n<p>&nbsp;<\/p>\n<p><strong>BGB<\/strong> 56:30<\/p>\n<p>-Mitt \u00e5r med BRY blev en resa genom samh\u00e4llskroppen.<\/p>\n<p><strong>Vilseledande desinformation:<\/strong><\/p>\n<p>&nbsp;<\/p>\n<p><strong>Min kommentar:<\/strong><\/p>\n<p>Bo-G\u00f6ran Bodins pretentioner p\u00e5 att med sin fiktionaliserade dramaunderh\u00e5llning ha f\u00f6retagit en &#8221;resa genom samh\u00e4llskroppen&#8221; \u00e4r s\u00e5 barnsligt naiv, att man f\u00e5r sv\u00e5rt att inte dra p\u00e5 smilbanden. Att definiera BRY som &#8221;samh\u00e4llskroppen&#8221; utg\u00f6r en missbed\u00f6mning av dess makt, inflytande och omfattning som minst sagt antar oproportionerliga dimensioner i f\u00f6rh\u00e5llande till det som utspelar sig i maktens h\u00f6gre boningar och \u00e4ndl\u00f6sa korridorer.<\/p>\n<p>Om \u00a0BRY:s makt och inflytande hade varit s\u00e5 omfattande som BGB vill g\u00f6ra g\u00e4llande, hur kommer det sig att l\u00e4get i s\u00e5 fall ser ut som det g\u00f6r? N\u00e4r inte ens fd justitieministern Thomas Bodstr\u00f6m lyckas f\u00f6retr\u00e4da sin klient, s\u00e5 att hennes v\u00e5rdnads\u00e4rende handl\u00e4ggs utefter g\u00e4llande lagar, f\u00f6rordningar och konventioner i \u00a0FB, SoL och BK, och hennes tv\u00e5 s\u00f6ner d\u00e4rf\u00f6r p\u00e5 det mest r\u00e4ttsl\u00f6sa vis tvingas till boende med en pappa som tom d\u00f6mts f\u00f6r att ha misshandlat dem, samtidigt som de f\u00f6r en l\u00e4ngre period avskiljs fr\u00e5n sin mamma, morfar och mormor hos vilka de haft sin enda trygga och prim\u00e4ra uppv\u00e4xtmilj\u00f6 under hela sitt liv?<\/p>\n<p>\u00c4ven i detta fall \u00e5tf\u00f6ljs det m\u00f6nster som vi som p\u00e5 v\u00e5r gratis id\u00e9ella fritid tvingas ta i tu med de \u00f6desdigra konsekvenserna av och \u00a0som &#8221;experten&#8221; p\u00e5 v\u00e5rdnadsm\u00e5l: lagman Mats Sj\u00f6sten vid Varbergs tingsr\u00e4tt satt agendan f\u00f6r med sina presumerande domar, och som i allt h\u00f6gre utstr\u00e4ckning numera bygger p\u00e5 l\u00f6gn och f\u00f6rtal och en rutinm\u00e4ssig kriminalisering och patologisering av mammor som &#8221;p\u00e5verkande&#8221; och &#8221;umg\u00e4ngessaboterande&#8221;, varf\u00f6r de f\u00f6rses med diverse amat\u00f6rm\u00e4ssigt ihopkomna diagnoser, helst i form av M\u00fcnchhausen b. p. eller PA(S), n\u00e4r de enbart fullgjort sin skyldighet att skydda sina barn mot den f\u00f6r\u00e4lder som g\u00f6r dem illa och som barnen d\u00e4rf\u00f6r tom ofta \u00e4r alltf\u00f6r skr\u00e4ckslagna inf\u00f6r att ens tvingas till \u00f6vervakade umg\u00e4ngen med.<\/p>\n<p>Det hade varit desto mer p\u00e5 sin plats att g\u00e5 till botten med det synnerligen allvarliga samh\u00e4llsproblem som utg\u00f6rs av att \u00a0barnr\u00e4ttsliga fr\u00e5gor till\u00e5ts handl\u00e4ggas av ansvariga myndighetsut\u00f6vare som f\u00f6rbeh\u00e5ller sig r\u00e4tten att negligera kravet p\u00e5 att utredningar och riskbed\u00f6mningar ska vila p\u00e5 godk\u00e4nd vetenskaplig grund, f\u00f6r att ist\u00e4llet sj\u00e4lvsv\u00e5ldigt till\u00e4mpa en av riksdag, regering, socialstyrelsen och BO icke godk\u00e4nd fake-teori om PA(S).<\/p>\n<p>S\u00e5 ocks\u00e5 med den infiltration i systemen som orsakats av den samvetsl\u00f6sa fake-teoretikern Lena Hellblom Sj\u00f6gren och hennes samr\u00f6re med b\u00e5de makten, medierna, pappar\u00e4ttsr\u00f6relsen och dess trogna vapendragare Ingrid Carlqvist som p\u00e5 best\u00e4llning av misst\u00e4nkta eller d\u00f6mda f\u00f6r\u00f6vare l\u00e4gger ut f\u00f6rtal om de mammor som ska h\u00e4ngas ut som h\u00e4xor m. fl. (Vilket hon \u00e4ven gjort om mamman &#8221;Anna&#8221;)<\/p>\n<p>Och inte minst hela den\u00a0kader av samvetsl\u00f6st profiterande charlataner som l\u00e4nge nog kunnat g\u00f6ra goda f\u00f6rtj\u00e4nster p\u00e5 att tillhandah\u00e5lla tillr\u00e4ttalagda partsinlagor \u00e5t mer penningstinna alternativt p\u00e5tryckande \/ utpressande eller hotfulla pappor med en eller annan form av h\u00e5llhake p\u00e5 dem som sitter med de avg\u00f6rande besluten i sin hand.<\/p>\n<p>Det \u00e4r med all s\u00e4kerhet inte enbart domen i Kammarr\u00e4tten om fallet Esmaralda eller &#8221;Lilla Hj\u00e4rtat&#8221; vars utg\u00e5ng p\u00e5verkats av kriminella n\u00e4tverk.<\/p>\n<p>Allt det som p\u00e5visats i det flertal v\u00e5rdnads\u00e4renden som undertecknad som id\u00e9ellt verksam st\u00f6dperson och utredare \/ granskare\u00a0blivit involverad \u00a0i talar emot uppfattningen att v\u00e5rt svenska r\u00e4ttsv\u00e4sende idag skulle vara f\u00f6rtj\u00e4nt av medborgarnas f\u00f6rtroende. Likas\u00e5 att det skulle vara framf\u00f6r allt pappor som uts\u00e4tts f\u00f6r k\u00f6nsdiskriminering och att bli f\u00f6rf\u00f6rdelade i v\u00e5rdnadstvister.<\/p>\n<p>D\u00e4remot talar fakta och statistik, likav\u00e4l som uppfattningen om mammor som notoriskt falskanm\u00e4lande f\u00f6r att vinna f\u00f6rdelar i v\u00e5rdnadstvister, f\u00f6r att den myten saknar en faktabaserad grund och d\u00e4rtill en rent logiskt h\u00e5llbar f\u00f6rklaring, d\u00e5 det b\u00e4sta s\u00e4ttet att f\u00f6rlora v\u00e5rdnaden till motparten \u00e4r just att anm\u00e4la den f\u00f6r v\u00e5ld och \/ eller sexuella \u00f6vergrepp.<\/p>\n<p>I all synnerhet det sistn\u00e4mnda.<\/p>\n<p>Och i det avseendet representerar fallet Anna &amp; Elias snarare regeln \u00e4n undantaget.<\/p>\n<p>&nbsp;<\/p>\n<p><strong>BGB<\/strong> 56:35<\/p>\n<p>-Skriver du falska saker?<\/p>\n<p><strong>F\u00f6rs\u00f6k att bel\u00e4gga Agneta Brav\u00e9lius med anklagelser f\u00f6r brott hon aldrig beg\u00e5tt och varf\u00f6r Bo-G\u00f6ran Bodin saknar all form av faktaunderlag<\/strong><\/p>\n<p>&nbsp;<\/p>\n<p><strong>AB:<\/strong><\/p>\n<p>-Nej! Absolut inte. Absolut inte<\/p>\n<p>&nbsp;<\/p>\n<p><strong>BGB:<\/strong><\/p>\n<p>-En resa som s\u00e4ger n\u00e5t om v\u00e5r tid.<\/p>\n<p><strong>Vilseledande insinuation<\/strong><\/p>\n<p>&nbsp;<\/p>\n<p>Ny kavalkad av snapshots fr\u00e5n n\u00e4tet och Stefan Sauk som s\u00e4ger:<\/p>\n<p>&nbsp;<\/p>\n<p>-Det \u00e4r dags att ta barnen p\u00e5 allvar<\/p>\n<p>&nbsp;<\/p>\n<p>Nu ett scenario fr\u00e5n \u00f6dsliga nattliga str\u00e5k<\/p>\n<p>&nbsp;<\/p>\n<p><strong>BGB:<\/strong><\/p>\n<p>-Och en ny l\u00e4kare pl\u00f6tsligt dyker upp med ett nytt intyg.<\/p>\n<p>-En l\u00e4kare gjorde en anm\u00e4lan pga misshandel och bl\u00e5m\u00e4rkenmisshandel och bl\u00e5m\u00e4rken (obekaqnt r\u00f6st. Wittes?)<\/p>\n<p>&nbsp;<\/p>\n<p><strong>MDL:<\/strong><\/p>\n<p>-Hon ber\u00e4ttar ju ocks\u00e5 om sexuella \u00f6vergrepp.<\/p>\n<p>&nbsp;<\/p>\n<p><strong>BGB:<\/strong><\/p>\n<p>-V\u00e4cker intyget en allvarlig fr\u00e5ga.<\/p>\n<p><strong>Vilseledande desinformation som saknar all form av relevant faktaunderlag.<\/strong><\/p>\n<p>&nbsp;<\/p>\n<p><b>I slutet av Del 1:7 NELLO:<\/b><\/p>\n<p><b>Och nu ses Agneta igen g\u00e5endes p\u00e5 stan och h\u00f6rs pappans\u00a0r\u00f6st i bakgrunden: 56:11<\/b><\/p>\n<p>&nbsp;<\/p>\n<p>-Hur mycket mer kan hon g\u00f6ra som jag inte vet om \u00e4nnu?<\/p>\n\t<p>_________________________________________________________________________<\/p>\n<p>Fr\u00e5n hemsidan<\/p>\n<p><a href=\"https:\/\/mmstudies.com\/astb\/fejk\">1:6 FAKTA ELLER FEJK OM BARNETS VITTNESM\u00c5L?<\/a><\/p>\n<p><strong>Mari Schaub:<\/strong><\/p>\n<p>-Kan man inte bara l\u00e5ta honom vara ifred nu? Han till\u00e5ts ju inte vara b\u00c5\u00c5\u00c5n. Bara st\u00e4ndigt utsatt f\u00f6r f\u00f6rh\u00f6r.<\/p>\n<p>&nbsp;<\/p>\n<p><strong>Argumentation enligt h\u00e4rskartekniken skuld\u00f6verf\u00f6ring p\u00e5 mammans skuldkonto<\/strong> av de problem som den bristande myndighetsut\u00f6vningen orsakat och alla de oprofessionella f\u00f6rh\u00f6r som de utsatt sonen f\u00f6r och dessutom i <strong>olaglig form av socionomkonsulten Carina Grossman,<\/strong> som vi ska se h\u00e4r nedan. \u00c4ven p\u00e5 f\u00f6rskolan uppger pojken sj\u00e4lv att han blivit utsatt f\u00f6r f\u00f6rh\u00f6r p\u00e5 mer eller mindre daglig basis i det som kallas f\u00f6r &#8221;Ateljen&#8221;<\/p>\n<p><strong>BGB:<\/strong><\/p>\n<p>-Och till slut p\u00e5verkar det h\u00e4r \u00e4ven Elias.<\/p>\n<p>&nbsp;<\/p>\n<p>Ny utriven lapp:<\/p>\n<p>&nbsp;<\/p>\n<p><strong>Falsk anklagelse mot mamman utan angiven faktabakgrund.<\/strong><\/p>\n<p>N\u00e5gon s\u00e5dan finns n\u00e4mligen inte heller angiven i de utredningar p\u00e5 socialtj\u00e4nsten, varur de lappar som BGB l\u00e4gger fram i bild \u00e4r lossrivna.<\/p>\n<p>S\u00e5 de utredningsrelatere brister som ett stort antal sakkunniga identifierat i dessa sk &#8221;utredningar&#8221; blir knappast mindre d\u00e4rf\u00f6r att SVT \/ Bo-G\u00f6ran Bodin bara upprepar dem.<\/p>\n<p>Det s\u00e4ger sig sj\u00e4lvt att vare sig de socialsekreterare eller poliser som hitintills \u00e4r de enda sk &#8221;experter&#8221; som varit i sporadisk kontakt med &#8221;Elias&#8221;, kan ha k\u00e4nnedom om vilket det \u00e4r som p\u00e5verkar hans m\u00e5ende och beteende och hur &#8211; \u00a0de misst\u00e4nkta \u00f6vergreppen hos pappan, eller de kontakter som mamman tagit med sex olika l\u00e4kare, psykoterapeuten Hans Cagnell, kriminalinspekt\u00f6r och sexualbrottsutredare Monica Dahlstr\u00f6m-Lannes, sitt ombud Jan Bj\u00f6rklund eller Agneta Brav\u00e9lius p\u00e5 BRY. Antalet av dessa kontakter som utsatt pojken f\u00f6r integritetskr\u00e4nkande f\u00f6rh\u00f6r torde vara noll i j\u00e4mf\u00f6relse med dem som myndighetsut\u00f6vningen ansvarat f\u00f6r &#8211; inte minst det som arrangerats p\u00e5 socialtj\u00e4nsten 2019 med pappan n\u00e4rvarande i rummet bredvid och under den tid som pojkens boende har varit hos honom och hans mamma suttit h\u00e4ktad.<\/p>\n<p>F\u00f6r vidare info se hemsidan:<\/p>\n<p><a href=\"http:\/\/mmstudies.com\/atb\/amator\">Experter diskvalificeras av amat\u00f6rer \u00bb<\/a><\/p>\n<p>&nbsp;<\/p>\n<p><strong>BGB:<\/strong> 40:05<\/p>\n<p>-Vid n\u00e5gra l\u00e4karbes\u00f6k medan hans mamma varit i rummet har Elias upprepat de anklagelser som Anna s\u00e5 l\u00e4nge f\u00f6rt fram.<\/p>\n<p><strong>Falskt vilseledande desinformation utan faktaunderbyggnad.<\/strong><\/p>\n<p><strong>Min kommentar:<\/strong><\/p>\n<p>H\u00e4r hade det varit p\u00e5 sin plats att BGB hade redovisat vilken \/ vilka experter som gjort den bed\u00f6mningen att det \u00e4r mammans ber\u00e4ttelse som sonen upprepar och vilken metod som de, till skillnad fr\u00e5n Cagnell, anv\u00e4nt d\u00e4rvidlag. Men som vanligt l\u00e4mnas alla s\u00e5na konkret baserade faktauppgifter d\u00e4rh\u00e4n.<\/p>\n<p>Det \u00e4r ju annars en synnerligen delikat uppgift att g\u00f6ra bed\u00f6mningar av problem av denna art, eftersom mamman och barnet sj\u00e4lvklart pratar med varandra om det han uts\u00e4tts f\u00f6r och s\u00e5ledes ber\u00e4ttar samma historia. Allt annat hade ju ist\u00e4llet kunna tyda brister i hennes f\u00f6r\u00e4ldraf\u00f6rm\u00e5ga.<\/p>\n<p>&nbsp;<\/p>\n<p><strong>Mari Schaub:<\/strong> 41:20<\/p>\n<p>-Den h\u00e4r pojken tvingas ju g\u00e5 till l\u00e4kare efter l\u00e4kare efter l\u00e4kare.<\/p>\n<p><strong>Falskt vilseledande desinformation utan faktaunderbyggnad<\/strong><\/p>\n<p>&nbsp;<\/p>\n<p><strong>Min kommentar:<\/strong><\/p>\n<p>N\u00e5ja, det \u00e4r v\u00e4l att ta i. <strong>Sex l\u00e4karbes\u00f6k under tv\u00e5 \u00e5rs tid<\/strong>\u00a0kan inte anses utg\u00f6ra ett brott mot barnets integritet. Och hade de f\u00f6rsta l\u00e4karbes\u00f6ken tagits p\u00e5 allvar hos socialtj\u00e4nst och polis &amp; \u00e5klagare ist\u00e4llet f\u00f6r att rutinm\u00e4ssigt l\u00e4ggas ner, hade de resterande inte beh\u00f6vts, varf\u00f6r detta inte \u00e4r n\u00e5got som mamman kan lastas f\u00f6r. Hon fullf\u00f6ljer enbart den skyldighet som f\u00f6r\u00e4lder att s\u00f6ka hj\u00e4lp f\u00f6r sitt barns skador och vittnesm\u00e5l, som hon tom blivit uppmanad av den inhyrda socionomkonsulten <strong>Carina Grossman<\/strong> att g\u00f6ra, som anlitades av socialtj\u00e4nsten f\u00f6r att vidta utredning enligt 11 kap. 1 \u00a7 SoL som i r\u00e4tten utgjort bed\u00f6mningsgrund f\u00f6r att v\u00e5rdnaden och boendet strax d\u00e4refter den 13 i mars 2017 interimistiskt flyttades \u00f6ver p\u00e5 pappan och sen tilld\u00f6mdes honom i en dom fr\u00e5n 21 juni 2018.<\/p>\n<p>F\u00f6r mer utf\u00f6rlig info om detta se<a href=\"http:\/\/mmstudies.com\/atb\/fakta1\"> Fakta i Fallet Anna &amp; Elias nr 1 \u00bb<\/a><\/p>\n<p>&nbsp;<\/p>\n<p><strong>Mari Schaub:<\/strong><\/p>\n<p>-Men det \u00e4r liksom inga spontana ber\u00e4ttelser,\u00a0utan det visas p\u00e5 n\u00e5t leksaksdjur eller visar med gester&#8230; och\u00a0 bekr\u00e4ftar att det mamma s\u00e4ger \u00e4r r\u00e4tt.<\/p>\n<p><strong>Falskt vilseledande desinformation utan faktabaserad grund<\/strong><\/p>\n<p>&nbsp;<\/p>\n<p><strong>Min kommentar:<\/strong><\/p>\n<p><strong>H\u00e4r infinner sig fr\u00e5gan utefter vilket \/ vilka expertutl\u00e5tande eller utredningar som Mari Schaub g\u00f6r anspr\u00e5k p\u00e5 att ha legitimitet att f\u00e4lla s\u00e5na omd\u00f6men?<\/strong> Vilar de p\u00e5 hennes <em><strong>egen<\/strong> <\/em>sakkunniga och \/ eller utredningsmetodologiska kompetens \u00a0&#8211; eller kanske p\u00e5 denna externa konsults som <strong>socialtj\u00e4nsten i Uppsala kommun hyrt in fr\u00e5n\u00a0bemanningsf\u00f6retaget Dedicare AB,<\/strong> f\u00f6r att vidta den initiala &#8221;utredning&#8221; som dragit upp de riktlinjer fr\u00e5n b\u00f6rjan, som sedan alla de p\u00e5f\u00f6ljande fr\u00e5n socialtj\u00e4nsten byggt vidare p\u00e5, utan att dess sakligt objektiva och opartiska grund n\u00e5gonsin ifr\u00e5gas\u00e4tts.<\/p>\n<p>Men i j\u00e4mf\u00f6relse med Hans Cagnells utbildning till socionom och psykoterapeut och en livsl\u00e5ng yrkeslivserfarehet ocks\u00e5 inom psykiatrin, syns denna <strong>&#8221;expert&#8221;<\/strong> inte ha mer p\u00e5 f\u00f6tterna f\u00f6r att h\u00e5lla barnf\u00f6rh\u00f6r \u00f6ht \u00e4n n\u00e5gra tillf\u00e4lliga kortkurser eller vad det nu ska antas vara p\u00e5 Socialstyrelsen. M\u00e4rkligt nog tycks dessa och hennes fil mag i sociologi ge legitimitet att ta \u00e5ta sig expertuppdrag som &#8221;psykiatrihandl\u00e4ggare&#8221;.<\/p>\n<p>Men enligt den verkliga expertisen som tex professor i civilr\u00e4tt Anna Singer och r\u00e4ttssociologen Annika Rejmer saknas lagrum f\u00f6r socialtj\u00e4nstem\u00e4n och jurister att g\u00f6ra s\u00e5dana bed\u00f6mningar.<\/p>\n<p>Se vidare punkt 3 p\u00e5 denna hemsida:<\/p>\n<p><a href=\"http:\/\/mmstudies.com\/atb\/fakta1\">Fakta i fallet Anna &amp; Elias nr 1 \u00bb<\/a><\/p>\n<p>H\u00e4r ser vi allts\u00e5 ett exempel p\u00e5 hur &#8221;experten&#8221; Carina Gossman v\u00e4nder sig till polisen f\u00f6r att avbl\u00e5sa misstankarna mot pappan och ist\u00e4llet v\u00e4nda dem emot mamman, grundat p\u00e5 <strong><a href=\"http:\/\/mmstudies.com\/atb\/diagnos\/\">pappans diagnos av henne som utrustad med vanf\u00f6rest\u00e4llningar om verkligheten,<\/a> <\/strong>vilket bara \u00e4r en alltf\u00f6r bekant &#8221;diagnos&#8221; som<strong> <a href=\"http:\/\/mmstudies.com\/eftervaldet\/definition\">f\u00f6r\u00f6vare i ohelig allians med ett korrumperat r\u00e4ttssystem l\u00e4rt sig utnyttja till full\u00e4ndning.<\/a><\/strong> Detta samtidigt som hon sj\u00e4lv och \/ eller f\u00f6rskolepersonalen vanst\u00e4ller den verklighet som utg\u00f6rs av att mamman haft en fullt legitim anledning att h\u00e5lla sonen hemma efter det l\u00e4karbes\u00f6k som hon tog honom till hos Magnus Bodeg\u00e5rd i b\u00f6rjan p\u00e5 oktober d\u00e5 mamman blev sjukskriven tv\u00e5 m\u00e5nader fram\u00e5t till den sista november 2016, f\u00f6r att kunna v\u00e5rda sonen hemma i lugn och pga hans mag- och ryggont och att han inte ville \u00e4ta, dricka eller \u00a0g\u00e5 p\u00e5 toaletten i f\u00f6rskolan.<\/p>\n<p>Ett problem som f\u00f6rskolepersonalen inledningsvis var fullt ut inf\u00f6rst\u00e5dda med mamman om att hon b\u00e4st kunde l\u00f6sa sj\u00e4lv genom att fullf\u00f6lja l\u00e4karens sjukintyg och rekommendationer.<\/p>\n<ol>\n<li>Med vilken r\u00e4tt kan en sociolog med n\u00e5gra korta p\u00e5byggnadsutbildningar \u00a0p\u00e5 Socialstyrelsen s\u00e4tta diagnos p\u00e5 en klient som hon d\u00e5 enbart tr\u00e4ffat under en timmes tid m\u00e5naden dessf\u00f6rinnan?<\/li>\n<li>Med vilken r\u00e4tt kan en sociolog s\u00e4tta sig \u00f6ver medicinsk expertis f\u00f6r att g\u00f6ra bed\u00f6mningen att den blivit p\u00e5verkad av mammans vanf\u00f6rest\u00e4llningar?<\/li>\n<li>Med vilken r\u00e4tt kan en sociolog \u00f6verta det forensiska ansvaret fr\u00e5n polis och \u00e5klagare i bed\u00f6mningen av det brott som anm\u00e4lts av ett antal professionella l\u00e4kare och andra n\u00e4rst\u00e5ende v\u00e4nner och bekantar i barnets n\u00e4rhet<\/li>\n<\/ol>\n<p>Det \u00e4r n\u00e4mligen i det f\u00f6ljande enbart CG:s &#8221;f\u00f6rh\u00f6r&#8221; med Elias som av BGB tillerk\u00e4nns tillr\u00e4ckligt stor auktoritativ tyngd f\u00f6r att g\u00e4lla som &#8221;fakta&#8221;.<\/p>\n<p>Medan kameran l\u00e5ngsamt glider \u00f6ver ytterligare ett uppslag med dokument h\u00f6rs BGB:s r\u00f6st i bakgrunden:<\/p>\n<p>&nbsp;<\/p>\n<p><strong>BGB:<\/strong> 41:36<\/p>\n<p>-Men n\u00e4r Elias f\u00e5tt vara ensam och prata med experter som \u00e4r vana att prata med barn, har han inte sagt n\u00e5t om att han skulle varit utsatt. S\u00e5 har det varit n\u00e4r han h\u00f6rts av specialutbildade poliser.<strong> L\u00d6GN!<\/strong><\/p>\n<p>&nbsp;<\/p>\n<p><strong>Min kommentar:<\/strong><\/p>\n<p>F\u00f6r det f\u00f6rsta \u00e4r Carina Grossman minst av allt n\u00e5gon &#8221;expert&#8221; och inte heller de poliser som h\u00e5llit tv\u00e5 tafatt oprofessionella f\u00f6rh\u00f6r med &#8221;Elias&#8221;, men varvid han \u00e4ndock tydligt understrukit att det \u00e4r n\u00e5got som inte \u00e4r bra hemma hos hans pappa, men inte v\u00e5gat ber\u00e4tta mer \u00e4n s\u00e5. F\u00f6r det andra har sonen vid ett flertal tillf\u00e4llen tillsammans med de personer han k\u00e4nt sig trygg, bla experten Hans Cagnell och ett flertal l\u00e4kare (om hans mamma funnits med, annars v\u00e5gar han inte yttra sig \u00f6ht) med ord och eller gester visat vad hans pappa uts\u00e4tter honom f\u00f6r, vilket ocks\u00e5 i en del fall i kombination med de skador p\u00e5 k\u00f6nsorganet och bl\u00e5m\u00e4rken p\u00e5 kroppen som kunnat verifiera hans vittnesm\u00e5l.<\/p>\n<p>H\u00e4r syns f\u00f6rst ett bes\u00f6ksrum som man v\u00e4l f\u00e5r anta ska f\u00f6rest\u00e4lla vara det p\u00e5 Bsarnahus i vilket sonen f\u00f6rst i okt 2016 och d\u00e4refter den 8 februari 2017 blev f\u00f6rh\u00f6rd. Det sista delvis \u00e5tergett av honom sj\u00e4lv f\u00f6r sin mamma under en ljudinspelning.<\/p>\n<p>I detta f\u00f6rh\u00f6r uppger sonen att inget \u00e4r tr\u00e5kigt hos mamma och<strong> att det inte finns n\u00e5got som \u00e4r bra med att bo hos pappan<\/strong>. Han s\u00e4ger ocks\u00e5 att det \u00e4r n\u00e5nting han tvingas vara med om <strong>hos pappa som inte \u00e4r bra och upprepar det tre g\u00e5nger.<\/strong> P\u00e5 fr\u00e5gan vad det \u00e4r som h\u00e4nder hos pappan, tar han l\u00e5nga pauser innan han tar sats och s\u00e4ger &#8221;Jag vet vad det \u00e4r &#8230; eller det \u00e4r&#8230;&#8221; och sen blir han tyst.<\/p>\n<p><strong>P\u00e5 fr\u00e5gan om han har haft ont i sin kropp n\u00e5gon g\u00e5ng svarar han att han har haft det b\u00e5de i \u00a0ryggen och magen. N\u00e4r polisen fr\u00e5gar var p\u00e5 magen han haft ont pekar han mitt p\u00e5 magen.<\/strong><\/p>\n<p>Sedan syns ett bes\u00f6ksrum med tv\u00e5 stolar i bild h\u00f6gst troligtvis fr\u00e5n ett socialkontor:<\/p>\n<p><strong>BGB forts\u00e4tter:<\/strong><\/p>\n<p>-Och n\u00e4r han tillbringade tid med en socialsekreterare, som han tycks ha f\u00e5tt f\u00f6rtroende f\u00f6r kom det fram en helt annan ber\u00e4ttelse:\u00a042:05<\/p>\n<p><strong>Falskt vilseledande information och selektivt urval av fakta f\u00f6r att ge sken av legitimitet \u00e5t sin egen propagandistiska partsinlaga f\u00f6r pappan.<\/strong><\/p>\n<p>Nya utrivna lappar och i bakgrunden h\u00f6rs en kall nordanvind bl\u00e5sa, samtidigt med ett tickande ljud som fr\u00e5n en timer eller klocka.<\/p>\n<p><strong>Min kommentar:<\/strong><\/p>\n<p>Att p\u00e5st\u00e5 att barnet skulle ha f\u00e5tt f\u00f6rtroende f\u00f6r denna socialsekreterare, \u00e4r som ett h\u00e5n mot honom sj\u00e4lv. Hur kan BGB ta sig r\u00e4tten att g\u00f6ra den bed\u00f6mningen och grundat p\u00e5 VAD?<\/p>\n<p>Dessutom talar BGB h\u00e4r mot b\u00e4ttre vetande eftersom han knappast sj\u00e4lv torde hysa \u00e5sikten att att barnf\u00f6rh\u00f6r ska h\u00e5llas p\u00e5 barns f\u00f6rskolor och <strong>olagliga grunder<\/strong> p\u00e5 socialsekreterares egna initiativ efter att polisutredning lagts ner och utan att f\u00f6r\u00e4ldrarna \u00e4r n\u00e4rvarande och \/ eller har blivit informerade om det.<\/p>\n<p>Mer om den saken och <a href=\"https:\/\/www.facebook.com\/groups\/168894457164287\/permalink\/609992039721191\/\">hur myndigheternas och nu \u00e4ven SVT \/ public service\u00b4s f\u00f6rh\u00e5llningss\u00e4tt utg\u00f6r ett direkt hot mot r\u00e4ttsstatens uppr\u00e4tth\u00e5llande i detta land:\u00a0\u00bb<\/a><\/p>\n<p>&nbsp;<\/p>\n<p>Det h\u00f6gst m\u00e4rkliga med det f\u00f6rh\u00f6r som BGB h\u00e4r refererar till \u00e4r att det skett helt utanf\u00f6r ramarna, vare sig efterfr\u00e5gat av polis eller annan och p\u00e5 eget initiativ av den inhyrda socionomkonsulten Carina Grossman, som i sin tur \u00e5tergett det med bl a f\u00f6ljande:<\/p>\n<p>&nbsp;<\/p>\n<p>CARINA GROSSMANS RAPPORTERING AV \u00a0SITT OLAGLIGA BARNF\u00d6RH\u00d6R<\/p>\n<p>&nbsp;<\/p>\n<p><strong>FAKTA ELLER FEJK?<\/strong><\/p>\n<p>Att sonen skulle ha haft f\u00f6rtroende f\u00f6r Carina Grossman \u00e4r en uppgift som det borde ha \u00e5lagt Bo-G\u00f6ran Bodin att styrka med fakta, eftersom det \u00e4r n\u00e5got som<strong> sonen sj\u00e4lv i allra h\u00f6gsta grad bestridit<\/strong>. Likas\u00e5 vari han grundar uppfattningen att hon och de poliser som bedrivit f\u00f6rh\u00f6r med sonen skulle vara mer kompetenta att prata med barn \u00e4n psykoterapeuten Hans Cagnell. Av transkriptionen av det <strong>polisf\u00f6rh\u00f6r som h\u00f6lls den 8 febr 2017<\/strong> att d\u00f6ma, syns inte mycket av den varan d\u00e5 det framg\u00e5r att sonen i det varit alldeles f\u00f6r r\u00e4dd f\u00f6r att kunna tala ut. Det tycks mest av allt likna vilket polisf\u00f6rh\u00f6r som helst med samma fr\u00e5gor som utan st\u00f6rre variation eller barnanpassning upprepas om och om igen, varvid sonen viskar ngt oh\u00f6rbart eller h\u00e5ller tyst under m\u00e5nga l\u00e5nga sekunder &#8211; en g\u00e5ng \u00e4nda upp emot en minut. Och han uppger sj\u00e4lv till sin mamma att han var litet &#8221;blyg&#8221; n\u00e4r det h\u00f6lls. Undra p\u00e5 det n\u00e4r han blivit underr\u00e4ttad om att f\u00f6rh\u00f6ret videofilmas och medh\u00f6rs av ett flertal vuxna.<\/p>\n<p>Mamman har tv\u00e5 olika inspelningar med samtal i vilka sonen otvetydigt klarg\u00f6r att han inte alls k\u00e4nde sig bekv\u00e4m med att f\u00e5 bes\u00f6k av en person som han trodde var polis p\u00e5 f\u00f6rskolan f\u00f6r att ta med honom in i ett enskilt rum, inf\u00f6r de andra barnen och f\u00f6rskolepersonalen.<\/p>\n<p>Fr\u00e5gan \u00e4r varf\u00f6r CG valde att vidta ett eget f\u00f6rh\u00f6r efter att polis och \u00e5klagare lagt ner \u00e4rendet, eftersom det faller helt utanf\u00f6r ramarna f\u00f6r hur barnf\u00f6rh\u00f6r ska h\u00e5llas. \u00c5tminstone utefter den framg\u00e5ngsrika\u00a0<a href=\"http:\/\/mmstudies.com\/mammamanualen\/eskilstunamodellen\"><strong>Eskilstunamodell, som Monica Dahlstr\u00f6m-Lannes tagit initiativet till och varit med om att utarbeta,<\/strong><\/a><strong> \u00a0som st\u00e5tt modell f\u00f6r etableringen av Barnahus,<\/strong> i vilken vikten av att de olika inblandade yrkesrollerna h\u00e5lls i s\u00e4r och man inte klampar in p\u00e5 varandras olika omr\u00e5den noga understryks, medan lika mycket vikten av ett effektivt samarbete \u00f6ver dess gr\u00e4nser ocks\u00e5 betonats. Men h\u00e4r tycks ist\u00e4llet Carina Grossman ha brutit mot b\u00e5da dessa f\u00f6reskrifter eller rekommendationer f\u00f6r att sj\u00e4lvsv\u00e5ldigt ta p\u00e5 sig polisens roll och d\u00e4rtill agera helt p\u00e5 egen hand.<\/p>\n<p>Efter det polisf\u00f6rh\u00f6r p\u00e5 Barnahus, den 8 febr. 2017, avslutas, vid vilket \u00e4ven Carina Grossman n\u00e4rvarat, g\u00e5r hon fram till sonen, som d\u00e5 h\u00e5ller upp sin hund som h\u00e4lsning och s\u00e4ger: &#8221;Voff, voff&#8221;. Hon fr\u00e5gar vad hunden s\u00e4ger och han svarar att <strong>&#8221;Jag beh\u00f6ver hj\u00e4lp!&#8221;.<\/strong> CG fr\u00e5gar d\u00e5: &#8221;Med vad?&#8221; och sonen svarar: &#8221;Med n\u00e5got hemma hos pappa!&#8221; D\u00e4refter skulle CG enligt sonen ha fr\u00e5gat:<strong> &#8221;\u00c4r det att pappa drar i snoppen som \u00e4r problemet&#8221;, varp\u00e5 sonen svarat &#8221;Ja!&#8221;.<\/strong> D\u00e4refter hade CG ber\u00e4ttat f\u00f6r sonen att hon arbetar med barn och fr\u00e5gat om det var OK om hon kom till hans f\u00f6rskola f\u00f6r att prata med honom d\u00e4r, varp\u00e5 sonen hade svarat ja. D\u00e5 det inte endast \u00e4r de h\u00f6gst suspekta f\u00f6rehavanden som CG lagt i dagen i fr\u00e5ga om b\u00e5de detta f\u00f6rh\u00f6r med sonen och sitt meddelande till polisen om mammans &#8221;vanf\u00f6rest\u00e4llningar&#8221; som kastar ett h\u00f6gst misst\u00e4nkligt ljus \u00f6ver hennes trov\u00e4rdighet \u00a0och \/ eller professionalism, finns all anledning att ta den kritik p\u00e5 allvar som <strong>mammans ombud Jan Bj\u00f6rklund<\/strong> gjort en noggrant specificerad utredning av, samt \u00f6vrig info som jag bifogar l\u00e4ngst ner p\u00e5 denna hemsida.<\/p>\n<p>&nbsp;<\/p>\n<p><strong>BGB:\u00a0<\/strong>47:00<\/p>\n<p>-Det \u00e4r en av Annas ljudfiler<\/p>\n<p>&nbsp;<\/p>\n<p><strong>BGB:<\/strong><\/p>\n<p>-Utredarna som h\u00f6rt inspelningarna har klassat inspelningarna som psykiska \u00f6vergrepp Sj\u00e4lv s\u00e4ger mamman att hon inte har gjort n\u00e5got fel.<\/p>\n<p><strong>Falskt vilseledande desinformation utan faktabaserad grund.<\/strong><\/p>\n<p>&nbsp;<\/p>\n<p><strong>Min kommentar:<\/strong><\/p>\n<p>Det som h\u00f6rs p\u00e5 ljudfilen \u00e4r 28 sekunder av ett barns hulkande och f\u00f6rtvivlade gr\u00e5t \u00f6ver att tvingas i v\u00e4g till sin pappa, och att han inte vill vara d\u00e4r utan hemma hos sin mamma, pga det pappan g\u00f6r mot honom. Det \u00e4r sv\u00e5rt att se hur det skulle kunna vara ett s\u00e5 integritetskr\u00e4nkande brott, som h\u00e4refter Mari Schaub indignerat f\u00f6rfasar sig \u00f6ver.<\/p>\n<p>D\u00e5 ingen av de inspelningar som mamman gjort med sonen ens \u00e4r i n\u00e4rheten av den systematiska utfr\u00e5gning som polisen anv\u00e4nt i sitt f\u00f6rh\u00f6r den 8 febr. 2017, utan alla ger vid handen ett n\u00e4ra och lekfullt innerlig och \u00a0f\u00f6rtrolig samtalston dem emellan, bortsett fr\u00e5n de tillf\u00e4llen d\u00e5 mamman bandat sonens spontant utagerande utbrott, st\u00e4ller man sig fr\u00e5gan vilka sakkunnigs experter som anlitats f\u00f6r att klassa dem som psykiska \u00f6vergrepp. Tyv\u00e4rr uppges inte det heller. <strong>I fr\u00e5ga om ansvariga myndighetsut\u00f6vares sakkunniga expertis och metoder n\u00f6jer sig BGB att h\u00e4nvisa till de lokaliteter i vilka de verkat.<\/strong><\/p>\n<p>Nu dyker dessutom sanningsvittnet Birgitta Holmberg fr\u00e5n ATSUB \u00e5terigen upp i bild:<\/p>\n<p>&nbsp;<\/p>\n<p><strong>BH:<\/strong> 47:45<\/p>\n<p>-Varken i r\u00e4ttssalen eller n\u00e5gon annanstans betyder dom h\u00e4r inspelningarna n\u00e5nting. Vill du kan du arrangera en inspelning med ett barn.<\/p>\n<p><strong>Selektivt urval av sakkunnig expertis att uttala sig om fallet.<\/strong><\/p>\n<p>Det kan i h\u00f6gsta grad betvivlas att SVT \/ Bo-G\u00f6ran Bodin haft ett \u00e4rligt upps\u00e5t med sin produktion, n\u00e4r de v\u00e4ljer ut den minst sakkunniga personen av dem som intervjuats \u00a0f\u00f6r att agera &#8221;expert&#8221; p\u00e5 de andras bekostnad. Dessutom avkr\u00e4vs hon ju heller aldrig n\u00e5gon h\u00e4nvisning till <strong>fakta<\/strong> f\u00f6r sina m\u00e5nga h\u00f6gst felaktiga p\u00e5st\u00e5enden, som tex inte minst detta.<\/p>\n<p>&nbsp;<\/p>\n<p><strong>BGB:<\/strong>43:00<\/p>\n<p>-Det \u00e4r kanske f\u00f6rst nu n\u00e4r jag satt mig in i fallet som jag fullt ut f\u00f6rst\u00e5r vad det \u00e4r Nello \u00e4r med om. Och varf\u00f6r han egentligen h\u00f6rde av sig till mig.<\/p>\n<p><strong>L\u00f6gn av samma karakt\u00e4r som 3 och 4<\/strong> och som upprepas minst en g\u00e5ng i varenda sekvens som jag lagt ut p\u00e5 \u00a013 hemsidor nu. Fler tillkommer senare n\u00e4r jag \u00e4ven \u00e4r klar med Del 3.\u00a0\u00c5terigen l\u00e5ter BGB p\u00e5skina att han p\u00e5 ett sj\u00e4lvst\u00e4ndigt kritiskt s\u00e4tt skulle ha satt sig in i fallet, trots att han aldrig avvikit fr\u00e5n den tolkning som pappan delgett honom fr\u00e5n f\u00f6rsta stund och \u00e4r densamma som socialtj\u00e4nsten och r\u00e4ttens.<\/p>\n<p>&nbsp;<\/p>\n<p>Nu dyker dessutom sanningsvittnet Birgitta Holmberg fr\u00e5n ATSUB \u00e5terigen upp i bild:<\/p>\n<p>&nbsp;<\/p>\n<p><strong>BH:<\/strong> 47:45<\/p>\n<p>-Varken i r\u00e4ttssalen eller n\u00e5gon annanstans betyder dom h\u00e4r inspelningarna n\u00e5nting. Vill du kan du arrangera en inspelning med ett barn.<\/p>\n<p><strong>Selektivt urval av sakkunnig expertis att uttala sig om fallet.<\/strong><\/p>\n<p>Det kan i h\u00f6gsta grad betvivlas att SVT \/ Bo-G\u00f6ran Bodin haft ett \u00e4rligt upps\u00e5t med sin produktion, n\u00e4r de v\u00e4ljer ut den minst sakkunniga personen av dem som intervjuats \u00a0f\u00f6r att agera &#8221;expert&#8221; p\u00e5 de andras bekostnad. Dessutom avkr\u00e4vs hon ju heller aldrig n\u00e5gon h\u00e4nvisning till <strong>fakta<\/strong> f\u00f6r sina m\u00e5nga h\u00f6gst felaktiga p\u00e5st\u00e5enden, som tex inte minst detta.<\/p>\n<p><strong>Min kommentar:<\/strong><\/p>\n<p>Att Birgitta Holmberg skulle utg\u00f6ra sakkunnig expert p\u00e5 denna fr\u00e5gest\u00e4llning, mots\u00e4gs av det enkla faktum att det finns gott om exempel p\u00e5 att just pappor varit till\u00e5tna att anv\u00e4nda inspelat material som bevismaterial i v\u00e5rdnadstvister. Och av allt att d\u00f6ma \u00e4r \u00e4ven denna pappa informerad om att den m\u00f6jligheten finns, eftersom han i slutet av serien, inf\u00f6r sonens hemkomst, monterar in \u00f6vervakningskameror i hela l\u00e4genheten att ha som bevismaterial f\u00f6r sin oskuld i kommande m\u00e5l i r\u00e4tten.<\/p>\n<p>Och sj\u00e4lvklart finns m\u00f6jligheten att <strong>arrangera inspelningar med barn.<\/strong> Men det finns dock <strong>gr\u00e4nser<\/strong> f\u00f6r hur stora de m\u00f6jligheterna \u00e4r i praktiken, inte minst med avseende p\u00e5 sj\u00e4lva trov\u00e4rdigheten i det inspelade materialet. Visst \u00e4r barn l\u00e4tta att p\u00e5verka att spela upp lydnad och lojalitet. <strong>Men det \u00e4r enbart hos den f\u00f6r\u00e4lder som de \u00e4r trygga som de v\u00e5gar utagera sina sanna k\u00e4nslor av ilska, frustration och vanmakt.<\/strong><\/p>\n<p><strong>MS:<\/strong><\/p>\n<p>-N\u00e4r jag inser, att den h\u00e4r organisationen har lagt ut min klients<b><i> r\u00f6st.. p\u00e5 youtube<\/i><\/b><\/p>\n<p>&nbsp;<\/p>\n<p><b><i>Ler ironiskt.<\/i><\/b><\/p>\n<p>&nbsp;<\/p>\n<p><b><i>-Jag blir s\u00e5 uppr\u00f6rd va. Det bara kokar till ordentligt. En s\u00e5n fullst\u00e4ndig brist p\u00e5 omd\u00f6me!<\/i><\/b><\/p>\n<p>&nbsp;<\/p>\n<p><strong>H\u00e4rskartekniken skuld-och skambel\u00e4ggande <\/strong>av visselbl\u00e5sarna f\u00f6r de brott som myndigheterna \/ Mari Schaub sj\u00e4lv gjort sig skyldig till n\u00e4r hon \u00e5sidosatt &#8221;Elias&#8221; m\u00e4nskliga r\u00e4ttighet till ett liv fredat fr\u00e5n v\u00e5ld och sexuella \u00f6vergrepp.<\/p>\n<p>&nbsp;<\/p>\n<p><strong>Min kommentar:<\/strong><\/p>\n<p>Med tanke p\u00e5 \u00a0Mari Schaubs stenh\u00e5rt k\u00e4nslokalla framtoning och totala brist p\u00e5 psykologisk s\u00e5v\u00e4l som barnsakkunnig kompetens och f\u00f6rh\u00e5llningss\u00e4tt till fakta ist\u00e4llet f\u00f6r fejk i m\u00e5let, \u00e4r det f\u00f6ga f\u00f6rv\u00e5nande att flera av de oinvigda som n\u00e4rvarat under hennes framtr\u00e4dande i r\u00e4tten <strong>trodde att hon var pappans ombud<\/strong> ist\u00e4llet f\u00f6r sonens. Att hon godk\u00e4nde f\u00f6rh\u00f6r med honom under full uppsyn av pappan, vittnar inte heller om ngn st\u00f6rre professionalism och \/ eller seriositet. S\u00e5 indignationen hon uppvisar s\u00e5 stor att hon n\u00e4ra nog h\u00e5ller p\u00e5 att spricka, kan nog snarare misst\u00e4nkas komma fr\u00e5n behovet att f\u00f6rsvara sin egen skrupell\u00f6sa h\u00e5llning \u00e4n sonens integritet.<\/p>\n<p>&nbsp;<\/p>\n<p><strong>BGB:<\/strong>50:00<\/p>\n<p>-F\u00f6rutom anklagelserna om sexuella \u00f6vergrepp har Anna ansett att Elias p\u00e5 olika s\u00e4tt varit sjuk.<strong>\u00a0L\u00d6GN!<\/strong><\/p>\n<p><strong>Min kommentar:<\/strong><\/p>\n<p>Nej mamman ha aldrig h\u00e4vdat att Elias varit sjuk utom n\u00e4r han, precis som alla andra barn varit det. D\u00e4remot har han sj\u00e4lv under flera \u00e5rs tid klagat \u00f6ver att ha ont b\u00e5de i magen och ryggen, varf\u00f6r det skickades flera remisser till BUM under h\u00f6sten 2017, n\u00e4r pappan hade enkild v\u00e5rdnad, men som det verkar som om han struntat i att f\u00f6lja upp. Detta trots att det under v\u00e5ren 2017 (innan v\u00e5rdnaden \/ boendet skrevs \u00f6ver p\u00e5 pappan) hade vidtagits en unders\u00f6kning med ultraljud, varvid l\u00e4karen p\u00e5funnit tecken som kunde tyda p\u00e5 en sm\u00e4rre f\u00f6r\u00e4ndring p\u00e5 ena njuren som han ans\u00e5g borde f\u00f6ljas upp ett halv\u00e5r senare. Och det var allts\u00e5 bl a detta problem som remisserna till BUM g\u00e4llde<\/p>\n<p>&nbsp;<\/p>\n<p><strong>BGB:<\/strong><\/p>\n<p>-Och det var framf\u00f6r allt dom h\u00e4r p\u00e5hittade sjukdomarna och \u00f6vergreppen som gjorde att hon blev av med v\u00e5rdnaden.<strong> F\u00d6RTAL!<\/strong><\/p>\n<p><strong>Falsk anklagelse om brott.<\/strong><\/p>\n<p>&nbsp;<\/p>\n<p><strong>Min kommentar:<\/strong><\/p>\n<p>F\u00f6r det f\u00f6rsta st\u00e4mmer det inte att mamman skulle ha hittat p\u00e5 sjukdomar och f\u00f6r det andra \u00e4r det l\u00f6gn s\u00e5 det skriker om det att \u00a0fr\u00e5gan om \u00f6vergrepp skulle ha utretts enligt g\u00e4llande vedertagen forensisk metod, varf\u00f6r m\u00e5let fortfarande \u00e4r p\u00e5g\u00e5ende.<\/p>\n<p>Ett tydligt bevis f\u00f6r att n\u00e5gon riktig utredning aldrig vidtagits \u00e4r tex att <strong>pappan aldrig ens blivit kallad till f\u00f6rh\u00f6r hos polis<\/strong> vilket framg\u00e5r otvetydigt i detta SMS fr\u00e5n hans egen advokat:<\/p>\n<p><strong>S\u00e5 hur kommer det sig att Public Service SVT s\u00e5 totalt i just detta fall fr\u00e5ng\u00e5tt den princip som alltid framh\u00e5lls annars, n\u00e4r de utsatta mammorna legat p\u00e5 f\u00f6r att f\u00e5 sin problematik belyst, n\u00e4mligen att inte rapportera om v\u00e5rdnadstvister som utg\u00f6r p\u00e5g\u00e5ende m\u00e5l i r\u00e4tten?<\/strong><\/p>\n<p><strong>Och att sekretess och skydd av den personliga integriteten, inte mist de utsatta barnens, st\u00e4ller hinder i v\u00e4gen f\u00f6r s\u00e5dana reportage?<\/strong><\/p>\n<p>&nbsp;<\/p>\n<p><strong>BGB:<\/strong><\/p>\n<p>-Anna har aldrig accepterat tingsr\u00e4ttens dom. Hon anser att det var socialtj\u00e4nsten som startade hela v\u00e5rdnadstvisten och att l\u00e4karna faktiskt gett henne r\u00e4tt. <\/p>\n<p>50:19<\/p>\n<p><strong>Falskt ogrundad insinuation och undanh\u00e5llande av fakta enligt L\u00d6GN nr 10.<\/strong><\/p>\n<p><strong>Min kommentar:<\/strong><\/p>\n<p>H\u00e4rvidlag kan det p\u00e5minnas om att de enda l\u00e4kare som inte st\u00f6ttat mamman och sonen, dels genom att unders\u00f6ka hans skador och dels genom att ta hans vittnesm\u00e5l p\u00e5 allvar, \u00e4r de som st\u00e5tt under <a href=\"https:\/\/m.facebook.com\/story.php?story_fbid=10224088664390156&amp;id=1406277532\">skandall\u00e4karen Otterman vid Barnskyddstemaet p\u00e5 Akademiska sjukhuset i Uppsala<\/a> och som gjort sig skyldiga till att \u00e4ven utrusta andra mammor med <strong>diagnosen M\u00fcnchausen by proxy<\/strong> \u00a0ist\u00e4llet f\u00f6r att ta deras barns problem p\u00e5 allvar. <strong>Det \u00e4r symtomatiskt f\u00f6r BGB:s oproblematiserade biasatt okritiskt anamma just den typen av kvinno- \/ barnsyn som enda giltiga formen av &#8221;objektivitet&#8221; st\u00e5ndaktig nog att inte l\u00e5ta sig rubbas av mammamonstrets h\u00e4xliknande \u00a0s. k. &#8221;p\u00e5verkan&#8221; .<\/strong><\/p>\n<p>&nbsp;<\/p>\n<p><strong>BGB:<\/strong><\/p>\n<p>&#8211; Men <b><i>om <\/i><\/b>n\u00e5n anledning ska socialtj\u00e4nsten, enligt Anna, medvetet ha ljugit i sina utredningar. Och ett tydligt exempel ska vara, enligt Anna, n\u00e4r Elias ber\u00e4ttar att mamma var r\u00e4dd f\u00f6r pappa.<\/p>\n<p><strong>Misst\u00e4nkligg\u00f6rande av mammans omd\u00f6me och trov\u00e4rdighet utan n\u00e5gon faktabaserad grund d\u00e4rf\u00f6r.<\/strong><\/p>\n<p><strong>Falskt vilseledande h\u00e4nvisning till fel f\u00f6rh\u00f6rsrum.<\/strong><\/p>\n<p>&nbsp;<\/p>\n<p>Nu syns \u00e5terigen det f\u00f6rh\u00f6rsrum vari BGB falskeligen l\u00e5ter p\u00e5skina att Carina Grossmans f\u00f6rh\u00f6r med Elias skulle ha h\u00e5llits, trots att det framg\u00e5r av hennes egen &#8221;utredning&#8221; att det h\u00e5llits p\u00e5 sonens f\u00f6rskola.<\/p>\n<p>&nbsp;<\/p>\n<p><strong>BGB:<\/strong><\/p>\n<p>-Och det \u00e4r ju uppenbart att inte heller BRY accepterat tingsr\u00e4ttens dom.\u00a0<\/p>\n<p>50:00<\/p>\n<p><strong>Falskt vilseledande desinformation i avsikten att smutskasta BRY utan sk\u00e4lig grund d\u00e4rf\u00f6r.<\/strong><\/p>\n<p>&nbsp;<\/p>\n<p><strong>Min kommentar:<\/strong><\/p>\n<p>L\u00f6jligt. Det de kr\u00e4ver \u00e4r att fallet ska utredas enligt g\u00e4llande lagar, f\u00f6rordningar och konventioner i FB, SoL och BK, vilket bevisligen aldrig skett. Men BGB vinnl\u00e4gger sig h\u00e5rt om att att framst\u00e4lla dem som det vare sig har fog f\u00f6r sig att bunta ihop med &#8221;BRY&#8221; \u00a0eller inte, att utg\u00f6ras av uppviglare mot lag och ordning och att r\u00e4ttvisan ska ha sin gilla g\u00e5ng, i ett sk\u00e5despel de aldrig bett om att f\u00e5 delta i och som inte har n\u00e5got med deras autentiska personer eller verklighet att g\u00f6ra, utan utg\u00f6r en barnslig fantasi och saga enligt de gamla demoniserande f\u00f6rest\u00e4llningar om h\u00e4xan i Hans o Greta som \u00e4ter barn och Mormor i R\u00f6dluvan, som bakom den falskt insmickrande st\u00e4mman och glas\u00f6gon p\u00e5 n\u00e4san, visar sig vara en varg.<\/p>\n<p>Och s\u00e5 det sedvanliga gamla mammamonster som i myternas v\u00e4rld representeras av den drake som den ensamma drakd\u00f6darhj\u00e4lten sankt Bo-G\u00d6RAN har att k\u00e4mpa ner.<\/p>\n<p>&nbsp;<\/p>\n<p><strong>BGB<\/strong> 51:35<\/p>\n<p><strong>-Det \u00e4r n\u00e4r jag fr\u00e5gar BRY om v\u00e5rdnadsdomen som jag b\u00f6rjar skymta n\u00e5t nytt.\u00a0<\/strong><\/p>\n<p><strong>L\u00f6gn av samma karakt\u00e4r som 3 och 4.<\/strong><\/p>\n<p>&nbsp;<\/p>\n<p><strong>Min kommentar:<\/strong><\/p>\n<p>BGB forts\u00e4tter att h\u00e5lla tittarnas nyfikenhet och f\u00f6rv\u00e4ntningar p\u00e5 sp\u00e4nn, genom att st\u00e4ndigt utlova nya scoop. Nu syns BGB och Agneta Brav\u00e9lius f\u00f6rbereda sig f\u00f6r ytterligare en intervju och st\u00e4mningen verkar laddad. Agneta h\u00f6rs hosta till och det prasslas med papper i bakgrunden. Det \u00e4r uppenbart att denna f\u00f6rsta del av dokument\u00e4ren nu b\u00f6rjar n\u00e4rma sig sitt braskande slut.<\/p>\n<p>Nu sitter Agneta Brav\u00e9lius i sin soffa igen ikl\u00e4dd sin\u00a0 bl\u00e5 dress. Hon ser sp\u00e4nd och besv\u00e4rad ut.<\/p>\n<p>De hotfulla mullrandet av \u00f6desdigra basg\u00e5ngar h\u00f6rs fortfarande i bakgrunden.<\/p>\n<p>&nbsp;<\/p>\n<p><strong>AB h\u00f6rs viska i bakrunden<\/strong><\/p>\n<p>-Nu ska vi se h\u00e4r&#8230;<\/p>\n<p>.<\/p>\n<p>.. <strong>medan BGB forts\u00e4tter:<\/strong><\/p>\n<p>&nbsp;<\/p>\n<p>-En glimt av hur hon <b><i>egentligen<\/i><\/b> tycks resonera. <strong>L\u00d6GN!<\/strong><\/p>\n<p>&nbsp;<\/p>\n<p><strong>Min kommentar:<\/strong><\/p>\n<p>Ist\u00e4llet f\u00f6r att redog\u00f6ra f\u00f6r detta nya utlovade fynd, g\u00f6r BGB som vanligt &#8211; hoppar raskt vidare till ett annat klipp och <strong>Hans Cagnell<\/strong> som d\u00e5 ska in i bild f\u00f6r att avleda uppm\u00e4rksamheten fr\u00e5n att han <em><strong>egentligen<\/strong><\/em> aldrig hittar n\u00e5got hos Agneta Brav\u00e9lius\u00b4resonemang \u00a0att anm\u00e4rka p\u00e5, s\u00e5 att han ist\u00e4llet till slut sj\u00e4lv tvingas konstruera egna fejkade p\u00e5hitt om den saken.<\/p>\n<p>&nbsp;<\/p>\n\t<p><strong>HUVUDL\u00d6GNER<\/strong><\/p>\n<p><strong>Anklagelserna om \u00f6vergrepp har granskats i n\u00e4rmare tio utredningar och avf\u00e4rdats.<\/strong><\/p>\n<p>Fr\u00e5gan blir br\u00e4nnhet akut n\u00e4r Bo-G\u00f6rsn Bodin okritiskt anammar det faktum att ansvariga myndighetsut\u00f6vares utan utredning avf\u00e4rdar fyra l\u00e4kares, en fd kriminalkommissarie och sexualbrottsutredares, en psykoterapeuts orosanm\u00e4lningar och ett flertal n\u00e4rst\u00e5endes vittnesm\u00e5l p\u00e5 allvar, som resultatet av \u00a0mammans &#8221;p\u00e5verkan&#8221;. \u00a0F\u00f6r det st\u00e4mmer helt enkelt inte att det f\u00f6retagits n\u00e5gon utredning av dessa orosanm\u00e4lningar och vittnesm\u00e5l, utan de har tv\u00e4rtom lagts ner s\u00e5 snart de kommit in p\u00e5 socialtj\u00e4nstens bord.<\/p>\n<p>Det mest otvetydiga exemplet p\u00e5 det \u00e4r att den misst\u00e4nkta g\u00e4rningsmannen aldrig ens f\u00f6rh\u00f6rts. Och vad polisens insatser i \u00f6vrigt anbelangar har det i okt 2016 och 8 februari 2017 h\u00e5llits tv\u00e5 f\u00f6rh\u00f6r med sonen p\u00e5 Barnahus, som minst av allt kan karakt\u00e4riserats som &#8221;professionella&#8221;, d\u00e5 \u00a0det \u00e4r uppenbart att de h\u00e5llits under s\u00e5 otrygga former att sonen inte v\u00e5gat l\u00f6pa linan ut och ber\u00e4tta vad det \u00e4r pappan uts\u00e4tter honom f\u00f6r, trots att han uttryckligen uppger att han beh\u00f6ver hj\u00e4lp med n\u00e5got som inte \u00e4r bra hemma hos honom.<\/p>\n<p>&nbsp;<\/p>\n<p><strong>BRY UTG\u00d6R EN SEKT SOM HEMFALLER \u00c5T KONSPIRATIONSTEORIER<\/strong><\/p>\n<p>Trots att vare sig Agneta Brav\u00e9lius eller Hans Cagnell uttalat \u00e5sikten att pedofila n\u00e4tverk skulle ha tagit \u00f6ver r\u00e4ttsut\u00f6vningen i landet och ingen av dem har p\u00e5st\u00e5tt att det skulle vara s\u00e5dana som blivit styrande heller p\u00e5 Anna &amp; Eliasfallet, spikas \u00e4ven detta fastom och om igen i det fortsatta tills den satt sig som en &#8221;sanning&#8221;. Att Monica Dahlstr\u00f6m v\u00e4grat l\u00e5ta sig intervjuas sedan det blivit uppdagat vad som varit BGB:s verkliga \u00e4rende i den sista intervjun med Agneta Brav\u00e9lius i april 2020 och d\u00e4rf\u00f6r sluppit undan korsf\u00f6rh\u00f6ren har hon inte uttalat ett ord om saken. Men det hindrar knappast att \u00e4ven hon ska dras in i denna verklighetsbeskrivning \u00a0som en del i den sk &#8221;sekt&#8221; d\u00e4r alla &#8221;p\u00e5verkar&#8221; varandra med sina trosf\u00f6rest\u00e4llningar.<\/p>\n<p>&nbsp;<\/p>\n\t<h3>_____________________________________________________________________________________<\/h3>\n\n<h3>Fr\u00e5n hemsidan<\/h3>\n<p>DEL 2:1 EN NY M\u00c4KTIG MOTST\u00c5NDARE\u00a0<\/p>\n<p>&nbsp;<\/p>\n<p><strong>Fr\u00e5n b\u00f6rjan till 16 minuter in.<\/strong><\/p>\n<p><a href=\"http:\/\/mmstudies.com\/atb\/spar\/\">VILSELEDANDE SP\u00c5R I WALLRAFFANDET \u00bb<\/a><\/p>\n<p>&nbsp;<\/p>\n<h3><strong>BGB<\/strong><b>:<\/b> 01:23<\/h3>\n<h3>Anklagelserna om \u00f6vergrepp har granskats i n\u00e4rmare tio utredningar och avf\u00e4rdats.<strong> L\u00d6GN!!!<\/strong><\/h3>\n\n<h3>BGB:<\/h3>\n<h3>-Organisationen sprider en grundl\u00f6s anklagelse.<strong> L\u00d6GN!!!<\/strong><\/h3>\n<p>Nu h\u00f6rs en kvinnas klagande gr\u00e5t i bakgrunden och fler figurer fr\u00e5n den tidigare delen passerar revy.<\/p>\n\n<p>BGB:<\/p>\n<h3>-Vad h\u00e4nder n\u00e4r l\u00f6gner packeteras som sanning&#8230;<\/h3>\n<p>&nbsp;<\/p>\n<p><strong>FALSK INSINUATION \/ PROJEKTION<\/strong><\/p>\n<p>&nbsp;<\/p>\n<p><b>Min kommentar:<\/b><\/p>\n<p>Oj, ja det vet bara BGB alltf\u00f6r v\u00e4l, han som sj\u00e4lv just \u00e4r i f\u00e4rde med det med alla de cineastiska grepp han har i sin rikt utrustade verktygsl\u00e5da, inklusive bristande samvete att ljuga s\u00e5 l\u00e5ngt och smalt att det slinker ner hos de flesta utan att s\u00e4ttas i halsen.<\/p>\n<p>Ju st\u00f6rre l\u00f6gn, desto mer verkar den sann. Det visste b\u00e5de Hitler, G\u00f6bbels och Mussolini.<\/p>\n\n<h3><strong>BGB:<\/strong><\/h3>\n<h3>-\u00c5tta\u00e5rige Elias har ryckts fr\u00e5n sin vardag och missat en stor del av sitt f\u00f6rsta skol\u00e5r. Han har nu varit sp\u00e5rl\u00f6st f\u00f6rsvunnen i mer \u00e4n tre m\u00e5nader.<\/h3>\n<p><strong>FALSK VERKLIGHETS\u00c5TERGIVNING<\/strong><\/p>\n<p>Det \u00e4r hos mamman pojken haft mesta delen av sin vardag, fram till den dag det underm\u00e5ligt grundade \u00a0beslutet togs att ge pappan ensam v\u00e5rdnad, och pojken flyttades \u00f6ver till honom interimistiskt i mars 2017.<\/p>\n<p>&nbsp;<\/p>\n<h3><strong>BGB:<\/strong> 7:44<\/h3>\n<h3>-Elias-fallet har noga unders\u00f6kts av flera myndigheter.Ett 20-tal professionella har varit inblandade i utredningarna, som alla avf\u00e4rdat Annas anklagelser om sexuella \u00f6vergrepp.<strong>\u00a0 L\u00d6GN!!!<\/strong><\/h3>\n<h3>Men Barnr\u00e4ttsorganisationen BRY:s ledare h\u00e4vdar ist\u00e4llet att ett pedofiln\u00e4tverk infiltrerat r\u00e4ttsv\u00e4sendet. <strong>L\u00d6GN!!!<\/strong><\/h3>\n<p><strong>Min kommentar:<\/strong><\/p>\n<p>H\u00e4r ska det \u00e5terigen konstateras att det \u00e4r BGB:s egen uppfinning att BRY:s \u00a0analys av den underm\u00e5liga hanteringen av fallet skulle utg\u00f6ras av att h\u00e4nvisa till de d\u00e4r pedofila n\u00e4tverken. Men h\u00e4danefter g\u00e4ller det allts\u00e5 att spika fast den l\u00f6gnen s\u00e5 ofta och eftertryckligt att den blir sann.<\/p>\n<p>F\u00f6r det andra finns det helt bevisligen inga mer &#8221;professionella&#8221; \u00e4n den h\u00f6gt uppskattade och flerfaldigt prisbel\u00f6nade kriminalkommissarien och sexualbrottsutredaren Monica Dahlstr\u00f6m-Lannes, psykoterapeuten Hans Cagnell och dito fil lic Jan Bj\u00f6rklund bland de 20-tal som varit inblandade i de sk &#8221;utredningar&#8221; som BGB h\u00e4nvisar till, d\u00e5 de enbart utg\u00f6rs av socialsekreterare och ytterst bristf\u00e4lligt barnsakkunniga f\u00f6rh\u00f6rsledare vid Barnahus, varav ingen ens \u00e4r i n\u00e4rheten av Monica Dahlstr\u00f6m-Lannes l\u00e5nga erfarenhet och kompetens, som tidigare n\u00e4mnts i del 1:3.<\/p>\n<p>Och f\u00f6r det tredje utg\u00f6r det en enkel match f\u00f6r vilken normalbeg\u00e5vad amat\u00f6r som helst med den manual i hand som f\u00f6reningens Barnets B\u00e4sta:s \u00a0gett ut f\u00f6r hur ett korrekt utredningsf\u00f6rfarande ska g\u00e5 till enligt konstens alla regler, att konstatera att inte en enda s\u00e5dan f\u00f6retagits i detta fall. Och s\u00e4kerligen \u00e4r inte ens en guldspadegr\u00e4vare som Bo-G\u00f6ran Bodin s\u00e5 fullst\u00e4ndigt borta i pallet att han inte inser det.<\/p>\n<p>Att p\u00e5st\u00e5 att ett brottsfall skulle ha blivit utrett vari den misst\u00e4nkta brottslingen aldrig blivit f\u00f6rh\u00f6rd \u00f6ver huvud taget och hans brottsoffer enbart till\u00e5ts vittna i n\u00e4rvaro av honom sj\u00e4lv, talar minst av allt f\u00f6r n\u00e5gon &#8221;professionalim&#8221;.<\/p>\n<p>Men det \u00e4r allts\u00e5 vad barnets f\u00f6rsvarsadvokat tycker \u00e4r i sin ordning, f\u00f6rutom att dikta ihop en egen historia om hur mamman och pappan tr\u00e4ffades och hur deras f\u00f6rsta tid tillsammans f\u00f6rl\u00f6pte osv ( Se del 1: c:a 20 minuter in !) \u00a0och dito det verkliga motivet till mamman flykt med pojken, trots att det mots\u00e4gs av s\u00e5dana l\u00e4tt tillg\u00e4ngliga fakta i dokumenten som entydigt kan p\u00e5visa vad som kom f\u00f6rst och utgjort orsak till hennes handlande ist\u00e4llet f\u00f6r verkan.<\/p>\n<p>En f\u00f6rv\u00e4xling av orsak och verkan som sen BGB h\u00e5rdnackat h\u00e5ller fast vid som den enda m\u00f6jliga premissen utan att n\u00e5gonsin ens g\u00f6ra ett f\u00f6rs\u00f6k till den alternativa hypotespr\u00f6vning som b\u00e4ttre st\u00e4mmer \u00f6verens med fakta i form av att mamman anm\u00e4lningar om vad sonen utsattes f\u00f6r hos pappan startade l\u00e5ngt f\u00f6re v\u00e5rdnadstvisten, och s\u00e5ledes var anledningen till att en v\u00e5rdnadstvist kom till st\u00e5nd ist\u00e4llet f\u00f6r tv\u00e4rtom.<\/p>\n<p>Det \u00e4r det s\u00e4tt som de &#8221;professionella&#8221; inom den tj\u00e4nstemannak\u00e5r som skor sig fett p\u00e5 v\u00e5rdnadstvister som p\u00e5g\u00e5r utan \u00e4nde, f\u00f6redrar att l\u00f6sa brotts\u00e4renden med en problematik i v\u00e5ld och \/ eller sexuella \u00f6vergrepp i &#8221;n\u00e4ra relation&#8221; som det ska heta s\u00e5 k\u00f6nsneutralt trots att det huvudsakligen best\u00e5r av m\u00e4ns v\u00e5ld mot kvinnor och barn. Det g\u00e5r n\u00e4rmast p\u00e5 rutin att f\u00f6rvandla dessa brotts\u00e4renden till v\u00e5rdnadstvister genom att ifr\u00e5gas\u00e4tta mammor f\u00f6r att anm\u00e4la pappor falskt f\u00f6r m\u00e5let att uppn\u00e5 enskild v\u00e5rdnad och som straff f\u00f6r det ist\u00e4llet se till att v\u00e5rdnaden skrivs \u00f6ver p\u00e5 papporna, s\u00e4rskilt om v\u00e5ldet och \/ eller \u00f6vergreppen tvingat mammorna att \u00a0f\u00f6r l\u00e4ngre eller kortare tid tex under det att utredning p\u00e5g\u00e5r, eller pga att barnen v\u00e4grar l\u00e5ta sig tvingas till umg\u00e4nge eller boende att som det heter &#8221;umg\u00e4ngessabotera&#8221;<\/p>\n<p>Det spelar sen ingen roll hur tydligt dessa mammor visat att de inte alls haft n\u00e5got emot gemensam v\u00e5rdnad och att l\u00e5ta barnen ha tillg\u00e5ng \u00e4ven till sina pappor.<\/p>\n<p>I SVT\/Bo-G\u00f6ran Bodins propagandistiska fejkscenario \u00e4r det de som ljuger st\u00f6rst och mest of\u00f6rskr\u00e4ckt fr\u00e4ckt som \u00e4r de stora sanningss\u00e4garna och de \u00e4rliga som framst\u00e4lls som op\u00e5litligt vilseledande l\u00f6gnhalsar eller &#8221;oprofessionella virrpannor&#8221;. Likas\u00e5 framst\u00e4lls alla som l\u00e5tit sig f\u00f6rledas av pappans idoga kampanjer mot mamman som beh\u00e4ftad med diverse olika diagnoser, som oklanderligt &#8221;objektiva&#8221;, medan alla som ens varit i n\u00e4rheten av mamman och hennes st\u00f6dpersoner inklusive de l\u00e4kare hon upps\u00f6kt, per automatik <b>misst\u00e4nkligg\u00f6rs som op\u00e5litligt subjektiva och f\u00f6rr\u00e4diskt l\u00e4ttp\u00e5verkade, som om det utgick n\u00e5gon form av &#8221;subjektiviserande gift&#8221; fr\u00e5n mamman<\/b>, varmed hon lyckas f\u00f6rh\u00e4xa deras sinnen och lamsl\u00e5 deras f\u00f6rm\u00e5ga till objektivitet. Som vi senare ska se i den tredje avslutande delen av spektaklet beh\u00f6vs inte mer f\u00f6r att dessa personer kring mamman ska lajka varandras efterr\u00e4tter p\u00e5 FB f\u00f6r att deras f\u00f6ruts\u00e4ttningar f\u00f6r objektivitet \u00a0och yrkesheder totalt ska sl\u00e5s ut. Vilket i j\u00e4mf\u00f6relse med pappas intima kontakter med b\u00e5de BGB \/ filmteamet och polisens spaningsgrupp ( i vilken hans och Doreen M\u00e5nsons &#8221;Hj\u00e4lpgrupp&#8221; ing\u00e5tt?) med flera i barnets omgivning p\u00e5 skola osv, m\u00e5ste anses synnerligen irrelevant.<\/p>\n<p>Den grundmurade misst\u00e4nksamheten mot mammor som uppr\u00e4ttat <b>starka k\u00e4rleksband <\/b>till sina barn och som de i sin tur har en normal anknytning till, som &#8221;p\u00e5verkande&#8221; och falskanm\u00e4lande n\u00e4r de uppfyller sin lagstadgade skyldighet att skydda, \u00e4r sannerligen allt annat utom &#8221;professionell&#8221; utan vittnar snarare om en l\u00e5ngt g\u00e5ngen psykopatologi p\u00e5 kollektiv basis i dessa sammanhang.<\/p>\n\n<h3><strong>BGB:<\/strong><\/h3>\n<h3>-Anna \u00e4r allts\u00e5 h\u00e4ktad i sin fr\u00e5nvaro. Jag vill ta reda p\u00e5 om BRY p\u00e5 n\u00e5got s\u00e4tt hj\u00e4lper Anna att h\u00e5lla sig undan.<\/h3>\n<p>&nbsp;<\/p>\n<p><strong>Min kommentar:<\/strong><\/p>\n<p>Det ska bli intressant att se om BGB \u00e5tminstone denna g\u00e5ng redovisar vad det \u00e4r hans wallraffande resulterat i.<\/p>\n<p>&nbsp;<\/p>\n<h3><strong>BGB:<\/strong> 10:59<\/h3>\n<h3>-Reservtelefoner, alternativa nummer. Det trodde jag inte om en pensionerad polis som Monica Dahstr\u00f6m-Lannes.<\/h3>\n<p>&nbsp;<\/p>\n<p><strong>Min kommentar:<\/strong><\/p>\n<p>Hur ska det kunna antas strida mot lag och ordning att ha reservtelefoner och alternativa nummer? \u00a0Vad BGB ist\u00e4llet borde ha ifr\u00e5gasatt \u00e4r v\u00e4l ist\u00e4llet hur polisen drar in en pappa i sin spaning, som \u00e4r anm\u00e4ld f\u00f6r brott, varf\u00f6r han trots en mycket stark misstankegrund och ett stort antal anm\u00e4lningar fr\u00e5n auktoritativt h\u00e5ll, inte ens blivit f\u00f6rh\u00f6rd.<\/p>\n<h3><strong>BGB:<\/strong><\/h3>\n<h3>-Men jag v\u00e4ntar med mina fr\u00e5gor, nu n\u00e4r jag kanske kan f\u00e5 kontakt \u00a0med Anna.<\/h3>\n<h3>-Jag s\u00e4ger inte heller n\u00e5t till Nello. Jag \u00e4r r\u00e4dd att han kan hitta p\u00e5 n\u00e5t, s\u00e5 BRY blir misst\u00e4nksamma.\u00a0Men det verkar som han f\u00e5tt upp ett sp\u00e5r&#8230;.<\/h3>\n<p>&nbsp;<\/p>\n<h3><strong>BGB<\/strong> 14:20<\/h3>\n<h3>Jag f\u00e5r inget SMS av Nello. Jag h\u00f6r inget av honom p\u00e5 flera dar. Men jag f\u00f6rst\u00e5r att Elias inte \u00e4r tillbaka.<\/h3>\n<p>&nbsp;<\/p>\n<h3><strong>BGB:<\/strong><\/h3>\n<h3>Medan jag v\u00e4ntar best\u00e4mmer jag mig f\u00f6r att f\u00f6r att kartl\u00e4gga den kampanj som BRY. dragit i g\u00e5ng p\u00e5 n\u00e4tet. 14:47<\/h3>\n<p>&nbsp;<\/p>\n<p><strong>Min kommentar:<\/strong><\/p>\n<p>Som vanligt \u00e4r resultatet av BGB:s spaning t\u00e4mligen magert. Ingenting vare sig olagligt eller p\u00e5 annat s\u00e4tt klanderv\u00e4rt uppdagas heller nu om BRY:s sk &#8221;kampanj&#8221;<\/p>\n<p>&nbsp;<\/p>\n<p><strong>Min kommentar:<\/strong><\/p>\n<p>\u00c5terigen l\u00e4mnar BGB den fr\u00e5gest\u00e4llning han kommit in p\u00e5 f\u00f6r med diverse l\u00e5ngs\u00f6kta bortf\u00f6rklaringar, som i detta fall att han skulle kunna f\u00e5 kontakt med mamman och \/ eller att ge sken av att bli upptagen av ett annat sp\u00e5r, genom att h\u00e4r ha uppt\u00e4ckt att att Nello \/ polisen tycks ha f\u00e5tt napp i sina efterspaningar.<\/p>\n<p>F\u00f6r fr\u00e5gan \u00e5terst\u00e5r; Har BRY gjort sig skyldiga till &#8221;skyddande av brottsling&#8221; genom att kommunicera med mamman \u00f6ver telefon?<\/p>\n\n<h3><strong>BGB:<\/strong> 15:20<\/h3>\n<h3>-Det \u00e4r n\u00e4r jag g\u00e5r i genom de mail som skickats till dom politiker som sitter i den n\u00e4mnd som leder socialtj\u00e4nsten, som jag g\u00f6r en intressant uppt\u00e4ckt.<\/h3>\n\n<p><strong>Falskt vilseledande insinuation, d\u00e5 dessa mail inte har skickats fr\u00e5n BRY och \u00e4nnu ett nytt sticksp\u00e5r bort fr\u00e5n det BGB utlovat att wallraffa om.<\/strong><\/p>\n<p>&nbsp;<\/p>\n<h3><strong>BGB:<\/strong><\/h3>\n<h3>-Jag uppt\u00e4cker d\u00e5 mail som kommer fr\u00e5n en verksamhetschef f\u00f6r ett skyddat boende i J\u00e4mtland, ett s\u00e5nt boende som v\u00e5ldsutsatta kvinnor brukar g\u00f6mma sig p\u00e5.<\/h3>\n\n<p><b>Min kommentar:<\/b><\/p>\n<p>Eftersom det \u00e4r Jan Bj\u00f6rklund som st\u00e5tt f\u00f6r denna kontakt finns ingen anledning att dra in BRY i det hela. BGB f\u00f6rs\u00f6ker i sin sista intervju med Bj\u00f6rklund den 11 maj 2020 mj\u00f6lka honom p\u00e5 uppgiften att BRY skulle vara delaktig i hans samr\u00f6re med kommunpolitikern Eva Solberg i socialn\u00e4mnden, vilket han dock f\u00f6rnekar best\u00e4mt, s\u00e5v\u00e4l som att Hans Cagnell skulle ha tagit st\u00e4llning f\u00f6r pojkens utsatthet redan innan han tr\u00e4ffat honom och att Monica Dahlstr\u00f6m-Lannes skulle ha arrangerat mamman sista l\u00e4karbes\u00f6k p\u00e5 en akutmottagning \u00a0i september 2018. Men Bj\u00f6rklund st\u00e4ller sig antingen helt avvisande eller ovetande till BGB:s misskreditera Bry med dessa uppgifter.<\/p>\n\t<h3>________________________________________________________________________________<\/h3>\n<p>&nbsp;<\/p>\n<p>Del 2:2 EN NY M\u00c4KTIG FIENDE<\/p>\n<p>Fr\u00e5n 16 minuter in till c:a 30<\/p>\n<p>&nbsp;<\/p>\n<p><a href=\"http:\/\/mmstudies.com\/atb\/vem\">ROLLFIGUR nr 6 DEN VILSELEDDA BARMH\u00c4RTIGA SAMARITEN \u00bb<\/a><\/p>\n\n<h3><strong>BGB<\/strong>: 26:40<\/h3>\n<h3>-BRY f\u00f6rs\u00f6ker allts\u00e5 hitta n\u00e5n m\u00e4ktig person som kan ge Anna v\u00e5rdnaden tillbaka.<strong>L\u00d6GN!!!\u00a0<\/strong><\/h3>\n<p>&nbsp;<\/p>\n<p><strong>Min kommentar:<\/strong><\/p>\n<p>BGB v\u00e4ljer h\u00e4r medvetet att f\u00f6rvanska de fullt ut rimliga och godtagbara krav som\u00a0\u00a0BRY och \u00f6vriga av mammans st\u00f6dpersoner inklusive hennes ombud Jan Bj\u00f6rklund \u00a0p\u00e5 att fallet ska granskas och korrigeras genom en korrekt handl\u00e4ggning som <strong>osk\u00e4liga f\u00f6rs\u00f6k till &#8221;p\u00e5verkan&#8221; genom ministerstyre.<\/strong><\/p>\n<p>Att uppvakta politiker f\u00f6r att uppm\u00e4rksamma dem p\u00e5 ett tj\u00e4nstemannastyre som negligerar s\u00e5v\u00e4l <strong>g\u00e4llande lagar, f\u00f6rordningar och konventioner i FB, SoL och BK<\/strong>, som att h\u00e5lla sig till ett <strong>korrekt utredningsf\u00f6rfarande<\/strong> och <strong>godk\u00e4nd vetenskap<\/strong>, kan inte p\u00e5 minsta vis misst\u00e4nkligg\u00f6ras som maktmissbruk eller osk\u00e4lig p\u00e5verkan utan b\u00f6r tv\u00e4rtom tacksamt tas emot som uttryck f\u00f6r ett <strong>samh\u00e4llsengagemang<\/strong> och <strong>civilkurage<\/strong> och tom uppmuntras som en av de <strong>medborgerliga skyldigheterna<\/strong> i ett sant demokratiskt samh\u00e4lle.<\/p>\n<p>Symtomatiskt nog har Bo-G\u00f6ran Bodin heller aldrig svarat p\u00e5 fr\u00e5gan, p\u00e5 vad s\u00e4tt <a href=\"http:\/\/mmstudies.com\/atb\/radda\">BRY skulle ha p\u00e5verkat lagstiftningen<\/a> &#8211; detta som han anf\u00f6r som sk\u00e4l att inte respektera \u00a0Agneta Brav\u00e9lius beg\u00e4ran att hennes medverkan i &#8221;dokument\u00e4ren&#8221; inhiberas.<\/p>\n<p>&nbsp;<\/p>\n<h3><strong>BGB:<\/strong><\/h3>\n<h3>-N\u00e5n som kan kliva in och \u00e4ndra all tidigare beslut.<strong>L\u00d6GN!!!<\/strong><\/h3>\n<p>&nbsp;<\/p>\n<p><b>Min kommentar:<\/b><\/p>\n<p>\u00c5terigen spikas l\u00f6gnen fast f\u00f6r att bli Sanning.<\/p>\n<p>&nbsp;<\/p>\n<h3><strong>BGB:<\/strong><\/h3>\n<h3>-Och utan kollegornas vetskap tycks faktiskt Jan Bj\u00f6rklund ha hittat en makthavare: 27:07 <strong>L\u00d6GN<\/strong><\/h3>\n<p>Jan Bj\u00f6rklund har inga kollegor i BRY, vilket BGB \u00e5terigen mot b\u00e4ttre vetande f\u00f6rs\u00f6ker l\u00e5ta p\u00e5skina<\/p>\n<p>&nbsp;<\/p>\n<p><strong>BGB:<\/strong><\/p>\n<h3>-Jag b\u00f6rjar inse att hans tankar om fallet p\u00e5minner om dom uppseendev\u00e4ckande saker jag f\u00e5tt h\u00f6ra av BRY.<\/h3>\n<p><strong>Desinformerande, f\u00f6rminskande, f\u00f6rnedrande och omyndigf\u00f6rklarande h\u00e4rskarteknik gentemot h\u00f6gkvalificerat utbildad och yrkesverksam expertis och argumentation enligt guilt by association.<\/strong><\/p>\n<p>&nbsp;<\/p>\n<p><b>Min kommentar:<\/b><\/p>\n<p>Aha nu var det tydligen dags f\u00f6r \u00e4nnu mer guilt by association. S\u00e5 snart n\u00e5gon av uppviglarna uttalar sig i kritiska ordalag om maktmissbruket i myndighetsut\u00f6vningen ska det uppenbarligen prompt beh\u00e4ftas med den p\u00e5vliga bannbullan.<\/p>\n<p>&nbsp;<\/p>\n<p><b>Birgitta Holmberg: <\/b>30:00<\/p>\n<p>-Jag har en, tv\u00e5, tre, fyra, fem, sex, sju, \u00e5tta, nio, tio, elva, tolv, tretton, fjorton, femton mail fr\u00e5n Jan Bj\u00f6rklund.<\/p>\n<p>Hur l\u00e5nga som helst om socialtj\u00e4nsten och &#8230; alla de fel som alla har gjort i det \u00e4rendet, enligt honom.<\/p>\n\n<h3><strong>BGB:<\/strong><\/h3>\n<h3>-Det var ju en g\u00e5ng h\u00e4r p\u00e5 den ansedda anh\u00f6rigf\u00f6reningen ATSUB, som Anna gick innan hon kom i kontakt med BRY.<\/h3>\n\n<p><b>Min kommentar:<\/b><\/p>\n<p>Ja just precis. Och d\u00e4rf\u00f6r \u00e4r det, precis som tidigare p\u00e5talats f\u00f6rsta g\u00e5ngen BGB spikade fast detta i del 1:2, minst sagt konstigt att Birgitta Holmberg tycks ha tappat minnet sedan dess.<\/p>\n<p>&nbsp;<\/p>\n<p><b>BH:<\/b><\/p>\n<p>-Han ringde mig f\u00f6rst en g\u00e5ng. sen fick jag alla de h\u00e4r mejlena. &#8221;Konsten att f\u00f6rst\u00f6ra ett barn&#8221;. &#8221;Socialtj\u00e4nsten och polisen \u00e4r ett enda team&#8221;<\/p>\n<p>&nbsp;<\/p>\n<p><b>BH<\/b> i bild med hon h\u00f6rs tala i bakgrunden:<\/p>\n<p>-Om man i ett \u00e4rende har ett tunnelseende, att man vill att alla myndigheter g\u00f6r fel, s\u00e5 kan man ju leda s\u00e5na h\u00e4r utredningar tills man f\u00e5r r\u00e4tt i sina tankar. S\u00e5 t\u00e4nker jag.<\/p>\n<p>&nbsp;<\/p>\n<p><b>Min kommentar:<\/b><\/p>\n<p>P\u00e5 sig sj\u00e4lv k\u00e4nner man andra. Vill man att andra ska g\u00f6ra fel, tycks det n\u00e4mligen vara en s\u00e4rdeles enkel sak f\u00f6r Birgitta Holmberg att leda in sina tankar p\u00e5 det, s\u00e5 att det blir r\u00e4tt i hennes tankar. S\u00e4rskilt med tanke p\u00e5 att hon vid detta tillf\u00e4lle t\u00e4nkte precis tv\u00e4rtom f\u00f6r bara ett \u00e5r sedan. S\u00e5 t\u00e4nker jag.<\/p>\n<p>________________________________________________________________________________________________<\/p>\n\t<p><a href=\"http:\/\/mmstudies.com\/atb\/vem-ar-jag\/\">ABOUT<\/a><\/p>\n<p>&nbsp;<\/p>\n<p><strong>ANALYS AV SVT:s DOKUMENT\u00c4RSERIE:\u00a0<\/strong><\/p>\n<p><strong>ATT R\u00c4DDA ETT BARN<\/strong><\/p>\n<p>&nbsp;<\/p>\n<p><a href=\"http:\/\/mmstudies.com\/atb\/radda\">R\u00c4DDA M\u00c4N ELLER BARN?<\/a><\/p>\n<p>Redog\u00f6relse f\u00f6r det bedr\u00e4gliga uppl\u00e4gget kring tillkomsten av &#8221;dokument\u00e4rserien&#8221;: ATT R\u00c4DDA ETT BARN och den ideologiskt kunskapsfientliga agenda den ing\u00e5r i, som SVT Dokument inifr\u00e5n anslutit sig till i sina tidigare produktioner sen &#8221;K\u00f6nskriget&#8221; s\u00e4ndes 2005<\/p>\n<p>&nbsp;<\/p>\n<p><a href=\"http:\/\/mmstudies.com\/atb\/karta\">KARTA OCH KOMPASS TILL DRAMATURGIN<\/a><\/p>\n<p>&nbsp;<\/p>\n<h3><a href=\"https:\/\/www.svtplay.se\/video\/26863673\/dokument-inifran-att-radda-ett-barn\/dokument-inifran-att-radda-ett-barn-sasong-1-morka-krafter?start=auto\">DEL 1: M\u00d6RKA KRAFTER<\/a><\/h3>\n<p>&nbsp;<\/p>\n<p>PROLOG:<\/p>\n<p><a href=\"http:\/\/mmstudies.com\/atb\/prolog\">1:1 FAKTA ELLER FICTION<\/a><\/p>\n<p>&nbsp;<\/p>\n<p><a href=\"http:\/\/mmstudies.com\/atb\/agneta\">1:2 ROLLFIGUR NR 1: UPPVIGLARE MOT LAG OCH ORDNING<\/a><\/p>\n<p>&nbsp;<\/p>\n<p><a href=\"http:\/\/mmstudies.com\/atb\/lannes\">1:3 ROLLFIGUR nr 2 OCH 3 &#8211; UPPVIGLARENS ADJUTANTER OCH &#8221;CIVILISATIONENS&#8221; FIENDER<\/a><\/p>\n<p>&nbsp;<\/p>\n<p><a href=\"http:\/\/mmstudies.com\/atb\/sanning\">1:4 ROLLFIGURERNA 4 OCH 5: &#8221;CIVILISATIONENS&#8221; UTPOST MOT FIENDEN &#8211; DEN GODA F\u00c9N \/ SIBYLLAN OCH MODER SVEA\u00a0<\/a><\/p>\n<p>&nbsp;<\/p>\n<p>1:5 <a href=\"http:\/\/mmstudies.com\/atb\/filmade\/\">FILMADE DOKUMENT IST\u00c4LLET F\u00d6R GRANSKADE<\/a><\/p>\n<p>&nbsp;<\/p>\n<p><a href=\"http:\/\/mmstudies.com\/atb\/fejk\">1:6 FAKTA ELLER FEJK OM BARNETS VITTNESM\u00c5L?<\/a><\/p>\n<p>&nbsp;<\/p>\n<p><a href=\"http:\/\/mmstudies.com\/atb\/diagnos\">PAPPAN S\u00c4TTER DIAGNOS P\u00c5 MAMMAN OCH S\u00d6KER EFTER EN GR\u00c4VANDE JOURNALIST<\/a><\/p>\n<p>&nbsp;<\/p>\n<p>EPILOG:<\/p>\n<p><a href=\"http:\/\/mmstudies.com\/atb\/korruption\">1:7 &#8221;KONSPIRATIONSTEORIER&#8221; &#8211; ELLER V\u00c4LGRUNDADE MISSTANKAR OM KORRUPTION?<\/a><\/p>\n<p>&nbsp;<\/p>\n<h3><a href=\"https:\/\/www.svtplay.se\/video\/26929241\/dokument-inifran-att-radda-ett-barn\/dokument-inifran-att-radda-ett-barn-sasong-1-en-ny-maktig-motstandare?start=auto\">Del 2: EN NY M\u00c4KTIG MOTST\u00c5NDARE \u00bb<\/a><\/h3>\n<p>&nbsp;<\/p>\n<p><a href=\"http:\/\/mmstudies.com\/atb\/spar\/\">2:1 VILSELEDANDE SP\u00c5R I WALLRAFFANDET<\/a><\/p>\n<p>&nbsp;<\/p>\n<p><a href=\"http:\/\/mmstudies.com\/atb\/vem\/\">2:2\u00a0ROLLFIGUR nr 6: DEN VILSELEDDA BARMH\u00c4RTIGA SAMARITEN<\/a><\/p>\n<p>&nbsp;<\/p>\n<p><a href=\"http:\/\/mmstudies.com\/atb\/solberg\/\">2:3 ROLLFIGUR nr 7: \u00a0DEN SKUMMA INFILTRAT\u00d6REN OCH UPPVIGLAREN MOT LAG OCH ORDNING &#8211; MAMMANS OMBUD \u00a0<\/a><\/p>\n<p>&nbsp;<\/p>\n<p><a href=\"http:\/\/mmstudies.com\/atb\/fen\/\">2:4 MODER SVEA OCH DEN GODA F\u00c9N VALLAR DE VILSEG\u00c5NGNA TILLBAKA I F\u00c5LLAN IGEN<\/a><\/p>\n<p>&nbsp;<\/p>\n<h3><a href=\"https:\/\/www.svtplay.se\/video\/27017013\/dokument-inifran-att-radda-ett-barn\/dokument-inifran-att-radda-ett-barn-sasong-1-natverkets-makt?start=auto\">Del 3: ETT M\u00c4KTIGT N\u00c4TVERK<\/a><\/h3>\n<p>&nbsp;<\/p>\n<p><a href=\"http:\/\/mmstudies.com\/atb\/saga\/\">3:1 SAGANS SANNING\u00a0<\/a><\/p>\n<p>&nbsp;<\/p>\n<p><a href=\"http:\/\/mmstudies.com\/atb\/riddare\/\">3:2 LJUSETS RIDDARE &#8221;AVSL\u00d6JADE&#8221; SOM M\u00d6RKRETS<\/a><\/p>\n<p>&nbsp;<\/p>\n<p><a href=\"http:\/\/mmstudies.com\/atb\/lista\">LISTA MED FAKTAFEL<\/a><\/p>\n\n<p>REFERENSER TILL FAKTA OCH SAKKUNSKAP SOM MYNDIGHETERNA OCH SVT \/ BO-G\u00d6RAN BODIN NEGLIGERAR<\/p>\n<p>&nbsp;<\/p>\n<p><a href=\"http:\/\/mmstudies.com\/atb\/fakta1\">FAKTA I FALLET ANNA &amp; ELIAS nr 1 \u00bb<\/a><\/p>\n<p>&nbsp;<\/p>\n<p><a href=\"http:\/\/mmstudies.com\/atb\/fakta2\">FAKTA I FALLET ANNA &amp; ELIAS nr 2 \u00bb<\/a><\/p>\n<p>&nbsp;<\/p>\n<p><a href=\"http:\/\/mmstudies.com\/atb\/amator\">EXPERTER SOM DISKVALIFICERAS AV AMAT\u00d6RER \u00bb<\/a><\/p>\n<p>&nbsp;<\/p>\n<p><a href=\"http:\/\/mmstudies.com\/atb\/metodik\/\">STOR OKUNSKAP OM GRUNDL\u00c4GGANDE UTREDNINGSMETODIK<\/a> \u00bb<\/p>\n<p>&nbsp;<\/p>\n<p><a href=\"http:\/\/mmstudies.com\/atb\/barn\/\">STOR OKUNSKAP OM BARNF\u00d6RH\u00d6R \u00bb<\/a><\/p>\n<p>&nbsp;<\/p>\n<p><a href=\"http:\/\/mmstudies.com\/atb\/erinran\">MAMMANS ADVOKAT ANNA EDELHJELM I OHELIG ALLIANS MED ATSUB \u00bb<\/a><\/p>\n<p>&nbsp;<\/p>\n<p><a href=\"http:\/\/mmstudies.com\/atb\/jo\/\">KOLLEKTIV JO-ANM\u00c4LAN TILL\u00a0CHEFS-JO ELISABETH RYNNING \u00bb<\/a><\/p>\n<p>&nbsp;<\/p>\n<p><a href=\"http:\/\/mmstudies.com\/atb\/diagnos\">PAPPAN S\u00c4TTER DIAGNOS P\u00c5 MAMMAN OCH S\u00d6KER EFTER EN GR\u00c4VANDE JOURNALIST\u00bb<\/a><\/p>\n<p>&nbsp;<\/p>\n\t<p>&nbsp;<\/p>\n<p><a href=\"http:\/\/mmstudies.com\/atb\/vem-ar-jag\/\">ABOUT<\/a><\/p>\n<p>&nbsp;<\/p>\n<p><strong>ANALYS AV SVT:s DOKUMENT\u00c4RSERIE:\u00a0<\/strong><\/p>\n<p><strong>ATT R\u00c4DDA ETT BARN<\/strong><\/p>\n<p>&nbsp;<\/p>\n<p><a href=\"http:\/\/mmstudies.com\/atb\/radda\">R\u00c4DDA M\u00c4N ELLER BARN?<\/a><\/p>\n<p>Redog\u00f6relse f\u00f6r det bedr\u00e4gliga uppl\u00e4gget kring tillkomsten av &#8221;dokument\u00e4rserien&#8221;: ATT R\u00c4DDA ETT BARN och den ideologiskt kunskapsfientliga agenda den ing\u00e5r i, som SVT Dokument inifr\u00e5n anslutit sig till i sina tidigare produktioner sen &#8221;K\u00f6nskriget&#8221; s\u00e4ndes 2005<\/p>\n<p>&nbsp;<\/p>\n<p><a href=\"http:\/\/mmstudies.com\/atb\/karta\">KARTA OCH KOMPASS TILL DRAMATURGIN<\/a><\/p>\n<p>&nbsp;<\/p>\n<h3><a href=\"https:\/\/www.svtplay.se\/video\/26863673\/dokument-inifran-att-radda-ett-barn\/dokument-inifran-att-radda-ett-barn-sasong-1-morka-krafter?start=auto\">DEL 1: M\u00d6RKA KRAFTER<\/a><\/h3>\n<p>&nbsp;<\/p>\n<p>PROLOG:<\/p>\n<p><a href=\"http:\/\/mmstudies.com\/atb\/prolog\">1:1 FAKTA ELLER FICTION<\/a><\/p>\n<p>&nbsp;<\/p>\n<p><a href=\"http:\/\/mmstudies.com\/atb\/agneta\">1:2 ROLLFIGUR NR 1: UPPVIGLARE MOT LAG OCH ORDNING<\/a><\/p>\n<p>&nbsp;<\/p>\n<p><a href=\"http:\/\/mmstudies.com\/atb\/lannes\">1:3 ROLLFIGUR nr 2 OCH 3 &#8211; UPPVIGLARENS ADJUTANTER OCH &#8221;CIVILISATIONENS&#8221; FIENDER<\/a><\/p>\n<p>&nbsp;<\/p>\n<p><a href=\"http:\/\/mmstudies.com\/atb\/sanning\">1:4 ROLLFIGURERNA 4 OCH 5: &#8221;CIVILISATIONENS&#8221; UTPOST MOT FIENDEN &#8211; DEN GODA F\u00c9N \/ SIBYLLAN OCH MODER SVEA\u00a0<\/a><\/p>\n<p>&nbsp;<\/p>\n<p>1:5 <a href=\"http:\/\/mmstudies.com\/atb\/filmade\/\">FILMADE DOKUMENT IST\u00c4LLET F\u00d6R GRANSKADE<\/a><\/p>\n<p>&nbsp;<\/p>\n<p><a href=\"http:\/\/mmstudies.com\/atb\/fejk\">1:6 FAKTA ELLER FEJK OM BARNETS VITTNESM\u00c5L?<\/a><\/p>\n<p>&nbsp;<\/p>\n<p><a href=\"http:\/\/mmstudies.com\/atb\/diagnos\">PAPPAN S\u00c4TTER DIAGNOS P\u00c5 MAMMAN OCH S\u00d6KER EFTER EN GR\u00c4VANDE JOURNALIST<\/a><\/p>\n<p>&nbsp;<\/p>\n<p>EPILOG:<\/p>\n<p><a href=\"http:\/\/mmstudies.com\/atb\/korruption\">1:7 &#8221;KONSPIRATIONSTEORIER&#8221; &#8211; ELLER V\u00c4LGRUNDADE MISSTANKAR OM KORRUPTION?<\/a><\/p>\n<p>&nbsp;<\/p>\n<h3><a href=\"https:\/\/www.svtplay.se\/video\/26929241\/dokument-inifran-att-radda-ett-barn\/dokument-inifran-att-radda-ett-barn-sasong-1-en-ny-maktig-motstandare?start=auto\">Del 2: EN NY M\u00c4KTIG MOTST\u00c5NDARE \u00bb<\/a><\/h3>\n<p>&nbsp;<\/p>\n<p><a href=\"http:\/\/mmstudies.com\/atb\/spar\/\">2:1 VILSELEDANDE SP\u00c5R I WALLRAFFANDET<\/a><\/p>\n<p>&nbsp;<\/p>\n<p><a href=\"http:\/\/mmstudies.com\/atb\/vem\/\">2:2\u00a0ROLLFIGUR nr 6: DEN VILSELEDDA BARMH\u00c4RTIGA SAMARITEN<\/a><\/p>\n<p>&nbsp;<\/p>\n<p><a href=\"http:\/\/mmstudies.com\/atb\/solberg\/\">2:3 ROLLFIGUR nr 7: \u00a0DEN SKUMMA INFILTRAT\u00d6REN OCH UPPVIGLAREN MOT LAG OCH ORDNING &#8211; MAMMANS OMBUD \u00a0<\/a><\/p>\n<p>&nbsp;<\/p>\n<p><a href=\"http:\/\/mmstudies.com\/atb\/fen\/\">2:4 MODER SVEA OCH DEN GODA F\u00c9N VALLAR DE VILSEG\u00c5NGNA TILLBAKA I F\u00c5LLAN IGEN<\/a><\/p>\n<p>&nbsp;<\/p>\n<h3><a href=\"https:\/\/www.svtplay.se\/video\/27017013\/dokument-inifran-att-radda-ett-barn\/dokument-inifran-att-radda-ett-barn-sasong-1-natverkets-makt?start=auto\">Del 3: ETT M\u00c4KTIGT N\u00c4TVERK<\/a><\/h3>\n<p>&nbsp;<\/p>\n<p><a href=\"http:\/\/mmstudies.com\/atb\/saga\/\">3:1 SAGANS SANNING\u00a0<\/a><\/p>\n<p>&nbsp;<\/p>\n<p><a href=\"http:\/\/mmstudies.com\/atb\/riddare\/\">3:2 LJUSETS RIDDARE &#8221;AVSL\u00d6JADE&#8221; SOM M\u00d6RKRETS<\/a><\/p>\n<p>&nbsp;<\/p>\n<p><a href=\"http:\/\/mmstudies.com\/atb\/lista\">LISTA MED FAKTAFEL<\/a><\/p>\n\n<p>REFERENSER TILL FAKTA OCH SAKKUNSKAP SOM MYNDIGHETERNA OCH SVT \/ BO-G\u00d6RAN BODIN NEGLIGERAR<\/p>\n<p>&nbsp;<\/p>\n<p><a href=\"http:\/\/mmstudies.com\/atb\/fakta1\">FAKTA I FALLET ANNA &amp; ELIAS nr 1 \u00bb<\/a><\/p>\n<p>&nbsp;<\/p>\n<p><a href=\"http:\/\/mmstudies.com\/atb\/fakta2\">FAKTA I FALLET ANNA &amp; ELIAS nr 2 \u00bb<\/a><\/p>\n<p>&nbsp;<\/p>\n<p><a href=\"http:\/\/mmstudies.com\/atb\/amator\">EXPERTER SOM DISKVALIFICERAS AV AMAT\u00d6RER \u00bb<\/a><\/p>\n<p>&nbsp;<\/p>\n<p><a href=\"http:\/\/mmstudies.com\/atb\/metodik\/\">STOR OKUNSKAP OM GRUNDL\u00c4GGANDE UTREDNINGSMETODIK<\/a> \u00bb<\/p>\n<p>&nbsp;<\/p>\n<p><a href=\"http:\/\/mmstudies.com\/atb\/barn\/\">STOR OKUNSKAP OM BARNF\u00d6RH\u00d6R \u00bb<\/a><\/p>\n<p>&nbsp;<\/p>\n<p><a href=\"http:\/\/mmstudies.com\/atb\/erinran\">MAMMANS ADVOKAT ANNA EDELHJELM I OHELIG ALLIANS MED ATSUB \u00bb<\/a><\/p>\n<p>&nbsp;<\/p>\n<p><a href=\"http:\/\/mmstudies.com\/atb\/jo\/\">KOLLEKTIV JO-ANM\u00c4LAN TILL\u00a0CHEFS-JO ELISABETH RYNNING \u00bb<\/a><\/p>\n<p>&nbsp;<\/p>\n<p><a href=\"http:\/\/mmstudies.com\/atb\/diagnos\">PAPPAN S\u00c4TTER DIAGNOS P\u00c5 MAMMAN OCH S\u00d6KER EFTER EN GR\u00c4VANDE JOURNALIST\u00bb<\/a><\/p>\n<p>&nbsp;<\/p>\n\n","protected":false},"excerpt":{"rendered":"<p>LISTA MED FAKTAFEL nr 2 REFERENSER TILL FAKTA OCH SAKKUNSKAP SOM MYNDIGHETERNA OCH SVT \/ BO-G\u00d6RAN BODIN NEGLIGERAR &nbsp; FAKTA I FALLET ANNA &amp; ELIAS nr 1 \u00bb FAKTA I FALLET ANNA &amp; ELIAS nr 2 \u00bb EXPERTER SOM DISKVALIFICERAS AV AMAT\u00d6RER \u00bb STOR OKUNSKAP OM GRUNDL\u00c4GGANDE UTREDNINGSMETODIK\u00a0 STOR OKUNSKAP OM BARNF\u00d6RH\u00d6R \u00bb MAMMANS ADVOKAT&#8230;<\/p>\n","protected":false},"author":1,"featured_media":0,"parent":0,"menu_order":0,"comment_status":"closed","ping_status":"closed","template":"full-width-page.php","meta":{"footnotes":""},"class_list":["post-1284","page","type-page","status-publish","hentry"],"_links":{"self":[{"href":"http:\/\/mmstudies.com\/atb\/wp-json\/wp\/v2\/pages\/1284","targetHints":{"allow":["GET"]}}],"collection":[{"href":"http:\/\/mmstudies.com\/atb\/wp-json\/wp\/v2\/pages"}],"about":[{"href":"http:\/\/mmstudies.com\/atb\/wp-json\/wp\/v2\/types\/page"}],"author":[{"embeddable":true,"href":"http:\/\/mmstudies.com\/atb\/wp-json\/wp\/v2\/users\/1"}],"replies":[{"embeddable":true,"href":"http:\/\/mmstudies.com\/atb\/wp-json\/wp\/v2\/comments?post=1284"}],"version-history":[{"count":79,"href":"http:\/\/mmstudies.com\/atb\/wp-json\/wp\/v2\/pages\/1284\/revisions"}],"predecessor-version":[{"id":3119,"href":"http:\/\/mmstudies.com\/atb\/wp-json\/wp\/v2\/pages\/1284\/revisions\/3119"}],"wp:attachment":[{"href":"http:\/\/mmstudies.com\/atb\/wp-json\/wp\/v2\/media?parent=1284"}],"curies":[{"name":"wp","href":"https:\/\/api.w.org\/{rel}","templated":true}]}}