{"id":1283,"date":"2019-05-27T19:00:45","date_gmt":"2019-05-27T19:00:45","guid":{"rendered":"http:\/\/mmstudies.com\/eftervaldet\/?page_id=1283"},"modified":"2024-10-14T18:55:55","modified_gmt":"2024-10-14T18:55:55","slug":"statliga","status":"publish","type":"page","link":"http:\/\/mmstudies.com\/eftervaldet\/statliga\/","title":{"rendered":"DE STATLIGA V\u00c5RDNADSUTREDNINGARNA"},"content":{"rendered":"\n\n\t\t\t\t<img loading=\"lazy\" decoding=\"async\" src=\"http:\/\/mmstudies.com\/eftervaldet\/wp-content\/uploads\/sites\/12\/2019\/03\/1462357234-1.jpeg\" alt=\"1462357234\" itemprop=\"image\" height=\"545\" width=\"444\" title=\"1462357234\" onerror=\"this.style.display='none'\"  \/>\n\t<p>Lagman Mats Sj\u00f6sten vid Varbergs tingsr\u00e4tt<\/p>\n\t<h1 data-offset-key=\"fogun-0-0\"><strong>DV \/ AC<\/strong> = Domestic Violence \/ Child Abusev\u00e5ld och sexuella \u00f6vergrepp i n\u00e4ra relation<\/h1>\n<h1 data-offset-key=\"fogun-0-0\"><strong>Efterv\u00e5ld<\/strong> = Den v\u00e5ldsut\u00f6vning som f\u00f6ljer p\u00e5 separationen &#8211; och som i den nuvarande familjer\u00e4ttsliga diskursen ben\u00e4mns som uttryck f\u00f6r bristande &#8221;samarbete&#8221; och en &#8221;konflikt&#8221; som i p\u00e5fallande m\u00e5nga \u00a0fall mamman g\u00f6rs mest ansvarig f\u00f6r att &#8221;dra in barnen i&#8221;.<\/h1>\n<p>Citat fr\u00e5n SvD den 13 april 2013 <a href=\"https:\/\/www.svd.se\/vardnadstvisterna-fordubblades?fbclid=IwAR1qBgJADrRJkDXiCC58GZRRA6g0t4tLAi3e3-Ocm28vF8NnZFm1Lsrju2M\">&#8221;V\u00e5rdnadstvisterna f\u00f6rdubblas&#8221;<\/a> av Anna Singer, professor i familjer\u00e4tt vid Uppsala universitet:<\/p>\n<h2>&#8211; N\u00e4r man g\u00f6r samarbetsf\u00f6rm\u00e5ga till ett kriterium s\u00e5 har man gett den icke samarbetsvilliga f\u00f6r\u00e4ldern ett vapen. Att \u00e5stadkomma samarbetssv\u00e5righeter \u00e4r v\u00e4ldigt enkelt. Det \u00e4r bara att s\u00e4ga nej till allting.<\/h2>\n\t<p>DE STATLIGA V\u00c5RDNADSUTREDNINGARNA<\/p>\n<p>Tills\u00e4ttningarna av sakkunnig expertis till de statliga v\u00e5rdnadsutredningarna l\u00e4mnar mycket att \u00f6nska, i det att de tycks ske utan f\u00f6refintligt sakkunnigt omd\u00f6me eller kontroll fr\u00e5n h\u00f6gre instans p\u00e5 regeringsniv\u00e5.<\/p>\n<p>Mer tycks det som om domstolsv\u00e4sendet utvecklats till en frist\u00e5ende instans, som \u00e5tnjuter immunitet gentemot kontroll och insyn fr\u00e5n annan sakkunnig eller h\u00f6gre instans och s\u00e4tter sina egna lagar och regler och utser sina egna lojala kollegor till landets h\u00f6gsta tj\u00e4nster och mest eftertraktade uppdrag.<\/p>\n<p>I det \u00e4r det l\u00e4tt att h\u00e5lla med den Ralf G Larsson, ordf\u00f6rande i\u00a0\u00a0Domarf\u00f6rbundet som i en <a href=\"https:\/\/www.aftonbladet.se\/nyheter\/a\/4d3G4a\/sexkopsdomd-domare-?fbclid=IwAR0VSuodnVU85RAcJsszUo6znJ3Ykh_0Eb9q-3rQGi34zRbtSj84TXhUhZA\">artikel i AB 2007, ang\u00e5ende att d\u00f6mda sexk\u00f6pare som Leif Thorsson<\/a> kan tills\u00e4tta sig sj\u00e4lva till tj\u00e4nsterna som domare i H\u00f6gsta domstolen, kritiserar detta s\u00e5v\u00e4l som\u00a0att landets h\u00f6gsta domare inte pr\u00f6vas b\u00e4ttre innan de utses av regeringen. Att arbeta som justitier\u00e5d \u00e4r en s\u00e5 kallad kallelsetj\u00e4nst.<\/p>\n<h3>&#8211; Det \u00e4r en fruktansv\u00e4rt tokig ordning, och det har jag ocks\u00e5 p\u00e5talat f\u00f6r b\u00e5de den f\u00f6rre och den nuvarande justiteministern.<\/h3>\n<p>Hur det nu \u00e4r med resten av landets domark\u00e5r s\u00e5v\u00e4l som med tills\u00e4ttningen av JO, JK och R\u00c5 kan man undra, d\u00e5 det i livsviktiga angel\u00e4genheter som barns r\u00e4ttss\u00e4kerhet, och s\u00e4rskilt den r\u00e4ttss\u00e4kerhet som kvinnor \/ mammor och barn som uts\u00e4tts f\u00f6r DV \/ AC &amp; efterv\u00e5ld<strong><em> inte<\/em><\/strong> \u00e5tnjuter, mest ser ut som om ansvariga agerar i avsikten att fr\u00e5nh\u00e5lla sig denna verklighet som icke-existerande, eller som en som inte ska ligga p\u00e5 deras bord, utan n\u00e5gon annans, bara Gud vet vems.<\/p>\n<p>Inte minst kommer detta faktum som mest tydligt till uttryck i urvalet av sakkunnig expertis till de statliga v\u00e5rdnadsutredningarna, vari bla den <a href=\"http:\/\/mmstudies.com\/mammamanualen\/mats-sjosten\/\">lagman Mats Sj\u00f6sten vid Varbergs tingsr\u00e4tt<\/a> varit aktuell, vilket m\u00e5ste anses anm\u00e4rkningsv\u00e4rt med avseende p\u00e5 <a href=\"http:\/\/mmstudies.com\/eftervaldet\/granskning-ms\/\">det flertal h\u00f6gst graverande insatser han bidragit med<\/a> och som jag snuddat vid i olika sammanhang och \u00a0kommit in p\u00e5 i samband med hans <a href=\"http:\/\/mmstudies.com\/eftervaldet\/lambertz\/\">str\u00e4nga f\u00f6rordnande av tv\u00e5ngs\u00e5tg\u00e4rder f\u00f6r att f\u00e5 till st\u00e5nd umg\u00e4nge hos ovilliga barn<\/a>, och som g\u00e5r p\u00e5 kors mot g\u00e4llande etiska f\u00f6rh\u00e5llningsregler inom skola, sjukv\u00e5rd och psykiatri.<\/p>\n<p>I tills\u00e4ttningen av expertis till bet\u00e4nkandet av v\u00e5rdnadsreformen fr\u00e5n 2006 i SOU 2017, finns inte EN enda, ut\u00f6ver psykologen Jenny Klefbom, barnsakkunnig representant, gentemot en \u00f6verv\u00e4gande majoritet av jurister, samt <a href=\"http:\/\/mmstudies.com\/eftervaldet\/fsr\">familjer\u00e4ttssekreteraren Joakim Blom med socionomutbildning<\/a> och h\u00f6gst tveksam ideologisk inriktining som medlem i <a href=\"http:\/\/mmstudies.com\/eftervaldet\/fsr\/\">Familjer\u00e4ttssekreterarnas Riksf\u00f6rbund FSR, vilken utg\u00f6r en lobbyist-organisation f\u00f6r PA(S)<\/a><\/p>\n<p>(Se vidare h\u00e4r nedan!)<\/p>\n<p>Att\u00a0experterna uppvisar en alarmerande bristf\u00e4llig kompetens i utredningsmetodik, kommer synligt till uttryck i anv\u00e4ndningen av vaga h\u00e4nvisningar till att <em>&#8221;det har sagts att&#8221;<\/em>, man har\u00a0<em>&#8221;f\u00e5tt intryck av&#8221;<\/em>,\u00a0det <em>&#8221;har f\u00f6rts fram&#8221;,<\/em> <em>&#8221;hafts synpunkter p\u00e5&#8221;<\/em>, etc, \u00a0ist\u00e4llet f\u00f6r att g\u00f6ra korrekta analyser utefter f\u00f6refintlig forskning och fakta, f\u00f6rsedd med k\u00e4llh\u00e4nvsningar, liksom att de \u00e4ven v\u00e4ljer att bortse fr\u00e5n <a href=\"http:\/\/mmstudies.com\/eftervaldet\/forbigas\/\">s\u00e5dan forskning och fakta som inte st\u00f6djer den egna omedvetandegjorda ideologin \/confirmation bias\u00a0<\/a> och verklighetsuppfattningen, p\u00e5visar en h\u00e4pnadsv\u00e4ckande brist p\u00e5 sann professionalism.<\/p>\n<p>I remiss-svaren fr\u00e5n de olika organisationer som har l\u00e5ng och djupg\u00e5ende erfarenhet av arbete med f\u00f6r\u00e4ldrar och barn utsatta f\u00f6r DV \/ AC &amp; efterv\u00e5ld \u00e4r kritiken att utredningen, bortsett fr\u00e5n ett kortare avsnitt om d\u00f6dligt v\u00e5ld i DV \/ AC och dess implikationer p\u00e5 v\u00e5rdnadsfr\u00e5gan, helt och h\u00e5llet bortser fr\u00e5n \u00a0detta perspektiv, genomg\u00e5ende.<\/p>\n<p>Symptomatiskt nog \u00e4r det \u00e4r bara yttrandet fr\u00e5n PappaBarn, som med undantag fr\u00e5n n\u00e5gra sm\u00e4rre inv\u00e4ndningar i fr\u00e5ga om f\u00f6rdelarna med 2006 \u00e5rs v\u00e5rdnadsreform, som m\u00f6jliggjorde gemensam v\u00e5rdnad mot en av parternas vilja, inte har n\u00e5gra allvarligare klagom\u00e5l att komma med.<\/p>\n<p>Sett i backspegeln av hur de kommande tv\u00e5 \u00e5ren efter att bet\u00e4nkandet lagts fram och bara n\u00e5got \u00e5r f\u00f6re det att <a href=\"http:\/\/mmstudies.com\/eftervaldet\/bk\/\">\u00a0inf\u00f6randet av FN:s Barkonvention st\u00e5r inf\u00f6r d\u00f6rren att s\u00e4tta st\u00f6rre tryck p\u00e5 myndigheterna att \u00e4ntligen f\u00f6lja lagen i F\u00f6r\u00e4ldrabalken och de artiklar ur BK som redan inf\u00f6rts i den<\/a>, m\u00e5ste man inst\u00e4mma i den kritik som <strong>Kvinnofronten f\u00f6rt fram i sitt remissvar; att utredningen \u00e4r s\u00e5 underm\u00e5lig att den borde ha lagts ner och gjorts om.<\/strong><\/p>\n<h3>Om regeringens \/ justitieministerns m\u00e5ls\u00e4ttning verkligen varit att BK ska styra upp den nuvarande hanteringen, syns det anm\u00e4rkningsv\u00e4rt inkonsekvent att tills\u00e4tta sakkunnig expertis till en f\u00f6reg\u00e5ende utredning som som f\u00f6rest\u00e5r rakt motsatt \u00a0ideologisk agenda, \u00e4n den som ligger till grund f\u00f6r BK och dessutom inte ens har st\u00f6d i evidensbaserad forskning och vetenskap.<\/h3>\n<p>H\u00e4r ska s\u00e5 sm\u00e5ningom i m\u00e5n av tid, citeras diverse intressanta kritiska kommentarer i de nedanst\u00e5ende remissvaren och g\u00f6ras j\u00e4mf\u00f6relse dem emellan och den sistn\u00e4mnda av PappaBarn, med avseende p\u00e5 hur den grundsyn de representerar \u00e4r f\u00f6renlig med den som BK st\u00e5r f\u00f6r eller ej.<\/p>\n\t<h2>REMISSYTTRANDEN<\/h2>\n<h2><a href=\"http:\/\/mmstudies.com\/mammamanualen\/brys-remiss\/\">BRY:s yttrande \u00f6ver bet\u00e4nkandet\u00a0Se barnet! (SOU 2017:6)<\/a><\/h2>\n<h2><a href=\"http:\/\/mmstudies.com\/mammamanualen\/kvinnofronten\/\">Kvinnofrontens Yttrande\u00a0\u00f6ver SOU 2017:6 &#8211; &#8221;Se barnet&#8221; &#8211; Dnr. Ju2017\/01226\/L2<\/a><\/h2>\n<h2><a href=\"http:\/\/mmstudies.com\/mammamanualen\/roks-remiss\/\">Roks remissvar, SE barnet SOU 20017:6<\/a><\/h2>\n<h2><a href=\"http:\/\/mmstudies.com\/mammamanualen\/unizon\/\">Unizons remissvar p\u00e5 bet\u00e4nkandet Se barnet SOU 2017:6.<\/a><\/h2>\n<h2><a href=\"http:\/\/mmstudies.com\/mammamanualen\/bos-remiss\/\">BARNOMBUDSMANNENS\u00a0REMISSVAR 2017-05-29\u00a0Dnr 3.9:0203\/17<\/a><\/h2>\n<h2><a href=\"http:\/\/mmstudies.com\/mammamanualen\/pappa-barns-remiss\/\">PappaBarns yttrande<\/a><\/h2>\n\t<p>IDEOLOGIBLINDHET OCH \/ ELLER FR\u00c5NVARO AV TILLSYNSANSVAR FR\u00c5N H\u00d6GRE SAKKUNNIG INSTANS BAKOM TILLS\u00c4TTNINGEN AV PA(S)- RELATERAD &#8221;EXPERTIS&#8221; TILL DE STATLIGA V\u00c5RDNADSUTREDNINGARNA?<\/p>\n<p>&nbsp;<\/p>\n<p>Fr\u00e5gan \u00e4r relevant med avseende p\u00e5 tills\u00e4ttningen av \u00a0lagman <a href=\"http:\/\/mmstudies.com\/mammamanualen\/granskning-ms\">Mats Sj\u00f6sten vid Varbergs tingsr\u00e4tt<\/a> som i Dagens Juridik presenteras som &#8221;expert p\u00e5 v\u00e5rdnadsm\u00e5l&#8221; och har gett ut kursmaterialet <strong>&#8221;V\u00e5rdnad, boende och umg\u00e4nge&#8221;<\/strong> och bedriver en kursverksamhet f\u00f6r jurister i handl\u00e4ggningen av v\u00e5rdnadsm\u00e5l, och som ofta tidigare anlitats till de statliga utredningarna. Det \u00e4r synnerligen anm\u00e4rkningsv\u00e4rt d\u00e5 han vid upprepade tillf\u00e4llen gjort sig skyldig till grova tj\u00e4nstefel och d\u00e4rtill <a href=\"http:\/\/mmstudies.com\/mammamanualen\/granskning-ms\">bryter mot grundl\u00e4ggande lagar och regler i<\/a> f\u00f6rh\u00e5llande till kravet p\u00e5 ett korrekt vetenskapligt och objektivt utredningsf\u00f6rfarande, n\u00e4r han utan att redovisa den k\u00e4lla han h\u00e4nvisar till, p\u00e5dyvlar v\u00e5rdnads &#8211; o boendef\u00f6r\u00e4ldrar tv\u00e5ngsmetoder som inte \u00e4r f\u00f6renliga med de <a href=\"http:\/\/mmstudies.com\/eftervaldet\/vidskepelse\/\">etiska f\u00f6rordningar som f\u00f6r \u00f6vrigt g\u00e4ller inom psykiatrin.<\/a><\/p>\n<p>&nbsp;<\/p>\n<p>Detsamma kan anf\u00f6ras mot<strong> <a href=\"http:\/\/mmstudies.com\/mammamanualen\/anefur\">r\u00e5dman Petter Anefur,<\/a><\/strong> som av regeringen tillsattes till utredningen av 2006 \u00e5rs v\u00e5rdnadsreform \/ SOU 2017 Se Barnet, och som i BRY.s rapportering d\u00f6mt p\u00e5 den oetiska \u00a0grund som Mats Sj\u00f6sten f\u00f6rordar \u00a0<a href=\"http:\/\/mmstudies.com\/mammamanualen\/anefur\">i ett m\u00e5l i Kristianstad<\/a>\u00a0och utg\u00f6r ett regelr\u00e4tt r\u00e4tts\u00f6vergrepp p\u00e5 s\u00e5v\u00e4l mamman som de barn, vars tungt v\u00e4gande vittnesm\u00e5l om DV \/ AC inte beaktats \u00f6ht, f\u00f6r att ist\u00e4llet bli h\u00e4nsynsl\u00f6st \u00f6verk\u00f6rda med beslutet att tilldela deras f\u00f6r\u00f6vare enskild v\u00e5rdnad.<\/p>\n<p>&nbsp;<\/p>\n<p>\u00c4ven psykologen var som enda representant f\u00f6r sitt kunskapsomr\u00e5de och i klar minoritet mot det stora antalet jurister, tillsatt till ovan n\u00e4mnda utredning, trots ocks\u00e5 hon till grund f\u00f6r sin yrkesut\u00f6vning \u00e5beropar samma icke godk\u00e4nda kvasivetenskapliga PA(S)-relaterade tolkningsmodeller (typ &#8221;monstret v\u00e4xer&#8221;) , som de \u00f6vriga i g\u00e4nget och av <a href=\"http:\/\/mmstudies.com\/mammamanualen\/jenny-klefbom\">psykoterapeuten Stefan Widell blivit anm\u00e4ld till b\u00e5de IVO och JO f\u00f6r grova tj\u00e4nstefel<\/a> i sina \u00e5taganden som vittnespsykolog i m\u00e5l vari hon bitr\u00e4tt misst\u00e4nkta f\u00f6r\u00f6vare utan att h\u00f6ra de utsatta barnen. Dvs en yrkesut\u00f6vning som tycks vara densamma som <a href=\"http:\/\/mmstudies.com\/mammamanualen\/lhs-cv\">den av psykologf\u00f6rbundet uteslutna<\/a> <strong><a href=\"http:\/\/mmstudies.com\/mammamanualen\/kritik\">Lena Hellblom Sj\u00f6gren<\/a><\/strong> bedriver, s\u00e5v\u00e4l som en <strong>G\u00f6sta Emtestam<\/strong> som nyligen \u00e4ven bitr\u00e4tt en <a href=\"http:\/\/mmstudies.com\/eftervaldet\/suicidal\/\">12-\u00e5rige pojkes f\u00f6r\u00f6vare i ett \u00a0fall i Lund och Stockholms tingsr\u00e4tt, som v\u00e4ckt stor uppst\u00e5ndelse i sociala medier.<\/a><\/p>\n<p>Vad g\u00e4ller den socionom som tillsattes till v\u00e5rdnadsutredningen av 2006 \u00e5rs v\u00e5rdnadsreform, n\u00e4mligen <a href=\"http:\/\/mmstudies.com\/eftervaldet\/fsr\/\"><strong>familjer\u00e4tts-sekreteraren Joakim Blom<\/strong>,<\/a> framg\u00e5r det med \u00f6nskv\u00e4rd tydlighet i <a href=\"http:\/\/mmstudies.com\/eftervaldet\/utskick\/\">intervjun med honom i SR P1:s Medierna<\/a> att han \u00e4r komplett inkompetent f\u00f6r sitt uppdrag Att anledningen till det st\u00e5r att finna i det faktum att \u00e4ven han \u00e4r en devot f\u00f6respr\u00e5kare av PA(S), torde inte heller r\u00e5da tvivel om, d\u00e5 han \u00e4r medlem i den illustra skara av familjer\u00e4ttssekretare i den PA(S)-lobbande organisationen FSR (Familjer\u00e4ttssekreterarnas Riksf\u00f6rening).<\/p>\n<p>&nbsp;<\/p>\n<p>M\u00e4rkligt nog \u00e4r det \u00e4ven ytterligare en r\u00e5dman ur detta ideologiska l\u00e4ger och <a href=\"http:\/\/mmstudies.com\/mammamanualen\/linn-pantzar\">som ocks\u00e5 JO-anm\u00e4lts f\u00f6r grova tj\u00e4nstefel<\/a> som av justitieministern tillsatts att leda den p\u00e5g\u00e5ende:<\/p>\n<h2>&#8221;Ju 2018:02 Utredningen om skydd f\u00f6r\u00a0barn\u00a0som\u00a0bevittnar\u00a0v\u00e5ld\u00a0eller andra brottsliga handlingar och ansvar f\u00f6r uppmaning att beg\u00e5 sj\u00e4lvmord&#8221;,<\/h2>\n<p>n\u00e4mligen den <a href=\"http:\/\/mmstudies.com\/mammamanualen\/linn-pantzar\"><strong>Linn Pantzar,<\/strong> som sj\u00e4lv tilld\u00f6mt en pappa enskild v\u00e5rdnad<\/a>, som inf\u00f6r barnen misshandlat deras mamma och i r\u00e4ttssalen uppvisar ett synnerligen h\u00e4nsynsl\u00f6st agerande gentemot mamman.<\/p>\n<p>Aprop\u00e5 den r\u00e5dman <strong>Jonas \u00d6stlund<\/strong>\u00a0som \u00e4ven han blivit anlitad som sakkuning till ovan n\u00e4mnda utredning,\u00a0st\u00e4ller man sig os\u00f6kt undrande till vad han ska bidra med?\u00a0<\/p>\n<p>Carina S\u00e4llberg uppger n\u00e4mligen att han var den\u00a0som\u00a0i Helsingborgs tingsr\u00e4tt inledde de r\u00e4ttsliga obstruktionerna gentemot henne genom att neka henne <strong>allt<\/strong> i f\u00f6re f\u00f6rsta skenr\u00e4tteg\u00e5ngen. N\u00e4r hon lyckades f\u00e5 Thomas Bodstr\u00f6m att tacka ja till uppdraget som hennes ombud, tog Jonas \u00d6stlund beslutet att neka henne det. Hon uppger att han \u00e4r i allians med <a href=\"http:\/\/mmstudies.com\/sallberg\/m-markt\/\">advokat Helene Ek Sederholm<\/a> och att han sad nej till Bodstr\u00f6m menar hon har sin orsak i att TR inte ville att Sveriges tidigare justitieminister skulle f\u00e5 insyn i hur de planerade den l\u00e5nga skenprocess\u00a0gentemot henne\u00a0som\u00a0nu \u00e4r inne p\u00e5 sitt sj\u00e4tte \u00e5r n\u00e4r det just i veckorna vecka l\u00e5ngmanglats i Hovr\u00e4tten.<\/p>\n<p>En mer komplett lista \u00f6ver alla de r\u00e5dm\u00e4n, \u00e5klagare, advokater, poliser och socialtj\u00e4nstem\u00e4n som borde st\u00e4llas inf\u00f6r r\u00e4tta f\u00f6r grova tj\u00e4nstefel, skulle kunna g\u00f6ras l\u00e5ng, men f\u00e5r utverkas litet senare.<\/p>\n<h3>Nuvarande l\u00e4ge kr\u00e4ver att de de akuta r\u00e4ttsfall i v\u00e5rt faktaunderlag, som blivit offer f\u00f6r den aningsl\u00f6shet, brist p\u00e5 kompetens och ansvarstagande, som identifierats ovan, OMG\u00c5ENDE f\u00e5r sina fall granskade av professionellt expertis, eftersom de utsatta brottsoffrens &#8211; och i all synnerhet d\u00e5 barnens &#8211; lidande \u00e4r s\u00e5 stort att det n\u00e4ra nog \u00e4r livshotande.<\/h3>\n\t<h2><a href=\"http:\/\/mmstudies.com\/eftervaldet\/boss\/\">LAGMAN MATS SJ\u00d6STEN<\/a> TILLSATT SOM &#8221;EXPERT&#8221; ATT UTREDA HUR FN:S BARNKONVENTION SKA IMPLEMENTERAS I SVENSK LAG:<\/h2>\n<p>Inte s\u00e5 konstigt att det ser ut som det g\u00f6r, fortfarande 2019 ett halv\u00e5r innan FN:s Barnkonvention ska bli svensk lag, n\u00e4r de &#8221;experter&#8221; och &#8221;r\u00e4ttssakkunniga&#8221; som tills\u00e4tts till de statliga v\u00e5rdnadsutreningarna s\u00e5v\u00e4l som till Bet\u00e4nkandet av Barnr\u00e4ttighetsutredningen SOU 2016 &#8221;Barnkonventionen blir svensk lag&#8221; \u00e4r s\u00e5dana som sj\u00e4lva i sin egen yrkesut\u00f6vning totalt h\u00e4nsynsl\u00f6st r\u00e4ttsvidrigt k\u00f6r \u00f6ver barns m\u00e4nskliga r\u00e4ttigheter.\u00a0<\/p>\n<p>Till den sistn\u00e4mnda Barnr\u00e4ttighetsutredningen 2016 tillsattes som <em><strong>expert<\/strong><\/em> den lagman vid Varbergs tingsr\u00e4tt Mats Sj\u00f6sten, som i<a href=\"http:\/\/mmstudies.com\/eftervaldet\/granskning-ms\"> v\u00e5rdnadsm\u00e5l som vi granskat<\/a> beg\u00e5r grova tj\u00e4nstefel genom att <a href=\"http:\/\/mmstudies.com\/eftervaldet\/fallet-maria2\">ta barn fr\u00e5n sina anknytningsf\u00f6r\u00e4ldrar<\/a> f\u00f6r att tvinga dem till v\u00e5rdnad \/ boende hos sin f\u00f6r\u00f6vare och dessutom har hemligst\u00e4mplat dokument som avsl\u00f6jar en pappas sexuella b\u00f6jelser, som \u00e4ven han f\u00e5tt v\u00e5rdnaden om sitt brottsoffer.<\/p>\n<p>Till samma utredning tillsattes \u00e4ven <strong>&#8221;r\u00e4ttssakkunnig&#8221; Johan Borgstr\u00f6m<\/strong> som <a href=\"http:\/\/mmstudies.com\/eftervaldet\/eftervaldet\/eftervaldet\/eftervaldet\/anna-elias\/\">handhaft det m\u00e5l<\/a>, vari socialen och r\u00e4tten negligerar starka bevis i form av kroppsskador och annat p\u00e5 att en 8-\u00e5rig pojke blivit misshandlad och utsatt f\u00f6r sexuella \u00f6vergrepp av sin pappa (underst\u00f6tt av flera olika utl\u00e5tanden av sakkunnig medicinsk och psykologisk expertis l\u00e4kare) varf\u00f6r mamman slutligen tvingades fly och g\u00f6mma sig och pojken. Men de \u00a0blev sedan uppt\u00e4ckta och h\u00e4mtade fr\u00e5n sitt g\u00f6mst\u00e4lle, varefter mamman suttit h\u00e4ktad och isolerad i tv\u00e5 m\u00e5nader och pojken l\u00e4mnats \u00f6ver i pappans v\u00e5ld!<\/p>\n<p>Vidare information om fallet finns p\u00e5 hemsidesystemet <a href=\"http:\/\/mmstudies.com\/atb\/radda\">Att R\u00e4dda Ett Barn \u00bb<\/a><\/p>\n<p>&nbsp;<\/p>\n<h2><a href=\"https:\/\/www.regeringen.se\/49315c\/contentassets\/7bcd0fe8815345aeb2ff0d9678896e11\/barnkonventionen-blir-svensk-lag-sou-2016_19.pdf\">OM BET\u00c4NKANDET SOU 2016 FN:s BARNKONVENTION<\/a><\/h2>\n\n<h2>Inledning<\/h2>\n<p>I beta\u0308nkandet la\u0308mnas fo\u0308rslag pa\u030a en lag om inkorporering av FN:s konvention om barnets ra\u0308ttigheter (barnkonventionen) och presen- teras en rad a\u030atga\u0308rder som beho\u0308ver vidtas vid en inkorporering, lik- som ett antal fo\u0308rfattningsfo\u0308rslag i o\u0308vrigt.<\/p>\n<p>Fo\u0308rfattningsfo\u0308rslagen fo\u0308resla\u030as tra\u0308da i kraft den 1 januari 2018.<\/p>\n<h2>Uppdraget<\/h2>\n<p>Barnra\u0308ttighetsutredningen har haft i uppdrag att go\u0308ra en kartla\u0308gg- ning inom sa\u0308rskilt angela\u0308gna omra\u030aden av hur tilla\u0308mpningen av lagar och andra fo\u0308reskrifter o\u0308verenssta\u0308mmer med barnets ra\u0308ttigheter en- ligt barnkonventionen och de tva\u030a fakultativa protokoll som Sverige tilltra\u0308tt. Vid tydliga avvikelser inga\u030ar det i utredningens uppdrag att la\u0308mna fo\u0308rslag till a\u030atga\u0308rder samt, vid behov, fo\u0308rslag till komplettering- ar och fo\u0308rtydliganden i lagstiftningen fo\u0308r att sta\u0308rka barnets ra\u0308ttig- heter.<\/p>\n<p>I uppdraget inga\u030ar vidare att analysera fo\u0308r- och nackdelar med att inkorporera barnkonventionen och de tva\u030a fakultativa protokollen i svensk ra\u0308tt.<\/p>\n<p>Mot bakgrund av regeringens uttalade vilja att, vid sidan av fort- satt transformering, ge barnkonventionen sta\u0308llning som svensk lag har utredningen ocksa\u030a haft i uppdrag att la\u0308mna fo\u0308rslag till en lag om inkorporering av barnkonventionen och att belysa vissa fra\u030agor av ra\u0308ttslig och praktisk karakta\u0308r som aktualiseras vid en inkorporering.<\/p>\n\t<p>Regeringen beslutade den 27 mars 2013 att tillkalla en s\u00e4rskild ut-redare med uppdrag att inom s\u00e4rskilt angel\u00e4gna omr\u00e5den kartl\u00e4gga hur till\u00e4mpningen av lagar och andra f\u00f6reskrifter st\u00e4mmer \u00f6verens med barnets r\u00e4ttigheter enligt FN:s konvention om barnets r\u00e4ttigheter (barnkonventionen) och de tv\u00e5 fakultativa protokoll som Sverige har tilltr\u00e4tt (dir. 2013:35). Utredaren skulle ocks\u00e5 analysera och redovisa vilka f\u00f6r- och nackdelar en inkorporering i svensk r\u00e4tt av konventionen och de tv\u00e5 fakultativa protokollen skulle kunna medf\u00f6ra. Utifr\u00e5n analysen skulle utredaren ta st\u00e4llning till p\u00e5 vilket s\u00e4tt barnets r\u00e4ttigheter kan st\u00e4rkas mest effektivt. Uppdraget skulle redovisas senast den 4 mars 2015.<\/p>\n<p>De sakkunniga och experter som har medverkat i utrednings- arbetet, samt utredningens tidigare sekreterare, anges nedan.<\/p>\n<p>Sekreterare i utredningen har fr.o.m. den 7 april 2015 varit docent- en i offentlig r\u00e4tt Ewa Gustafsson och fr.o.m. den 11 maj 2015 juristen Sara Philipson.<\/p>\n<p>\u00d6vriga medverkande i utredningen<\/p>\n<p>Om inte annat anges har f\u00f6rordnandet g\u00e4llt fr\u00e5n och med den 16 maj 2013.<\/p>\n<p>Sakkunniga<\/p>\n<p>Kanslir\u00e5det Helena Corell, Justitiedepartementet, t.o.m. den 29 september 2015<\/p>\n<p><strong>R\u00e4ttssakkunniga Johan Borgstr\u00f6m,<\/strong> Justitiedepartementet, fr.o.m. den 30 september 2015 ( Det \u00e4r Johan Borgstr\u00f6m som i maj 2018 tilld\u00f6mde pappan i det k\u00e4nda Anna &amp; Elias-fallet enskild v\u00e5rdnad \/ boende, trots att han inre ens hade blivit f\u00f6rh\u00f6rd av polis och \u00e5klagare f\u00f6r de grova brott gentemot sonen som han st\u00e5tt misst\u00e4nkt f\u00f6r.)<\/p>\n<p>Kanslir\u00e5det Camilla Goldbeck-L\u00f6we, Arbetsmarknadsdepartementet, t.o.m. den 2 juni 2013<\/p>\n<p>Kanslir\u00e5det Mattias Falk, Arbetsmarknadsdepartementet, fr.o.m. den 3 juni 2013 t.o.m. den 10 november 2013<\/p>\n<p>\u00c4mnesr\u00e5det Charlotte Hellner Kirstein, Utrikesdepartementet R\u00e4ttssakkunniga \u00c5sa Nilsson, Socialdepartementet<\/p>\n<p>Kanslir\u00e5det Charlotte Palmstierna, Socialdepartementet Departementssekreteraren Jenny Strandberg, Justitiedepartementet<\/p>\n<p>Departementssekreteraren Moa \u00d6stberg, Arbetsmarknads- departementet, numera Kulturdepartementet, fr.o.m.<\/p>\n<p>den 5 februari 2014 t.o.m. den 19 november 2015<\/p>\n\n<h2>Experter<\/h2>\n<p><strong>Europar\u00e5dets tidigare kommission\u00e4r f\u00f6r de m\u00e4nskliga r\u00e4ttigheterna Thomas Hammarberg<\/strong><\/p>\n<p>Professorn Maarit J\u00e4nter\u00e4-Jareborg<\/p>\n<p>R\u00e5dmannen, numera chefsr\u00e5dmannen, Kirsi Laakso Utvik, fr.o.m. den 5 juni 2014<\/p>\n<p>Barnombudsmannen Fredrik Malmberg<\/p>\n<h2>Lagmannen Mats Sj\u00f6sten<\/h2>\n<p>Professorn Karin \u00c5hman<\/p>\n<p>Citat ur Barnr\u00e4ttighetsutredningen: bet\u00e4nkandet Barnkonventionen blir svensk lag (SOU 2016:19).<\/p>\n<p><b>Betr\u00e4ffande barn som bevittnat v\u00e5ld i<\/b>nom familjen visar kartl\u00e4ggningen att det finns brister i r\u00e4ttstill\u00e4mpningen, b\u00e5de i f\u00f6rh\u00e5llande till g\u00e4llande r\u00e4tt och i f\u00f6rh\u00e5llande till r\u00e4ttigheterna enligt barnkonventionen. Trots konstaterat behov av st\u00f6d och hj\u00e4lp hos barnet har inte insatser beviljats eftersom socialtj\u00e4nsten inte f\u00e5tt samtycke av v\u00e5rdnadshavarna eller i vissa fall ens kunnat etablera kontakt med familjen. Det \u00e4r utredningens bed\u00f6mning att det m\u00e5ste s\u00e4kerst\u00e4llas att barn som bevittnat v\u00e5ld f\u00e5r st\u00f6d och hj\u00e4lp av socialtj\u00e4nsten n\u00e4r de \u00e4r i behov av det. Utredningen delar den uppfattning som LVU- utredningen gett uttryck f\u00f6r i sitt slutbet\u00e4nkande i fr\u00e5ga om m\u00f6jligheten f\u00f6r socialn\u00e4mnden att besluta om \u00f6ppna insatser till barn under 15 \u00e5r \u00e4ven om v\u00e5rdnadshavaren inte samtycker till dem.<\/p>\n<p>S\u00e5vitt g\u00e4ller barn som utsatts f\u00f6r v\u00e5ld inom familjen finns det brister i det straffr\u00e4ttsliga skyddet f\u00f6r barn i f\u00f6rh\u00e5llande till barnkonventionen, b\u00e5de i sj\u00e4lva lagstiftningen och i till\u00e4mpningen av best\u00e4mmelserna. Av kartl\u00e4ggningen framg\u00e5r bl.a. att \u00e5tal i flera fall ogillats eftersom sm\u00e4rta inte ansetts styrkt eller f\u00f6r att den sm\u00e4rta som barnet k\u00e4nt inte varit tillr\u00e4cklig f\u00f6r att g\u00e4rningen ska bed\u00f6mas som misshandel. <b>Sm\u00e4rtrekvisitet <\/b>och de krav det st\u00e4ller p\u00e5 ett barn som utsatts f\u00f6r v\u00e5ld medf\u00f6r att barn i praktiken m\u00e5nga g\u00e5nger inte ges ett likv\u00e4rdigt straffr\u00e4ttsligt skydd mot v\u00e5ld som vuxna, n\u00e5got som inte ligger i linje med barnkonventionen.\u00a0<\/p>\n<p>Utredningen f\u00f6resl\u00e5r att det i 3 kap. 5 a \u00a7 brottsbalken inf\u00f6rs en ny s\u00e4rskild straffbest\u00e4mmelse om misshandel av barn. F\u00f6r ett s\u00e5dant brott d\u00f6ms en f\u00f6r\u00e4lder eller en person under vars fostran, v\u00e5rd eller tillsyn ett barn st\u00e5r och som tillfogar barnet kroppsskada, sjukdom eller sm\u00e4rta eller uts\u00e4tter barnet f\u00f6r v\u00e5ld eller f\u00f6rs\u00e4tter barnet i vanmakt eller n\u00e5got annat s\u00e5dant tillst\u00e5nd. Till skillnad fr\u00e5n vad som g\u00e4ller f\u00f6r misshandel kr\u00e4vs inte att v\u00e5ldet har orsakat sm\u00e4rta. Straffet f\u00f6r misshandel av barn \u00e4r f\u00e4ngelse i h\u00f6gst tv\u00e5 \u00e5r eller, om brottet \u00e4r ringa, b\u00f6ter eller f\u00e4ngelse i h\u00f6gst sex m\u00e5nader. F\u00f6r grov misshandel av barn d\u00f6ms till f\u00e4ngelse i l\u00e4gst ett och h\u00f6gst sex \u00e5r eller om brottet \u00e4r synnerligen grovt till f\u00e4ngelse i l\u00e4gst fyra och h\u00f6gst tio \u00e5r. Brotten ben\u00e4mns misshandel av barn respektive grov misshandel av barn.<\/p>\n<p><a href=\"http:\/\/mmstudies.com\/eftervaldet\/framsta-expert\/)\">(Just detta f\u00f6rslag tycks dock inte \u00e5tnjuta g\u00f6r Mats Sj\u00f6stens gillande!<\/a><\/p>\n\t<p>VAR HAR VI SETT AV DET UTLOVADE KUNSKAPSLYFTET, NU ETT HALV\u00c5R INNAN FN:s BK SKA BLI LAG &#8211; \u00a0OCH I S\u00c5 FALL MED AVSEENDE P\u00c5 VADD\u00c5?<\/p>\n<p>F\u00f6r domark\u00e5ren r\u00e4cker det tydligen med att &#8221;prata&#8221; litet om saken. N\u00e5got kunskapslyft antas av allt att d\u00f6ma som vanligt inte vara n\u00f6dv\u00e4ndigt f\u00f6r deras vidkommande. Det kan n\u00e4mligen komma att inverka menligt p\u00e5 deras &#8221;juridiska objektivitet&#8221;..<\/p>\n<p>Citat:<\/p>\n<h2><b>Administrativa och andra \u00e5tg\u00e4rder<\/b><\/h2>\n<p>Sverige har n\u00e5tt l\u00e5ngt i sitt strategiska arbete, ocks\u00e5 i relation till l\u00e4nder som har inkorporerat barnkonventionen. Trots detta har barnkonventionen inte f\u00e5tt det genomslag i r\u00e4ttstill\u00e4mpningen som man hade kunnat f\u00f6rv\u00e4nta sig.<\/p>\n<p>I bet\u00e4nkandet f\u00f6resl\u00e5s att regeringen under en tre\u00e5rsperiod genomf\u00f6r ett kunskapslyft f\u00f6r att h\u00f6ja kompetensen om barnkonventionen, de fakultativa protokoll som Sverige har tilltr\u00e4tt och barnets r\u00e4ttigheter bland olika yrkesgrupper som arbetar i statliga och kommunala myndigheter. Kunskapslyftet b\u00f6r \u00e4ven omfatta f\u00f6rtroende- valda i stat, kommun och landsting.<\/p>\n<p><b>Insatserna b\u00f6r syfta till att ge kunskap och kompetens om vad barnkonventionen och ett barnr\u00e4ttsperspektiv inneb\u00e4r i praktiken, i f\u00f6rh\u00e5llande till den egna verksamheten<\/b>. Det b\u00f6r ocks\u00e5 ing\u00e5 att sprida kunskap om metoder f\u00f6r att lyssna p\u00e5 barn och inh\u00e4mta barns \u00e5sikter samt vad barnets b\u00e4sta som ett tillv\u00e4gag\u00e5ngss\u00e4tt inneb\u00e4r. <b>\u00c4ven kunskapen om barns psykologiska utveckling, minnesfunktioner och f\u00f6rm\u00e5ga att ber\u00e4tta b\u00f6r ing\u00e5 i kunskapslyftet. <\/b>Insatserna b\u00f6r vidare syfta till att bidra till kunskaps- och erfarenhetsutbyte och till att skapa en samsyn kring tolkningen av barnets r\u00e4ttigheter utifr\u00e5n bl.a. barnr\u00e4ttskommitt\u00e9ns allm\u00e4nna kommentarer.<\/p>\n<p>I kunskapslyftet b\u00f6r bl.a. f\u00f6ljande \u00e5tg\u00e4rder ing\u00e5:<\/p>\n<ul>\n<li>Barnombudsmannen f\u00e5r i uppdrag att genomf\u00f6ra utbildningsinsatser och bidra till spridning och anv\u00e4ndning av metoder f\u00f6r att st\u00e4rka barnr\u00e4ttsperspektivet i myndigheters r\u00e4ttstill\u00e4mpning. Inom ramen f\u00f6r uppdraget b\u00f6r det ocks\u00e5 ing\u00e5 att sprida barnr\u00e4ttskommitt\u00e9ns allm\u00e4nna kommentarer som ett st\u00f6d i tolkning- en av barnets r\u00e4ttigheter i r\u00e4ttstill\u00e4mpningen.<\/li>\n<\/ul>\n<ul>\n<li>Statliga myndigheter som \u00e4r centrala f\u00f6r genomf\u00f6randet av barnets r\u00e4ttigheter enligt barnkonventionen f\u00e5r i uppdrag att inom sina respektive verksamheter s\u00e4kerst\u00e4lla att det finns \u00e4ndam\u00e5lsenlig kompetens om dessa r\u00e4ttigheter och om barnets utveckling och behov. Myndigheterna ska \u00e5terrapportera vilka \u00e5tg\u00e4rder som vidtagits f\u00f6r att uppn\u00e5 detta m\u00e5l.<\/li>\n<\/ul>\n<ul>\n<li>Barnombudsmannen f\u00e5r m\u00f6jlighet att erbjuda uppdragsutbildningar om barnkonventionen.<\/li>\n<\/ul>\n<p>Det \u00e4r vidare utredningens bed\u00f6mning att det f\u00f6r att kompetensen ska \u00f6ka f\u00f6r relevanta yrkesgrupper, b\u00f6r s\u00e4kerst\u00e4llas att h\u00f6gskoleutbildningar f\u00f6r dessa omfattar kunskap om barnets r\u00e4ttigheter.<\/p>\n<p>Dessutom b\u00f6r alla barn f\u00e5 information i skolan om vart de kan v\u00e4nda sig f\u00f6r att f\u00e5 st\u00f6d och hj\u00e4lp om de befinner sig i en utsatt situation.<\/p>\n<p>Utredningen anser vidare att regeringen b\u00f6r utreda hur etablering av oberoende, lokala barnr\u00e4ttighetsbyr\u00e5er kan fr\u00e4mjas ekonomiskt. Med <b>barnr\u00e4ttighetsbyr\u00e5er<\/b> avses byr\u00e5er dit barn ska kunna v\u00e4nda sig f\u00f6r att f\u00e5 information och individuellt st\u00f6d f\u00f6r att f\u00e5 sina r\u00e4ttigheter tillgodosedda. Barnr\u00e4ttighetsbyr\u00e5erna b\u00f6r vara frist\u00e5ende fr\u00e5n den statliga och kommunala organisationen och utg\u00f6ra ett komplement till det st\u00f6d och de insatser som myndigheter och andra organisationer fr\u00e5n det civila samh\u00e4llet erbjuder.<\/p>\n<h2><b>Skriftligt st\u00f6d<\/b><\/h2>\n<p>Att g\u00f6ra barnkonventionen till svensk lag betyder att till exempel domstolar m\u00e5ste ha kunskap om barnkonventionen och om hur den ska anv\u00e4ndas i verkligheten. D\u00e4rf\u00f6r \u00e4r det viktigt med utbildning.<\/p>\n<p>Utredningen har kontaktat n\u00e5gra myndigheter f\u00f6r att f\u00e5 veta vilken hj\u00e4lp de beh\u00f6ver f\u00f6r att f\u00f6rst\u00e5 texten i barnkonventionen p\u00e5 r\u00e4tt s\u00e4tt och att anv\u00e4nda den som lag.<\/p>\n<p>Myndigheterna har svarat att de vill ha skriftlig hj\u00e4lp och st\u00f6d.<\/p>\n<p>De tycker att det \u00e4r bra om s\u00e5dan hj\u00e4lp eller handbok finns samlad p\u00e5 ett st\u00e4lle och \u00e4r l\u00e4tt att hitta och l\u00e4tt att anv\u00e4nda.<\/p>\n<h2><b>Nya fr\u00e5gor<\/b><\/h2>\n<p>Att barnkonventionen blir svensk lag g\u00f6r att myndigheter och andra f\u00e5r nya fr\u00e5gor att fundera p\u00e5, som de kanske inte har t\u00e4nkt p\u00e5 tidigare.<\/p>\n<p><strong>D\u00e4rf\u00f6r \u00e4r det viktigt att myndigheterna diskuterar hur man ska g\u00f6ra f\u00f6r att anv\u00e4nda den nya lagen n\u00e4r barnkonventionen finns med. De b\u00f6r diskutera detta s\u00e5 snart som m\u00f6jligt.<\/strong><\/p>\n<p>Utredningen f\u00f6resl\u00e5r att <b>Domstolsverket och andra myndigheter <\/b>ska prata om och diskutera vilka fr\u00e5gor som kan komma upp efter att konventionen blivit lag.<\/p>\n<p>Domstolsverket \u00e4r en statlig myndighet som hj\u00e4lper domstolarna i Sverige.<\/p>\n<p>(F\u00f6r domark\u00e5ren r\u00e4cker det tydligen med att &#8221;prata&#8221; litet om saken. N\u00e5got kunskapslyft antas av allt att d\u00f6ma som vanligt inte beh\u00f6vas f\u00f6r deras vidkommande.)<\/p>\n<p>&nbsp;<\/p>\n<p><a href=\"https:\/\/www.regeringen.se\/49315c\/contentassets\/7bcd0fe8815345aeb2ff0d9678896e11\/barnkonventionen-blir-svensk-lag-sou-2016_19.pdf\">Citat ur Barnr\u00e4ttighetsutredningen: bet\u00e4nkandet Barnkonventionen blir svensk lag (SOU 2016:19).<\/a><\/p>\n<h2>BARN HAR R\u00c4TT ATT BLI LYSSNADE TILL OCH F\u00c5 SINA BEHOV RESPEKTERADE!<\/h2>\n<p>P\u00e5 en rad r\u00e4ttsomr\u00e5den finns i speciallagstiftningen s\u00e4rskilda best\u00e4mmelser om bl.a. barnets b\u00e4sta och om <b>barnets r\u00e4tt att f\u00e5 uttryckta sina \u00e5sikter.<\/b> Trots detta har kartl\u00e4ggningen visat att barnkonventionens grundprinciper, som s\u00e4rskilt omfattats av kartl\u00e4ggningen, f\u00e5tt d\u00e5ligt genomslag i den praktiska till\u00e4mpningen. \u00c4ven om kartl\u00e4ggningen varit begr\u00e4nsad till s\u00e4rskilt angel\u00e4gna omr\u00e5den f\u00f6resl\u00e5s, som ett utfl\u00f6de av kartl\u00e4ggningsresultaten, att det i f\u00f6rvaltningslagen (1986:223) och i f\u00f6rvaltningsprocesslagen (1971:291) <b>inf\u00f6rs en ny best\u00e4mmelse enligt vilken barnets b\u00e4sta ska utredas och s\u00e4rskilt beaktas i \u00e4renden och m\u00e5l som r\u00f6r barn. <\/b>Ett barn ska f\u00e5 relevant information och ges m\u00f6jlighet att framf\u00f6ra sina \u00e5sikter i fr\u00e5gor som r\u00f6r barnet. Barnets \u00e5sikter ska tillm\u00e4tas betydelse i f\u00f6rh\u00e5llande till barnets \u00e5lder och mognad.<\/p>\n<h2><b>Lagstiftnings\u00e5tg\u00e4rder<\/b><\/h2>\n<p>Det \u00e4r utredningens bed\u00f6mning att principen om barnets b\u00e4sta som ett tillv\u00e4gag\u00e5ngss\u00e4tt i beslutsprocesser b\u00f6r f\u00e5 \u00f6kat genomslag i det fortsatta transformeringsarbetet. I transformeringsarbetet beh\u00f6ver barnets r\u00e4tt att uttrycka sina \u00e5sikter och f\u00e5 dem beaktade s\u00e4kerst\u00e4llas. Det b\u00f6r vidare tydligg\u00f6ras att barnets r\u00e4tt att uttrycka sina \u00e5sikter och f\u00e5 dem beaktade utg\u00f6r en v\u00e4sentlig del vid bed\u00f6mningen av barnets b\u00e4sta. En viktig fr\u00e5ga att uppm\u00e4rksamma \u00e4r ocks\u00e5 fr\u00e5gan om hur v\u00e5rdnadshavarens best\u00e4mmander\u00e4tt f\u00f6rh\u00e5ller sig till barnets r\u00e4tt att komma till tals. Best\u00e4mmelser som inneh\u00e5ller begr\u00e4nsningar eller f\u00f6rbeh\u00e5ll n\u00e4r det g\u00e4ller r\u00e4tten f\u00f6r barnet att uttrycka sina \u00e5sikter b\u00f6r ses \u00f6ver.<\/p>\n<p><b>M\u00f6jlighet att kunna utkr\u00e4va r\u00e4ttigheterna<\/b><\/p>\n<p>F\u00f6r att r\u00e4ttigheterna i barnkonventionen ska ha betydelse f\u00f6r barnet m\u00e5ste det enligt barnr\u00e4ttskommitt\u00e9n finnas effektiva r\u00e4ttsmedel vid kr\u00e4nkningar av r\u00e4ttigheterna. Det finns ett behov av att st\u00e4rka barns m\u00f6jlighet att utkr\u00e4va sina r\u00e4ttigheter. Det \u00e4r d\u00e4rf\u00f6r viktigt att s\u00e4kerst\u00e4lla att barn har kunskap om och tillg\u00e5ng till myndigheter som \u00e4r centrala f\u00f6r att s\u00e4kerst\u00e4lla r\u00e4ttigheterna. Utredningen f\u00f6resl\u00e5r att statliga myndigheter som \u00e4r centrala f\u00f6r att s\u00e4kerst\u00e4lla barnets r\u00e4ttigheter f\u00e5r i uppdrag att vidta \u00e5tg\u00e4rder f\u00f6r att g\u00f6ra den egna myndighetens verksamhet, eller den verksamhet myndigheten ansvarar f\u00f6r, k\u00e4nd, tillg\u00e4nglig och anpassad f\u00f6r barn. Barnombudsmannen b\u00f6r f\u00e5 i uppdrag att bist\u00e5 de ber\u00f6rda myndigheterna i arbetet med detta.Det \u00e4r vidare utredningens bed\u00f6mning att regeringen b\u00f6r utreda om Barnombudsmannen b\u00f6r ges m\u00f6jlighet att f\u00f6ra talan f\u00f6r enskilda i de fall fr\u00e5gan \u00e4r av s\u00e4rskild betydelse f\u00f6r r\u00e4ttstill\u00e4mpningen eller p\u00e5 annat s\u00e4tt \u00e4r av s\u00e4rskilt intresse f\u00f6r genomf\u00f6randet av barnkonventionen.<\/p>\n\t<p>&nbsp;<\/p>\n<p><em>Gunilla Madeg\u00e5rd<\/em><\/p>\n<p><em>Frilansskribent, forskare, barn &#8211; och kvinnor\u00e4ttsaktivist och <\/em><\/p>\n<p><em>talesperson f\u00f6r f\u00f6r\u00e4ldrar och morf\u00f6r\u00e4ldrar i <a href=\"http:\/\/mmstudies.com\/eftervaldet\/\">AKTION #efterv\u00e5ldet mot SAMH\u00c4LLSSKADLIG MYNDIGHETSUT\u00d6VNING<\/a>\u00a0 som av h\u00e4nsyn till barnen och r\u00e4dsla f\u00f6r repressalier vill vara anonyma<\/em><\/p>\n<em>Oll Matts gata 28<\/em><br \/>\n<em>38791 Borgholm<\/em><br \/>\n<em>tel: 070 258 48 39<\/em><br \/>\n<em>Gunilla Madeg\u00e5rd<\/em>\n<p>&nbsp;<\/p>\n\t<p><em><a href=\"http:\/\/mmstudies.com\/atb\/\">ABOUT<\/a><\/em><\/p>\n<p>&nbsp;<\/p>\n<p><em><a href=\"http:\/\/mmstudies.com\/eftervaldet\/\">AKTION #efterv\u00e5ldet mot samh\u00e4llsskadlig myndighetsut\u00f6vning<\/a><\/em><\/p>\n<p>&nbsp;<\/p>\n<p><em><a href=\"http:\/\/mmstudies.com\/eftervaldet\/\">KRITIK M\u00c5LS\u00c4TTNING OCH KRAV<\/a><\/em><\/p>\n<p>&nbsp;<\/p>\n<p><em><a href=\"http:\/\/mmstudies.com\/eftervaldet\/definition\">EFTERV\u00c5LD &#8211; DEFINITION <\/a><\/em><\/p>\n<p>&nbsp;<\/p>\n<p><em><a href=\"http:\/\/mmstudies.com\/eftervaldet\/inforlivat\/\">BEGREPPET EFTERV\u00c5LD INF\u00d6RLIVAT I DEN DEN OFFENTLIGA DISKURSEN<\/a><\/em><\/p>\n<p>&nbsp;<\/p>\n<p><em><a href=\"http:\/\/mmstudies.com\/eftervaldet\/upprop\">AKTION #efterv\u00e5ldets UPPROP<\/a><\/em><\/p>\n<p><em>\/<\/em><\/p>\n<p><em><a href=\"http:\/\/mmstudies.com\/eftervaldet\/roster\/\">R\u00d6STER FR\u00c5N AKTION #efterv\u00e5ldets UPPROP<\/a><\/em><\/p>\n<p>&nbsp;<\/p>\n<p><em><a href=\"http:\/\/mmstudies.com\/eftervaldet\/soc\/\">UTSKICK TILL SOCIALUTSKOTTET<\/a><\/em><\/p>\n<p>&nbsp;<\/p>\n<p><a href=\"http:\/\/mmstudies.com\/eftervaldet\/presentation\"><em>PRESENTATION AV #efterv\u00e5ldets \u00d6VERGRIPANDE UPPL\u00c4GG, KRITK, \u00a0FAKTA OCH KUNSKAPSUNDERLAG<\/em><\/a><\/p>\n<p>&nbsp;<\/p>\n<p><a href=\"http:\/\/mmstudies.com\/eftervaldet\/enkatsvar\"><em>ENK\u00c4TSVAR fr\u00e5n 16 f\u00f6r\u00e4ldrar utsatta f\u00f6r DV \/ AC &amp; EFTERV\u00c5LD<\/em><\/a><\/p>\n<p>&nbsp;<\/p>\n<p><a href=\"http:\/\/mmstudies.com\/eftervaldet\/ipe-analys\/\"><em>IDEOLOGISK, POLITISK, EKONOMISK ANALYS<\/em><\/a><\/p>\n<p>&nbsp;<\/p>\n<p><em><a href=\"http:\/\/mmstudies.com\/eftervaldet\/falsk-varu\/\">MYNDIGHETSUT\u00d6VNING MED FALSK VARUDEKLARATION<\/a><\/em><\/p>\n<p>&nbsp;<\/p>\n<p><a href=\"http:\/\/mmstudies.com\/eftervaldet\/hum-faltet\/\"><em>1) Bristande kompetens att hantera komplext systemrelaterade problemst\u00e4llningar inom det humanvetenskapliga f\u00e4ltet<\/em><\/a><\/p>\n<p>&nbsp;<\/p>\n<p><em><a href=\"http:\/\/mmstudies.com\/eftervaldet\/spraklig\/\">2) Bristande spr\u00e5klig precisering, avgr\u00e4nsning och stringens<\/a><\/em><\/p>\n<p>&nbsp;<\/p>\n<p><a href=\"http:\/\/mmstudies.com\/eftervaldet\/tllampning\/\"><em>3) Bristande omd\u00f6me i fr\u00e5ga om till\u00e4mpningen av g\u00e4llande lag i F\u00f6r\u00e4ldrabalken och FN:s barnkonvention<\/em><\/a><\/p>\n<p>&nbsp;<\/p>\n<p><a href=\"http:\/\/mmstudies.com\/eftervaldet\/fakta\/\"><em>FAKTA-OCH KUNSKAPSUNDERLAG<\/em><\/a><\/p>\n<p>&nbsp;<\/p>\n<p><a href=\"http:\/\/mmstudies.com\/eftervaldet\/forbigas\/\"><em>ANGEL\u00c4GEN FORSKNING OCH VETENSKAP SOM F\u00d6RBIG\u00c5S<\/em><\/a><\/p>\n<p>&nbsp;<\/p>\n<p><a href=\"http:\/\/mmstudies.com\/eftervaldet\/granskning-domar\/\"><em>SAMMANFATTNING AV MARIA KARLSSONS GRANSKNING AV DOMAR<\/em><\/a><\/p>\n<p>&nbsp;<\/p>\n<p><a href=\"http:\/\/mmstudies.com\/eftervaldet\/domar-vsnr\/\"><em>Domar vari pappor gjort sig skyldiga till DV \/ AC<\/em><\/a><\/p>\n<p>&nbsp;<\/p>\n<p><em><a href=\"http:\/\/mmstudies.com\/eftervaldet\/pavarka\/\">Domar vari mammor tros &#8221;p\u00e5verka&#8221;, &#8221;dra in barn i konflikten&#8221;, inte kunna &#8221;samarbeta&#8221; pga att &#8221;ha fel inst\u00e4llning till pappan&#8221;, etc<\/a><\/em><\/p>\n<p>&nbsp;<\/p>\n<p><em><a href=\"http:\/\/mmstudies.com\/eftervaldet\/boss\/\">BRUTALISTEN MATS SJ\u00d6STEN &#8211; BOSS<\/a> <a href=\"http:\/\/mmstudies.com\/eftervaldet\/boss\/\">\u00d6VER V\u00c5RDNADSM\u00c5L SEDAN 90-talet<\/a><\/em><\/p>\n<p>&nbsp;<\/p>\n<p><a href=\"http:\/\/mmstudies.com\/eftervaldet\/statliga\/\"><em>DE STATLIGA V\u00c5RDNADSUTEDNINGARNA<\/em><\/a><\/p>\n<p>&nbsp;<\/p>\n<p><a href=\"http:\/\/mmstudies.com\/eftervaldet\/framsta-expert\/\"><em>LANDETS FR\u00c4MSTA EXPERT P\u00c5 V\u00c5RDNADSM\u00c5L<\/em><\/a><\/p>\n<p>&nbsp;<\/p>\n<p><a href=\"http:\/\/mmstudies.com\/eftervaldet\/granskning-ms\/\"><em>AVSL\u00d6JANDE GRANSKNING AV MATS SJ\u00d6STENS DOM I VARBERGFALLET<\/em><\/a><\/p>\n<p>&nbsp;<\/p>\n<p><em><a href=\"http:\/\/mmstudies.com\/eftervaldet\/fallet-maria2\/\">Varbergsm\u00e5let:<\/a><\/em><\/p>\n<p>&nbsp;<\/p>\n<p><a href=\"http:\/\/mmstudies.com\/eftervaldet\/lambertz\/\"><em>MAILV\u00c4XLING MED LAGMAN MATS SJ\u00d6STEN OCH HOVR\u00c4TTSASSESSOR KARIN LAMBERTZ<\/em><\/a><\/p>\n<p>&nbsp;<\/p>\n<p><em><a href=\"http:\/\/mmstudies.com\/eftervaldet\/bk\/\">MATS SJ\u00d6STEN OM FN:s BARNKONVENTION<\/a><\/em><\/p>\n<p>&nbsp;<\/p>\n<p><em><a href=\"http:\/\/mmstudies.com\/eftervaldet\/kopta\">K\u00d6PTA S.K. UTREDARE \/ MEDLARE och VITTNESPSYKOLOGER <\/a><a href=\"http:\/\/mmstudies.com\/eftervaldet\/kopta\">MED FALSK VARUDEKLARATION<\/a><\/em><\/p>\n<p>&nbsp;<\/p>\n<p><a href=\"http:\/\/mmstudies.com\/eftervaldet\/ful\/\"><em>LENA HELLBLOM SJ\u00d6GRENS FALSKA RETORIK<\/em><\/a><\/p>\n<p>&nbsp;<\/p>\n<p><a href=\"http:\/\/mmstudies.com\/eftervaldet\/fsr\/\"><em>Lobbar Familjer\u00e4ttssocionomernas Riksf\u00f6rbund f\u00f6r PA(S) i hemlighet?<\/em><\/a><\/p>\n<p>&nbsp;<\/p>\n<p><em><a href=\"http:\/\/mmstudies.com\/eftervaldet\/robson\/\">Carolin Robsons hemst\u00e4llan till myndigheterna ang\u00e5ende PA(S)-relaterad myndighetsut\u00f6vning<\/a><\/em><\/p>\n<p><em>\u00a0<\/em><\/p>\n<p><em><a href=\"http:\/\/mmstudies.com\/eftervaldet\/pas-manualen\/\">PA(S)-MANUALEN<\/a><\/em><\/p>\n<p>&nbsp;<\/p>\n<p><em><a href=\"http:\/\/mmstudies.com\/eftervaldet\/vic\">DEN 7-\u00e5rige VICTORS FALL &#8211; \u00c4NNU ETT FALL MED LENA HELLBLOM SJ\u00d6GRENS INBLANDNING\u00a0<\/a><\/em><\/p>\n<p>&nbsp;<\/p>\n<p><a href=\"http:\/\/mmstudies.com\/eftervaldet\/artiklar\"><em>ARTIKLAR<\/em><\/a><\/p>\n<p>&nbsp;<\/p>\n<p><a href=\"http:\/\/mmstudies.com\/eftervaldet\/jenny-orn\"><i>1. Jenny \u00d6rns fall<\/i><\/a><\/p>\n<p><i>2 .<\/i><a href=\"http:\/\/mmstudies.com\/eftervaldet\/maria-a-artikel\"><i>F\u00f6r\u00e4ldern Maria A:s fall publicerad i Aftonbladet 2017.<\/i><\/a><i>\u00a0<\/i><\/p>\n<p><a href=\"http:\/\/mmstudies.com\/eftervaldet\/lenas-fall\/\"><i>3.Trebarnsmamman Lenas fall<\/i><\/a><\/p>\n<p><a href=\"http:\/\/mmstudies.com\/eftervaldet\/svea-hovratt\/\"><i>4. Svea Hovr\u00e4ttsm\u00e5let med Thomas Bodstr\u00f6m som mammans ombud<\/i><\/a><\/p>\n<p><i>5. <\/i><a href=\"http:\/\/mmstudies.com\/eftervaldet\/fallet-maria2\/\"><i>V\u00e5rdnadsm\u00e5let vid \u00a0Varbergs tings\u00e4tt och Mats Sj\u00f6sten som domare<\/i><\/a><\/p>\n<p><a href=\"http:\/\/mmstudies.com\/eftervaldet\/suicidal\/\"><i>6) 12-\u00e5rig suicidal pojke tv\u00e5ngsf\u00f6rflyttas till sin f\u00f6r\u00f6vare<\/i><\/a><\/p>\n<p><a href=\"http:\/\/mmstudies.com\/eftervaldet\/anna-elias\/\"><i>7) Fallet Anna och Elias<\/i><\/a><\/p>\n<p><em>8) Den 7-\u00e5rige Victors fall<\/em><\/p>\n<p><em><a href=\"http:\/\/mmstudies.com\/eftervaldet\/enkatsvar\/\">Mammors rapporter i 16 enk\u00e4tsvar<\/a><\/em><\/p>\n<p>&nbsp;<\/p>\n<p><em><a href=\"http:\/\/mmstudies.com\/eftervaldet\/vic\/\">DEN 7-\u00e5rige VICTORS FALL &#8211; \u00c4NNU ETT FALL MED LENA HELLBLOM SJ\u00d6GRENS INBLANDNING\u00a0<\/a><\/em><\/p>\n<p>&nbsp;<\/p>\n<p><em><a href=\"http:\/\/mmstudies.com\/eftervaldet\/lindas-brev\/\">LINDAS BREV RILL SVERIGE<\/a><\/em><\/p>\n<p>&nbsp;<\/p>\n<p><em><a href=\"http:\/\/mmstudies.com\/eftervaldet\/bodin\/\">17 L\u00d6GNER I SVT \/ \u00a0BO G\u00d6RAN BODIN \/ BR\u00c5NSTADS \u00a0&#8221;ATT R\u00c4DDA ETT BARN&#8221;, INKLUSIVE UNDANH\u00c5LLANDE OCH SELEKTIVT URVAL AV FAKTA<\/a><\/em><\/p>\n<p>&nbsp;<\/p>\n<p><em><a href=\"http:\/\/mmstudies.com\/eftervaldet\/sjalv\/\">SJ\u00c4LVBIOGRAFIER AV UTGIVNA AV F\u00d6R\u00c4LDRAR UTSATTA F\u00d6R VSNR &amp;\u00a0EFTERV\u00c5LD<\/a><\/em><\/p>\n<p>&nbsp;<\/p>\n<p><em><a href=\"http:\/\/mmstudies.com\/eftervaldet\/veronica\/\">VERONICA AXELSSON &#8211; DET H\u00c4NDER INTE MIG<\/a><\/em><\/p>\n<p>&nbsp;<\/p>\n<p><em>___________________________________<\/em><\/p>\n\n<p>&nbsp;<\/p>\n<p><strong><em>\u00d6VRIGA HEMSIDOR:<\/em><\/strong><\/p>\n<p>&nbsp;<\/p>\n<p><strong><em><a href=\"http:\/\/mmstudies.com\/sallberg\">JUSTITIEMORDET P\u00c5 CARINA S\u00c4LLBERG<\/a><\/em><\/strong><\/p>\n<p>&nbsp;<\/p>\n<p><strong><em><a href=\"http:\/\/mmstudies.com\/radda\">ANALYS AV SVT \/ BODINS &#8221;ATT R\u00c4DDA ETT BARN&#8221;<\/a><\/em><\/strong><\/p>\n<p>&nbsp;<\/p>\n<p><strong><em><a href=\"http:\/\/mmstudies.com\/sol\">TON\u00c5RSFLICKORNA SARA OCH LINDAS BER\u00c4TTELSE<\/a><\/em><\/strong><\/p>\n<p>&nbsp;<\/p>\n<p><strong><em><a href=\"http:\/\/mmstudies.com\/mammamanualen\">MAMMA-MANUALEN<\/a><\/em><\/strong><\/p>\n\t<p><em><a href=\"http:\/\/mmstudies.com\/atb\/\">ABOUT<\/a><\/em><\/p>\n<p>&nbsp;<\/p>\n<p><em><a href=\"http:\/\/mmstudies.com\/eftervaldet\/\">AKTION #efterv\u00e5ldet mot samh\u00e4llsskadlig myndighetsut\u00f6vning<\/a><\/em><\/p>\n<p>&nbsp;<\/p>\n<p><em><a href=\"http:\/\/mmstudies.com\/eftervaldet\/\">KRITIK M\u00c5LS\u00c4TTNING OCH KRAV<\/a><\/em><\/p>\n<p>&nbsp;<\/p>\n<p><em><a href=\"http:\/\/mmstudies.com\/eftervaldet\/definition\">EFTERV\u00c5LD &#8211; DEFINITION <\/a><\/em><\/p>\n<p>&nbsp;<\/p>\n<p><em><a href=\"http:\/\/mmstudies.com\/eftervaldet\/inforlivat\/\">BEGREPPET EFTERV\u00c5LD INF\u00d6RLIVAT I DEN DEN OFFENTLIGA DISKURSEN<\/a><\/em><\/p>\n<p>&nbsp;<\/p>\n<p><em><a href=\"http:\/\/mmstudies.com\/eftervaldet\/upprop\">AKTION #efterv\u00e5ldets UPPROP<\/a><\/em><\/p>\n<p><em>\/<\/em><\/p>\n<p><em><a href=\"http:\/\/mmstudies.com\/eftervaldet\/roster\/\">R\u00d6STER FR\u00c5N AKTION #efterv\u00e5ldets UPPROP<\/a><\/em><\/p>\n<p>&nbsp;<\/p>\n<p><em><a href=\"http:\/\/mmstudies.com\/eftervaldet\/soc\/\">UTSKICK TILL SOCIALUTSKOTTET<\/a><\/em><\/p>\n<p>&nbsp;<\/p>\n<p><a href=\"http:\/\/mmstudies.com\/eftervaldet\/presentation\"><em>PRESENTATION AV #efterv\u00e5ldets \u00d6VERGRIPANDE UPPL\u00c4GG, KRITK, \u00a0FAKTA OCH KUNSKAPSUNDERLAG<\/em><\/a><\/p>\n<p>&nbsp;<\/p>\n<p><a href=\"http:\/\/mmstudies.com\/eftervaldet\/enkatsvar\"><em>ENK\u00c4TSVAR fr\u00e5n 16 f\u00f6r\u00e4ldrar utsatta f\u00f6r DV \/ AC &amp; EFTERV\u00c5LD<\/em><\/a><\/p>\n<p>&nbsp;<\/p>\n<p><a href=\"http:\/\/mmstudies.com\/eftervaldet\/ipe-analys\/\"><em>IDEOLOGISK, POLITISK, EKONOMISK ANALYS<\/em><\/a><\/p>\n<p>&nbsp;<\/p>\n<p><em><a href=\"http:\/\/mmstudies.com\/eftervaldet\/falsk-varu\/\">MYNDIGHETSUT\u00d6VNING MED FALSK VARUDEKLARATION<\/a><\/em><\/p>\n<p>&nbsp;<\/p>\n<p><a href=\"http:\/\/mmstudies.com\/eftervaldet\/hum-faltet\/\"><em>1) Bristande kompetens att hantera komplext systemrelaterade problemst\u00e4llningar inom det humanvetenskapliga f\u00e4ltet<\/em><\/a><\/p>\n<p>&nbsp;<\/p>\n<p><em><a href=\"http:\/\/mmstudies.com\/eftervaldet\/spraklig\/\">2) Bristande spr\u00e5klig precisering, avgr\u00e4nsning och stringens<\/a><\/em><\/p>\n<p>&nbsp;<\/p>\n<p><a href=\"http:\/\/mmstudies.com\/eftervaldet\/tllampning\/\"><em>3) Bristande omd\u00f6me i fr\u00e5ga om till\u00e4mpningen av g\u00e4llande lag i F\u00f6r\u00e4ldrabalken och FN:s barnkonvention<\/em><\/a><\/p>\n<p>&nbsp;<\/p>\n<p><a href=\"http:\/\/mmstudies.com\/eftervaldet\/fakta\/\"><em>FAKTA-OCH KUNSKAPSUNDERLAG<\/em><\/a><\/p>\n<p>&nbsp;<\/p>\n<p><a href=\"http:\/\/mmstudies.com\/eftervaldet\/forbigas\/\"><em>ANGEL\u00c4GEN FORSKNING OCH VETENSKAP SOM F\u00d6RBIG\u00c5S<\/em><\/a><\/p>\n<p>&nbsp;<\/p>\n<p><a href=\"http:\/\/mmstudies.com\/eftervaldet\/granskning-domar\/\"><em>SAMMANFATTNING AV MARIA KARLSSONS GRANSKNING AV DOMAR<\/em><\/a><\/p>\n<p>&nbsp;<\/p>\n<p><a href=\"http:\/\/mmstudies.com\/eftervaldet\/domar-vsnr\/\"><em>Domar vari pappor gjort sig skyldiga till DV \/ AC<\/em><\/a><\/p>\n<p>&nbsp;<\/p>\n<p><em><a href=\"http:\/\/mmstudies.com\/eftervaldet\/pavarka\/\">Domar vari mammor tros &#8221;p\u00e5verka&#8221;, &#8221;dra in barn i konflikten&#8221;, inte kunna &#8221;samarbeta&#8221; pga att &#8221;ha fel inst\u00e4llning till pappan&#8221;, etc<\/a><\/em><\/p>\n<p>&nbsp;<\/p>\n<p><em><a href=\"http:\/\/mmstudies.com\/eftervaldet\/boss\/\">BRUTALISTEN MATS SJ\u00d6STEN &#8211; BOSS<\/a> <a href=\"http:\/\/mmstudies.com\/eftervaldet\/boss\/\">\u00d6VER V\u00c5RDNADSM\u00c5L SEDAN 90-talet<\/a><\/em><\/p>\n<p>&nbsp;<\/p>\n<p><a href=\"http:\/\/mmstudies.com\/eftervaldet\/statliga\/\"><em>DE STATLIGA V\u00c5RDNADSUTEDNINGARNA<\/em><\/a><\/p>\n<p>&nbsp;<\/p>\n<p><a href=\"http:\/\/mmstudies.com\/eftervaldet\/framsta-expert\/\"><em>LANDETS FR\u00c4MSTA EXPERT P\u00c5 V\u00c5RDNADSM\u00c5L<\/em><\/a><\/p>\n<p>&nbsp;<\/p>\n<p><a href=\"http:\/\/mmstudies.com\/eftervaldet\/granskning-ms\/\"><em>AVSL\u00d6JANDE GRANSKNING AV MATS SJ\u00d6STENS DOM I VARBERGFALLET<\/em><\/a><\/p>\n<p>&nbsp;<\/p>\n<p><em><a href=\"http:\/\/mmstudies.com\/eftervaldet\/fallet-maria2\/\">Varbergsm\u00e5let:<\/a><\/em><\/p>\n<p>&nbsp;<\/p>\n<p><a href=\"http:\/\/mmstudies.com\/eftervaldet\/lambertz\/\"><em>MAILV\u00c4XLING MED LAGMAN MATS SJ\u00d6STEN OCH HOVR\u00c4TTSASSESSOR KARIN LAMBERTZ<\/em><\/a><\/p>\n<p>&nbsp;<\/p>\n<p><em><a href=\"http:\/\/mmstudies.com\/eftervaldet\/bk\/\">MATS SJ\u00d6STEN OM FN:s BARNKONVENTION<\/a><\/em><\/p>\n<p>&nbsp;<\/p>\n<p><em><a href=\"http:\/\/mmstudies.com\/eftervaldet\/kopta\">K\u00d6PTA S.K. UTREDARE \/ MEDLARE och VITTNESPSYKOLOGER <\/a><a href=\"http:\/\/mmstudies.com\/eftervaldet\/kopta\">MED FALSK VARUDEKLARATION<\/a><\/em><\/p>\n<p>&nbsp;<\/p>\n<p><a href=\"http:\/\/mmstudies.com\/eftervaldet\/ful\/\"><em>LENA HELLBLOM SJ\u00d6GRENS FALSKA RETORIK<\/em><\/a><\/p>\n<p>&nbsp;<\/p>\n<p><a href=\"http:\/\/mmstudies.com\/eftervaldet\/fsr\/\"><em>Lobbar Familjer\u00e4ttssocionomernas Riksf\u00f6rbund f\u00f6r PA(S) i hemlighet?<\/em><\/a><\/p>\n<p>&nbsp;<\/p>\n<p><em><a href=\"http:\/\/mmstudies.com\/eftervaldet\/robson\/\">Carolin Robsons hemst\u00e4llan till myndigheterna ang\u00e5ende PA(S)-relaterad myndighetsut\u00f6vning<\/a><\/em><\/p>\n<p><em>\u00a0<\/em><\/p>\n<p><em><a href=\"http:\/\/mmstudies.com\/eftervaldet\/pas-manualen\/\">PA(S)-MANUALEN<\/a><\/em><\/p>\n<p>&nbsp;<\/p>\n<p><em><a href=\"http:\/\/mmstudies.com\/eftervaldet\/vic\">DEN 7-\u00e5rige VICTORS FALL &#8211; \u00c4NNU ETT FALL MED LENA HELLBLOM SJ\u00d6GRENS INBLANDNING\u00a0<\/a><\/em><\/p>\n<p>&nbsp;<\/p>\n<p><a href=\"http:\/\/mmstudies.com\/eftervaldet\/artiklar\"><em>ARTIKLAR<\/em><\/a><\/p>\n<p>&nbsp;<\/p>\n<p><a href=\"http:\/\/mmstudies.com\/eftervaldet\/jenny-orn\"><i>1. Jenny \u00d6rns fall<\/i><\/a><\/p>\n<p><i>2 .<\/i><a href=\"http:\/\/mmstudies.com\/eftervaldet\/maria-a-artikel\"><i>F\u00f6r\u00e4ldern Maria A:s fall publicerad i Aftonbladet 2017.<\/i><\/a><i>\u00a0<\/i><\/p>\n<p><a href=\"http:\/\/mmstudies.com\/eftervaldet\/lenas-fall\/\"><i>3.Trebarnsmamman Lenas fall<\/i><\/a><\/p>\n<p><a href=\"http:\/\/mmstudies.com\/eftervaldet\/svea-hovratt\/\"><i>4. Svea Hovr\u00e4ttsm\u00e5let med Thomas Bodstr\u00f6m som mammans ombud<\/i><\/a><\/p>\n<p><i>5. <\/i><a href=\"http:\/\/mmstudies.com\/eftervaldet\/fallet-maria2\/\"><i>V\u00e5rdnadsm\u00e5let vid \u00a0Varbergs tings\u00e4tt och Mats Sj\u00f6sten som domare<\/i><\/a><\/p>\n<p><a href=\"http:\/\/mmstudies.com\/eftervaldet\/suicidal\/\"><i>6) 12-\u00e5rig suicidal pojke tv\u00e5ngsf\u00f6rflyttas till sin f\u00f6r\u00f6vare<\/i><\/a><\/p>\n<p><a href=\"http:\/\/mmstudies.com\/eftervaldet\/anna-elias\/\"><i>7) Fallet Anna och Elias<\/i><\/a><\/p>\n<p><em>8) Den 7-\u00e5rige Victors fall<\/em><\/p>\n<p><em><a href=\"http:\/\/mmstudies.com\/eftervaldet\/enkatsvar\/\">Mammors rapporter i 16 enk\u00e4tsvar<\/a><\/em><\/p>\n<p>&nbsp;<\/p>\n<p><em><a href=\"http:\/\/mmstudies.com\/eftervaldet\/vic\/\">DEN 7-\u00e5rige VICTORS FALL &#8211; \u00c4NNU ETT FALL MED LENA HELLBLOM SJ\u00d6GRENS INBLANDNING\u00a0<\/a><\/em><\/p>\n<p>&nbsp;<\/p>\n<p><em><a href=\"http:\/\/mmstudies.com\/eftervaldet\/lindas-brev\/\">LINDAS BREV RILL SVERIGE<\/a><\/em><\/p>\n<p>&nbsp;<\/p>\n<p><em><a href=\"http:\/\/mmstudies.com\/eftervaldet\/sjalv\/\">SJ\u00c4LVBIOGRAFIER AV UTGIVNA AV F\u00d6R\u00c4LDRAR UTSATTA F\u00d6R DV \/ AC &amp;\u00a0EFTERV\u00c5LD<\/a><\/em><\/p>\n<p>&nbsp;<\/p>\n<p><em><a href=\"http:\/\/mmstudies.com\/eftervaldet\/veronica\/\">VERONICA AXELSSON &#8211; DET H\u00c4NDER INTE MIG<\/a><\/em><\/p>\n<p>&nbsp;<\/p>\n<p><em>___________________________________<\/em><\/p>\n\n<p>&nbsp;<\/p>\n<p><strong><em>\u00d6VRIGA HEMSIDOR:<\/em><\/strong><\/p>\n<p>&nbsp;<\/p>\n<p><strong><em><a href=\"http:\/\/mmstudies.com\/sallberg\">JUSTITIEMORDET P\u00c5 CARINA S\u00c4LLBERG<\/a><\/em><\/strong><\/p>\n<p>&nbsp;<\/p>\n<p><strong><em><a href=\"http:\/\/mmstudies.com\/radda\">ANALYS AV SVT \/ BODINS &#8221;ATT R\u00c4DDA ETT BARN&#8221;<\/a><\/em><\/strong><\/p>\n<p>&nbsp;<\/p>\n<p><strong><em><a href=\"http:\/\/mmstudies.com\/sol\">TON\u00c5RSFLICKORNA SARA OCH LINDAS BER\u00c4TTELSE<\/a><\/em><\/strong><\/p>\n<p>&nbsp;<\/p>\n<p><strong><em><a href=\"http:\/\/mmstudies.com\/mammamanualen\">MAMMA-MANUALEN<\/a><\/em><\/strong><\/p>\n\n","protected":false},"excerpt":{"rendered":"<p>Lagman Mats Sj\u00f6sten vid Varbergs tingsr\u00e4tt DV \/ AC = Domestic Violence \/ Child Abusev\u00e5ld och sexuella \u00f6vergrepp i n\u00e4ra relation Efterv\u00e5ld = Den v\u00e5ldsut\u00f6vning som f\u00f6ljer p\u00e5 separationen &#8211; och som i den nuvarande familjer\u00e4ttsliga diskursen ben\u00e4mns som uttryck f\u00f6r bristande &#8221;samarbete&#8221; och en &#8221;konflikt&#8221; som i p\u00e5fallande m\u00e5nga \u00a0fall mamman g\u00f6rs mest ansvarig&#8230;<\/p>\n","protected":false},"author":1,"featured_media":0,"parent":0,"menu_order":0,"comment_status":"closed","ping_status":"closed","template":"full-width-page.php","meta":{"footnotes":""},"class_list":["post-1283","page","type-page","status-publish","hentry"],"_links":{"self":[{"href":"http:\/\/mmstudies.com\/eftervaldet\/wp-json\/wp\/v2\/pages\/1283","targetHints":{"allow":["GET"]}}],"collection":[{"href":"http:\/\/mmstudies.com\/eftervaldet\/wp-json\/wp\/v2\/pages"}],"about":[{"href":"http:\/\/mmstudies.com\/eftervaldet\/wp-json\/wp\/v2\/types\/page"}],"author":[{"embeddable":true,"href":"http:\/\/mmstudies.com\/eftervaldet\/wp-json\/wp\/v2\/users\/1"}],"replies":[{"embeddable":true,"href":"http:\/\/mmstudies.com\/eftervaldet\/wp-json\/wp\/v2\/comments?post=1283"}],"version-history":[{"count":45,"href":"http:\/\/mmstudies.com\/eftervaldet\/wp-json\/wp\/v2\/pages\/1283\/revisions"}],"predecessor-version":[{"id":4536,"href":"http:\/\/mmstudies.com\/eftervaldet\/wp-json\/wp\/v2\/pages\/1283\/revisions\/4536"}],"wp:attachment":[{"href":"http:\/\/mmstudies.com\/eftervaldet\/wp-json\/wp\/v2\/media?parent=1283"}],"curies":[{"name":"wp","href":"https:\/\/api.w.org\/{rel}","templated":true}]}}