{"id":679,"date":"2019-05-12T14:41:00","date_gmt":"2019-05-12T14:41:00","guid":{"rendered":"http:\/\/mmstudies.com\/eftervaldet\/?page_id=679"},"modified":"2024-10-20T16:41:16","modified_gmt":"2024-10-20T16:41:16","slug":"kopta","status":"publish","type":"page","link":"http:\/\/mmstudies.com\/eftervaldet\/kopta\/","title":{"rendered":"K\u00d6PTA UTREDARE \/ VITTNESPSYKOLOGER MED FALSK VARUDEKLARATION"},"content":{"rendered":"\n\n\t<h2><a href=\"http:\/\/mmstudies.com\/eftervaldet\/kopta\">K\u00d6PTA S.K. UTREDARE \/ MEDLARE och VITTNESPSYKOLOGER<br \/>\nMED FALSK VARUDEKLARATION<\/a><\/h2>\n\t<p>&nbsp;<\/p>\n<p>INFORMATION OM &#8221;UTREDAREN&#8221; GRIGORIJ ANTONOPOULOS\u00b4CV OCH BUSINESS<\/p>\n<p>&nbsp;<\/p>\n\t<h2>Grigorij Antonopolousfigurerar i kretsar p\u00e5 n\u00e4tet som &#8221;hatar&#8221; Familjer\u00e4tten och han f\u00f6rel\u00e4ser f\u00f6r pappabarn.se. <\/h2>\n<h2>Hans kritik mot Familjer\u00e4ttens utredning f\u00f6ljer inte de allm\u00e4nna r\u00e5d och riktlinjer som han sj\u00e4lv \u00e5beropar i Socialstyrelsens rapport SOSFS 2012:4.<\/h2>\n<h2>Familjer\u00e4tten arbetar utifr\u00e5n F\u00f6r\u00e4ldrabalkens riktlinjer f\u00f6r v\u00e5rdnadsutredning vilket konsulten tycks f\u00f6rbise. <\/h2>\n<h2>Hans \u00e5beropande av forskning sker godtyckligt och utan relevans eller stingens. <\/h2>\n<h2>Ryktet s\u00e4ger att han tar ordentligt betalt f\u00f6r sina &#8221;sakkunniga&#8221; rapporter. Prislappen per rapport \u00e4r mellan 20.000 kr och 50.000 kr. <\/h2>\n<h2>Av hans bolagsaff\u00e4rer finns det anledning att tro att han tar betalt utan att fakturera. <\/h2>\n\t<p>Detta yttrande som Grigori Antonoupolos bidragit med i ett verkst\u00e4llighets\u00e4rende i ett av fallen som finns redovisade i enk\u00e4tsvaren i v\u00e5rt faktamaterial, samt i <a href=\"http:\/\/mmstudies.com\/eftervaldet\/lenas.fall\">Gustaf Tronarps artikel i AB<\/a>, \u00e4r n\u00e4rmast som en parodi p\u00e5 ett sant granskande \/ utredningsrelaterat f\u00f6rh\u00e5llningss\u00e4tt. Vi k\u00e4nner dess upphovsman v\u00e4l sedan den tid han under falsk flagg uppeh\u00f6ll sig i mammagrupper f\u00f6r att fiska kunder. Hans CV imponerar inte heller. Han har \u00e4ven bist\u00e5tt med sina tj\u00e4nster i ett fall som finns redovisat i ett annat enk\u00e4tsvar i det material som ing\u00e5r i AKTION #efterv\u00e5ldet. I det ena fallet gick r\u00e4tten inte p\u00e5 hans lurendrejerier. Mamman och hennes advokat gjorde processen kort genom att avsl\u00f6ja honom som den charlatan och \u00a0bluffmakare han \u00e4r.<\/p>\n<p>Efter att f\u00f6rst ha \u00e4gnat halva utredningen \u00e5t att ha klippt och klistrat en text ifr\u00e5ga om hur en korrekt utredning b\u00f6r bedrivas, s\u00e5gar han, utan specificerade sidh\u00e4nvisningar till vilka uppgifter och utsagor han refererar, r\u00e4tt av socialens utredning.<\/p>\n<p>Hur logiskt konsekvent \u00e4r det d\u00e5 att \u00e4nd\u00e5 sj\u00e4lv dra de l\u00e5ngtg\u00e5ende slutsatser, att det skulle vara mamman som \u00e4r problemet och att hennes psykiska h\u00e4lsa b\u00f6r unders\u00f6kas, n\u00e4r det \u00e4r pappan som uppvisar tecken p\u00e5 grava personlighetsst\u00f6rningar? Det \u00e4r s\u00e5 uppenbart att b\u00e5de socialtj\u00e4nst och tingsr\u00e4tt rekommenderat honom att genomg\u00e5 behandling f\u00f6r sina\u00a0sv\u00e5righeter att\u00a0att etablera en normal kontakt med sina barn.<\/p>\n<p>Varifr\u00e5n f\u00e5r GA det faktabaserade underlaget till sina egna slutsatser, n\u00e4r han p\u00e5 egen uppgift medger att alla s\u00e5dana saknas?<\/p>\n<p>Hans egen &#8221;granskning&#8221; inneh\u00e5ller i detta avseende, s\u00e5v\u00e4l som i de \u00f6vriga, just precis alla de fel varf\u00f6r han kritiserar socialtj\u00e4nstens utredningar.<\/p>\n<p>Undrar hur mycket pappan tyckte det var v\u00e4rt att betala f\u00f6r detta hokus pokus och hur stort inflytande det kom att f\u00e5 p\u00e5 utg\u00e5ngen av v\u00e5rdnadsm\u00e5let i fr\u00e5ga? I Sista omg\u00e5ngen fick pappan v\u00e5rdnaden interimistiskt om alla de tre syskon, som totalv\u00e4grar att tr\u00e4ffa honom.<\/p>\n<p>Till\u00e4ggas\u00a0kan ocks\u00e5 nu i efterhand den 2 dec 2022, att efter att <a href=\"http:\/\/mmstudies.com\/eftervaldet\/lenas.fall\">pappan 2018 tilld\u00f6mdes\u00a0v\u00e5rdnaden,<\/a> har den i somras \u00a0\u00e5terg\u00e5tt till mamman, efter att pappan \u00f6ppet visat sina r\u00e4tta sidor inf\u00f6r\u00a0ansvariga p\u00e5 socialtj\u00e4nsten. Detta efter att han genom beslut i r\u00e4tten bekostats tv\u00e5 \u00e5rs psykoterapi och barnen och mamman \u00e5terigen tvingats i v\u00e4g p\u00e5 familjebehandling, som de upplevde s\u00e5 p\u00e5frestande att den knappt varit m\u00f6jlig att\u00a0genomf\u00f6ra.<\/p>\n<p>&nbsp;<\/p>\n<h2>Advokatfirman Edelhjelm\u00a0ABStockholm\u00a02018-03-03<br \/>\nAdvokat\u00a0Anna\u00a0Edelhjelm<br \/>\nKarlav\u00e4gen 86<br \/>\n115 22 Stockholm<\/h2>\n<h2>Beg\u00e4rt yttrande avseende m\u00e5l nr T\u00a0XXXX-XX\u00a0 AA \/ BB avseende\u00a0v\u00e5rdnad, boende\u00a0och\u00a0umg\u00e4nge\u00a0f\u00f6r\u00a0CC \u00a0DD \u00a0samt EE\u00a0<\/h2>\n\t<p>CITAT Grigori Antonoupolos &#8221;UTREDNING&#8221;:\u00a0<\/p>\n\n<h2><em>Konklusion<\/em><\/h2>\n<p>&nbsp;<\/p>\n<p><em><strong>Den allvarligaste kritiken mot denna utredning b\u00f6r riktas mot utredarnas brist p\u00e5 analys av de misstankar som funnits om v\u00e5ld fr\u00e5n fadern\u00a0i synnerhet\u00a0mot\u00a0CC.<\/strong>\u00a0<strong>Det finns ingenting som s\u00e4ger att fadern faktiskt ut\u00f6vat psykiskt och fysiskt v\u00e5ld mot\u00a0barnen. Fadern \u00e4r inte d\u00f6md f\u00f6r\u00a0detta. Utredarna borde h\u00e4r ha analyserat moderns \u00e5terkommande anklagelser mot fadern.<\/strong><\/em><\/p>\n<p><em>Utredningen ska ha en logisk struktur. Olika moment ska h\u00e4nga ihop och inte som h\u00e4r d\u00e4r man saknar viktiga delar s\u00e5som\u00a0bristen p\u00e5\u00a0information om\u00a0barnens\u00a0och\u00a0f\u00f6r\u00e4ldrarnas\u00a0h\u00e4lsa\u00a0mm.\u00a0<strong>I synnerhet\u00a0saknas en beskrivning av modern h\u00e4lsa och situation.\u00a0Utredningen ska behandla barnens\u00a0situation och inte som\u00a0h\u00e4r\u00a0enbart handla om\u00a0f\u00f6r\u00e4ldrarnas konflikt.<\/strong><\/em><\/p>\n<p><em>P\u00e5 samma s\u00e4tt f\u00e5r man inte d\u00f6lja material utan det ska ske en \u00f6ppen redovisning av materialet.<strong> I den h\u00e4r utredningen d\u00f6ljer man t.ex.\u00a0mycket av\u00a0f\u00f6r\u00e4ldrarnas fysiska och\u00a0psykiska h\u00e4lsa samt\u00a0m\u00e4ngder med basuppgifter om f\u00f6r\u00e4ldrarna.<\/strong> Man f\u00e5r allts\u00e5 inte som h\u00e4r undanh\u00e5lla viktiga uppgifter.<\/em><\/p>\n<p><em>En korrekt utredning ska inneh\u00e5lla m\u00f6jlighet f\u00f6r f\u00f6r\u00e4ldrarna till systematisk replikering\u00a0d.v.s., att saker som s\u00e4gs av andra om dem\u00a0m\u00e5ste f\u00e5 bem\u00f6tas och detta ska korrigeras av utredaren\u00a0alternativt strykas.\u00a0N\u00e5gon replikering f\u00f6rekommer \u00f6ver huvud taget inte.<\/em><\/p>\n<p><em>Utredarna\u00a0ska till\u00e4mpa k\u00e4llkritik. Det inneb\u00e4r att man\u00a0m\u00e5ste ta reda p\u00e5 om saker som s\u00e4gs i utredningen st\u00e4mmer.\u00a0Inte heller detta har man gjort. <strong>Eftersom fadern utm\u00e5las som v\u00e5ldsam borde det varit en sj\u00e4lvklarhet att unders\u00f6ka om detta kan var sant.<\/strong> Modern \u00e4r inte beskriven alls. Varf\u00f6r?<\/em><\/p>\n<p><strong><em>Medlaren i den senaste verkst\u00e4llighetsm\u00e5let som tr\u00e4ffat modern, anser att hon beh\u00f6ver utredas d\u00e5 hon st\u00e4ller sig \u00f6ver tingsr\u00e4ttens beslut.<\/em><\/strong><\/p>\n<p><em>Slutsatser och bed\u00f6mningar ska h\u00e4nga ihop med det presenterade grundmaterialet. H\u00e4r \u00e4r grundmaterialet\u00a0mycket bristf\u00e4lligt och n\u00e5gra slutsatser dras inte \u00f6ver huvud taget.<\/em><\/p>\n<p><em>En utredning kan vara antingen\u00a0progressiv\u00a0eller\u00a0degenererande.\u00a0En progressiv utredning inneh\u00e5ller viktiga fr\u00e5gest\u00e4llningar, anv\u00e4nder en metod som ger ny kunskap och inneh\u00e5ller k\u00e4llkritik och kritiskt medvetna analyser. Nya insikter n\u00e5s som leder till att en konstruktiv probleml\u00f6sning kan ske utifr\u00e5n utredningen.<\/em><\/p>\n<p><em>Denna utredning \u00e4r ist\u00e4llet degenererande dvs. att den tillf\u00f6r litet\u00a0eller inget ur kunskapssynpunkt.\u00a0Fr\u00e5gest\u00e4llningar saknas och metodiken \u00e4r bristf\u00e4llig.\u00a0<strong>F\u00f6rutfattade meningar \u00e4r\u00a0frekventa samt att barnperspektiv saknas.<\/strong><\/em><\/p>\n<p><em>Samarbetssv\u00e5righeterna \u00e4r omfattande men sedan tingsr\u00e4ttens slutgiltiga beslut i den senaste verkst\u00e4llighetsm\u00e5let har modern medverkat till umg\u00e4nge, s\u00e5 det har skett en viss f\u00f6rb\u00e4ttring d\u00e4rmed.<\/em><\/p>\n<p><strong><em>Utredningen saknar inneh\u00e5ll och metodik och\u00a0ger ingen v\u00e4gledning om hur barnen\u00a0har det och vad\u00a0de\u00a0skulle beh\u00f6va.<\/em><\/strong><\/p>\n<p><em>Utredarna vill ge modern enskild v\u00e5rdnad och boendet av det enkla sk\u00e4let att hon haft det tidigare.\u00a0Detta trots att hon vid flera tillf\u00e4llen underl\u00e5tit att f\u00f6lja de beslut om umg\u00e4nge som domstolen f\u00f6rordnat om.\u00a0Man tar allts\u00e5 inte st\u00e4llning till om modern \u00e4r l\u00e4mplig eller ej.\u00a0\u00a0(Hur kan den d\u00e5 vara tendenti\u00f6s? min anm.)<\/em><\/p>\n<p><strong><em>Med mer\u00a0grundlig utredning av\u00a0f\u00f6r\u00e4ldrarna skulle man kunnat\u00a0komma fram till flera brister hos modern och fler f\u00f6rdelar hos fadern.<\/em><\/strong><\/p>\n<p><em>Utredningen har\u00a0s\u00e5 omfattande\u00a0brister\u00a0att den\u00a0inte\u00a0kan\u00a0ligga till grund f\u00f6r r\u00e4ttens beslut med barnens b\u00e4sta i \u00e5tanke.<\/em><\/p>\n<p><strong><em>Modern har vid flera tillf\u00e4llen underl\u00e5tit att f\u00f6lja domstolens beslut varf\u00f6r tingsr\u00e4tten b\u00f6r \u00f6verv\u00e4ga att \u00f6verflytta boendet.<\/em><\/strong><\/p>\n<p><strong><em>Om detta \u00e4r f\u00f6r tidigt b\u00f6r umg\u00e4nget mellan barnen och fadern \u00f6kas p\u00e5 ordentligt och v\u00e5rdnaden b\u00f6r vara gemensam trots samarbetssv\u00e5righeterna.<\/em><\/strong><\/p>\n<p>&nbsp;<\/p>\n\t<h2>Grigorij Antonopoulos CV<\/h2>\n<p>&nbsp;<\/p>\n<p>Bj\u00f6rn Ulrik\u00a0Grigorij Antonopoulos\u00a0\u00e4r en charlatan, som liksom ett antal \u00f6vriga &#8221;granskare&#8221; av hans kaliber, har sett sin chans att livn\u00e4ra sig p\u00e5 det familjer\u00e4ttsliga gesch\u00e4ft som saknar varje form av tillsyn fr\u00e5n h\u00f6gre instans<\/p>\n<p>Han bor med sin mamma Karin Birgitta Antonopoulos 4405 p\u00e5 Erstagatan 29 lg 1301, 116 36 Stockholm.<\/p>\n<p>Det finns en far till Grigorij i annat land och en lillasyster till Grigorij, dock utan far enligt Folkbokf\u00f6ringen.<\/p>\n<p>Avseende Grigorijs b\u00e5da aktiva f\u00f6retag har b\u00e5da f\u00f6retagen indragna i sina f-skattsedlar. Det tredje f\u00f6retaget \u00e4r nerlagt. Det f\u00f6retaget sysslade med handel och design.<\/p>\nHandelsbolag med nr 969618-5538 har 3.800 kr i skulder hos Kronofogden och handelsbolag med nr 969707-2925 har skulder p\u00e5 161.000 kr hos Kronofogden.<br \/>\nB\u00e5de son och mor har privata skatteskulder som ligger f\u00f6r utm\u00e4tning.<br \/>\nGrigorij p\u00e5 29.983 kr sedan 2011 och modern p\u00e5 12.600 kr sedan januari 2014.\n<p>Grigorij gick i avslutad personlig konkurs i januari 2010 utan utm\u00e4tta tillg\u00e5ngar.<\/p>\n<p><strong>Inkomster:<\/strong><\/p>\nGrigorij Antonopoulos Karin Birgitta<br \/>\nAntonopoulos<br \/>\n2013 \u00f6verskott av n\u00e4ringsverksamhet 190.399 kr 185.262 kr<br \/>\n2013 \u00f6verskott av kapital 9.668 kr 0 kr<br \/>\n2012 \u00f6verskott av n\u00e4ringsverksamhet 41.943 kr 23.628 kr\n2012 \u00f6verskott av kapital 12.850 kr 6.341 kr<br \/>\n2011 underskott av n\u00e4ringsverksamhet 11.490 kr ?<br \/>\n2011 underskott av kapital 1.974 kr ?<br \/>\n2010 \u00f6verskott av n\u00e4ringsverksamhet 0 kr 10.068 kr<br \/>\n2010 \u00f6verskott av kapital 0 kr 0 kr<br \/>\n2009 \u00f6verskott av n\u00e4ringsverksamhet 0 kr 0 kr<br \/>\n2009 \u00f6verskott av kapital 0 kr 0 kr<br \/>\n2008 \u00f6verskott av n\u00e4ringsverksamhet 0 kr 0 kr<br \/>\n2008 \u00f6verskott av kapital 0 kr 0 kr<br \/>\n2007 \u00f6verskott av n\u00e4ringsverksamhet 0 kr 86.144 kr<br \/>\n2007 \u00f6verskott av kapital 0 kr 1.354 kr<br \/>\n2006 \u00f6verskott av n\u00e4ringsverksamhet 0 kr 108.802 kr<br \/>\n2006 underskott av kapital 0 kr 4.173 kr\n<p>Grigorij Antonopoulos p\u00e5st\u00e5s vara vara psykoterapeut och kurator, vilket \u00e4r tv\u00e5 titlar som kr\u00e4ver legitimation utf\u00e4rdat av Socialstyrelsen. Enligt samtal med Socialstyrelsen fredagen 17 april saknas ber\u00f6rd person hos Socialstyrelsen. Det inneb\u00e4r att legitimation saknas. Hans utbildningsanordnare, GPTI, som han p\u00e5st\u00e5r sig ha g\u00e5tt p\u00e5, saknar examensbevis, se mail. GPTI har ocks\u00e5 uppmanat mig att kontrollera med Socialstyrelsen om legitimation finns vilket jag ocks\u00e5 gjort.<\/p>\n<p>Han saknar examen fr\u00e5n Stockholms Universitet vilket han p\u00e5st\u00e5r sig ha via sin Facebooksida. Utdraget fr\u00e5n Stockholms universitets ladoksystem visar att han saknar po\u00e4ng p\u00e5 C-niv\u00e5 vilket om\u00f6jligg\u00f6r en examen. A+B kurser i grekiska, sociologi, allm\u00e4n kriminologi och pedagogik r\u00e4cker inte f\u00f6r en kandidatuppsats. Hans betyg \u00e4r bara p\u00e5 G-niv\u00e5. Denna grundutbildning skulle inte meritera honom att studera till psykoterapeut.<\/p>\n<p><strong>Bolagsverket har inga uppgifter att Grigorij har ett f\u00f6retag som heter Global Mediators Ldt.<\/strong> Det f\u00f6retagsnamnet finns inte i Sverige. S\u00e5 hans rapport saknar legitimitet i relation till den organisation han anser sig skriva under p\u00e5.<\/p>\n<p>Grigorij figurerar i kretsar p\u00e5 n\u00e4tet som &#8221;hatar&#8221; Familjer\u00e4tten och han f\u00f6rel\u00e4ser f\u00f6r pappabarn.se. Han \u00e4r ocks\u00e5 v\u00e4n med socialutredningshatare p\u00e5 Facebook.<\/p>\n<p><strong>Hans kritik mot Familjer\u00e4ttens utredning f\u00f6ljer inte de allm\u00e4nna r\u00e5d och riktlinjer som han sj\u00e4lv \u00e5beropar i Socialstyrelsens rapport SOSFS 2012:4.<\/strong><\/p>\n<p>Familjer\u00e4tten arbetar utifr\u00e5n F\u00f6r\u00e4ldrabalkens riktlinjer f\u00f6r v\u00e5rdnadsutredning vilket konsulten tycks f\u00f6rbise. <\/p>\n<p><strong>Hans \u00e5beropande av forskning sker godtyckligt och utan relevans eller stingens.<\/strong> <\/p>\n<p>Ryktet s\u00e4ger att han tar ordentligt betalt f\u00f6r sina &#8221;sakkunniga&#8221; rapporter. <strong>Prislappen per rapport \u00e4r mellan 20.000 kr och 50.000 kr<\/strong>. <\/p>\n<p><strong>Av hans bolagsaff\u00e4rer finns det anledning att tro att han tar betalt utan att fakturera. <\/strong><\/p>\n<p>_______________________________________________<\/p>\n<p>&nbsp;<\/p>\n<p><strong>Mail fr\u00e5n G\u00f6teborgs Psykoterapi institut fredagen den 17 april och m\u00e5ndagen den 20 april.<\/strong><\/p>\n<p>&nbsp;<\/p>\n<p><strong>Vidarebefordrat meddelande<\/strong><\/p>\nFr\u00e5n: Carina Landstr\u00f6m &lt;carina.landstrom@gpsi.se&gt;<br \/>\nDatum: 17 april 2015 08:46<br \/>\n\u00c4mne: Re:\n<p>Hej,<\/p>\n<p>F\u00f6rs\u00f6kte ringa dig precis, men det var upptaget. Det h\u00e4r \u00e4r den privata kliniken och utbildnings institutet, som tidigare har haft Steg 2 utb f\u00f6r examensgrundande utb till psykoterapeuter. Hittar inte honom i mina register direkt, och t\u00e4nker att du kanske s\u00f6ker hans examen p\u00e5 fel st\u00e4lle. Mer vanligt \u00e4r kanske en examen fr\u00e5n G\u00f6teborgs Psykiatriska institution vid G\u00f6teborgs Universitet. Unders\u00f6k d\u00e4r ocks\u00e5, och \u00e5terkom annars igen om han anger att det \u00e4r h\u00e4r han tagit sin examen.<\/p>\n<p>V\u00e4nliga h\u00e4lsningar,<\/p>\nCarina Landstr\u00f6m<br \/>\n***************\n<p>&nbsp;<\/p>\n<p><strong>Vidarebefordrat meddelande\u00a0<\/strong><\/p>\nFr\u00e5n: Carina Landstr\u00f6m &lt;carina.landstrom@gpsi.se&gt;<br \/>\nDatum: 20 april 2015 11:12<br \/>\n\u00c4mne: Re: Avser v\u00e5rdnadstvist XXXX-XX i Nacka Tingsr\u00e4tt\n<p>Hej!<\/p>\n<p>Jag har nu h\u00f6rt mig f\u00f6r betr examen h\u00e4r p\u00e5 GPI. Om det \u00e4r l\u00e5ngt tillbaka s\u00e5 kan det vara s\u00e5 att jag inte har personens namn i v\u00e5ra data register, utan i p\u00e4rmar och det d\u00e4rmed \u00e4r sv\u00e5rs\u00f6kt.<\/p>\n<p>Men som sagt, den korrekta informationen fr\u00e5n oss \u00e4r att h\u00e4nvisa till Socialstyrelsen, som d\u00e4rmed intygar om examen \u00e4r utf\u00f6rd eller inte.<\/p>\n<p>V\u00e4nliga h\u00e4lsningar,<\/p>\n<p>Carina Landstr\u00f6m<\/p>\n<p>&nbsp;<\/p>\n<p>__________________________________________<\/p>\n<p>En av de aktiva i pappavarf\u00f6r &#8211; gruppen<\/p>\nLedare f\u00f6r pappavarf\u00f6r.se<br \/>\nFarouq Assali <br \/>\n7101<br \/>\nFyrskeppsv\u00e4gen 55<br \/>\n12154 Johanneshov<br \/>\n7 barn <br \/>\nEn exfru har skyddad identitet och 3 av barnen har skyddade personuppgifter<br \/>\nTotalt tre \u00e4ktenskap och 7 barn\nEnligt S\u00f6dert\u00f6rns tingsr\u00e4tt har Farouq en rad domar p\u00e5 sig, b\u00e5de tvistem\u00e5l och brottsm\u00e5l.<br \/>\n18 tr\u00e4ffar <br \/>\nAvd 4<br \/>\nB XXXX-XX<br \/>\nOlovlig k\u00f6rning<br \/>\n\u00c4 XXXX-XX<br \/>\nPr\u00f6vning av kontaktf\u00f6rbud<br \/>\nXXXX-XX<br \/>\nT Ans\u00f6kan av ans\u00f6kan om ers\u00e4ttningsgaranti<br \/>\nXXXX-XX<br \/>\nFordran Kfm<br \/>\nT XXXX-XX<br \/>\n\u00c5terg\u00e5ng av hyresavtal mm.<br \/>\nXXXX-XX<br \/>\nPr\u00f6vning av kontaktf\u00f6rbud<br \/>\n\u00c4 XXXX-XX<br \/>\nKvarsittningsr\u00e4tt<br \/>\n\u00c4 XXXX-XX<br \/>\nErs\u00e4ttningsgaranti<br \/>\n\u00c4 XXXX-XX<br \/>\nF\u00f6rordnande av bodelningsf\u00f6r\u00e4ttare<br \/>\n\u00c4 XXXX-XX<br \/>\nF\u00f6rordnande av s\u00e4rskild f\u00f6retr\u00e4dare f\u00f6r barn<br \/>\n\u00c4 XXXX-XX<br \/>\nF\u00f6rordnande av s\u00e4rskild f\u00f6retr\u00e4dare f\u00f6r barn<br \/>\nB XXXX-XX<br \/>\nGrov kvinnofridskr\u00e4nkning m.m.<br \/>\n\u00d6verklagad till HD<br \/>\nHovr\u00e4tten d\u00f6md till 18 m\u00e5naders f\u00e4ngelse 5 februari 2013<br \/>\nInget pr\u00f6vningstillst\u00e5nd i H\u00f6gsta Domstolen\nMaj 2013<br \/>\nD\u00f6mdes f\u00f6r olovlig k\u00f6rning <br \/>\nOsv&#8230; Mao inte v\u00e4rldens b\u00e4sta kompis! NS har helt klart hamnat i d\u00e5ligt s\u00e4llskap som utan tvivel p\u00e5verkar hans f\u00f6r\u00e4ldraf\u00f6rm\u00e5ga.\nhttp:\/\/www.minpappa.nu\/?page_id=2<br \/>\nhttp:\/\/www.pappa-barn-kristianstad.se\/index-filer\/Page779.htm\n\t\t\t\t<img loading=\"lazy\" decoding=\"async\" src=\"http:\/\/mmstudies.com\/eftervaldet\/wp-content\/uploads\/sites\/12\/2019\/08\/60339666_10156441355928683_5378066380564201472_n.jpg\" alt=\"60339666_10156441355928683_5378066380564201472_n\" itemprop=\"image\" height=\"846\" width=\"1280\" title=\"60339666_10156441355928683_5378066380564201472_n\" onerror=\"this.style.display='none'\"  \/>\n\t<p>L\u00e4s \u00e4ven h\u00e4r om de samvetsbefriade charlatanerna:<\/p>\n<p>&nbsp;<\/p>\n<p><a href=\"https:\/\/mrgalahad.wordpress.com\/2010\/05\/25\/garningsmammor-en-bok-om-pas\/\">Mats Rudolphis Dellen\u00e4ng<\/a> \u00bb<\/p>\n<p>&nbsp;<\/p>\n<p><a href=\"http:\/\/mmstudies.com\/eftervaldet\/emtestam\/\">G\u00f6sta Emtestam \u00bb<\/a><\/p>\n<p>&nbsp;<\/p>\n<p><a href=\"http:\/\/mmstudies.com\/mammamanualen\/lhs-cv\">Lena Hellblom Sj\u00f6grens CV \u00bb<\/a><\/p>\n<p>&nbsp;<\/p>\n<p><a href=\"http:\/\/mmstudies.com\/mammamanualen\/lhs-kritik\">Kritik av Lena Hellblom Sj\u00f6grens insatser som sk &#8221;vittnespsykolog&#8221; \u00bb<\/a><\/p>\n\t<p><em><a href=\"http:\/\/mmstudies.com\/atb\/\">ABOUT<\/a><\/em><\/p>\n<p>&nbsp;<\/p>\n<p><em><a href=\"http:\/\/mmstudies.com\/eftervaldet\/\">AKTION #efterv\u00e5ldet mot samh\u00e4llsskadlig myndighetsut\u00f6vning<\/a><\/em><\/p>\n<p>&nbsp;<\/p>\n<p><em><a href=\"http:\/\/mmstudies.com\/eftervaldet\/\">KRITIK M\u00c5LS\u00c4TTNING OCH KRAV<\/a><\/em><\/p>\n<p>&nbsp;<\/p>\n<p><em><a href=\"http:\/\/mmstudies.com\/eftervaldet\/definition\">EFTERV\u00c5LD &#8211; DEFINITION <\/a><\/em><\/p>\n<p>&nbsp;<\/p>\n<p><em><a href=\"http:\/\/mmstudies.com\/eftervaldet\/inforlivat\/\">BEGREPPET EFTERV\u00c5LD INF\u00d6RLIVAT I DEN DEN OFFENTLIGA DISKURSEN<\/a><\/em><\/p>\n<p>&nbsp;<\/p>\n<p><em><a href=\"http:\/\/mmstudies.com\/eftervaldet\/upprop\">AKTION #efterv\u00e5ldets UPPROP<\/a><\/em><\/p>\n<p><em>\/<\/em><\/p>\n<p><em><a href=\"http:\/\/mmstudies.com\/eftervaldet\/roster\/\">R\u00d6STER FR\u00c5N AKTION #efterv\u00e5ldets UPPROP<\/a><\/em><\/p>\n<p>&nbsp;<\/p>\n<p><em><a href=\"http:\/\/mmstudies.com\/eftervaldet\/soc\/\">UTSKICK TILL SOCIALUTSKOTTET<\/a><\/em><\/p>\n<p>&nbsp;<\/p>\n<p><a href=\"http:\/\/mmstudies.com\/eftervaldet\/presentation\"><em>PRESENTATION AV #efterv\u00e5ldets \u00d6VERGRIPANDE UPPL\u00c4GG, KRITK, \u00a0FAKTA OCH KUNSKAPSUNDERLAG<\/em><\/a><\/p>\n<p>&nbsp;<\/p>\n<p><a href=\"http:\/\/mmstudies.com\/eftervaldet\/enkatsvar\"><em>ENK\u00c4TSVAR fr\u00e5n 16 f\u00f6r\u00e4ldrar utsatta f\u00f6r DV \/ AC &amp; EFTERV\u00c5LD<\/em><\/a><\/p>\n<p>&nbsp;<\/p>\n<p><a href=\"http:\/\/mmstudies.com\/eftervaldet\/ipe-analys\/\"><em>IDEOLOGISK, POLITISK, EKONOMISK ANALYS<\/em><\/a><\/p>\n<p>&nbsp;<\/p>\n<p><em><a href=\"http:\/\/mmstudies.com\/eftervaldet\/falsk-varu\/\">MYNDIGHETSUT\u00d6VNING MED FALSK VARUDEKLARATION<\/a><\/em><\/p>\n<p>&nbsp;<\/p>\n<p><a href=\"http:\/\/mmstudies.com\/eftervaldet\/hum-faltet\/\"><em>1) Bristande kompetens att hantera komplext systemrelaterade problemst\u00e4llningar inom det humanvetenskapliga f\u00e4ltet<\/em><\/a><\/p>\n<p>&nbsp;<\/p>\n<p><em><a href=\"http:\/\/mmstudies.com\/eftervaldet\/spraklig\/\">2) Bristande spr\u00e5klig precisering, avgr\u00e4nsning och stringens<\/a><\/em><\/p>\n<p>&nbsp;<\/p>\n<p><a href=\"http:\/\/mmstudies.com\/eftervaldet\/tllampning\/\"><em>3) Bristande omd\u00f6me i fr\u00e5ga om till\u00e4mpningen av g\u00e4llande lag i F\u00f6r\u00e4ldrabalken och FN:s barnkonvention<\/em><\/a><\/p>\n<p>&nbsp;<\/p>\n<p><a href=\"http:\/\/mmstudies.com\/eftervaldet\/fakta\/\"><em>FAKTA-OCH KUNSKAPSUNDERLAG<\/em><\/a><\/p>\n<p>&nbsp;<\/p>\n<p><a href=\"http:\/\/mmstudies.com\/eftervaldet\/forbigas\/\"><em>ANGEL\u00c4GEN FORSKNING OCH VETENSKAP SOM F\u00d6RBIG\u00c5S<\/em><\/a><\/p>\n<p>&nbsp;<\/p>\n<p><a href=\"http:\/\/mmstudies.com\/eftervaldet\/granskning-domar\/\"><em>SAMMANFATTNING AV MARIA KARLSSONS GRANSKNING AV DOMAR<\/em><\/a><\/p>\n<p>&nbsp;<\/p>\n<p><a href=\"http:\/\/mmstudies.com\/eftervaldet\/domar-vsnr\/\"><em>Domar vari pappor gjort sig skyldiga till DV \/ AC<\/em><\/a><\/p>\n<p>&nbsp;<\/p>\n<p><em><a href=\"http:\/\/mmstudies.com\/eftervaldet\/pavarka\/\">Domar vari mammor tros &#8221;p\u00e5verka&#8221;, &#8221;dra in barn i konflikten&#8221;, inte kunna &#8221;samarbeta&#8221; pga att &#8221;ha fel inst\u00e4llning till pappan&#8221;, etc<\/a><\/em><\/p>\n<p>&nbsp;<\/p>\n<p><em><a href=\"http:\/\/mmstudies.com\/eftervaldet\/boss\/\">BRUTALISTEN MATS SJ\u00d6STEN &#8211; BOSS<\/a> <a href=\"http:\/\/mmstudies.com\/eftervaldet\/boss\/\">\u00d6VER V\u00c5RDNADSM\u00c5L SEDAN 90-talet<\/a><\/em><\/p>\n<p>&nbsp;<\/p>\n<p><a href=\"http:\/\/mmstudies.com\/eftervaldet\/statliga\/\"><em>DE STATLIGA V\u00c5RDNADSUTEDNINGARNA<\/em><\/a><\/p>\n<p>&nbsp;<\/p>\n<p><a href=\"http:\/\/mmstudies.com\/eftervaldet\/framsta-expert\/\"><em>LANDETS FR\u00c4MSTA EXPERT P\u00c5 V\u00c5RDNADSM\u00c5L<\/em><\/a><\/p>\n<p>&nbsp;<\/p>\n<p><a href=\"http:\/\/mmstudies.com\/eftervaldet\/granskning-ms\/\"><em>AVSL\u00d6JANDE GRANSKNING AV MATS SJ\u00d6STENS DOM I VARBERGFALLET<\/em><\/a><\/p>\n<p>&nbsp;<\/p>\n<p><em><a href=\"http:\/\/mmstudies.com\/eftervaldet\/fallet-maria2\/\">Varbergsm\u00e5let:<\/a><\/em><\/p>\n<p>&nbsp;<\/p>\n<p><a href=\"http:\/\/mmstudies.com\/eftervaldet\/lambertz\/\"><em>MAILV\u00c4XLING MED LAGMAN MATS SJ\u00d6STEN OCH HOVR\u00c4TTSASSESSOR KARIN LAMBERTZ<\/em><\/a><\/p>\n<p>&nbsp;<\/p>\n<p><em><a href=\"http:\/\/mmstudies.com\/eftervaldet\/bk\/\">MATS SJ\u00d6STEN OM FN:s BARNKONVENTION<\/a><\/em><\/p>\n<p>&nbsp;<\/p>\n<p><em><a href=\"http:\/\/mmstudies.com\/eftervaldet\/kopta\">K\u00d6PTA S.K. UTREDARE \/ MEDLARE och VITTNESPSYKOLOGER <\/a><a href=\"http:\/\/mmstudies.com\/eftervaldet\/kopta\">MED FALSK VARUDEKLARATION<\/a><\/em><\/p>\n<p>&nbsp;<\/p>\n<p><a href=\"http:\/\/mmstudies.com\/eftervaldet\/ful\/\"><em>LENA HELLBLOM SJ\u00d6GRENS FALSKA RETORIK<\/em><\/a><\/p>\n<p>&nbsp;<\/p>\n<p><a href=\"http:\/\/mmstudies.com\/eftervaldet\/fsr\/\"><em>Lobbar Familjer\u00e4ttssocionomernas Riksf\u00f6rbund f\u00f6r PA(S) i hemlighet?<\/em><\/a><\/p>\n<p>&nbsp;<\/p>\n<p><em><a href=\"http:\/\/mmstudies.com\/eftervaldet\/robson\/\">Carolin Robsons hemst\u00e4llan till myndigheterna ang\u00e5ende PA(S)-relaterad myndighetsut\u00f6vning<\/a><\/em><\/p>\n<p><em>\u00a0<\/em><\/p>\n<p><em><a href=\"http:\/\/mmstudies.com\/eftervaldet\/pas-manualen\/\">PA(S)-MANUALEN<\/a><\/em><\/p>\n<p>&nbsp;<\/p>\n<p><em><a href=\"http:\/\/mmstudies.com\/eftervaldet\/vic\">DEN 7-\u00e5rige VICTORS FALL &#8211; \u00c4NNU ETT FALL MED LENA HELLBLOM SJ\u00d6GRENS INBLANDNING\u00a0<\/a><\/em><\/p>\n<p>&nbsp;<\/p>\n<p><a href=\"http:\/\/mmstudies.com\/eftervaldet\/artiklar\"><em>ARTIKLAR<\/em><\/a><\/p>\n<p>&nbsp;<\/p>\n<p><a href=\"http:\/\/mmstudies.com\/eftervaldet\/jenny-orn\"><i>1. Jenny \u00d6rns fall<\/i><\/a><\/p>\n<p><i>2 .<\/i><a href=\"http:\/\/mmstudies.com\/eftervaldet\/maria-a-artikel\"><i>F\u00f6r\u00e4ldern Maria A:s fall publicerad i Aftonbladet 2017.<\/i><\/a><i>\u00a0<\/i><\/p>\n<p><a href=\"http:\/\/mmstudies.com\/eftervaldet\/lenas-fall\/\"><i>3.Trebarnsmamman Lenas fall<\/i><\/a><\/p>\n<p><a href=\"http:\/\/mmstudies.com\/eftervaldet\/svea-hovratt\/\"><i>4. Svea Hovr\u00e4ttsm\u00e5let med Thomas Bodstr\u00f6m som mammans ombud<\/i><\/a><\/p>\n<p><i>5. <\/i><a href=\"http:\/\/mmstudies.com\/eftervaldet\/fallet-maria2\/\"><i>V\u00e5rdnadsm\u00e5let vid \u00a0Varbergs tings\u00e4tt och Mats Sj\u00f6sten som domare<\/i><\/a><\/p>\n<p><a href=\"http:\/\/mmstudies.com\/eftervaldet\/suicidal\/\"><i>6) 12-\u00e5rig suicidal pojke tv\u00e5ngsf\u00f6rflyttas till sin f\u00f6r\u00f6vare<\/i><\/a><\/p>\n<p><a href=\"http:\/\/mmstudies.com\/eftervaldet\/anna-elias\/\"><i>7) Fallet Anna och Elias<\/i><\/a><\/p>\n<p><em>8) Den 7-\u00e5rige Victors fall<\/em><\/p>\n<p><em><a href=\"http:\/\/mmstudies.com\/eftervaldet\/enkatsvar\/\">Mammors rapporter i 16 enk\u00e4tsvar<\/a><\/em><\/p>\n<p>&nbsp;<\/p>\n<p><em><a href=\"http:\/\/mmstudies.com\/eftervaldet\/vic\/\">DEN 7-\u00e5rige VICTORS FALL &#8211; \u00c4NNU ETT FALL MED LENA HELLBLOM SJ\u00d6GRENS INBLANDNING\u00a0<\/a><\/em><\/p>\n<p>&nbsp;<\/p>\n<p><em><a href=\"http:\/\/mmstudies.com\/eftervaldet\/lindas-brev\/\">LINDAS BREV RILL SVERIGE<\/a><\/em><\/p>\n<p>&nbsp;<\/p>\n<p><em><a href=\"http:\/\/mmstudies.com\/eftervaldet\/bodin\/\">17 L\u00d6GNER I SVT \/ \u00a0BO G\u00d6RAN BODIN \/ BR\u00c5NSTADS \u00a0&#8221;ATT R\u00c4DDA ETT BARN&#8221;, INKLUSIVE UNDANH\u00c5LLANDE OCH SELEKTIVT URVAL AV FAKTA<\/a><\/em><\/p>\n<p>&nbsp;<\/p>\n<p><em><a href=\"http:\/\/mmstudies.com\/eftervaldet\/sjalv\/\">SJ\u00c4LVBIOGRAFIER AV UTGIVNA AV F\u00d6R\u00c4LDRAR UTSATTA F\u00d6RDV \/ AC &amp;\u00a0EFTERV\u00c5LD<\/a><\/em><\/p>\n<p>&nbsp;<\/p>\n<p><em><a href=\"http:\/\/mmstudies.com\/eftervaldet\/veronica\/\">VERONICA AXELSSON &#8211; DET H\u00c4NDER INTE MIG<\/a><\/em><\/p>\n<p>&nbsp;<\/p>\n<p><em>___________________________________<\/em><\/p>\n\n<p>&nbsp;<\/p>\n<p><strong><em>\u00d6VRIGA HEMSIDOR:<\/em><\/strong><\/p>\n<p>&nbsp;<\/p>\n<p><strong><em><a href=\"http:\/\/mmstudies.com\/sallberg\">JUSTITIEMORDET P\u00c5 CARINA S\u00c4LLBERG<\/a><\/em><\/strong><\/p>\n<p>&nbsp;<\/p>\n<p><strong><em><a href=\"http:\/\/mmstudies.com\/radda\">ANALYS AV SVT \/ BODINS &#8221;ATT R\u00c4DDA ETT BARN&#8221;<\/a><\/em><\/strong><\/p>\n<p>&nbsp;<\/p>\n<p><strong><em><a href=\"http:\/\/mmstudies.com\/sol\">TON\u00c5RSFLICKORNA SARA OCH LINDAS BER\u00c4TTELSE<\/a><\/em><\/strong><\/p>\n<p>&nbsp;<\/p>\n<p><strong><em><a href=\"http:\/\/mmstudies.com\/mammamanualen\">MAMMA-MANUALEN<\/a><\/em><\/strong><\/p>\n\t<p><em><a href=\"http:\/\/mmstudies.com\/atb\/\">ABOUT<\/a><\/em><\/p>\n<p>&nbsp;<\/p>\n<p><em><a href=\"http:\/\/mmstudies.com\/eftervaldet\/\">AKTION #efterv\u00e5ldet mot samh\u00e4llsskadlig myndighetsut\u00f6vning<\/a><\/em><\/p>\n<p>&nbsp;<\/p>\n<p><em><a href=\"http:\/\/mmstudies.com\/eftervaldet\/\">KRITIK M\u00c5LS\u00c4TTNING OCH KRAV<\/a><\/em><\/p>\n<p>&nbsp;<\/p>\n<p><em><a href=\"http:\/\/mmstudies.com\/eftervaldet\/definition\">EFTERV\u00c5LD &#8211; DEFINITION <\/a><\/em><\/p>\n<p>&nbsp;<\/p>\n<p><em><a href=\"http:\/\/mmstudies.com\/eftervaldet\/inforlivat\/\">BEGREPPET EFTERV\u00c5LD INF\u00d6RLIVAT I DEN DEN OFFENTLIGA DISKURSEN<\/a><\/em><\/p>\n<p>&nbsp;<\/p>\n<p><em><a href=\"http:\/\/mmstudies.com\/eftervaldet\/upprop\">AKTION #efterv\u00e5ldets UPPROP<\/a><\/em><\/p>\n<p><em>\/<\/em><\/p>\n<p><em><a href=\"http:\/\/mmstudies.com\/eftervaldet\/roster\/\">R\u00d6STER FR\u00c5N AKTION #efterv\u00e5ldets UPPROP<\/a><\/em><\/p>\n<p>&nbsp;<\/p>\n<p><em><a href=\"http:\/\/mmstudies.com\/eftervaldet\/soc\/\">UTSKICK TILL SOCIALUTSKOTTET<\/a><\/em><\/p>\n<p>&nbsp;<\/p>\n<p><a href=\"http:\/\/mmstudies.com\/eftervaldet\/presentation\"><em>PRESENTATION AV #efterv\u00e5ldets \u00d6VERGRIPANDE UPPL\u00c4GG, KRITK, \u00a0FAKTA OCH KUNSKAPSUNDERLAG<\/em><\/a><\/p>\n<p>&nbsp;<\/p>\n<p><a href=\"http:\/\/mmstudies.com\/eftervaldet\/enkatsvar\"><em>ENK\u00c4TSVAR fr\u00e5n 16 f\u00f6r\u00e4ldrar utsatta f\u00f6r DV \/ AC &amp; EFTERV\u00c5LD<\/em><\/a><\/p>\n<p>&nbsp;<\/p>\n<p><a href=\"http:\/\/mmstudies.com\/eftervaldet\/ipe-analys\/\"><em>IDEOLOGISK, POLITISK, EKONOMISK ANALYS<\/em><\/a><\/p>\n<p>&nbsp;<\/p>\n<p><em><a href=\"http:\/\/mmstudies.com\/eftervaldet\/falsk-varu\/\">MYNDIGHETSUT\u00d6VNING MED FALSK VARUDEKLARATION<\/a><\/em><\/p>\n<p>&nbsp;<\/p>\n<p><a href=\"http:\/\/mmstudies.com\/eftervaldet\/hum-faltet\/\"><em>1) Bristande kompetens att hantera komplext systemrelaterade problemst\u00e4llningar inom det humanvetenskapliga f\u00e4ltet<\/em><\/a><\/p>\n<p>&nbsp;<\/p>\n<p><em><a href=\"http:\/\/mmstudies.com\/eftervaldet\/spraklig\/\">2) Bristande spr\u00e5klig precisering, avgr\u00e4nsning och stringens<\/a><\/em><\/p>\n<p>&nbsp;<\/p>\n<p><a href=\"http:\/\/mmstudies.com\/eftervaldet\/tllampning\/\"><em>3) Bristande omd\u00f6me i fr\u00e5ga om till\u00e4mpningen av g\u00e4llande lag i F\u00f6r\u00e4ldrabalken och FN:s barnkonvention<\/em><\/a><\/p>\n<p>&nbsp;<\/p>\n<p><a href=\"http:\/\/mmstudies.com\/eftervaldet\/fakta\/\"><em>FAKTA-OCH KUNSKAPSUNDERLAG<\/em><\/a><\/p>\n<p>&nbsp;<\/p>\n<p><a href=\"http:\/\/mmstudies.com\/eftervaldet\/forbigas\/\"><em>ANGEL\u00c4GEN FORSKNING OCH VETENSKAP SOM F\u00d6RBIG\u00c5S<\/em><\/a><\/p>\n<p>&nbsp;<\/p>\n<p><a href=\"http:\/\/mmstudies.com\/eftervaldet\/granskning-domar\/\"><em>SAMMANFATTNING AV MARIA KARLSSONS GRANSKNING AV DOMAR<\/em><\/a><\/p>\n<p>&nbsp;<\/p>\n<p><a href=\"http:\/\/mmstudies.com\/eftervaldet\/domar-vsnr\/\"><em>Domar vari pappor gjort sig skyldiga till DV \/ AC<\/em><\/a><\/p>\n<p>&nbsp;<\/p>\n<p><em><a href=\"http:\/\/mmstudies.com\/eftervaldet\/pavarka\/\">Domar vari mammor tros &#8221;p\u00e5verka&#8221;, &#8221;dra in barn i konflikten&#8221;, inte kunna &#8221;samarbeta&#8221; pga att &#8221;ha fel inst\u00e4llning till pappan&#8221;, etc<\/a><\/em><\/p>\n<p>&nbsp;<\/p>\n<p><em><a href=\"http:\/\/mmstudies.com\/eftervaldet\/boss\/\">BRUTALISTEN MATS SJ\u00d6STEN &#8211; BOSS<\/a> <a href=\"http:\/\/mmstudies.com\/eftervaldet\/boss\/\">\u00d6VER V\u00c5RDNADSM\u00c5L SEDAN 90-talet<\/a><\/em><\/p>\n<p>&nbsp;<\/p>\n<p><a href=\"http:\/\/mmstudies.com\/eftervaldet\/statliga\/\"><em>DE STATLIGA V\u00c5RDNADSUTEDNINGARNA<\/em><\/a><\/p>\n<p>&nbsp;<\/p>\n<p><a href=\"http:\/\/mmstudies.com\/eftervaldet\/framsta-expert\/\"><em>LANDETS FR\u00c4MSTA EXPERT P\u00c5 V\u00c5RDNADSM\u00c5L<\/em><\/a><\/p>\n<p>&nbsp;<\/p>\n<p><a href=\"http:\/\/mmstudies.com\/eftervaldet\/granskning-ms\/\"><em>AVSL\u00d6JANDE GRANSKNING AV MATS SJ\u00d6STENS DOM I VARBERGFALLET<\/em><\/a><\/p>\n<p>&nbsp;<\/p>\n<p><em><a href=\"http:\/\/mmstudies.com\/eftervaldet\/fallet-maria2\/\">Varbergsm\u00e5let:<\/a><\/em><\/p>\n<p>&nbsp;<\/p>\n<p><a href=\"http:\/\/mmstudies.com\/eftervaldet\/lambertz\/\"><em>MAILV\u00c4XLING MED LAGMAN MATS SJ\u00d6STEN OCH HOVR\u00c4TTSASSESSOR KARIN LAMBERTZ<\/em><\/a><\/p>\n<p>&nbsp;<\/p>\n<p><em><a href=\"http:\/\/mmstudies.com\/eftervaldet\/bk\/\">MATS SJ\u00d6STEN OM FN:s BARNKONVENTION<\/a><\/em><\/p>\n<p>&nbsp;<\/p>\n<p><em><a href=\"http:\/\/mmstudies.com\/eftervaldet\/kopta\">K\u00d6PTA S.K. UTREDARE \/ MEDLARE och VITTNESPSYKOLOGER <\/a><a href=\"http:\/\/mmstudies.com\/eftervaldet\/kopta\">MED FALSK VARUDEKLARATION<\/a><\/em><\/p>\n<p>&nbsp;<\/p>\n<p><a href=\"http:\/\/mmstudies.com\/eftervaldet\/ful\/\"><em>LENA HELLBLOM SJ\u00d6GRENS FALSKA RETORIK<\/em><\/a><\/p>\n<p>&nbsp;<\/p>\n<p><a href=\"http:\/\/mmstudies.com\/eftervaldet\/fsr\/\"><em>Lobbar Familjer\u00e4ttssocionomernas Riksf\u00f6rbund f\u00f6r PA(S) i hemlighet?<\/em><\/a><\/p>\n<p>&nbsp;<\/p>\n<p><em><a href=\"http:\/\/mmstudies.com\/eftervaldet\/robson\/\">Carolin Robsons hemst\u00e4llan till myndigheterna ang\u00e5ende PA(S)-relaterad myndighetsut\u00f6vning<\/a><\/em><\/p>\n<p><em>\u00a0<\/em><\/p>\n<p><em><a href=\"http:\/\/mmstudies.com\/eftervaldet\/pas-manualen\/\">PA(S)-MANUALEN<\/a><\/em><\/p>\n<p>&nbsp;<\/p>\n<p><em><a href=\"http:\/\/mmstudies.com\/eftervaldet\/vic\">DEN 7-\u00e5rige VICTORS FALL &#8211; \u00c4NNU ETT FALL MED LENA HELLBLOM SJ\u00d6GRENS INBLANDNING\u00a0<\/a><\/em><\/p>\n<p>&nbsp;<\/p>\n<p><a href=\"http:\/\/mmstudies.com\/eftervaldet\/artiklar\"><em>ARTIKLAR<\/em><\/a><\/p>\n<p>&nbsp;<\/p>\n<p><a href=\"http:\/\/mmstudies.com\/eftervaldet\/jenny-orn\"><i>1. Jenny \u00d6rns fall<\/i><\/a><\/p>\n<p><i>2 .<\/i><a href=\"http:\/\/mmstudies.com\/eftervaldet\/maria-a-artikel\"><i>F\u00f6r\u00e4ldern Maria A:s fall publicerad i Aftonbladet 2017.<\/i><\/a><i>\u00a0<\/i><\/p>\n<p><a href=\"http:\/\/mmstudies.com\/eftervaldet\/lenas-fall\/\"><i>3.Trebarnsmamman Lenas fall<\/i><\/a><\/p>\n<p><a href=\"http:\/\/mmstudies.com\/eftervaldet\/svea-hovratt\/\"><i>4. Svea Hovr\u00e4ttsm\u00e5let med Thomas Bodstr\u00f6m som mammans ombud<\/i><\/a><\/p>\n<p><i>5. <\/i><a href=\"http:\/\/mmstudies.com\/eftervaldet\/fallet-maria2\/\"><i>V\u00e5rdnadsm\u00e5let vid \u00a0Varbergs tings\u00e4tt och Mats Sj\u00f6sten som domare<\/i><\/a><\/p>\n<p><a href=\"http:\/\/mmstudies.com\/eftervaldet\/suicidal\/\"><i>6) 12-\u00e5rig suicidal pojke tv\u00e5ngsf\u00f6rflyttas till sin f\u00f6r\u00f6vare<\/i><\/a><\/p>\n<p><a href=\"http:\/\/mmstudies.com\/eftervaldet\/anna-elias\/\"><i>7) Fallet Anna och Elias<\/i><\/a><\/p>\n<p><em>8) Den 7-\u00e5rige Victors fall<\/em><\/p>\n<p><em><a href=\"http:\/\/mmstudies.com\/eftervaldet\/enkatsvar\/\">Mammors rapporter i 16 enk\u00e4tsvar<\/a><\/em><\/p>\n<p>&nbsp;<\/p>\n<p><em><a href=\"http:\/\/mmstudies.com\/eftervaldet\/vic\/\">DEN 7-\u00e5rige VICTORS FALL &#8211; \u00c4NNU ETT FALL MED LENA HELLBLOM SJ\u00d6GRENS INBLANDNING\u00a0<\/a><\/em><\/p>\n<p>&nbsp;<\/p>\n<p><em><a href=\"http:\/\/mmstudies.com\/eftervaldet\/lindas-brev\/\">LINDAS BREV RILL SVERIGE<\/a><\/em><\/p>\n<p>&nbsp;<\/p>\n<p><em><a href=\"http:\/\/mmstudies.com\/eftervaldet\/bodin\/\">17 L\u00d6GNER I SVT \/ \u00a0BO G\u00d6RAN BODIN \/ BR\u00c5NSTADS \u00a0&#8221;ATT R\u00c4DDA ETT BARN&#8221;, INKLUSIVE UNDANH\u00c5LLANDE OCH SELEKTIVT URVAL AV FAKTA<\/a><\/em><\/p>\n<p>&nbsp;<\/p>\n<p><em><a href=\"http:\/\/mmstudies.com\/eftervaldet\/sjalv\/\">SJ\u00c4LVBIOGRAFIER AV UTGIVNA AV F\u00d6R\u00c4LDRAR UTSATTA F\u00d6R DV \/ AC &amp;\u00a0EFTERV\u00c5LD<\/a><\/em><\/p>\n<p>&nbsp;<\/p>\n<p><em><a href=\"http:\/\/mmstudies.com\/eftervaldet\/veronica\/\">VERONICA AXELSSON &#8211; DET H\u00c4NDER INTE MIG<\/a><\/em><\/p>\n<p>&nbsp;<\/p>\n<p><em>___________________________________<\/em><\/p>\n\n<p>&nbsp;<\/p>\n<p><strong><em>\u00d6VRIGA HEMSIDOR:<\/em><\/strong><\/p>\n<p>&nbsp;<\/p>\n<p><strong><em><a href=\"http:\/\/mmstudies.com\/sallberg\">JUSTITIEMORDET P\u00c5 CARINA S\u00c4LLBERG<\/a><\/em><\/strong><\/p>\n<p>&nbsp;<\/p>\n<p><strong><em><a href=\"http:\/\/mmstudies.com\/radda\">ANALYS AV SVT \/ BODINS &#8221;ATT R\u00c4DDA ETT BARN&#8221;<\/a><\/em><\/strong><\/p>\n<p>&nbsp;<\/p>\n<p><strong><em><a href=\"http:\/\/mmstudies.com\/sol\">TON\u00c5RSFLICKORNA SARA OCH LINDAS BER\u00c4TTELSE<\/a><\/em><\/strong><\/p>\n<p>&nbsp;<\/p>\n<p><strong><em><a href=\"http:\/\/mmstudies.com\/mammamanualen\">MAMMA-MANUALEN<\/a><\/em><\/strong><\/p>\n\n","protected":false},"excerpt":{"rendered":"<p>K\u00d6PTA S.K. UTREDARE \/ MEDLARE och VITTNESPSYKOLOGER MED FALSK VARUDEKLARATION &nbsp; INFORMATION OM &#8221;UTREDAREN&#8221; GRIGORIJ ANTONOPOULOS\u00b4CV OCH BUSINESS &nbsp; Grigorij Antonopolousfigurerar i kretsar p\u00e5 n\u00e4tet som &#8221;hatar&#8221; Familjer\u00e4tten och han f\u00f6rel\u00e4ser f\u00f6r pappabarn.se. Hans kritik mot Familjer\u00e4ttens utredning f\u00f6ljer inte de allm\u00e4nna r\u00e5d och riktlinjer som han sj\u00e4lv \u00e5beropar i Socialstyrelsens rapport SOSFS 2012:4. Familjer\u00e4tten&#8230;<\/p>\n","protected":false},"author":1,"featured_media":0,"parent":0,"menu_order":0,"comment_status":"closed","ping_status":"closed","template":"full-width-page.php","meta":{"footnotes":""},"class_list":["post-679","page","type-page","status-publish","hentry"],"_links":{"self":[{"href":"http:\/\/mmstudies.com\/eftervaldet\/wp-json\/wp\/v2\/pages\/679","targetHints":{"allow":["GET"]}}],"collection":[{"href":"http:\/\/mmstudies.com\/eftervaldet\/wp-json\/wp\/v2\/pages"}],"about":[{"href":"http:\/\/mmstudies.com\/eftervaldet\/wp-json\/wp\/v2\/types\/page"}],"author":[{"embeddable":true,"href":"http:\/\/mmstudies.com\/eftervaldet\/wp-json\/wp\/v2\/users\/1"}],"replies":[{"embeddable":true,"href":"http:\/\/mmstudies.com\/eftervaldet\/wp-json\/wp\/v2\/comments?post=679"}],"version-history":[{"count":47,"href":"http:\/\/mmstudies.com\/eftervaldet\/wp-json\/wp\/v2\/pages\/679\/revisions"}],"predecessor-version":[{"id":4549,"href":"http:\/\/mmstudies.com\/eftervaldet\/wp-json\/wp\/v2\/pages\/679\/revisions\/4549"}],"wp:attachment":[{"href":"http:\/\/mmstudies.com\/eftervaldet\/wp-json\/wp\/v2\/media?parent=679"}],"curies":[{"name":"wp","href":"https:\/\/api.w.org\/{rel}","templated":true}]}}